{"id":25,"date":"2021-01-27T20:35:07","date_gmt":"2021-01-27T20:35:07","guid":{"rendered":"http:\/\/christuskirche-elisabethfehn.de\/?page_id=25"},"modified":"2026-09-02T12:46:31","modified_gmt":"2026-09-02T12:46:31","slug":"homepage","status":"publish","type":"page","link":"https:\/\/christuskirche-elisabethfehn.de\/willkommen\/","title":{"rendered":"Willkommen"},"content":{"rendered":"\n<h2 class=\"wp-block-heading\">Ein starkes Zeichen f\u00fcr Frieden, Vielfalt und Menschlichkeit! \ud83d\udd4a\ufe0f\ud83c\udf08\ud83e\udd1d Gemeinsam setzen wir uns f\u00fcr eine offene und tolerante Gemeinschaft ein. \u2764\ufe0f<\/h2>\n\n\n\n<figure class=\"wp-block-image size-large\"><img loading=\"lazy\" decoding=\"async\" width=\"1024\" height=\"472\" src=\"https:\/\/christuskirche-elisabethfehn.de\/wp-content\/uploads\/2026\/09\/30.08.2026-1024x472.jpg\" alt=\"\" class=\"wp-image-3579\" srcset=\"https:\/\/christuskirche-elisabethfehn.de\/wp-content\/uploads\/2026\/09\/30.08.2026-1024x472.jpg 1024w, https:\/\/christuskirche-elisabethfehn.de\/wp-content\/uploads\/2026\/09\/30.08.2026-300x138.jpg 300w, https:\/\/christuskirche-elisabethfehn.de\/wp-content\/uploads\/2026\/09\/30.08.2026-768x354.jpg 768w, https:\/\/christuskirche-elisabethfehn.de\/wp-content\/uploads\/2026\/09\/30.08.2026-1536x708.jpg 1536w, https:\/\/christuskirche-elisabethfehn.de\/wp-content\/uploads\/2026\/09\/30.08.2026-750x346.jpg 750w, https:\/\/christuskirche-elisabethfehn.de\/wp-content\/uploads\/2026\/09\/30.08.2026.jpg 1600w\" sizes=\"auto, (max-width: 1024px) 100vw, 1024px\" \/><\/figure>\n\n\n\n<h2 class=\"wp-block-heading\">Die M\u00e4nner waren flei\u00dfig und haben die B\u00e4nke neu gestrichen!<\/h2>\n\n\n\n<figure class=\"wp-block-image size-large\"><img loading=\"lazy\" decoding=\"async\" width=\"576\" height=\"1024\" src=\"https:\/\/christuskirche-elisabethfehn.de\/wp-content\/uploads\/2026\/08\/13.08.2026-576x1024.jpg\" alt=\"\" class=\"wp-image-3574\" srcset=\"https:\/\/christuskirche-elisabethfehn.de\/wp-content\/uploads\/2026\/08\/13.08.2026-576x1024.jpg 576w, https:\/\/christuskirche-elisabethfehn.de\/wp-content\/uploads\/2026\/08\/13.08.2026-169x300.jpg 169w, https:\/\/christuskirche-elisabethfehn.de\/wp-content\/uploads\/2026\/08\/13.08.2026-768x1365.jpg 768w, https:\/\/christuskirche-elisabethfehn.de\/wp-content\/uploads\/2026\/08\/13.08.2026-864x1536.jpg 864w, https:\/\/christuskirche-elisabethfehn.de\/wp-content\/uploads\/2026\/08\/13.08.2026-750x1333.jpg 750w, https:\/\/christuskirche-elisabethfehn.de\/wp-content\/uploads\/2026\/08\/13.08.2026.jpg 1152w\" sizes=\"auto, (max-width: 576px) 100vw, 576px\" \/><\/figure>\n\n\n\n<p><\/p>\n\n\n\n<h2 class=\"wp-block-heading\">Seniorenausflug nach Bad Zwischenahn am 12. August<\/h2>\n\n\n\n<figure class=\"wp-block-gallery has-nested-images columns-default is-cropped wp-block-gallery-1 is-layout-flex wp-block-gallery-is-layout-flex\">\n<figure class=\"wp-block-image size-large\"><img loading=\"lazy\" decoding=\"async\" width=\"1024\" height=\"473\" data-id=\"3564\" src=\"https:\/\/christuskirche-elisabethfehn.de\/wp-content\/uploads\/2026\/08\/PHOTO-2026-08-13-09-35-46-1024x473.jpg\" alt=\"\" class=\"wp-image-3564\" srcset=\"https:\/\/christuskirche-elisabethfehn.de\/wp-content\/uploads\/2026\/08\/PHOTO-2026-08-13-09-35-46-1024x473.jpg 1024w, https:\/\/christuskirche-elisabethfehn.de\/wp-content\/uploads\/2026\/08\/PHOTO-2026-08-13-09-35-46-300x139.jpg 300w, https:\/\/christuskirche-elisabethfehn.de\/wp-content\/uploads\/2026\/08\/PHOTO-2026-08-13-09-35-46-768x355.jpg 768w, https:\/\/christuskirche-elisabethfehn.de\/wp-content\/uploads\/2026\/08\/PHOTO-2026-08-13-09-35-46-1536x709.jpg 1536w, https:\/\/christuskirche-elisabethfehn.de\/wp-content\/uploads\/2026\/08\/PHOTO-2026-08-13-09-35-46-750x346.jpg 750w, https:\/\/christuskirche-elisabethfehn.de\/wp-content\/uploads\/2026\/08\/PHOTO-2026-08-13-09-35-46.jpg 2040w\" sizes=\"auto, (max-width: 1024px) 100vw, 1024px\" \/><\/figure>\n\n\n\n<figure class=\"wp-block-image size-large\"><img loading=\"lazy\" decoding=\"async\" width=\"1024\" height=\"473\" data-id=\"3568\" src=\"https:\/\/christuskirche-elisabethfehn.de\/wp-content\/uploads\/2026\/08\/PHOTO-2026-08-13-09-35-46-1D7991B8-BEF7-4188-8E26-0420C493E53F-1024x473.jpg\" alt=\"\" class=\"wp-image-3568\" srcset=\"https:\/\/christuskirche-elisabethfehn.de\/wp-content\/uploads\/2026\/08\/PHOTO-2026-08-13-09-35-46-1D7991B8-BEF7-4188-8E26-0420C493E53F-1024x473.jpg 1024w, https:\/\/christuskirche-elisabethfehn.de\/wp-content\/uploads\/2026\/08\/PHOTO-2026-08-13-09-35-46-1D7991B8-BEF7-4188-8E26-0420C493E53F-300x139.jpg 300w, https:\/\/christuskirche-elisabethfehn.de\/wp-content\/uploads\/2026\/08\/PHOTO-2026-08-13-09-35-46-1D7991B8-BEF7-4188-8E26-0420C493E53F-768x355.jpg 768w, https:\/\/christuskirche-elisabethfehn.de\/wp-content\/uploads\/2026\/08\/PHOTO-2026-08-13-09-35-46-1D7991B8-BEF7-4188-8E26-0420C493E53F-1536x709.jpg 1536w, https:\/\/christuskirche-elisabethfehn.de\/wp-content\/uploads\/2026\/08\/PHOTO-2026-08-13-09-35-46-1D7991B8-BEF7-4188-8E26-0420C493E53F-750x346.jpg 750w, https:\/\/christuskirche-elisabethfehn.de\/wp-content\/uploads\/2026\/08\/PHOTO-2026-08-13-09-35-46-1D7991B8-BEF7-4188-8E26-0420C493E53F.jpg 2040w\" sizes=\"auto, (max-width: 1024px) 100vw, 1024px\" \/><\/figure>\n\n\n\n<figure class=\"wp-block-image size-large\"><img loading=\"lazy\" decoding=\"async\" width=\"1024\" height=\"473\" data-id=\"3565\" src=\"https:\/\/christuskirche-elisabethfehn.de\/wp-content\/uploads\/2026\/08\/PHOTO-2026-08-13-09-35-46-6116091E-3951-4ECC-A646-4CF77095CFB2-1024x473.jpg\" alt=\"\" class=\"wp-image-3565\" srcset=\"https:\/\/christuskirche-elisabethfehn.de\/wp-content\/uploads\/2026\/08\/PHOTO-2026-08-13-09-35-46-6116091E-3951-4ECC-A646-4CF77095CFB2-1024x473.jpg 1024w, https:\/\/christuskirche-elisabethfehn.de\/wp-content\/uploads\/2026\/08\/PHOTO-2026-08-13-09-35-46-6116091E-3951-4ECC-A646-4CF77095CFB2-300x139.jpg 300w, https:\/\/christuskirche-elisabethfehn.de\/wp-content\/uploads\/2026\/08\/PHOTO-2026-08-13-09-35-46-6116091E-3951-4ECC-A646-4CF77095CFB2-768x355.jpg 768w, https:\/\/christuskirche-elisabethfehn.de\/wp-content\/uploads\/2026\/08\/PHOTO-2026-08-13-09-35-46-6116091E-3951-4ECC-A646-4CF77095CFB2-1536x709.jpg 1536w, https:\/\/christuskirche-elisabethfehn.de\/wp-content\/uploads\/2026\/08\/PHOTO-2026-08-13-09-35-46-6116091E-3951-4ECC-A646-4CF77095CFB2-750x346.jpg 750w, https:\/\/christuskirche-elisabethfehn.de\/wp-content\/uploads\/2026\/08\/PHOTO-2026-08-13-09-35-46-6116091E-3951-4ECC-A646-4CF77095CFB2.jpg 2040w\" sizes=\"auto, (max-width: 1024px) 100vw, 1024px\" \/><\/figure>\n\n\n\n<figure class=\"wp-block-image size-large\"><img loading=\"lazy\" decoding=\"async\" width=\"1024\" height=\"473\" data-id=\"3566\" src=\"https:\/\/christuskirche-elisabethfehn.de\/wp-content\/uploads\/2026\/08\/PHOTO-2026-08-13-09-35-46-EA86833C-6D39-4427-A317-25BD32A9127E-1024x473.jpg\" alt=\"\" class=\"wp-image-3566\" srcset=\"https:\/\/christuskirche-elisabethfehn.de\/wp-content\/uploads\/2026\/08\/PHOTO-2026-08-13-09-35-46-EA86833C-6D39-4427-A317-25BD32A9127E-1024x473.jpg 1024w, https:\/\/christuskirche-elisabethfehn.de\/wp-content\/uploads\/2026\/08\/PHOTO-2026-08-13-09-35-46-EA86833C-6D39-4427-A317-25BD32A9127E-300x139.jpg 300w, https:\/\/christuskirche-elisabethfehn.de\/wp-content\/uploads\/2026\/08\/PHOTO-2026-08-13-09-35-46-EA86833C-6D39-4427-A317-25BD32A9127E-768x355.jpg 768w, https:\/\/christuskirche-elisabethfehn.de\/wp-content\/uploads\/2026\/08\/PHOTO-2026-08-13-09-35-46-EA86833C-6D39-4427-A317-25BD32A9127E-1536x709.jpg 1536w, https:\/\/christuskirche-elisabethfehn.de\/wp-content\/uploads\/2026\/08\/PHOTO-2026-08-13-09-35-46-EA86833C-6D39-4427-A317-25BD32A9127E-750x346.jpg 750w, https:\/\/christuskirche-elisabethfehn.de\/wp-content\/uploads\/2026\/08\/PHOTO-2026-08-13-09-35-46-EA86833C-6D39-4427-A317-25BD32A9127E.jpg 2040w\" sizes=\"auto, (max-width: 1024px) 100vw, 1024px\" \/><\/figure>\n\n\n\n<figure class=\"wp-block-image size-large\"><img loading=\"lazy\" decoding=\"async\" width=\"1024\" height=\"473\" data-id=\"3567\" src=\"https:\/\/christuskirche-elisabethfehn.de\/wp-content\/uploads\/2026\/08\/PHOTO-2026-08-13-09-35-47-1024x473.jpg\" alt=\"\" class=\"wp-image-3567\" srcset=\"https:\/\/christuskirche-elisabethfehn.de\/wp-content\/uploads\/2026\/08\/PHOTO-2026-08-13-09-35-47-1024x473.jpg 1024w, https:\/\/christuskirche-elisabethfehn.de\/wp-content\/uploads\/2026\/08\/PHOTO-2026-08-13-09-35-47-300x139.jpg 300w, https:\/\/christuskirche-elisabethfehn.de\/wp-content\/uploads\/2026\/08\/PHOTO-2026-08-13-09-35-47-768x355.jpg 768w, https:\/\/christuskirche-elisabethfehn.de\/wp-content\/uploads\/2026\/08\/PHOTO-2026-08-13-09-35-47-1536x709.jpg 1536w, https:\/\/christuskirche-elisabethfehn.de\/wp-content\/uploads\/2026\/08\/PHOTO-2026-08-13-09-35-47-750x346.jpg 750w, https:\/\/christuskirche-elisabethfehn.de\/wp-content\/uploads\/2026\/08\/PHOTO-2026-08-13-09-35-47.jpg 2040w\" sizes=\"auto, (max-width: 1024px) 100vw, 1024px\" \/><\/figure>\n\n\n\n<figure class=\"wp-block-image size-large\"><img loading=\"lazy\" decoding=\"async\" width=\"1024\" height=\"473\" data-id=\"3569\" src=\"https:\/\/christuskirche-elisabethfehn.de\/wp-content\/uploads\/2026\/08\/PHOTO-2026-08-13-09-35-47-08D2B7A5-2A9F-4E60-B040-B6E1989A5C76-1024x473.jpg\" alt=\"\" class=\"wp-image-3569\" srcset=\"https:\/\/christuskirche-elisabethfehn.de\/wp-content\/uploads\/2026\/08\/PHOTO-2026-08-13-09-35-47-08D2B7A5-2A9F-4E60-B040-B6E1989A5C76-1024x473.jpg 1024w, https:\/\/christuskirche-elisabethfehn.de\/wp-content\/uploads\/2026\/08\/PHOTO-2026-08-13-09-35-47-08D2B7A5-2A9F-4E60-B040-B6E1989A5C76-300x139.jpg 300w, https:\/\/christuskirche-elisabethfehn.de\/wp-content\/uploads\/2026\/08\/PHOTO-2026-08-13-09-35-47-08D2B7A5-2A9F-4E60-B040-B6E1989A5C76-768x355.jpg 768w, https:\/\/christuskirche-elisabethfehn.de\/wp-content\/uploads\/2026\/08\/PHOTO-2026-08-13-09-35-47-08D2B7A5-2A9F-4E60-B040-B6E1989A5C76-1536x709.jpg 1536w, https:\/\/christuskirche-elisabethfehn.de\/wp-content\/uploads\/2026\/08\/PHOTO-2026-08-13-09-35-47-08D2B7A5-2A9F-4E60-B040-B6E1989A5C76-750x346.jpg 750w, https:\/\/christuskirche-elisabethfehn.de\/wp-content\/uploads\/2026\/08\/PHOTO-2026-08-13-09-35-47-08D2B7A5-2A9F-4E60-B040-B6E1989A5C76.jpg 2040w\" sizes=\"auto, (max-width: 1024px) 100vw, 1024px\" \/><\/figure>\n\n\n\n<figure class=\"wp-block-image size-large\"><img loading=\"lazy\" decoding=\"async\" width=\"1024\" height=\"473\" data-id=\"3570\" src=\"https:\/\/christuskirche-elisabethfehn.de\/wp-content\/uploads\/2026\/08\/PHOTO-2026-08-13-09-35-47-DC886CDC-A4A7-4F17-B977-CB43E571A827-1024x473.jpg\" alt=\"\" class=\"wp-image-3570\" srcset=\"https:\/\/christuskirche-elisabethfehn.de\/wp-content\/uploads\/2026\/08\/PHOTO-2026-08-13-09-35-47-DC886CDC-A4A7-4F17-B977-CB43E571A827-1024x473.jpg 1024w, https:\/\/christuskirche-elisabethfehn.de\/wp-content\/uploads\/2026\/08\/PHOTO-2026-08-13-09-35-47-DC886CDC-A4A7-4F17-B977-CB43E571A827-300x139.jpg 300w, https:\/\/christuskirche-elisabethfehn.de\/wp-content\/uploads\/2026\/08\/PHOTO-2026-08-13-09-35-47-DC886CDC-A4A7-4F17-B977-CB43E571A827-768x355.jpg 768w, https:\/\/christuskirche-elisabethfehn.de\/wp-content\/uploads\/2026\/08\/PHOTO-2026-08-13-09-35-47-DC886CDC-A4A7-4F17-B977-CB43E571A827-1536x709.jpg 1536w, https:\/\/christuskirche-elisabethfehn.de\/wp-content\/uploads\/2026\/08\/PHOTO-2026-08-13-09-35-47-DC886CDC-A4A7-4F17-B977-CB43E571A827-750x346.jpg 750w, https:\/\/christuskirche-elisabethfehn.de\/wp-content\/uploads\/2026\/08\/PHOTO-2026-08-13-09-35-47-DC886CDC-A4A7-4F17-B977-CB43E571A827.jpg 2040w\" sizes=\"auto, (max-width: 1024px) 100vw, 1024px\" \/><\/figure>\n\n\n\n<figure class=\"wp-block-image size-large\"><img loading=\"lazy\" decoding=\"async\" width=\"1024\" height=\"473\" data-id=\"3571\" src=\"https:\/\/christuskirche-elisabethfehn.de\/wp-content\/uploads\/2026\/08\/PHOTO-2026-08-13-09-35-47-EC5C1D8D-1076-4D1D-A239-6F0738DE34C4-1024x473.jpg\" alt=\"\" class=\"wp-image-3571\" srcset=\"https:\/\/christuskirche-elisabethfehn.de\/wp-content\/uploads\/2026\/08\/PHOTO-2026-08-13-09-35-47-EC5C1D8D-1076-4D1D-A239-6F0738DE34C4-1024x473.jpg 1024w, https:\/\/christuskirche-elisabethfehn.de\/wp-content\/uploads\/2026\/08\/PHOTO-2026-08-13-09-35-47-EC5C1D8D-1076-4D1D-A239-6F0738DE34C4-300x139.jpg 300w, https:\/\/christuskirche-elisabethfehn.de\/wp-content\/uploads\/2026\/08\/PHOTO-2026-08-13-09-35-47-EC5C1D8D-1076-4D1D-A239-6F0738DE34C4-768x355.jpg 768w, https:\/\/christuskirche-elisabethfehn.de\/wp-content\/uploads\/2026\/08\/PHOTO-2026-08-13-09-35-47-EC5C1D8D-1076-4D1D-A239-6F0738DE34C4-1536x709.jpg 1536w, https:\/\/christuskirche-elisabethfehn.de\/wp-content\/uploads\/2026\/08\/PHOTO-2026-08-13-09-35-47-EC5C1D8D-1076-4D1D-A239-6F0738DE34C4-750x346.jpg 750w, https:\/\/christuskirche-elisabethfehn.de\/wp-content\/uploads\/2026\/08\/PHOTO-2026-08-13-09-35-47-EC5C1D8D-1076-4D1D-A239-6F0738DE34C4.jpg 2040w\" sizes=\"auto, (max-width: 1024px) 100vw, 1024px\" \/><\/figure>\n<\/figure>\n\n\n\n<p class=\"has-large-font-size\"><strong>Ausschreibung Verwaltungsfachkraft        Apen \/ Elisabethfehn<\/strong><\/p>\n\n\n\n<div data-wp-interactive=\"core\/file\" class=\"wp-block-file\"><object data-wp-bind--hidden=\"!state.hasPdfPreview\" hidden class=\"wp-block-file__embed\" data=\"https:\/\/christuskirche-elisabethfehn.de\/wp-content\/uploads\/2026\/08\/AusschrIPTApen.pdf\" type=\"application\/pdf\" style=\"width:100%;height:600px\" aria-label=\"Einbettung von AusschrIPTApen.\"><\/object><a id=\"wp-block-file--media-30c14538-96c7-415b-a748-515e5ee91279\" href=\"https:\/\/christuskirche-elisabethfehn.de\/wp-content\/uploads\/2026\/08\/AusschrIPTApen.pdf\">AusschrIPTApen<\/a><a href=\"https:\/\/christuskirche-elisabethfehn.de\/wp-content\/uploads\/2026\/08\/AusschrIPTApen.pdf\" class=\"wp-block-file__button wp-element-button\" download aria-describedby=\"wp-block-file--media-30c14538-96c7-415b-a748-515e5ee91279\">Herunterladen<\/a><\/div>\n\n\n\n<h2 class=\"wp-block-heading\">Kinderkirchentag am 13.06.2026<\/h2>\n\n\n\n<figure class=\"wp-block-gallery has-nested-images columns-default is-cropped wp-block-gallery-2 is-layout-flex wp-block-gallery-is-layout-flex\">\n<figure class=\"wp-block-image size-large\"><img loading=\"lazy\" decoding=\"async\" width=\"768\" height=\"1024\" data-id=\"3538\" src=\"https:\/\/christuskirche-elisabethfehn.de\/wp-content\/uploads\/2026\/06\/IMG_6429-3-768x1024.jpeg\" alt=\"\" class=\"wp-image-3538\" srcset=\"https:\/\/christuskirche-elisabethfehn.de\/wp-content\/uploads\/2026\/06\/IMG_6429-3-768x1024.jpeg 768w, https:\/\/christuskirche-elisabethfehn.de\/wp-content\/uploads\/2026\/06\/IMG_6429-3-225x300.jpeg 225w, https:\/\/christuskirche-elisabethfehn.de\/wp-content\/uploads\/2026\/06\/IMG_6429-3-1152x1536.jpeg 1152w, https:\/\/christuskirche-elisabethfehn.de\/wp-content\/uploads\/2026\/06\/IMG_6429-3-1536x2048.jpeg 1536w, https:\/\/christuskirche-elisabethfehn.de\/wp-content\/uploads\/2026\/06\/IMG_6429-3-750x1000.jpeg 750w, https:\/\/christuskirche-elisabethfehn.de\/wp-content\/uploads\/2026\/06\/IMG_6429-3-scaled.jpeg 1920w\" sizes=\"auto, (max-width: 768px) 100vw, 768px\" \/><\/figure>\n\n\n\n<figure class=\"wp-block-image size-large\"><img loading=\"lazy\" decoding=\"async\" width=\"768\" height=\"1024\" data-id=\"3539\" src=\"https:\/\/christuskirche-elisabethfehn.de\/wp-content\/uploads\/2026\/06\/IMG_6430-2-768x1024.jpeg\" alt=\"\" class=\"wp-image-3539\" srcset=\"https:\/\/christuskirche-elisabethfehn.de\/wp-content\/uploads\/2026\/06\/IMG_6430-2-768x1024.jpeg 768w, https:\/\/christuskirche-elisabethfehn.de\/wp-content\/uploads\/2026\/06\/IMG_6430-2-225x300.jpeg 225w, https:\/\/christuskirche-elisabethfehn.de\/wp-content\/uploads\/2026\/06\/IMG_6430-2-1152x1536.jpeg 1152w, https:\/\/christuskirche-elisabethfehn.de\/wp-content\/uploads\/2026\/06\/IMG_6430-2-1536x2048.jpeg 1536w, https:\/\/christuskirche-elisabethfehn.de\/wp-content\/uploads\/2026\/06\/IMG_6430-2-750x1000.jpeg 750w, https:\/\/christuskirche-elisabethfehn.de\/wp-content\/uploads\/2026\/06\/IMG_6430-2-scaled.jpeg 1920w\" sizes=\"auto, (max-width: 768px) 100vw, 768px\" \/><\/figure>\n\n\n\n<figure class=\"wp-block-image size-large\"><img loading=\"lazy\" decoding=\"async\" width=\"768\" height=\"1024\" data-id=\"3540\" src=\"https:\/\/christuskirche-elisabethfehn.de\/wp-content\/uploads\/2026\/06\/IMG_6431-1-768x1024.jpeg\" alt=\"\" class=\"wp-image-3540\" srcset=\"https:\/\/christuskirche-elisabethfehn.de\/wp-content\/uploads\/2026\/06\/IMG_6431-1-768x1024.jpeg 768w, https:\/\/christuskirche-elisabethfehn.de\/wp-content\/uploads\/2026\/06\/IMG_6431-1-225x300.jpeg 225w, https:\/\/christuskirche-elisabethfehn.de\/wp-content\/uploads\/2026\/06\/IMG_6431-1-1152x1536.jpeg 1152w, https:\/\/christuskirche-elisabethfehn.de\/wp-content\/uploads\/2026\/06\/IMG_6431-1-1536x2048.jpeg 1536w, https:\/\/christuskirche-elisabethfehn.de\/wp-content\/uploads\/2026\/06\/IMG_6431-1-750x1000.jpeg 750w, https:\/\/christuskirche-elisabethfehn.de\/wp-content\/uploads\/2026\/06\/IMG_6431-1-scaled.jpeg 1920w\" sizes=\"auto, (max-width: 768px) 100vw, 768px\" \/><\/figure>\n\n\n\n<figure class=\"wp-block-image size-large\"><img loading=\"lazy\" decoding=\"async\" width=\"768\" height=\"1024\" data-id=\"3541\" src=\"https:\/\/christuskirche-elisabethfehn.de\/wp-content\/uploads\/2026\/06\/IMG_6432-1-768x1024.jpeg\" alt=\"\" class=\"wp-image-3541\" srcset=\"https:\/\/christuskirche-elisabethfehn.de\/wp-content\/uploads\/2026\/06\/IMG_6432-1-768x1024.jpeg 768w, https:\/\/christuskirche-elisabethfehn.de\/wp-content\/uploads\/2026\/06\/IMG_6432-1-225x300.jpeg 225w, https:\/\/christuskirche-elisabethfehn.de\/wp-content\/uploads\/2026\/06\/IMG_6432-1-1152x1536.jpeg 1152w, https:\/\/christuskirche-elisabethfehn.de\/wp-content\/uploads\/2026\/06\/IMG_6432-1-1536x2048.jpeg 1536w, https:\/\/christuskirche-elisabethfehn.de\/wp-content\/uploads\/2026\/06\/IMG_6432-1-750x1000.jpeg 750w, https:\/\/christuskirche-elisabethfehn.de\/wp-content\/uploads\/2026\/06\/IMG_6432-1-scaled.jpeg 1920w\" sizes=\"auto, (max-width: 768px) 100vw, 768px\" \/><\/figure>\n\n\n\n<figure class=\"wp-block-image size-large\"><img loading=\"lazy\" decoding=\"async\" width=\"768\" height=\"1024\" data-id=\"3537\" src=\"https:\/\/christuskirche-elisabethfehn.de\/wp-content\/uploads\/2026\/06\/IMG_6444-1-768x1024.jpeg\" alt=\"\" class=\"wp-image-3537\" srcset=\"https:\/\/christuskirche-elisabethfehn.de\/wp-content\/uploads\/2026\/06\/IMG_6444-1-768x1024.jpeg 768w, https:\/\/christuskirche-elisabethfehn.de\/wp-content\/uploads\/2026\/06\/IMG_6444-1-225x300.jpeg 225w, https:\/\/christuskirche-elisabethfehn.de\/wp-content\/uploads\/2026\/06\/IMG_6444-1-1152x1536.jpeg 1152w, https:\/\/christuskirche-elisabethfehn.de\/wp-content\/uploads\/2026\/06\/IMG_6444-1-1536x2048.jpeg 1536w, https:\/\/christuskirche-elisabethfehn.de\/wp-content\/uploads\/2026\/06\/IMG_6444-1-750x1000.jpeg 750w, https:\/\/christuskirche-elisabethfehn.de\/wp-content\/uploads\/2026\/06\/IMG_6444-1-scaled.jpeg 1920w\" sizes=\"auto, (max-width: 768px) 100vw, 768px\" \/><\/figure>\n<\/figure>\n\n\n\n<p class=\"has-vivid-cyan-blue-color has-text-color has-link-color wp-elements-05632029db11419b895fe2527d27a9af\"><\/p>\n\n\n\n<p><\/p>\n\n\n\n<h2 class=\"wp-block-heading\">\u00d6kumenischer Pfingstgottesdienst bei bestem Wetter an der Schleuse<\/h2>\n\n\n\n<figure class=\"wp-block-gallery has-nested-images columns-default is-cropped wp-block-gallery-3 is-layout-flex wp-block-gallery-is-layout-flex\">\n<figure class=\"wp-block-image size-large\"><img loading=\"lazy\" decoding=\"async\" width=\"1024\" height=\"768\" data-id=\"3512\" src=\"https:\/\/christuskirche-elisabethfehn.de\/wp-content\/uploads\/2026\/05\/20260525_142926-1024x768.jpg\" alt=\"\" class=\"wp-image-3512\" srcset=\"https:\/\/christuskirche-elisabethfehn.de\/wp-content\/uploads\/2026\/05\/20260525_142926-1024x768.jpg 1024w, https:\/\/christuskirche-elisabethfehn.de\/wp-content\/uploads\/2026\/05\/20260525_142926-300x225.jpg 300w, https:\/\/christuskirche-elisabethfehn.de\/wp-content\/uploads\/2026\/05\/20260525_142926-768x576.jpg 768w, https:\/\/christuskirche-elisabethfehn.de\/wp-content\/uploads\/2026\/05\/20260525_142926-1536x1152.jpg 1536w, https:\/\/christuskirche-elisabethfehn.de\/wp-content\/uploads\/2026\/05\/20260525_142926-2048x1536.jpg 2048w, https:\/\/christuskirche-elisabethfehn.de\/wp-content\/uploads\/2026\/05\/20260525_142926-750x563.jpg 750w\" sizes=\"auto, (max-width: 1024px) 100vw, 1024px\" \/><\/figure>\n\n\n\n<figure class=\"wp-block-image size-large\"><img loading=\"lazy\" decoding=\"async\" width=\"1024\" height=\"768\" data-id=\"3513\" src=\"https:\/\/christuskirche-elisabethfehn.de\/wp-content\/uploads\/2026\/05\/20260525_151050-1024x768.jpg\" alt=\"\" class=\"wp-image-3513\" srcset=\"https:\/\/christuskirche-elisabethfehn.de\/wp-content\/uploads\/2026\/05\/20260525_151050-1024x768.jpg 1024w, https:\/\/christuskirche-elisabethfehn.de\/wp-content\/uploads\/2026\/05\/20260525_151050-300x225.jpg 300w, https:\/\/christuskirche-elisabethfehn.de\/wp-content\/uploads\/2026\/05\/20260525_151050-768x576.jpg 768w, https:\/\/christuskirche-elisabethfehn.de\/wp-content\/uploads\/2026\/05\/20260525_151050-1536x1152.jpg 1536w, https:\/\/christuskirche-elisabethfehn.de\/wp-content\/uploads\/2026\/05\/20260525_151050-2048x1536.jpg 2048w, https:\/\/christuskirche-elisabethfehn.de\/wp-content\/uploads\/2026\/05\/20260525_151050-750x563.jpg 750w\" sizes=\"auto, (max-width: 1024px) 100vw, 1024px\" \/><\/figure>\n\n\n\n<figure class=\"wp-block-image size-large\"><img loading=\"lazy\" decoding=\"async\" width=\"1024\" height=\"768\" data-id=\"3510\" src=\"https:\/\/christuskirche-elisabethfehn.de\/wp-content\/uploads\/2026\/05\/20260525_151115-1024x768.jpg\" alt=\"\" class=\"wp-image-3510\" srcset=\"https:\/\/christuskirche-elisabethfehn.de\/wp-content\/uploads\/2026\/05\/20260525_151115-1024x768.jpg 1024w, https:\/\/christuskirche-elisabethfehn.de\/wp-content\/uploads\/2026\/05\/20260525_151115-300x225.jpg 300w, https:\/\/christuskirche-elisabethfehn.de\/wp-content\/uploads\/2026\/05\/20260525_151115-768x576.jpg 768w, https:\/\/christuskirche-elisabethfehn.de\/wp-content\/uploads\/2026\/05\/20260525_151115-1536x1152.jpg 1536w, https:\/\/christuskirche-elisabethfehn.de\/wp-content\/uploads\/2026\/05\/20260525_151115-2048x1536.jpg 2048w, https:\/\/christuskirche-elisabethfehn.de\/wp-content\/uploads\/2026\/05\/20260525_151115-750x563.jpg 750w\" sizes=\"auto, (max-width: 1024px) 100vw, 1024px\" \/><\/figure>\n\n\n\n<figure class=\"wp-block-image size-large\"><img loading=\"lazy\" decoding=\"async\" width=\"1024\" height=\"768\" data-id=\"3508\" src=\"https:\/\/christuskirche-elisabethfehn.de\/wp-content\/uploads\/2026\/05\/20260525_151111-1024x768.jpg\" alt=\"\" class=\"wp-image-3508\" srcset=\"https:\/\/christuskirche-elisabethfehn.de\/wp-content\/uploads\/2026\/05\/20260525_151111-1024x768.jpg 1024w, https:\/\/christuskirche-elisabethfehn.de\/wp-content\/uploads\/2026\/05\/20260525_151111-300x225.jpg 300w, https:\/\/christuskirche-elisabethfehn.de\/wp-content\/uploads\/2026\/05\/20260525_151111-768x576.jpg 768w, https:\/\/christuskirche-elisabethfehn.de\/wp-content\/uploads\/2026\/05\/20260525_151111-1536x1152.jpg 1536w, https:\/\/christuskirche-elisabethfehn.de\/wp-content\/uploads\/2026\/05\/20260525_151111-2048x1536.jpg 2048w, https:\/\/christuskirche-elisabethfehn.de\/wp-content\/uploads\/2026\/05\/20260525_151111-750x563.jpg 750w\" sizes=\"auto, (max-width: 1024px) 100vw, 1024px\" \/><\/figure>\n<\/figure>\n\n\n\n<h2 class=\"wp-block-heading\">M\u00e4nner on Tour<\/h2>\n\n\n\n<figure class=\"wp-block-gallery has-nested-images columns-default is-cropped wp-block-gallery-4 is-layout-flex wp-block-gallery-is-layout-flex\">\n<figure class=\"wp-block-image size-large\"><img loading=\"lazy\" decoding=\"async\" width=\"1024\" height=\"768\" data-id=\"3499\" src=\"https:\/\/christuskirche-elisabethfehn.de\/wp-content\/uploads\/2026\/05\/PHOTO-2026-05-08-08-44-33-1024x768.jpg\" alt=\"\" class=\"wp-image-3499\" srcset=\"https:\/\/christuskirche-elisabethfehn.de\/wp-content\/uploads\/2026\/05\/PHOTO-2026-05-08-08-44-33-1024x768.jpg 1024w, https:\/\/christuskirche-elisabethfehn.de\/wp-content\/uploads\/2026\/05\/PHOTO-2026-05-08-08-44-33-300x225.jpg 300w, https:\/\/christuskirche-elisabethfehn.de\/wp-content\/uploads\/2026\/05\/PHOTO-2026-05-08-08-44-33-768x576.jpg 768w, https:\/\/christuskirche-elisabethfehn.de\/wp-content\/uploads\/2026\/05\/PHOTO-2026-05-08-08-44-33-1536x1152.jpg 1536w, https:\/\/christuskirche-elisabethfehn.de\/wp-content\/uploads\/2026\/05\/PHOTO-2026-05-08-08-44-33-750x563.jpg 750w, https:\/\/christuskirche-elisabethfehn.de\/wp-content\/uploads\/2026\/05\/PHOTO-2026-05-08-08-44-33.jpg 2040w\" sizes=\"auto, (max-width: 1024px) 100vw, 1024px\" \/><\/figure>\n\n\n\n<figure class=\"wp-block-image size-large\"><img loading=\"lazy\" decoding=\"async\" width=\"1024\" height=\"768\" data-id=\"3501\" src=\"https:\/\/christuskirche-elisabethfehn.de\/wp-content\/uploads\/2026\/05\/PHOTO-2026-05-08-08-44-34-1024x768.jpg\" alt=\"\" class=\"wp-image-3501\" srcset=\"https:\/\/christuskirche-elisabethfehn.de\/wp-content\/uploads\/2026\/05\/PHOTO-2026-05-08-08-44-34-1024x768.jpg 1024w, https:\/\/christuskirche-elisabethfehn.de\/wp-content\/uploads\/2026\/05\/PHOTO-2026-05-08-08-44-34-300x225.jpg 300w, https:\/\/christuskirche-elisabethfehn.de\/wp-content\/uploads\/2026\/05\/PHOTO-2026-05-08-08-44-34-768x576.jpg 768w, https:\/\/christuskirche-elisabethfehn.de\/wp-content\/uploads\/2026\/05\/PHOTO-2026-05-08-08-44-34-1536x1152.jpg 1536w, https:\/\/christuskirche-elisabethfehn.de\/wp-content\/uploads\/2026\/05\/PHOTO-2026-05-08-08-44-34-750x563.jpg 750w, https:\/\/christuskirche-elisabethfehn.de\/wp-content\/uploads\/2026\/05\/PHOTO-2026-05-08-08-44-34.jpg 2040w\" sizes=\"auto, (max-width: 1024px) 100vw, 1024px\" \/><\/figure>\n\n\n\n<figure class=\"wp-block-image size-large\"><img loading=\"lazy\" decoding=\"async\" width=\"1024\" height=\"768\" data-id=\"3500\" src=\"https:\/\/christuskirche-elisabethfehn.de\/wp-content\/uploads\/2026\/05\/PHOTO-2026-05-08-08-44-34-38AF78AA-214D-4A05-BDD6-D563FE0A133A-1024x768.jpg\" alt=\"\" class=\"wp-image-3500\" srcset=\"https:\/\/christuskirche-elisabethfehn.de\/wp-content\/uploads\/2026\/05\/PHOTO-2026-05-08-08-44-34-38AF78AA-214D-4A05-BDD6-D563FE0A133A-1024x768.jpg 1024w, https:\/\/christuskirche-elisabethfehn.de\/wp-content\/uploads\/2026\/05\/PHOTO-2026-05-08-08-44-34-38AF78AA-214D-4A05-BDD6-D563FE0A133A-300x225.jpg 300w, https:\/\/christuskirche-elisabethfehn.de\/wp-content\/uploads\/2026\/05\/PHOTO-2026-05-08-08-44-34-38AF78AA-214D-4A05-BDD6-D563FE0A133A-768x576.jpg 768w, https:\/\/christuskirche-elisabethfehn.de\/wp-content\/uploads\/2026\/05\/PHOTO-2026-05-08-08-44-34-38AF78AA-214D-4A05-BDD6-D563FE0A133A-1536x1152.jpg 1536w, https:\/\/christuskirche-elisabethfehn.de\/wp-content\/uploads\/2026\/05\/PHOTO-2026-05-08-08-44-34-38AF78AA-214D-4A05-BDD6-D563FE0A133A-750x563.jpg 750w, https:\/\/christuskirche-elisabethfehn.de\/wp-content\/uploads\/2026\/05\/PHOTO-2026-05-08-08-44-34-38AF78AA-214D-4A05-BDD6-D563FE0A133A.jpg 2040w\" sizes=\"auto, (max-width: 1024px) 100vw, 1024px\" \/><\/figure>\n<\/figure>\n\n\n\n<figure class=\"wp-block-image size-large\"><img loading=\"lazy\" decoding=\"async\" width=\"576\" height=\"1024\" src=\"https:\/\/christuskirche-elisabethfehn.de\/wp-content\/uploads\/2026\/04\/22.04.2026-576x1024.jpg\" alt=\"\" class=\"wp-image-3489\" srcset=\"https:\/\/christuskirche-elisabethfehn.de\/wp-content\/uploads\/2026\/04\/22.04.2026-576x1024.jpg 576w, https:\/\/christuskirche-elisabethfehn.de\/wp-content\/uploads\/2026\/04\/22.04.2026-169x300.jpg 169w, https:\/\/christuskirche-elisabethfehn.de\/wp-content\/uploads\/2026\/04\/22.04.2026-768x1365.jpg 768w, https:\/\/christuskirche-elisabethfehn.de\/wp-content\/uploads\/2026\/04\/22.04.2026-864x1536.jpg 864w, https:\/\/christuskirche-elisabethfehn.de\/wp-content\/uploads\/2026\/04\/22.04.2026-750x1333.jpg 750w, https:\/\/christuskirche-elisabethfehn.de\/wp-content\/uploads\/2026\/04\/22.04.2026.jpg 1152w\" sizes=\"auto, (max-width: 576px) 100vw, 576px\" \/><\/figure>\n\n\n\n<p><\/p>\n\n\n\n<h2 class=\"wp-block-heading\">Konfirmationen am 19. April 2026<\/h2>\n\n\n\n<figure class=\"wp-block-gallery has-nested-images columns-default is-cropped wp-block-gallery-5 is-layout-flex wp-block-gallery-is-layout-flex\">\n<figure class=\"wp-block-image size-large\"><img loading=\"lazy\" decoding=\"async\" width=\"576\" height=\"1024\" data-id=\"3487\" src=\"https:\/\/christuskirche-elisabethfehn.de\/wp-content\/uploads\/2026\/04\/Konfirmationen-19.04.2026-576x1024.jpg\" alt=\"\" class=\"wp-image-3487\" srcset=\"https:\/\/christuskirche-elisabethfehn.de\/wp-content\/uploads\/2026\/04\/Konfirmationen-19.04.2026-576x1024.jpg 576w, https:\/\/christuskirche-elisabethfehn.de\/wp-content\/uploads\/2026\/04\/Konfirmationen-19.04.2026-169x300.jpg 169w, https:\/\/christuskirche-elisabethfehn.de\/wp-content\/uploads\/2026\/04\/Konfirmationen-19.04.2026-768x1365.jpg 768w, https:\/\/christuskirche-elisabethfehn.de\/wp-content\/uploads\/2026\/04\/Konfirmationen-19.04.2026-864x1536.jpg 864w, https:\/\/christuskirche-elisabethfehn.de\/wp-content\/uploads\/2026\/04\/Konfirmationen-19.04.2026-750x1333.jpg 750w, https:\/\/christuskirche-elisabethfehn.de\/wp-content\/uploads\/2026\/04\/Konfirmationen-19.04.2026.jpg 1152w\" sizes=\"auto, (max-width: 576px) 100vw, 576px\" \/><\/figure>\n\n\n\n<figure class=\"wp-block-image size-large\"><img loading=\"lazy\" decoding=\"async\" width=\"576\" height=\"1024\" data-id=\"3486\" src=\"https:\/\/christuskirche-elisabethfehn.de\/wp-content\/uploads\/2026\/04\/Konfirmationen-I-19.04.2026-576x1024.jpg\" alt=\"\" class=\"wp-image-3486\" srcset=\"https:\/\/christuskirche-elisabethfehn.de\/wp-content\/uploads\/2026\/04\/Konfirmationen-I-19.04.2026-576x1024.jpg 576w, https:\/\/christuskirche-elisabethfehn.de\/wp-content\/uploads\/2026\/04\/Konfirmationen-I-19.04.2026-169x300.jpg 169w, https:\/\/christuskirche-elisabethfehn.de\/wp-content\/uploads\/2026\/04\/Konfirmationen-I-19.04.2026-768x1365.jpg 768w, https:\/\/christuskirche-elisabethfehn.de\/wp-content\/uploads\/2026\/04\/Konfirmationen-I-19.04.2026-864x1536.jpg 864w, https:\/\/christuskirche-elisabethfehn.de\/wp-content\/uploads\/2026\/04\/Konfirmationen-I-19.04.2026-750x1333.jpg 750w, https:\/\/christuskirche-elisabethfehn.de\/wp-content\/uploads\/2026\/04\/Konfirmationen-I-19.04.2026.jpg 1152w\" sizes=\"auto, (max-width: 576px) 100vw, 576px\" \/><\/figure>\n<\/figure>\n\n\n\n<p style=\"font-size:27px;font-style:normal;font-weight:700\"><\/p>\n\n\n\n<h2 class=\"wp-block-heading\">Das Fundament f\u00fcr die Friedhofskapelle ist fertig und die ersten Elemente sind vor Ort!<\/h2>\n\n\n\n<figure class=\"wp-block-image size-large\"><img loading=\"lazy\" decoding=\"async\" width=\"1024\" height=\"768\" src=\"https:\/\/christuskirche-elisabethfehn.de\/wp-content\/uploads\/2026\/04\/1000144193-1024x768.jpg\" alt=\"\" class=\"wp-image-3479\" srcset=\"https:\/\/christuskirche-elisabethfehn.de\/wp-content\/uploads\/2026\/04\/1000144193-1024x768.jpg 1024w, https:\/\/christuskirche-elisabethfehn.de\/wp-content\/uploads\/2026\/04\/1000144193-300x225.jpg 300w, https:\/\/christuskirche-elisabethfehn.de\/wp-content\/uploads\/2026\/04\/1000144193-768x576.jpg 768w, https:\/\/christuskirche-elisabethfehn.de\/wp-content\/uploads\/2026\/04\/1000144193-1536x1152.jpg 1536w, https:\/\/christuskirche-elisabethfehn.de\/wp-content\/uploads\/2026\/04\/1000144193-2048x1536.jpg 2048w, https:\/\/christuskirche-elisabethfehn.de\/wp-content\/uploads\/2026\/04\/1000144193-750x563.jpg 750w\" sizes=\"auto, (max-width: 1024px) 100vw, 1024px\" \/><\/figure>\n\n\n\n<h2 class=\"wp-block-heading\">Die Erdarbeiten f\u00fcr unsere neue Friedhofskapelle sind abgeschlossen<\/h2>\n\n\n\n<figure class=\"wp-block-gallery has-nested-images columns-default is-cropped wp-block-gallery-6 is-layout-flex wp-block-gallery-is-layout-flex\">\n<figure class=\"wp-block-image size-large\"><img loading=\"lazy\" decoding=\"async\" width=\"1024\" height=\"768\" data-id=\"3475\" src=\"https:\/\/christuskirche-elisabethfehn.de\/wp-content\/uploads\/2026\/04\/1000143043-1024x768.jpg\" alt=\"\" class=\"wp-image-3475\" srcset=\"https:\/\/christuskirche-elisabethfehn.de\/wp-content\/uploads\/2026\/04\/1000143043-1024x768.jpg 1024w, https:\/\/christuskirche-elisabethfehn.de\/wp-content\/uploads\/2026\/04\/1000143043-300x225.jpg 300w, https:\/\/christuskirche-elisabethfehn.de\/wp-content\/uploads\/2026\/04\/1000143043-768x576.jpg 768w, https:\/\/christuskirche-elisabethfehn.de\/wp-content\/uploads\/2026\/04\/1000143043-1536x1152.jpg 1536w, https:\/\/christuskirche-elisabethfehn.de\/wp-content\/uploads\/2026\/04\/1000143043-2048x1536.jpg 2048w, https:\/\/christuskirche-elisabethfehn.de\/wp-content\/uploads\/2026\/04\/1000143043-750x563.jpg 750w\" sizes=\"auto, (max-width: 1024px) 100vw, 1024px\" \/><\/figure>\n\n\n\n<figure class=\"wp-block-image size-large\"><img loading=\"lazy\" decoding=\"async\" width=\"1024\" height=\"768\" data-id=\"3476\" src=\"https:\/\/christuskirche-elisabethfehn.de\/wp-content\/uploads\/2026\/04\/1000143045-1024x768.jpg\" alt=\"\" class=\"wp-image-3476\" srcset=\"https:\/\/christuskirche-elisabethfehn.de\/wp-content\/uploads\/2026\/04\/1000143045-1024x768.jpg 1024w, https:\/\/christuskirche-elisabethfehn.de\/wp-content\/uploads\/2026\/04\/1000143045-300x225.jpg 300w, https:\/\/christuskirche-elisabethfehn.de\/wp-content\/uploads\/2026\/04\/1000143045-768x576.jpg 768w, https:\/\/christuskirche-elisabethfehn.de\/wp-content\/uploads\/2026\/04\/1000143045-1536x1152.jpg 1536w, https:\/\/christuskirche-elisabethfehn.de\/wp-content\/uploads\/2026\/04\/1000143045-2048x1536.jpg 2048w, https:\/\/christuskirche-elisabethfehn.de\/wp-content\/uploads\/2026\/04\/1000143045-750x563.jpg 750w\" sizes=\"auto, (max-width: 1024px) 100vw, 1024px\" \/><\/figure>\n<\/figure>\n\n\n\n<figure class=\"wp-block-image size-large\"><img loading=\"lazy\" decoding=\"async\" width=\"576\" height=\"1024\" src=\"https:\/\/christuskirche-elisabethfehn.de\/wp-content\/uploads\/2026\/04\/2.-Vorstellungsgottesdienst-576x1024.jpg\" alt=\"\" class=\"wp-image-3473\" srcset=\"https:\/\/christuskirche-elisabethfehn.de\/wp-content\/uploads\/2026\/04\/2.-Vorstellungsgottesdienst-576x1024.jpg 576w, https:\/\/christuskirche-elisabethfehn.de\/wp-content\/uploads\/2026\/04\/2.-Vorstellungsgottesdienst-169x300.jpg 169w, https:\/\/christuskirche-elisabethfehn.de\/wp-content\/uploads\/2026\/04\/2.-Vorstellungsgottesdienst-768x1365.jpg 768w, https:\/\/christuskirche-elisabethfehn.de\/wp-content\/uploads\/2026\/04\/2.-Vorstellungsgottesdienst-864x1536.jpg 864w, https:\/\/christuskirche-elisabethfehn.de\/wp-content\/uploads\/2026\/04\/2.-Vorstellungsgottesdienst-750x1333.jpg 750w, https:\/\/christuskirche-elisabethfehn.de\/wp-content\/uploads\/2026\/04\/2.-Vorstellungsgottesdienst.jpg 1152w\" sizes=\"auto, (max-width: 576px) 100vw, 576px\" \/><\/figure>\n\n\n\n<p><\/p>\n\n\n\n<figure class=\"wp-block-image size-large\"><img loading=\"lazy\" decoding=\"async\" width=\"576\" height=\"1024\" src=\"https:\/\/christuskirche-elisabethfehn.de\/wp-content\/uploads\/2026\/03\/1.-Vorstellungsgottesdienst-576x1024.jpg\" alt=\"\" class=\"wp-image-3462\" srcset=\"https:\/\/christuskirche-elisabethfehn.de\/wp-content\/uploads\/2026\/03\/1.-Vorstellungsgottesdienst-576x1024.jpg 576w, https:\/\/christuskirche-elisabethfehn.de\/wp-content\/uploads\/2026\/03\/1.-Vorstellungsgottesdienst-169x300.jpg 169w, https:\/\/christuskirche-elisabethfehn.de\/wp-content\/uploads\/2026\/03\/1.-Vorstellungsgottesdienst-768x1365.jpg 768w, https:\/\/christuskirche-elisabethfehn.de\/wp-content\/uploads\/2026\/03\/1.-Vorstellungsgottesdienst-864x1536.jpg 864w, https:\/\/christuskirche-elisabethfehn.de\/wp-content\/uploads\/2026\/03\/1.-Vorstellungsgottesdienst-750x1333.jpg 750w, https:\/\/christuskirche-elisabethfehn.de\/wp-content\/uploads\/2026\/03\/1.-Vorstellungsgottesdienst.jpg 1152w\" sizes=\"auto, (max-width: 576px) 100vw, 576px\" \/><\/figure>\n\n\n\n<h2 class=\"wp-block-heading\">Am 14. M\u00e4rz fand unser Kinderkirchentag statt. Es hat allen sehr viel Spa\u00df gemacht!<\/h2>\n\n\n\n<figure class=\"wp-block-image size-large\"><img loading=\"lazy\" decoding=\"async\" width=\"1024\" height=\"768\" src=\"https:\/\/christuskirche-elisabethfehn.de\/wp-content\/uploads\/2026\/03\/Kinderkirchentag-03_2026-1024x768.jpg\" alt=\"\" class=\"wp-image-3461\" srcset=\"https:\/\/christuskirche-elisabethfehn.de\/wp-content\/uploads\/2026\/03\/Kinderkirchentag-03_2026-1024x768.jpg 1024w, https:\/\/christuskirche-elisabethfehn.de\/wp-content\/uploads\/2026\/03\/Kinderkirchentag-03_2026-300x225.jpg 300w, https:\/\/christuskirche-elisabethfehn.de\/wp-content\/uploads\/2026\/03\/Kinderkirchentag-03_2026-768x576.jpg 768w, https:\/\/christuskirche-elisabethfehn.de\/wp-content\/uploads\/2026\/03\/Kinderkirchentag-03_2026-1536x1152.jpg 1536w, https:\/\/christuskirche-elisabethfehn.de\/wp-content\/uploads\/2026\/03\/Kinderkirchentag-03_2026-750x563.jpg 750w, https:\/\/christuskirche-elisabethfehn.de\/wp-content\/uploads\/2026\/03\/Kinderkirchentag-03_2026.jpg 2048w\" sizes=\"auto, (max-width: 1024px) 100vw, 1024px\" \/><\/figure>\n\n\n\n<figure class=\"wp-block-image size-large\"><img loading=\"lazy\" decoding=\"async\" width=\"819\" height=\"1024\" src=\"https:\/\/christuskirche-elisabethfehn.de\/wp-content\/uploads\/2026\/03\/KonfiFreizeit-2026-819x1024.jpg\" alt=\"\" class=\"wp-image-3460\" srcset=\"https:\/\/christuskirche-elisabethfehn.de\/wp-content\/uploads\/2026\/03\/KonfiFreizeit-2026-819x1024.jpg 819w, https:\/\/christuskirche-elisabethfehn.de\/wp-content\/uploads\/2026\/03\/KonfiFreizeit-2026-240x300.jpg 240w, https:\/\/christuskirche-elisabethfehn.de\/wp-content\/uploads\/2026\/03\/KonfiFreizeit-2026-768x960.jpg 768w, https:\/\/christuskirche-elisabethfehn.de\/wp-content\/uploads\/2026\/03\/KonfiFreizeit-2026-750x938.jpg 750w, https:\/\/christuskirche-elisabethfehn.de\/wp-content\/uploads\/2026\/03\/KonfiFreizeit-2026.jpg 1080w\" sizes=\"auto, (max-width: 819px) 100vw, 819px\" \/><\/figure>\n\n\n\n<p><\/p>\n\n\n\n<h2 class=\"wp-block-heading\">Die M\u00e4nner haben am Donnerstag gekocht &#8211; Lecker Ratatouille <\/h2>\n\n\n\n<figure class=\"wp-block-gallery has-nested-images columns-default is-cropped wp-block-gallery-7 is-layout-flex wp-block-gallery-is-layout-flex\">\n<figure class=\"wp-block-image size-large\"><img loading=\"lazy\" decoding=\"async\" width=\"1024\" height=\"768\" data-id=\"3448\" src=\"https:\/\/christuskirche-elisabethfehn.de\/wp-content\/uploads\/2026\/02\/PHOTO-2026-02-12-20-00-18-1024x768.jpg\" alt=\"\" class=\"wp-image-3448\" srcset=\"https:\/\/christuskirche-elisabethfehn.de\/wp-content\/uploads\/2026\/02\/PHOTO-2026-02-12-20-00-18-1024x768.jpg 1024w, https:\/\/christuskirche-elisabethfehn.de\/wp-content\/uploads\/2026\/02\/PHOTO-2026-02-12-20-00-18-300x225.jpg 300w, https:\/\/christuskirche-elisabethfehn.de\/wp-content\/uploads\/2026\/02\/PHOTO-2026-02-12-20-00-18-768x576.jpg 768w, https:\/\/christuskirche-elisabethfehn.de\/wp-content\/uploads\/2026\/02\/PHOTO-2026-02-12-20-00-18-1536x1152.jpg 1536w, https:\/\/christuskirche-elisabethfehn.de\/wp-content\/uploads\/2026\/02\/PHOTO-2026-02-12-20-00-18-750x563.jpg 750w, https:\/\/christuskirche-elisabethfehn.de\/wp-content\/uploads\/2026\/02\/PHOTO-2026-02-12-20-00-18.jpg 2040w\" sizes=\"auto, (max-width: 1024px) 100vw, 1024px\" \/><\/figure>\n\n\n\n<figure class=\"wp-block-image size-large\"><img loading=\"lazy\" decoding=\"async\" width=\"1024\" height=\"768\" data-id=\"3447\" src=\"https:\/\/christuskirche-elisabethfehn.de\/wp-content\/uploads\/2026\/02\/PHOTO-2026-02-12-20-00-26-1024x768.jpg\" alt=\"\" class=\"wp-image-3447\" srcset=\"https:\/\/christuskirche-elisabethfehn.de\/wp-content\/uploads\/2026\/02\/PHOTO-2026-02-12-20-00-26-1024x768.jpg 1024w, https:\/\/christuskirche-elisabethfehn.de\/wp-content\/uploads\/2026\/02\/PHOTO-2026-02-12-20-00-26-300x225.jpg 300w, https:\/\/christuskirche-elisabethfehn.de\/wp-content\/uploads\/2026\/02\/PHOTO-2026-02-12-20-00-26-768x576.jpg 768w, https:\/\/christuskirche-elisabethfehn.de\/wp-content\/uploads\/2026\/02\/PHOTO-2026-02-12-20-00-26-1536x1152.jpg 1536w, https:\/\/christuskirche-elisabethfehn.de\/wp-content\/uploads\/2026\/02\/PHOTO-2026-02-12-20-00-26-750x563.jpg 750w, https:\/\/christuskirche-elisabethfehn.de\/wp-content\/uploads\/2026\/02\/PHOTO-2026-02-12-20-00-26.jpg 1600w\" sizes=\"auto, (max-width: 1024px) 100vw, 1024px\" \/><\/figure>\n<\/figure>\n\n\n\n<h2 class=\"wp-block-heading\">Volles Haus beim Gemeindefr\u00fchst\u00fcck am 11. Februar<\/h2>\n\n\n\n<figure class=\"wp-block-gallery has-nested-images columns-default is-cropped wp-block-gallery-8 is-layout-flex wp-block-gallery-is-layout-flex\">\n<figure class=\"wp-block-image size-large\"><img loading=\"lazy\" decoding=\"async\" width=\"1024\" height=\"768\" data-id=\"3446\" src=\"https:\/\/christuskirche-elisabethfehn.de\/wp-content\/uploads\/2026\/02\/PHOTO-2026-02-11-17-26-21-1024x768.jpg\" alt=\"\" class=\"wp-image-3446\" srcset=\"https:\/\/christuskirche-elisabethfehn.de\/wp-content\/uploads\/2026\/02\/PHOTO-2026-02-11-17-26-21-1024x768.jpg 1024w, https:\/\/christuskirche-elisabethfehn.de\/wp-content\/uploads\/2026\/02\/PHOTO-2026-02-11-17-26-21-300x225.jpg 300w, https:\/\/christuskirche-elisabethfehn.de\/wp-content\/uploads\/2026\/02\/PHOTO-2026-02-11-17-26-21-768x576.jpg 768w, https:\/\/christuskirche-elisabethfehn.de\/wp-content\/uploads\/2026\/02\/PHOTO-2026-02-11-17-26-21-1536x1152.jpg 1536w, https:\/\/christuskirche-elisabethfehn.de\/wp-content\/uploads\/2026\/02\/PHOTO-2026-02-11-17-26-21-750x563.jpg 750w, https:\/\/christuskirche-elisabethfehn.de\/wp-content\/uploads\/2026\/02\/PHOTO-2026-02-11-17-26-21.jpg 2040w\" sizes=\"auto, (max-width: 1024px) 100vw, 1024px\" \/><\/figure>\n\n\n\n<figure class=\"wp-block-image size-large\"><img loading=\"lazy\" decoding=\"async\" width=\"1024\" height=\"768\" data-id=\"3445\" src=\"https:\/\/christuskirche-elisabethfehn.de\/wp-content\/uploads\/2026\/02\/PHOTO-2026-02-11-17-35-25-1024x768.jpg\" alt=\"\" class=\"wp-image-3445\" srcset=\"https:\/\/christuskirche-elisabethfehn.de\/wp-content\/uploads\/2026\/02\/PHOTO-2026-02-11-17-35-25-1024x768.jpg 1024w, https:\/\/christuskirche-elisabethfehn.de\/wp-content\/uploads\/2026\/02\/PHOTO-2026-02-11-17-35-25-300x225.jpg 300w, https:\/\/christuskirche-elisabethfehn.de\/wp-content\/uploads\/2026\/02\/PHOTO-2026-02-11-17-35-25-768x576.jpg 768w, https:\/\/christuskirche-elisabethfehn.de\/wp-content\/uploads\/2026\/02\/PHOTO-2026-02-11-17-35-25-1536x1152.jpg 1536w, https:\/\/christuskirche-elisabethfehn.de\/wp-content\/uploads\/2026\/02\/PHOTO-2026-02-11-17-35-25-750x563.jpg 750w, https:\/\/christuskirche-elisabethfehn.de\/wp-content\/uploads\/2026\/02\/PHOTO-2026-02-11-17-35-25.jpg 2040w\" sizes=\"auto, (max-width: 1024px) 100vw, 1024px\" \/><\/figure>\n<\/figure>\n\n\n\n<h2 class=\"wp-block-heading\">06.02.2026 &#8211; Heute wurde unser Weihnachtsbaum abgebaut und die Reste wurden zusammengefegt. <\/h2>\n\n\n\n<figure class=\"wp-block-gallery has-nested-images columns-default is-cropped wp-block-gallery-9 is-layout-flex wp-block-gallery-is-layout-flex\">\n<figure class=\"wp-block-image size-large\"><img loading=\"lazy\" decoding=\"async\" width=\"768\" height=\"1024\" data-id=\"3439\" src=\"https:\/\/christuskirche-elisabethfehn.de\/wp-content\/uploads\/2026\/02\/Abbau-Tannenbaum-2026-768x1024.jpeg\" alt=\"\" class=\"wp-image-3439\" srcset=\"https:\/\/christuskirche-elisabethfehn.de\/wp-content\/uploads\/2026\/02\/Abbau-Tannenbaum-2026-768x1024.jpeg 768w, https:\/\/christuskirche-elisabethfehn.de\/wp-content\/uploads\/2026\/02\/Abbau-Tannenbaum-2026-225x300.jpeg 225w, https:\/\/christuskirche-elisabethfehn.de\/wp-content\/uploads\/2026\/02\/Abbau-Tannenbaum-2026-1152x1536.jpeg 1152w, https:\/\/christuskirche-elisabethfehn.de\/wp-content\/uploads\/2026\/02\/Abbau-Tannenbaum-2026-1536x2048.jpeg 1536w, https:\/\/christuskirche-elisabethfehn.de\/wp-content\/uploads\/2026\/02\/Abbau-Tannenbaum-2026-750x1000.jpeg 750w, https:\/\/christuskirche-elisabethfehn.de\/wp-content\/uploads\/2026\/02\/Abbau-Tannenbaum-2026-scaled.jpeg 1920w\" sizes=\"auto, (max-width: 768px) 100vw, 768px\" \/><\/figure>\n\n\n\n<figure class=\"wp-block-image size-large\"><img loading=\"lazy\" decoding=\"async\" width=\"768\" height=\"1024\" data-id=\"3438\" src=\"https:\/\/christuskirche-elisabethfehn.de\/wp-content\/uploads\/2026\/02\/Abbau-Tannenbaum_1-2026-768x1024.jpeg\" alt=\"\" class=\"wp-image-3438\" srcset=\"https:\/\/christuskirche-elisabethfehn.de\/wp-content\/uploads\/2026\/02\/Abbau-Tannenbaum_1-2026-768x1024.jpeg 768w, https:\/\/christuskirche-elisabethfehn.de\/wp-content\/uploads\/2026\/02\/Abbau-Tannenbaum_1-2026-225x300.jpeg 225w, https:\/\/christuskirche-elisabethfehn.de\/wp-content\/uploads\/2026\/02\/Abbau-Tannenbaum_1-2026-1152x1536.jpeg 1152w, https:\/\/christuskirche-elisabethfehn.de\/wp-content\/uploads\/2026\/02\/Abbau-Tannenbaum_1-2026-1536x2048.jpeg 1536w, https:\/\/christuskirche-elisabethfehn.de\/wp-content\/uploads\/2026\/02\/Abbau-Tannenbaum_1-2026-750x1000.jpeg 750w, https:\/\/christuskirche-elisabethfehn.de\/wp-content\/uploads\/2026\/02\/Abbau-Tannenbaum_1-2026-scaled.jpeg 1920w\" sizes=\"auto, (max-width: 768px) 100vw, 768px\" \/><\/figure>\n<\/figure>\n\n\n\n<h2 class=\"wp-block-heading\">Vorbereitungen und Probeessen f\u00fcr den Weltgebetstag der Frauen am 06.03.2026<\/h2>\n\n\n\n<figure class=\"wp-block-image size-large\"><img loading=\"lazy\" decoding=\"async\" width=\"768\" height=\"1024\" src=\"https:\/\/christuskirche-elisabethfehn.de\/wp-content\/uploads\/2026\/02\/WGT-Vorbereitung-2026-768x1024.jpg\" alt=\"\" class=\"wp-image-3437\" srcset=\"https:\/\/christuskirche-elisabethfehn.de\/wp-content\/uploads\/2026\/02\/WGT-Vorbereitung-2026-768x1024.jpg 768w, https:\/\/christuskirche-elisabethfehn.de\/wp-content\/uploads\/2026\/02\/WGT-Vorbereitung-2026-225x300.jpg 225w, https:\/\/christuskirche-elisabethfehn.de\/wp-content\/uploads\/2026\/02\/WGT-Vorbereitung-2026-1152x1536.jpg 1152w, https:\/\/christuskirche-elisabethfehn.de\/wp-content\/uploads\/2026\/02\/WGT-Vorbereitung-2026-750x1000.jpg 750w, https:\/\/christuskirche-elisabethfehn.de\/wp-content\/uploads\/2026\/02\/WGT-Vorbereitung-2026.jpg 1500w\" sizes=\"auto, (max-width: 768px) 100vw, 768px\" \/><\/figure>\n\n\n\n<h2 class=\"wp-block-heading\">Ein besonderer Tag &#8211; 3. Zertifizierung in Folge des Jona Kindergartens<\/h2>\n\n\n\n<figure class=\"wp-block-image size-large\"><img loading=\"lazy\" decoding=\"async\" width=\"1024\" height=\"1024\" src=\"https:\/\/christuskirche-elisabethfehn.de\/wp-content\/uploads\/2026\/02\/Zertifizierung-Kindergarten-1024x1024.jpg\" alt=\"\" class=\"wp-image-3436\" srcset=\"https:\/\/christuskirche-elisabethfehn.de\/wp-content\/uploads\/2026\/02\/Zertifizierung-Kindergarten-1024x1024.jpg 1024w, https:\/\/christuskirche-elisabethfehn.de\/wp-content\/uploads\/2026\/02\/Zertifizierung-Kindergarten-300x300.jpg 300w, https:\/\/christuskirche-elisabethfehn.de\/wp-content\/uploads\/2026\/02\/Zertifizierung-Kindergarten-150x150.jpg 150w, https:\/\/christuskirche-elisabethfehn.de\/wp-content\/uploads\/2026\/02\/Zertifizierung-Kindergarten-768x768.jpg 768w, https:\/\/christuskirche-elisabethfehn.de\/wp-content\/uploads\/2026\/02\/Zertifizierung-Kindergarten-750x750.jpg 750w, https:\/\/christuskirche-elisabethfehn.de\/wp-content\/uploads\/2026\/02\/Zertifizierung-Kindergarten.jpg 1080w\" sizes=\"auto, (max-width: 1024px) 100vw, 1024px\" \/><\/figure>\n\n\n\n<p><\/p>\n\n\n\n<h2 class=\"wp-block-heading\">Frieden f\u00fcr die Ukraine und f\u00fcr die ganze Welt!<\/h2>\n\n\n\n<figure class=\"wp-block-image size-large is-resized\"><img loading=\"lazy\" decoding=\"async\" width=\"1024\" height=\"768\" src=\"https:\/\/christuskirche-elisabethfehn.de\/wp-content\/uploads\/2022\/03\/FUNDUS_6064_DSCN9967_b-1024x768.jpg\" alt=\"\" class=\"wp-image-1635\" style=\"width:755px;height:566px\" srcset=\"https:\/\/christuskirche-elisabethfehn.de\/wp-content\/uploads\/2022\/03\/FUNDUS_6064_DSCN9967_b-1024x768.jpg 1024w, https:\/\/christuskirche-elisabethfehn.de\/wp-content\/uploads\/2022\/03\/FUNDUS_6064_DSCN9967_b-300x225.jpg 300w, https:\/\/christuskirche-elisabethfehn.de\/wp-content\/uploads\/2022\/03\/FUNDUS_6064_DSCN9967_b-768x576.jpg 768w, https:\/\/christuskirche-elisabethfehn.de\/wp-content\/uploads\/2022\/03\/FUNDUS_6064_DSCN9967_b-1536x1152.jpg 1536w, https:\/\/christuskirche-elisabethfehn.de\/wp-content\/uploads\/2022\/03\/FUNDUS_6064_DSCN9967_b-2048x1536.jpg 2048w, https:\/\/christuskirche-elisabethfehn.de\/wp-content\/uploads\/2022\/03\/FUNDUS_6064_DSCN9967_b-750x562.jpg 750w\" sizes=\"auto, (max-width: 1024px) 100vw, 1024px\" \/><\/figure>\n\n\n\n<p><\/p>\n\n\n\n<p><\/p>\n","protected":false},"excerpt":{"rendered":"<p>Ein starkes Zeichen f\u00fcr Frieden, Vielfalt und Menschlichkeit! \ud83d\udd4a\ufe0f\ud83c\udf08\ud83e\udd1d Gemeinsam setzen wir uns f\u00fcr eine offene und tolerante Gemeinschaft ein. \u2764\ufe0f Die M\u00e4nner waren flei\u00dfig und haben die B\u00e4nke neu gestrichen! Seniorenausflug nach Bad Zwischenahn am 12. August Ausschreibung Verwaltungsfachkraft Apen \/ Elisabethfehn Kinderkirchentag am 13.06.2026 \u00d6kumenischer Pfingstgottesdienst bei bestem Wetter an der Schleuse M\u00e4nner &hellip; <\/p>\n<p><a class=\"more-link btn\" href=\"https:\/\/christuskirche-elisabethfehn.de\/willkommen\/\">Weiterlesen<\/a><\/p>\n","protected":false},"author":1,"featured_media":0,"parent":0,"menu_order":0,"comment_status":"closed","ping_status":"closed","template":"","meta":{"footnotes":""},"class_list":["post-25","page","type-page","status-publish","hentry","nodate","item-wrap"],"_links":{"self":[{"href":"https:\/\/christuskirche-elisabethfehn.de\/willkommen\/wp-json\/wp\/v2\/pages\/25","targetHints":{"allow":["GET"]}}],"collection":[{"href":"https:\/\/christuskirche-elisabethfehn.de\/willkommen\/wp-json\/wp\/v2\/pages"}],"about":[{"href":"https:\/\/christuskirche-elisabethfehn.de\/willkommen\/wp-json\/wp\/v2\/types\/page"}],"author":[{"embeddable":true,"href":"https:\/\/christuskirche-elisabethfehn.de\/willkommen\/wp-json\/wp\/v2\/users\/1"}],"replies":[{"embeddable":true,"href":"https:\/\/christuskirche-elisabethfehn.de\/willkommen\/wp-json\/wp\/v2\/comments?post=25"}],"version-history":[{"count":249,"href":"https:\/\/christuskirche-elisabethfehn.de\/willkommen\/wp-json\/wp\/v2\/pages\/25\/revisions"}],"predecessor-version":[{"id":3589,"href":"https:\/\/christuskirche-elisabethfehn.de\/willkommen\/wp-json\/wp\/v2\/pages\/25\/revisions\/3589"}],"wp:attachment":[{"href":"https:\/\/christuskirche-elisabethfehn.de\/willkommen\/wp-json\/wp\/v2\/media?parent=25"}],"curies":[{"name":"wp","href":"https:\/\/api.w.org\/{rel}","templated":true}]}}