{"id":2707,"date":"2024-03-27T15:59:14","date_gmt":"2024-03-27T15:59:14","guid":{"rendered":"https:\/\/christuskirche-elisabethfehn.de\/willkommen\/?page_id=2707"},"modified":"2025-05-23T08:12:24","modified_gmt":"2025-05-23T08:12:24","slug":"fotos-2024","status":"publish","type":"page","link":"https:\/\/christuskirche-elisabethfehn.de\/willkommen\/fotos-2024\/","title":{"rendered":"Fotos 2024"},"content":{"rendered":"\n<h2 class=\"wp-block-heading\">Weihnachten 2024<\/h2>\n\n\n\n<figure class=\"wp-block-image size-large\"><img loading=\"lazy\" decoding=\"async\" width=\"1024\" height=\"683\" src=\"https:\/\/christuskirche-elisabethfehn.de\/wp-content\/uploads\/2025\/01\/Weihnachten-2024-1024x683.jpg\" alt=\"\" class=\"wp-image-3215\" srcset=\"https:\/\/christuskirche-elisabethfehn.de\/wp-content\/uploads\/2025\/01\/Weihnachten-2024-1024x683.jpg 1024w, https:\/\/christuskirche-elisabethfehn.de\/wp-content\/uploads\/2025\/01\/Weihnachten-2024-300x200.jpg 300w, https:\/\/christuskirche-elisabethfehn.de\/wp-content\/uploads\/2025\/01\/Weihnachten-2024-768x512.jpg 768w, https:\/\/christuskirche-elisabethfehn.de\/wp-content\/uploads\/2025\/01\/Weihnachten-2024-1536x1024.jpg 1536w, https:\/\/christuskirche-elisabethfehn.de\/wp-content\/uploads\/2025\/01\/Weihnachten-2024-2048x1365.jpg 2048w, https:\/\/christuskirche-elisabethfehn.de\/wp-content\/uploads\/2025\/01\/Weihnachten-2024-750x500.jpg 750w\" sizes=\"auto, (max-width: 1024px) 100vw, 1024px\" \/><\/figure>\n\n\n\n<figure class=\"wp-block-image size-large\"><img loading=\"lazy\" decoding=\"async\" width=\"1024\" height=\"768\" src=\"https:\/\/christuskirche-elisabethfehn.de\/wp-content\/uploads\/2024\/12\/20241219_104541-1024x768.jpg\" alt=\"\" class=\"wp-image-3200\" srcset=\"https:\/\/christuskirche-elisabethfehn.de\/wp-content\/uploads\/2024\/12\/20241219_104541-1024x768.jpg 1024w, https:\/\/christuskirche-elisabethfehn.de\/wp-content\/uploads\/2024\/12\/20241219_104541-300x225.jpg 300w, https:\/\/christuskirche-elisabethfehn.de\/wp-content\/uploads\/2024\/12\/20241219_104541-768x576.jpg 768w, https:\/\/christuskirche-elisabethfehn.de\/wp-content\/uploads\/2024\/12\/20241219_104541-1536x1152.jpg 1536w, https:\/\/christuskirche-elisabethfehn.de\/wp-content\/uploads\/2024\/12\/20241219_104541-2048x1536.jpg 2048w, https:\/\/christuskirche-elisabethfehn.de\/wp-content\/uploads\/2024\/12\/20241219_104541-750x563.jpg 750w\" sizes=\"auto, (max-width: 1024px) 100vw, 1024px\" \/><\/figure>\n\n\n\n<p><\/p>\n\n\n\n<p><\/p>\n\n\n\n<h2 class=\"wp-block-heading\">M\u00e4nnerbasteln am 18.12.2024 <\/h2>\n\n\n\n<figure class=\"wp-block-gallery has-nested-images columns-default is-cropped wp-block-gallery-1 is-layout-flex wp-block-gallery-is-layout-flex\">\n<figure class=\"wp-block-image size-large\"><img loading=\"lazy\" decoding=\"async\" width=\"1024\" height=\"683\" data-id=\"3189\" src=\"https:\/\/christuskirche-elisabethfehn.de\/wp-content\/uploads\/2024\/12\/A7_03452-1024x683.jpg\" alt=\"\" class=\"wp-image-3189\" srcset=\"https:\/\/christuskirche-elisabethfehn.de\/wp-content\/uploads\/2024\/12\/A7_03452-1024x683.jpg 1024w, https:\/\/christuskirche-elisabethfehn.de\/wp-content\/uploads\/2024\/12\/A7_03452-300x200.jpg 300w, https:\/\/christuskirche-elisabethfehn.de\/wp-content\/uploads\/2024\/12\/A7_03452-768x512.jpg 768w, https:\/\/christuskirche-elisabethfehn.de\/wp-content\/uploads\/2024\/12\/A7_03452-1536x1024.jpg 1536w, https:\/\/christuskirche-elisabethfehn.de\/wp-content\/uploads\/2024\/12\/A7_03452-2048x1365.jpg 2048w, https:\/\/christuskirche-elisabethfehn.de\/wp-content\/uploads\/2024\/12\/A7_03452-750x500.jpg 750w\" sizes=\"auto, (max-width: 1024px) 100vw, 1024px\" \/><\/figure>\n\n\n\n<figure class=\"wp-block-image size-large\"><img loading=\"lazy\" decoding=\"async\" width=\"1024\" height=\"683\" data-id=\"3188\" src=\"https:\/\/christuskirche-elisabethfehn.de\/wp-content\/uploads\/2024\/12\/A7_03456-1024x683.jpg\" alt=\"\" class=\"wp-image-3188\" srcset=\"https:\/\/christuskirche-elisabethfehn.de\/wp-content\/uploads\/2024\/12\/A7_03456-1024x683.jpg 1024w, https:\/\/christuskirche-elisabethfehn.de\/wp-content\/uploads\/2024\/12\/A7_03456-300x200.jpg 300w, https:\/\/christuskirche-elisabethfehn.de\/wp-content\/uploads\/2024\/12\/A7_03456-768x512.jpg 768w, https:\/\/christuskirche-elisabethfehn.de\/wp-content\/uploads\/2024\/12\/A7_03456-1536x1024.jpg 1536w, https:\/\/christuskirche-elisabethfehn.de\/wp-content\/uploads\/2024\/12\/A7_03456-2048x1365.jpg 2048w, https:\/\/christuskirche-elisabethfehn.de\/wp-content\/uploads\/2024\/12\/A7_03456-750x500.jpg 750w\" sizes=\"auto, (max-width: 1024px) 100vw, 1024px\" \/><\/figure>\n\n\n\n<figure class=\"wp-block-image size-large\"><img loading=\"lazy\" decoding=\"async\" width=\"1024\" height=\"683\" data-id=\"3190\" src=\"https:\/\/christuskirche-elisabethfehn.de\/wp-content\/uploads\/2024\/12\/A7_03460-1024x683.jpg\" alt=\"\" class=\"wp-image-3190\" srcset=\"https:\/\/christuskirche-elisabethfehn.de\/wp-content\/uploads\/2024\/12\/A7_03460-1024x683.jpg 1024w, https:\/\/christuskirche-elisabethfehn.de\/wp-content\/uploads\/2024\/12\/A7_03460-300x200.jpg 300w, https:\/\/christuskirche-elisabethfehn.de\/wp-content\/uploads\/2024\/12\/A7_03460-768x512.jpg 768w, https:\/\/christuskirche-elisabethfehn.de\/wp-content\/uploads\/2024\/12\/A7_03460-1536x1024.jpg 1536w, https:\/\/christuskirche-elisabethfehn.de\/wp-content\/uploads\/2024\/12\/A7_03460-2048x1365.jpg 2048w, https:\/\/christuskirche-elisabethfehn.de\/wp-content\/uploads\/2024\/12\/A7_03460-750x500.jpg 750w\" sizes=\"auto, (max-width: 1024px) 100vw, 1024px\" \/><\/figure>\n\n\n\n<figure class=\"wp-block-image size-large\"><img loading=\"lazy\" decoding=\"async\" width=\"1024\" height=\"683\" data-id=\"3191\" src=\"https:\/\/christuskirche-elisabethfehn.de\/wp-content\/uploads\/2024\/12\/A7_03465-1024x683.jpg\" alt=\"\" class=\"wp-image-3191\" srcset=\"https:\/\/christuskirche-elisabethfehn.de\/wp-content\/uploads\/2024\/12\/A7_03465-1024x683.jpg 1024w, https:\/\/christuskirche-elisabethfehn.de\/wp-content\/uploads\/2024\/12\/A7_03465-300x200.jpg 300w, https:\/\/christuskirche-elisabethfehn.de\/wp-content\/uploads\/2024\/12\/A7_03465-768x512.jpg 768w, https:\/\/christuskirche-elisabethfehn.de\/wp-content\/uploads\/2024\/12\/A7_03465-1536x1024.jpg 1536w, https:\/\/christuskirche-elisabethfehn.de\/wp-content\/uploads\/2024\/12\/A7_03465-2048x1365.jpg 2048w, https:\/\/christuskirche-elisabethfehn.de\/wp-content\/uploads\/2024\/12\/A7_03465-750x500.jpg 750w\" sizes=\"auto, (max-width: 1024px) 100vw, 1024px\" \/><\/figure>\n\n\n\n<figure class=\"wp-block-image size-large\"><img loading=\"lazy\" decoding=\"async\" width=\"1024\" height=\"683\" data-id=\"3187\" src=\"https:\/\/christuskirche-elisabethfehn.de\/wp-content\/uploads\/2024\/12\/A7_03468-1024x683.jpg\" alt=\"\" class=\"wp-image-3187\" srcset=\"https:\/\/christuskirche-elisabethfehn.de\/wp-content\/uploads\/2024\/12\/A7_03468-1024x683.jpg 1024w, https:\/\/christuskirche-elisabethfehn.de\/wp-content\/uploads\/2024\/12\/A7_03468-300x200.jpg 300w, https:\/\/christuskirche-elisabethfehn.de\/wp-content\/uploads\/2024\/12\/A7_03468-768x512.jpg 768w, https:\/\/christuskirche-elisabethfehn.de\/wp-content\/uploads\/2024\/12\/A7_03468-1536x1024.jpg 1536w, https:\/\/christuskirche-elisabethfehn.de\/wp-content\/uploads\/2024\/12\/A7_03468-2048x1365.jpg 2048w, https:\/\/christuskirche-elisabethfehn.de\/wp-content\/uploads\/2024\/12\/A7_03468-750x500.jpg 750w\" sizes=\"auto, (max-width: 1024px) 100vw, 1024px\" \/><\/figure>\n<\/figure>\n\n\n\n<p><\/p>\n\n\n\n<p class=\"has-larger-font-size\">Weihnachtsmarkt Efehn 2024<\/p>\n\n\n\n<figure class=\"wp-block-gallery has-nested-images columns-default is-cropped wp-block-gallery-2 is-layout-flex wp-block-gallery-is-layout-flex\">\n<figure class=\"wp-block-image size-large\"><img loading=\"lazy\" decoding=\"async\" width=\"1024\" height=\"683\" data-id=\"3179\" src=\"https:\/\/christuskirche-elisabethfehn.de\/wp-content\/uploads\/2024\/12\/A7_03437-1-1024x683.jpg\" alt=\"\" class=\"wp-image-3179\" srcset=\"https:\/\/christuskirche-elisabethfehn.de\/wp-content\/uploads\/2024\/12\/A7_03437-1-1024x683.jpg 1024w, https:\/\/christuskirche-elisabethfehn.de\/wp-content\/uploads\/2024\/12\/A7_03437-1-300x200.jpg 300w, https:\/\/christuskirche-elisabethfehn.de\/wp-content\/uploads\/2024\/12\/A7_03437-1-768x512.jpg 768w, https:\/\/christuskirche-elisabethfehn.de\/wp-content\/uploads\/2024\/12\/A7_03437-1-1536x1024.jpg 1536w, https:\/\/christuskirche-elisabethfehn.de\/wp-content\/uploads\/2024\/12\/A7_03437-1-2048x1365.jpg 2048w, https:\/\/christuskirche-elisabethfehn.de\/wp-content\/uploads\/2024\/12\/A7_03437-1-750x500.jpg 750w\" sizes=\"auto, (max-width: 1024px) 100vw, 1024px\" \/><\/figure>\n\n\n\n<figure class=\"wp-block-image size-large\"><img loading=\"lazy\" decoding=\"async\" width=\"1024\" height=\"683\" data-id=\"3178\" src=\"https:\/\/christuskirche-elisabethfehn.de\/wp-content\/uploads\/2024\/12\/A7_03440-1-1024x683.jpg\" alt=\"\" class=\"wp-image-3178\" srcset=\"https:\/\/christuskirche-elisabethfehn.de\/wp-content\/uploads\/2024\/12\/A7_03440-1-1024x683.jpg 1024w, https:\/\/christuskirche-elisabethfehn.de\/wp-content\/uploads\/2024\/12\/A7_03440-1-300x200.jpg 300w, https:\/\/christuskirche-elisabethfehn.de\/wp-content\/uploads\/2024\/12\/A7_03440-1-768x512.jpg 768w, https:\/\/christuskirche-elisabethfehn.de\/wp-content\/uploads\/2024\/12\/A7_03440-1-1536x1024.jpg 1536w, https:\/\/christuskirche-elisabethfehn.de\/wp-content\/uploads\/2024\/12\/A7_03440-1-2048x1365.jpg 2048w, https:\/\/christuskirche-elisabethfehn.de\/wp-content\/uploads\/2024\/12\/A7_03440-1-750x500.jpg 750w\" sizes=\"auto, (max-width: 1024px) 100vw, 1024px\" \/><\/figure>\n<\/figure>\n\n\n\n<p><\/p>\n\n\n\n<h2 class=\"wp-block-heading\">Familiengottesdienst 1. Advent<\/h2>\n\n\n\n<figure class=\"wp-block-image size-large\"><img loading=\"lazy\" decoding=\"async\" width=\"1024\" height=\"768\" src=\"https:\/\/christuskirche-elisabethfehn.de\/wp-content\/uploads\/2024\/12\/20241201_101446-1-1024x768.jpg\" alt=\"\" class=\"wp-image-3174\" srcset=\"https:\/\/christuskirche-elisabethfehn.de\/wp-content\/uploads\/2024\/12\/20241201_101446-1-1024x768.jpg 1024w, https:\/\/christuskirche-elisabethfehn.de\/wp-content\/uploads\/2024\/12\/20241201_101446-1-300x225.jpg 300w, https:\/\/christuskirche-elisabethfehn.de\/wp-content\/uploads\/2024\/12\/20241201_101446-1-768x576.jpg 768w, https:\/\/christuskirche-elisabethfehn.de\/wp-content\/uploads\/2024\/12\/20241201_101446-1-1536x1152.jpg 1536w, https:\/\/christuskirche-elisabethfehn.de\/wp-content\/uploads\/2024\/12\/20241201_101446-1-2048x1536.jpg 2048w, https:\/\/christuskirche-elisabethfehn.de\/wp-content\/uploads\/2024\/12\/20241201_101446-1-750x563.jpg 750w\" sizes=\"auto, (max-width: 1024px) 100vw, 1024px\" \/><\/figure>\n\n\n\n<h2 class=\"wp-block-heading\">Konzert am 1. Advent in der Christuskirche<\/h2>\n\n\n\n<figure class=\"wp-block-gallery has-nested-images columns-default is-cropped wp-block-gallery-3 is-layout-flex wp-block-gallery-is-layout-flex\">\n<figure class=\"wp-block-image size-large\"><img loading=\"lazy\" decoding=\"async\" width=\"1024\" height=\"683\" data-id=\"3144\" src=\"https:\/\/christuskirche-elisabethfehn.de\/wp-content\/uploads\/2024\/12\/DSC02005-1024x683.jpg\" alt=\"\" class=\"wp-image-3144\" srcset=\"https:\/\/christuskirche-elisabethfehn.de\/wp-content\/uploads\/2024\/12\/DSC02005-1024x683.jpg 1024w, https:\/\/christuskirche-elisabethfehn.de\/wp-content\/uploads\/2024\/12\/DSC02005-300x200.jpg 300w, https:\/\/christuskirche-elisabethfehn.de\/wp-content\/uploads\/2024\/12\/DSC02005-768x512.jpg 768w, https:\/\/christuskirche-elisabethfehn.de\/wp-content\/uploads\/2024\/12\/DSC02005-1536x1024.jpg 1536w, https:\/\/christuskirche-elisabethfehn.de\/wp-content\/uploads\/2024\/12\/DSC02005-2048x1365.jpg 2048w, https:\/\/christuskirche-elisabethfehn.de\/wp-content\/uploads\/2024\/12\/DSC02005-750x500.jpg 750w\" sizes=\"auto, (max-width: 1024px) 100vw, 1024px\" \/><\/figure>\n\n\n\n<figure class=\"wp-block-image size-large\"><img loading=\"lazy\" decoding=\"async\" width=\"1024\" height=\"683\" data-id=\"3145\" src=\"https:\/\/christuskirche-elisabethfehn.de\/wp-content\/uploads\/2024\/12\/DSC02054-1024x683.jpg\" alt=\"\" class=\"wp-image-3145\" srcset=\"https:\/\/christuskirche-elisabethfehn.de\/wp-content\/uploads\/2024\/12\/DSC02054-1024x683.jpg 1024w, https:\/\/christuskirche-elisabethfehn.de\/wp-content\/uploads\/2024\/12\/DSC02054-300x200.jpg 300w, https:\/\/christuskirche-elisabethfehn.de\/wp-content\/uploads\/2024\/12\/DSC02054-768x512.jpg 768w, https:\/\/christuskirche-elisabethfehn.de\/wp-content\/uploads\/2024\/12\/DSC02054-1536x1024.jpg 1536w, https:\/\/christuskirche-elisabethfehn.de\/wp-content\/uploads\/2024\/12\/DSC02054-2048x1365.jpg 2048w, https:\/\/christuskirche-elisabethfehn.de\/wp-content\/uploads\/2024\/12\/DSC02054-750x500.jpg 750w\" sizes=\"auto, (max-width: 1024px) 100vw, 1024px\" \/><\/figure>\n\n\n\n<figure class=\"wp-block-image size-large\"><img loading=\"lazy\" decoding=\"async\" width=\"1024\" height=\"683\" data-id=\"3143\" src=\"https:\/\/christuskirche-elisabethfehn.de\/wp-content\/uploads\/2024\/12\/DSC02056-1024x683.jpg\" alt=\"\" class=\"wp-image-3143\" srcset=\"https:\/\/christuskirche-elisabethfehn.de\/wp-content\/uploads\/2024\/12\/DSC02056-1024x683.jpg 1024w, https:\/\/christuskirche-elisabethfehn.de\/wp-content\/uploads\/2024\/12\/DSC02056-300x200.jpg 300w, https:\/\/christuskirche-elisabethfehn.de\/wp-content\/uploads\/2024\/12\/DSC02056-768x512.jpg 768w, https:\/\/christuskirche-elisabethfehn.de\/wp-content\/uploads\/2024\/12\/DSC02056-1536x1024.jpg 1536w, https:\/\/christuskirche-elisabethfehn.de\/wp-content\/uploads\/2024\/12\/DSC02056-2048x1365.jpg 2048w, https:\/\/christuskirche-elisabethfehn.de\/wp-content\/uploads\/2024\/12\/DSC02056-750x500.jpg 750w\" sizes=\"auto, (max-width: 1024px) 100vw, 1024px\" \/><\/figure>\n\n\n\n<figure class=\"wp-block-image size-large\"><img loading=\"lazy\" decoding=\"async\" width=\"1024\" height=\"683\" data-id=\"3142\" src=\"https:\/\/christuskirche-elisabethfehn.de\/wp-content\/uploads\/2024\/12\/DSC02086-1024x683.jpg\" alt=\"\" class=\"wp-image-3142\" srcset=\"https:\/\/christuskirche-elisabethfehn.de\/wp-content\/uploads\/2024\/12\/DSC02086-1024x683.jpg 1024w, https:\/\/christuskirche-elisabethfehn.de\/wp-content\/uploads\/2024\/12\/DSC02086-300x200.jpg 300w, https:\/\/christuskirche-elisabethfehn.de\/wp-content\/uploads\/2024\/12\/DSC02086-768x512.jpg 768w, https:\/\/christuskirche-elisabethfehn.de\/wp-content\/uploads\/2024\/12\/DSC02086-1536x1024.jpg 1536w, https:\/\/christuskirche-elisabethfehn.de\/wp-content\/uploads\/2024\/12\/DSC02086-2048x1365.jpg 2048w, https:\/\/christuskirche-elisabethfehn.de\/wp-content\/uploads\/2024\/12\/DSC02086-750x500.jpg 750w\" sizes=\"auto, (max-width: 1024px) 100vw, 1024px\" \/><\/figure>\n<\/figure>\n\n\n\n<h2 class=\"wp-block-heading\">Laternenumzug zum Martinsfest am 09.November 2024<\/h2>\n\n\n\n<figure class=\"wp-block-gallery has-nested-images columns-default is-cropped wp-block-gallery-4 is-layout-flex wp-block-gallery-is-layout-flex\">\n<figure class=\"wp-block-image size-large\"><img loading=\"lazy\" decoding=\"async\" width=\"1024\" height=\"683\" data-id=\"3041\" src=\"https:\/\/christuskirche-elisabethfehn.de\/wp-content\/uploads\/2024\/11\/A7_03386-1024x683.jpg\" alt=\"\" class=\"wp-image-3041\" srcset=\"https:\/\/christuskirche-elisabethfehn.de\/wp-content\/uploads\/2024\/11\/A7_03386-1024x683.jpg 1024w, https:\/\/christuskirche-elisabethfehn.de\/wp-content\/uploads\/2024\/11\/A7_03386-300x200.jpg 300w, https:\/\/christuskirche-elisabethfehn.de\/wp-content\/uploads\/2024\/11\/A7_03386-768x512.jpg 768w, https:\/\/christuskirche-elisabethfehn.de\/wp-content\/uploads\/2024\/11\/A7_03386-1536x1024.jpg 1536w, https:\/\/christuskirche-elisabethfehn.de\/wp-content\/uploads\/2024\/11\/A7_03386-2048x1365.jpg 2048w, https:\/\/christuskirche-elisabethfehn.de\/wp-content\/uploads\/2024\/11\/A7_03386-750x500.jpg 750w\" sizes=\"auto, (max-width: 1024px) 100vw, 1024px\" \/><\/figure>\n\n\n\n<figure class=\"wp-block-image size-large\"><img loading=\"lazy\" decoding=\"async\" width=\"1024\" height=\"683\" data-id=\"3040\" src=\"https:\/\/christuskirche-elisabethfehn.de\/wp-content\/uploads\/2024\/11\/A7_03388-1024x683.jpg\" alt=\"\" class=\"wp-image-3040\" srcset=\"https:\/\/christuskirche-elisabethfehn.de\/wp-content\/uploads\/2024\/11\/A7_03388-1024x683.jpg 1024w, https:\/\/christuskirche-elisabethfehn.de\/wp-content\/uploads\/2024\/11\/A7_03388-300x200.jpg 300w, https:\/\/christuskirche-elisabethfehn.de\/wp-content\/uploads\/2024\/11\/A7_03388-768x512.jpg 768w, https:\/\/christuskirche-elisabethfehn.de\/wp-content\/uploads\/2024\/11\/A7_03388-1536x1024.jpg 1536w, https:\/\/christuskirche-elisabethfehn.de\/wp-content\/uploads\/2024\/11\/A7_03388-2048x1365.jpg 2048w, https:\/\/christuskirche-elisabethfehn.de\/wp-content\/uploads\/2024\/11\/A7_03388-750x500.jpg 750w\" sizes=\"auto, (max-width: 1024px) 100vw, 1024px\" \/><\/figure>\n\n\n\n<figure class=\"wp-block-image size-large\"><img loading=\"lazy\" decoding=\"async\" width=\"1024\" height=\"683\" data-id=\"3039\" src=\"https:\/\/christuskirche-elisabethfehn.de\/wp-content\/uploads\/2024\/11\/A7_03401-1024x683.jpg\" alt=\"\" class=\"wp-image-3039\" srcset=\"https:\/\/christuskirche-elisabethfehn.de\/wp-content\/uploads\/2024\/11\/A7_03401-1024x683.jpg 1024w, https:\/\/christuskirche-elisabethfehn.de\/wp-content\/uploads\/2024\/11\/A7_03401-300x200.jpg 300w, https:\/\/christuskirche-elisabethfehn.de\/wp-content\/uploads\/2024\/11\/A7_03401-768x512.jpg 768w, https:\/\/christuskirche-elisabethfehn.de\/wp-content\/uploads\/2024\/11\/A7_03401-1536x1024.jpg 1536w, https:\/\/christuskirche-elisabethfehn.de\/wp-content\/uploads\/2024\/11\/A7_03401-2048x1365.jpg 2048w, https:\/\/christuskirche-elisabethfehn.de\/wp-content\/uploads\/2024\/11\/A7_03401-750x500.jpg 750w\" sizes=\"auto, (max-width: 1024px) 100vw, 1024px\" \/><\/figure>\n\n\n\n<figure class=\"wp-block-image size-large\"><img loading=\"lazy\" decoding=\"async\" width=\"1024\" height=\"683\" data-id=\"3037\" src=\"https:\/\/christuskirche-elisabethfehn.de\/wp-content\/uploads\/2024\/11\/A7_03384-1024x683.jpg\" alt=\"\" class=\"wp-image-3037\" srcset=\"https:\/\/christuskirche-elisabethfehn.de\/wp-content\/uploads\/2024\/11\/A7_03384-1024x683.jpg 1024w, https:\/\/christuskirche-elisabethfehn.de\/wp-content\/uploads\/2024\/11\/A7_03384-300x200.jpg 300w, https:\/\/christuskirche-elisabethfehn.de\/wp-content\/uploads\/2024\/11\/A7_03384-768x512.jpg 768w, https:\/\/christuskirche-elisabethfehn.de\/wp-content\/uploads\/2024\/11\/A7_03384-1536x1024.jpg 1536w, https:\/\/christuskirche-elisabethfehn.de\/wp-content\/uploads\/2024\/11\/A7_03384-2048x1365.jpg 2048w, https:\/\/christuskirche-elisabethfehn.de\/wp-content\/uploads\/2024\/11\/A7_03384-750x500.jpg 750w\" sizes=\"auto, (max-width: 1024px) 100vw, 1024px\" \/><\/figure>\n<\/figure>\n\n\n\n<p><br><\/p>\n\n\n\n<h2 class=\"wp-block-heading\">Am 27. Oktober fanden die Jubelkonfirmationen statt!<\/h2>\n\n\n\n<figure class=\"wp-block-gallery has-nested-images columns-default is-cropped wp-block-gallery-5 is-layout-flex wp-block-gallery-is-layout-flex\">\n<figure class=\"wp-block-image size-large\"><img loading=\"lazy\" decoding=\"async\" width=\"768\" height=\"1024\" data-id=\"3031\" src=\"https:\/\/christuskirche-elisabethfehn.de\/wp-content\/uploads\/2024\/11\/20241027_100301-768x1024.jpg\" alt=\"\" class=\"wp-image-3031\" srcset=\"https:\/\/christuskirche-elisabethfehn.de\/wp-content\/uploads\/2024\/11\/20241027_100301-768x1024.jpg 768w, https:\/\/christuskirche-elisabethfehn.de\/wp-content\/uploads\/2024\/11\/20241027_100301-225x300.jpg 225w, https:\/\/christuskirche-elisabethfehn.de\/wp-content\/uploads\/2024\/11\/20241027_100301-1152x1536.jpg 1152w, https:\/\/christuskirche-elisabethfehn.de\/wp-content\/uploads\/2024\/11\/20241027_100301-1536x2048.jpg 1536w, https:\/\/christuskirche-elisabethfehn.de\/wp-content\/uploads\/2024\/11\/20241027_100301-750x1000.jpg 750w, https:\/\/christuskirche-elisabethfehn.de\/wp-content\/uploads\/2024\/11\/20241027_100301-scaled.jpg 1920w\" sizes=\"auto, (max-width: 768px) 100vw, 768px\" \/><\/figure>\n\n\n\n<figure class=\"wp-block-image size-large\"><img loading=\"lazy\" decoding=\"async\" width=\"1024\" height=\"768\" data-id=\"3032\" src=\"https:\/\/christuskirche-elisabethfehn.de\/wp-content\/uploads\/2024\/11\/20241027_111507-1024x768.jpg\" alt=\"\" class=\"wp-image-3032\" srcset=\"https:\/\/christuskirche-elisabethfehn.de\/wp-content\/uploads\/2024\/11\/20241027_111507-1024x768.jpg 1024w, https:\/\/christuskirche-elisabethfehn.de\/wp-content\/uploads\/2024\/11\/20241027_111507-300x225.jpg 300w, https:\/\/christuskirche-elisabethfehn.de\/wp-content\/uploads\/2024\/11\/20241027_111507-768x576.jpg 768w, https:\/\/christuskirche-elisabethfehn.de\/wp-content\/uploads\/2024\/11\/20241027_111507-1536x1152.jpg 1536w, https:\/\/christuskirche-elisabethfehn.de\/wp-content\/uploads\/2024\/11\/20241027_111507-2048x1536.jpg 2048w, https:\/\/christuskirche-elisabethfehn.de\/wp-content\/uploads\/2024\/11\/20241027_111507-750x563.jpg 750w\" sizes=\"auto, (max-width: 1024px) 100vw, 1024px\" \/><\/figure>\n\n\n\n<figure class=\"wp-block-image size-large\"><img loading=\"lazy\" decoding=\"async\" width=\"1024\" height=\"768\" data-id=\"3029\" src=\"https:\/\/christuskirche-elisabethfehn.de\/wp-content\/uploads\/2024\/11\/20241027_130215-1024x768.jpg\" alt=\"\" class=\"wp-image-3029\" srcset=\"https:\/\/christuskirche-elisabethfehn.de\/wp-content\/uploads\/2024\/11\/20241027_130215-1024x768.jpg 1024w, https:\/\/christuskirche-elisabethfehn.de\/wp-content\/uploads\/2024\/11\/20241027_130215-300x225.jpg 300w, https:\/\/christuskirche-elisabethfehn.de\/wp-content\/uploads\/2024\/11\/20241027_130215-768x576.jpg 768w, https:\/\/christuskirche-elisabethfehn.de\/wp-content\/uploads\/2024\/11\/20241027_130215-1536x1152.jpg 1536w, https:\/\/christuskirche-elisabethfehn.de\/wp-content\/uploads\/2024\/11\/20241027_130215-2048x1536.jpg 2048w, https:\/\/christuskirche-elisabethfehn.de\/wp-content\/uploads\/2024\/11\/20241027_130215-750x563.jpg 750w\" sizes=\"auto, (max-width: 1024px) 100vw, 1024px\" \/><\/figure>\n\n\n\n<figure class=\"wp-block-image size-large\"><img loading=\"lazy\" decoding=\"async\" width=\"1024\" height=\"768\" data-id=\"3030\" src=\"https:\/\/christuskirche-elisabethfehn.de\/wp-content\/uploads\/2024\/11\/20241027_130223-1024x768.jpg\" alt=\"\" class=\"wp-image-3030\" srcset=\"https:\/\/christuskirche-elisabethfehn.de\/wp-content\/uploads\/2024\/11\/20241027_130223-1024x768.jpg 1024w, https:\/\/christuskirche-elisabethfehn.de\/wp-content\/uploads\/2024\/11\/20241027_130223-300x225.jpg 300w, https:\/\/christuskirche-elisabethfehn.de\/wp-content\/uploads\/2024\/11\/20241027_130223-768x576.jpg 768w, https:\/\/christuskirche-elisabethfehn.de\/wp-content\/uploads\/2024\/11\/20241027_130223-1536x1152.jpg 1536w, https:\/\/christuskirche-elisabethfehn.de\/wp-content\/uploads\/2024\/11\/20241027_130223-2048x1536.jpg 2048w, https:\/\/christuskirche-elisabethfehn.de\/wp-content\/uploads\/2024\/11\/20241027_130223-750x563.jpg 750w\" sizes=\"auto, (max-width: 1024px) 100vw, 1024px\" \/><\/figure>\n<\/figure>\n\n\n\n<p><\/p>\n\n\n\n<h2 class=\"wp-block-heading\">M\u00e4nnersache am 12.09.2024<\/h2>\n\n\n\n<figure class=\"wp-block-gallery has-nested-images columns-default is-cropped wp-block-gallery-6 is-layout-flex wp-block-gallery-is-layout-flex\">\n<figure class=\"wp-block-image size-large\"><img loading=\"lazy\" decoding=\"async\" width=\"1024\" height=\"498\" data-id=\"3006\" src=\"https:\/\/christuskirche-elisabethfehn.de\/wp-content\/uploads\/2024\/09\/IMG-20240915-WA0027-1024x498.jpg\" alt=\"\" class=\"wp-image-3006\" srcset=\"https:\/\/christuskirche-elisabethfehn.de\/wp-content\/uploads\/2024\/09\/IMG-20240915-WA0027-1024x498.jpg 1024w, https:\/\/christuskirche-elisabethfehn.de\/wp-content\/uploads\/2024\/09\/IMG-20240915-WA0027-300x146.jpg 300w, https:\/\/christuskirche-elisabethfehn.de\/wp-content\/uploads\/2024\/09\/IMG-20240915-WA0027-768x373.jpg 768w, https:\/\/christuskirche-elisabethfehn.de\/wp-content\/uploads\/2024\/09\/IMG-20240915-WA0027-1536x746.jpg 1536w, https:\/\/christuskirche-elisabethfehn.de\/wp-content\/uploads\/2024\/09\/IMG-20240915-WA0027-750x364.jpg 750w, https:\/\/christuskirche-elisabethfehn.de\/wp-content\/uploads\/2024\/09\/IMG-20240915-WA0027.jpg 2048w\" sizes=\"auto, (max-width: 1024px) 100vw, 1024px\" \/><\/figure>\n\n\n\n<figure class=\"wp-block-image size-large\"><img loading=\"lazy\" decoding=\"async\" width=\"498\" height=\"1024\" data-id=\"3009\" src=\"https:\/\/christuskirche-elisabethfehn.de\/wp-content\/uploads\/2024\/09\/IMG-20240915-WA0029-498x1024.jpg\" alt=\"\" class=\"wp-image-3009\" srcset=\"https:\/\/christuskirche-elisabethfehn.de\/wp-content\/uploads\/2024\/09\/IMG-20240915-WA0029-498x1024.jpg 498w, https:\/\/christuskirche-elisabethfehn.de\/wp-content\/uploads\/2024\/09\/IMG-20240915-WA0029-146x300.jpg 146w, https:\/\/christuskirche-elisabethfehn.de\/wp-content\/uploads\/2024\/09\/IMG-20240915-WA0029-768x1581.jpg 768w, https:\/\/christuskirche-elisabethfehn.de\/wp-content\/uploads\/2024\/09\/IMG-20240915-WA0029-746x1536.jpg 746w, https:\/\/christuskirche-elisabethfehn.de\/wp-content\/uploads\/2024\/09\/IMG-20240915-WA0029-750x1544.jpg 750w, https:\/\/christuskirche-elisabethfehn.de\/wp-content\/uploads\/2024\/09\/IMG-20240915-WA0029.jpg 995w\" sizes=\"auto, (max-width: 498px) 100vw, 498px\" \/><\/figure>\n\n\n\n<figure class=\"wp-block-image size-large\"><img loading=\"lazy\" decoding=\"async\" width=\"498\" height=\"1024\" data-id=\"3005\" src=\"https:\/\/christuskirche-elisabethfehn.de\/wp-content\/uploads\/2024\/09\/IMG-20240915-WA0028-498x1024.jpg\" alt=\"\" class=\"wp-image-3005\" srcset=\"https:\/\/christuskirche-elisabethfehn.de\/wp-content\/uploads\/2024\/09\/IMG-20240915-WA0028-498x1024.jpg 498w, https:\/\/christuskirche-elisabethfehn.de\/wp-content\/uploads\/2024\/09\/IMG-20240915-WA0028-146x300.jpg 146w, https:\/\/christuskirche-elisabethfehn.de\/wp-content\/uploads\/2024\/09\/IMG-20240915-WA0028-768x1581.jpg 768w, https:\/\/christuskirche-elisabethfehn.de\/wp-content\/uploads\/2024\/09\/IMG-20240915-WA0028-746x1536.jpg 746w, https:\/\/christuskirche-elisabethfehn.de\/wp-content\/uploads\/2024\/09\/IMG-20240915-WA0028-750x1544.jpg 750w, https:\/\/christuskirche-elisabethfehn.de\/wp-content\/uploads\/2024\/09\/IMG-20240915-WA0028.jpg 995w\" sizes=\"auto, (max-width: 498px) 100vw, 498px\" \/><\/figure>\n\n\n\n<figure class=\"wp-block-image size-large\"><img loading=\"lazy\" decoding=\"async\" width=\"1024\" height=\"498\" data-id=\"3008\" src=\"https:\/\/christuskirche-elisabethfehn.de\/wp-content\/uploads\/2024\/09\/IMG-20240915-WA0026-1024x498.jpg\" alt=\"\" class=\"wp-image-3008\" srcset=\"https:\/\/christuskirche-elisabethfehn.de\/wp-content\/uploads\/2024\/09\/IMG-20240915-WA0026-1024x498.jpg 1024w, https:\/\/christuskirche-elisabethfehn.de\/wp-content\/uploads\/2024\/09\/IMG-20240915-WA0026-300x146.jpg 300w, https:\/\/christuskirche-elisabethfehn.de\/wp-content\/uploads\/2024\/09\/IMG-20240915-WA0026-768x373.jpg 768w, https:\/\/christuskirche-elisabethfehn.de\/wp-content\/uploads\/2024\/09\/IMG-20240915-WA0026-1536x746.jpg 1536w, https:\/\/christuskirche-elisabethfehn.de\/wp-content\/uploads\/2024\/09\/IMG-20240915-WA0026-750x364.jpg 750w, https:\/\/christuskirche-elisabethfehn.de\/wp-content\/uploads\/2024\/09\/IMG-20240915-WA0026.jpg 2048w\" sizes=\"auto, (max-width: 1024px) 100vw, 1024px\" \/><\/figure>\n<\/figure>\n\n\n\n<h2 class=\"wp-block-heading\">Gemeindefr\u00fchst\u00fcck am 11.09.2024<\/h2>\n\n\n\n<figure class=\"wp-block-gallery has-nested-images columns-default is-cropped wp-block-gallery-7 is-layout-flex wp-block-gallery-is-layout-flex\">\n<figure class=\"wp-block-image size-large\"><img loading=\"lazy\" decoding=\"async\" width=\"768\" height=\"1024\" data-id=\"3000\" src=\"https:\/\/christuskirche-elisabethfehn.de\/wp-content\/uploads\/2024\/09\/IMG-20240911-WA0003-768x1024.jpg\" alt=\"\" class=\"wp-image-3000\" srcset=\"https:\/\/christuskirche-elisabethfehn.de\/wp-content\/uploads\/2024\/09\/IMG-20240911-WA0003-768x1024.jpg 768w, https:\/\/christuskirche-elisabethfehn.de\/wp-content\/uploads\/2024\/09\/IMG-20240911-WA0003-225x300.jpg 225w, https:\/\/christuskirche-elisabethfehn.de\/wp-content\/uploads\/2024\/09\/IMG-20240911-WA0003-1152x1536.jpg 1152w, https:\/\/christuskirche-elisabethfehn.de\/wp-content\/uploads\/2024\/09\/IMG-20240911-WA0003-750x1000.jpg 750w, https:\/\/christuskirche-elisabethfehn.de\/wp-content\/uploads\/2024\/09\/IMG-20240911-WA0003.jpg 1200w\" sizes=\"auto, (max-width: 768px) 100vw, 768px\" \/><\/figure>\n\n\n\n<figure class=\"wp-block-image size-large\"><img loading=\"lazy\" decoding=\"async\" width=\"768\" height=\"1024\" data-id=\"3001\" src=\"https:\/\/christuskirche-elisabethfehn.de\/wp-content\/uploads\/2024\/09\/IMG-20240911-WA0004-768x1024.jpg\" alt=\"\" class=\"wp-image-3001\" srcset=\"https:\/\/christuskirche-elisabethfehn.de\/wp-content\/uploads\/2024\/09\/IMG-20240911-WA0004-768x1024.jpg 768w, https:\/\/christuskirche-elisabethfehn.de\/wp-content\/uploads\/2024\/09\/IMG-20240911-WA0004-225x300.jpg 225w, https:\/\/christuskirche-elisabethfehn.de\/wp-content\/uploads\/2024\/09\/IMG-20240911-WA0004-1152x1536.jpg 1152w, https:\/\/christuskirche-elisabethfehn.de\/wp-content\/uploads\/2024\/09\/IMG-20240911-WA0004-750x1000.jpg 750w, https:\/\/christuskirche-elisabethfehn.de\/wp-content\/uploads\/2024\/09\/IMG-20240911-WA0004.jpg 1200w\" sizes=\"auto, (max-width: 768px) 100vw, 768px\" \/><\/figure>\n\n\n\n<figure class=\"wp-block-image size-large\"><img loading=\"lazy\" decoding=\"async\" width=\"1024\" height=\"498\" data-id=\"3003\" src=\"https:\/\/christuskirche-elisabethfehn.de\/wp-content\/uploads\/2024\/09\/IMG-20240915-WA0031-1024x498.jpg\" alt=\"\" class=\"wp-image-3003\" srcset=\"https:\/\/christuskirche-elisabethfehn.de\/wp-content\/uploads\/2024\/09\/IMG-20240915-WA0031-1024x498.jpg 1024w, https:\/\/christuskirche-elisabethfehn.de\/wp-content\/uploads\/2024\/09\/IMG-20240915-WA0031-300x146.jpg 300w, https:\/\/christuskirche-elisabethfehn.de\/wp-content\/uploads\/2024\/09\/IMG-20240915-WA0031-768x373.jpg 768w, https:\/\/christuskirche-elisabethfehn.de\/wp-content\/uploads\/2024\/09\/IMG-20240915-WA0031-1536x746.jpg 1536w, https:\/\/christuskirche-elisabethfehn.de\/wp-content\/uploads\/2024\/09\/IMG-20240915-WA0031-750x364.jpg 750w, https:\/\/christuskirche-elisabethfehn.de\/wp-content\/uploads\/2024\/09\/IMG-20240915-WA0031.jpg 2048w\" sizes=\"auto, (max-width: 1024px) 100vw, 1024px\" \/><\/figure>\n\n\n\n<figure class=\"wp-block-image size-large\"><img loading=\"lazy\" decoding=\"async\" width=\"1024\" height=\"498\" data-id=\"3002\" src=\"https:\/\/christuskirche-elisabethfehn.de\/wp-content\/uploads\/2024\/09\/IMG-20240915-WA0032-1024x498.jpg\" alt=\"\" class=\"wp-image-3002\" srcset=\"https:\/\/christuskirche-elisabethfehn.de\/wp-content\/uploads\/2024\/09\/IMG-20240915-WA0032-1024x498.jpg 1024w, https:\/\/christuskirche-elisabethfehn.de\/wp-content\/uploads\/2024\/09\/IMG-20240915-WA0032-300x146.jpg 300w, https:\/\/christuskirche-elisabethfehn.de\/wp-content\/uploads\/2024\/09\/IMG-20240915-WA0032-768x373.jpg 768w, https:\/\/christuskirche-elisabethfehn.de\/wp-content\/uploads\/2024\/09\/IMG-20240915-WA0032-1536x746.jpg 1536w, https:\/\/christuskirche-elisabethfehn.de\/wp-content\/uploads\/2024\/09\/IMG-20240915-WA0032-750x364.jpg 750w, https:\/\/christuskirche-elisabethfehn.de\/wp-content\/uploads\/2024\/09\/IMG-20240915-WA0032.jpg 2048w\" sizes=\"auto, (max-width: 1024px) 100vw, 1024px\" \/><\/figure>\n\n\n\n<figure class=\"wp-block-image size-large\"><img loading=\"lazy\" decoding=\"async\" width=\"1024\" height=\"498\" data-id=\"3004\" src=\"https:\/\/christuskirche-elisabethfehn.de\/wp-content\/uploads\/2024\/09\/IMG-20240915-WA0033-1024x498.jpg\" alt=\"\" class=\"wp-image-3004\" srcset=\"https:\/\/christuskirche-elisabethfehn.de\/wp-content\/uploads\/2024\/09\/IMG-20240915-WA0033-1024x498.jpg 1024w, https:\/\/christuskirche-elisabethfehn.de\/wp-content\/uploads\/2024\/09\/IMG-20240915-WA0033-300x146.jpg 300w, https:\/\/christuskirche-elisabethfehn.de\/wp-content\/uploads\/2024\/09\/IMG-20240915-WA0033-768x373.jpg 768w, https:\/\/christuskirche-elisabethfehn.de\/wp-content\/uploads\/2024\/09\/IMG-20240915-WA0033-1536x746.jpg 1536w, https:\/\/christuskirche-elisabethfehn.de\/wp-content\/uploads\/2024\/09\/IMG-20240915-WA0033-750x364.jpg 750w, https:\/\/christuskirche-elisabethfehn.de\/wp-content\/uploads\/2024\/09\/IMG-20240915-WA0033.jpg 2048w\" sizes=\"auto, (max-width: 1024px) 100vw, 1024px\" \/><\/figure>\n<\/figure>\n\n\n\n<h2 class=\"wp-block-heading\">Konfi-Tag in Vechta 07.09.2024<\/h2>\n\n\n\n<figure class=\"wp-block-gallery has-nested-images columns-default is-cropped wp-block-gallery-8 is-layout-flex wp-block-gallery-is-layout-flex\">\n<figure class=\"wp-block-image size-large\"><img loading=\"lazy\" decoding=\"async\" width=\"768\" height=\"1024\" data-id=\"2976\" src=\"https:\/\/christuskirche-elisabethfehn.de\/wp-content\/uploads\/2024\/09\/20240907_110145-4-768x1024.jpg\" alt=\"\" class=\"wp-image-2976\" srcset=\"https:\/\/christuskirche-elisabethfehn.de\/wp-content\/uploads\/2024\/09\/20240907_110145-4-768x1024.jpg 768w, https:\/\/christuskirche-elisabethfehn.de\/wp-content\/uploads\/2024\/09\/20240907_110145-4-225x300.jpg 225w, https:\/\/christuskirche-elisabethfehn.de\/wp-content\/uploads\/2024\/09\/20240907_110145-4-1152x1536.jpg 1152w, https:\/\/christuskirche-elisabethfehn.de\/wp-content\/uploads\/2024\/09\/20240907_110145-4-1536x2048.jpg 1536w, https:\/\/christuskirche-elisabethfehn.de\/wp-content\/uploads\/2024\/09\/20240907_110145-4-750x1000.jpg 750w, https:\/\/christuskirche-elisabethfehn.de\/wp-content\/uploads\/2024\/09\/20240907_110145-4-scaled.jpg 1920w\" sizes=\"auto, (max-width: 768px) 100vw, 768px\" \/><\/figure>\n\n\n\n<figure class=\"wp-block-image size-large\"><img loading=\"lazy\" decoding=\"async\" width=\"768\" height=\"1024\" data-id=\"2972\" src=\"https:\/\/christuskirche-elisabethfehn.de\/wp-content\/uploads\/2024\/09\/20240907_115153-2-768x1024.jpg\" alt=\"\" class=\"wp-image-2972\" srcset=\"https:\/\/christuskirche-elisabethfehn.de\/wp-content\/uploads\/2024\/09\/20240907_115153-2-768x1024.jpg 768w, https:\/\/christuskirche-elisabethfehn.de\/wp-content\/uploads\/2024\/09\/20240907_115153-2-225x300.jpg 225w, https:\/\/christuskirche-elisabethfehn.de\/wp-content\/uploads\/2024\/09\/20240907_115153-2-1152x1536.jpg 1152w, https:\/\/christuskirche-elisabethfehn.de\/wp-content\/uploads\/2024\/09\/20240907_115153-2-1536x2048.jpg 1536w, https:\/\/christuskirche-elisabethfehn.de\/wp-content\/uploads\/2024\/09\/20240907_115153-2-750x1000.jpg 750w, https:\/\/christuskirche-elisabethfehn.de\/wp-content\/uploads\/2024\/09\/20240907_115153-2-scaled.jpg 1920w\" sizes=\"auto, (max-width: 768px) 100vw, 768px\" \/><\/figure>\n\n\n\n<figure class=\"wp-block-image size-large\"><img loading=\"lazy\" decoding=\"async\" width=\"768\" height=\"1024\" data-id=\"2978\" src=\"https:\/\/christuskirche-elisabethfehn.de\/wp-content\/uploads\/2024\/09\/20240907_115333-3-768x1024.jpg\" alt=\"\" class=\"wp-image-2978\" srcset=\"https:\/\/christuskirche-elisabethfehn.de\/wp-content\/uploads\/2024\/09\/20240907_115333-3-768x1024.jpg 768w, https:\/\/christuskirche-elisabethfehn.de\/wp-content\/uploads\/2024\/09\/20240907_115333-3-225x300.jpg 225w, https:\/\/christuskirche-elisabethfehn.de\/wp-content\/uploads\/2024\/09\/20240907_115333-3-1152x1536.jpg 1152w, https:\/\/christuskirche-elisabethfehn.de\/wp-content\/uploads\/2024\/09\/20240907_115333-3-1536x2048.jpg 1536w, https:\/\/christuskirche-elisabethfehn.de\/wp-content\/uploads\/2024\/09\/20240907_115333-3-750x1000.jpg 750w, https:\/\/christuskirche-elisabethfehn.de\/wp-content\/uploads\/2024\/09\/20240907_115333-3-scaled.jpg 1920w\" sizes=\"auto, (max-width: 768px) 100vw, 768px\" \/><\/figure>\n\n\n\n<figure class=\"wp-block-image size-large\"><img loading=\"lazy\" decoding=\"async\" width=\"768\" height=\"1024\" data-id=\"2969\" src=\"https:\/\/christuskirche-elisabethfehn.de\/wp-content\/uploads\/2024\/09\/20240907_122207-1-768x1024.jpg\" alt=\"\" class=\"wp-image-2969\" srcset=\"https:\/\/christuskirche-elisabethfehn.de\/wp-content\/uploads\/2024\/09\/20240907_122207-1-768x1024.jpg 768w, https:\/\/christuskirche-elisabethfehn.de\/wp-content\/uploads\/2024\/09\/20240907_122207-1-225x300.jpg 225w, https:\/\/christuskirche-elisabethfehn.de\/wp-content\/uploads\/2024\/09\/20240907_122207-1-1152x1536.jpg 1152w, https:\/\/christuskirche-elisabethfehn.de\/wp-content\/uploads\/2024\/09\/20240907_122207-1-1536x2048.jpg 1536w, https:\/\/christuskirche-elisabethfehn.de\/wp-content\/uploads\/2024\/09\/20240907_122207-1-scaled.jpg 1920w\" sizes=\"auto, (max-width: 768px) 100vw, 768px\" \/><\/figure>\n\n\n\n<figure class=\"wp-block-image size-large\"><img loading=\"lazy\" decoding=\"async\" width=\"768\" height=\"1024\" data-id=\"2977\" src=\"https:\/\/christuskirche-elisabethfehn.de\/wp-content\/uploads\/2024\/09\/20240907_134616-768x1024.jpg\" alt=\"\" class=\"wp-image-2977\" srcset=\"https:\/\/christuskirche-elisabethfehn.de\/wp-content\/uploads\/2024\/09\/20240907_134616-768x1024.jpg 768w, https:\/\/christuskirche-elisabethfehn.de\/wp-content\/uploads\/2024\/09\/20240907_134616-225x300.jpg 225w, https:\/\/christuskirche-elisabethfehn.de\/wp-content\/uploads\/2024\/09\/20240907_134616-1152x1536.jpg 1152w, https:\/\/christuskirche-elisabethfehn.de\/wp-content\/uploads\/2024\/09\/20240907_134616-1536x2048.jpg 1536w, https:\/\/christuskirche-elisabethfehn.de\/wp-content\/uploads\/2024\/09\/20240907_134616-750x1000.jpg 750w, https:\/\/christuskirche-elisabethfehn.de\/wp-content\/uploads\/2024\/09\/20240907_134616-scaled.jpg 1920w\" sizes=\"auto, (max-width: 768px) 100vw, 768px\" \/><\/figure>\n\n\n\n<figure class=\"wp-block-image size-large\"><img loading=\"lazy\" decoding=\"async\" width=\"768\" height=\"1024\" data-id=\"2979\" src=\"https:\/\/christuskirche-elisabethfehn.de\/wp-content\/uploads\/2024\/09\/20240907_135949-2-768x1024.jpg\" alt=\"\" class=\"wp-image-2979\" srcset=\"https:\/\/christuskirche-elisabethfehn.de\/wp-content\/uploads\/2024\/09\/20240907_135949-2-768x1024.jpg 768w, https:\/\/christuskirche-elisabethfehn.de\/wp-content\/uploads\/2024\/09\/20240907_135949-2-225x300.jpg 225w, https:\/\/christuskirche-elisabethfehn.de\/wp-content\/uploads\/2024\/09\/20240907_135949-2-1152x1536.jpg 1152w, https:\/\/christuskirche-elisabethfehn.de\/wp-content\/uploads\/2024\/09\/20240907_135949-2-1536x2048.jpg 1536w, https:\/\/christuskirche-elisabethfehn.de\/wp-content\/uploads\/2024\/09\/20240907_135949-2-750x1000.jpg 750w, https:\/\/christuskirche-elisabethfehn.de\/wp-content\/uploads\/2024\/09\/20240907_135949-2-scaled.jpg 1920w\" sizes=\"auto, (max-width: 768px) 100vw, 768px\" \/><\/figure>\n\n\n\n<figure class=\"wp-block-image size-large\"><img loading=\"lazy\" decoding=\"async\" width=\"768\" height=\"1024\" data-id=\"2986\" src=\"https:\/\/christuskirche-elisabethfehn.de\/wp-content\/uploads\/2024\/09\/20240907_140122-2-768x1024.jpg\" alt=\"\" class=\"wp-image-2986\" srcset=\"https:\/\/christuskirche-elisabethfehn.de\/wp-content\/uploads\/2024\/09\/20240907_140122-2-768x1024.jpg 768w, https:\/\/christuskirche-elisabethfehn.de\/wp-content\/uploads\/2024\/09\/20240907_140122-2-225x300.jpg 225w, https:\/\/christuskirche-elisabethfehn.de\/wp-content\/uploads\/2024\/09\/20240907_140122-2-1152x1536.jpg 1152w, https:\/\/christuskirche-elisabethfehn.de\/wp-content\/uploads\/2024\/09\/20240907_140122-2-1536x2048.jpg 1536w, https:\/\/christuskirche-elisabethfehn.de\/wp-content\/uploads\/2024\/09\/20240907_140122-2-750x1000.jpg 750w, https:\/\/christuskirche-elisabethfehn.de\/wp-content\/uploads\/2024\/09\/20240907_140122-2-scaled.jpg 1920w\" sizes=\"auto, (max-width: 768px) 100vw, 768px\" \/><\/figure>\n\n\n\n<figure class=\"wp-block-image size-large\"><img loading=\"lazy\" decoding=\"async\" width=\"768\" height=\"1024\" data-id=\"2987\" src=\"https:\/\/christuskirche-elisabethfehn.de\/wp-content\/uploads\/2024\/09\/20240907_150736-2-768x1024.jpg\" alt=\"\" class=\"wp-image-2987\" srcset=\"https:\/\/christuskirche-elisabethfehn.de\/wp-content\/uploads\/2024\/09\/20240907_150736-2-768x1024.jpg 768w, https:\/\/christuskirche-elisabethfehn.de\/wp-content\/uploads\/2024\/09\/20240907_150736-2-225x300.jpg 225w, https:\/\/christuskirche-elisabethfehn.de\/wp-content\/uploads\/2024\/09\/20240907_150736-2-1152x1536.jpg 1152w, https:\/\/christuskirche-elisabethfehn.de\/wp-content\/uploads\/2024\/09\/20240907_150736-2-1536x2048.jpg 1536w, https:\/\/christuskirche-elisabethfehn.de\/wp-content\/uploads\/2024\/09\/20240907_150736-2-750x1000.jpg 750w, https:\/\/christuskirche-elisabethfehn.de\/wp-content\/uploads\/2024\/09\/20240907_150736-2-scaled.jpg 1920w\" sizes=\"auto, (max-width: 768px) 100vw, 768px\" \/><\/figure>\n\n\n\n<figure class=\"wp-block-image size-large\"><img loading=\"lazy\" decoding=\"async\" width=\"768\" height=\"1024\" data-id=\"2981\" src=\"https:\/\/christuskirche-elisabethfehn.de\/wp-content\/uploads\/2024\/09\/20240907_160039-1-768x1024.jpg\" alt=\"\" class=\"wp-image-2981\" srcset=\"https:\/\/christuskirche-elisabethfehn.de\/wp-content\/uploads\/2024\/09\/20240907_160039-1-768x1024.jpg 768w, https:\/\/christuskirche-elisabethfehn.de\/wp-content\/uploads\/2024\/09\/20240907_160039-1-225x300.jpg 225w, https:\/\/christuskirche-elisabethfehn.de\/wp-content\/uploads\/2024\/09\/20240907_160039-1-1152x1536.jpg 1152w, https:\/\/christuskirche-elisabethfehn.de\/wp-content\/uploads\/2024\/09\/20240907_160039-1-1536x2048.jpg 1536w, https:\/\/christuskirche-elisabethfehn.de\/wp-content\/uploads\/2024\/09\/20240907_160039-1-750x1000.jpg 750w, https:\/\/christuskirche-elisabethfehn.de\/wp-content\/uploads\/2024\/09\/20240907_160039-1-scaled.jpg 1920w\" sizes=\"auto, (max-width: 768px) 100vw, 768px\" \/><\/figure>\n\n\n\n<figure class=\"wp-block-image size-large\"><img loading=\"lazy\" decoding=\"async\" width=\"768\" height=\"1024\" data-id=\"2982\" src=\"https:\/\/christuskirche-elisabethfehn.de\/wp-content\/uploads\/2024\/09\/20240907_160051-768x1024.jpg\" alt=\"\" class=\"wp-image-2982\" srcset=\"https:\/\/christuskirche-elisabethfehn.de\/wp-content\/uploads\/2024\/09\/20240907_160051-768x1024.jpg 768w, https:\/\/christuskirche-elisabethfehn.de\/wp-content\/uploads\/2024\/09\/20240907_160051-225x300.jpg 225w, https:\/\/christuskirche-elisabethfehn.de\/wp-content\/uploads\/2024\/09\/20240907_160051-1152x1536.jpg 1152w, https:\/\/christuskirche-elisabethfehn.de\/wp-content\/uploads\/2024\/09\/20240907_160051-1536x2048.jpg 1536w, https:\/\/christuskirche-elisabethfehn.de\/wp-content\/uploads\/2024\/09\/20240907_160051-750x1000.jpg 750w, https:\/\/christuskirche-elisabethfehn.de\/wp-content\/uploads\/2024\/09\/20240907_160051-scaled.jpg 1920w\" sizes=\"auto, (max-width: 768px) 100vw, 768px\" \/><\/figure>\n\n\n\n<figure class=\"wp-block-image size-large\"><img loading=\"lazy\" decoding=\"async\" width=\"768\" height=\"1024\" data-id=\"2980\" src=\"https:\/\/christuskirche-elisabethfehn.de\/wp-content\/uploads\/2024\/09\/20240907_160151-768x1024.jpg\" alt=\"\" class=\"wp-image-2980\" srcset=\"https:\/\/christuskirche-elisabethfehn.de\/wp-content\/uploads\/2024\/09\/20240907_160151-768x1024.jpg 768w, https:\/\/christuskirche-elisabethfehn.de\/wp-content\/uploads\/2024\/09\/20240907_160151-225x300.jpg 225w, https:\/\/christuskirche-elisabethfehn.de\/wp-content\/uploads\/2024\/09\/20240907_160151-1152x1536.jpg 1152w, https:\/\/christuskirche-elisabethfehn.de\/wp-content\/uploads\/2024\/09\/20240907_160151-1536x2048.jpg 1536w, https:\/\/christuskirche-elisabethfehn.de\/wp-content\/uploads\/2024\/09\/20240907_160151-750x1000.jpg 750w, https:\/\/christuskirche-elisabethfehn.de\/wp-content\/uploads\/2024\/09\/20240907_160151-scaled.jpg 1920w\" sizes=\"auto, (max-width: 768px) 100vw, 768px\" \/><\/figure>\n\n\n\n<figure class=\"wp-block-image size-large\"><img loading=\"lazy\" decoding=\"async\" width=\"768\" height=\"1024\" data-id=\"2988\" src=\"https:\/\/christuskirche-elisabethfehn.de\/wp-content\/uploads\/2024\/09\/20240907_161315-2-768x1024.jpg\" alt=\"\" class=\"wp-image-2988\" srcset=\"https:\/\/christuskirche-elisabethfehn.de\/wp-content\/uploads\/2024\/09\/20240907_161315-2-768x1024.jpg 768w, https:\/\/christuskirche-elisabethfehn.de\/wp-content\/uploads\/2024\/09\/20240907_161315-2-225x300.jpg 225w, https:\/\/christuskirche-elisabethfehn.de\/wp-content\/uploads\/2024\/09\/20240907_161315-2-1152x1536.jpg 1152w, https:\/\/christuskirche-elisabethfehn.de\/wp-content\/uploads\/2024\/09\/20240907_161315-2-1536x2048.jpg 1536w, https:\/\/christuskirche-elisabethfehn.de\/wp-content\/uploads\/2024\/09\/20240907_161315-2-750x1000.jpg 750w, https:\/\/christuskirche-elisabethfehn.de\/wp-content\/uploads\/2024\/09\/20240907_161315-2-scaled.jpg 1920w\" sizes=\"auto, (max-width: 768px) 100vw, 768px\" \/><\/figure>\n\n\n\n<figure class=\"wp-block-image size-large\"><img loading=\"lazy\" decoding=\"async\" width=\"2560\" height=\"1920\" data-id=\"2971\" src=\"https:\/\/christuskirche-elisabethfehn.de\/wp-content\/uploads\/2024\/09\/20240907_103255-2-scaled.jpg\" alt=\"\" class=\"wp-image-2971\" srcset=\"https:\/\/christuskirche-elisabethfehn.de\/wp-content\/uploads\/2024\/09\/20240907_103255-2-scaled.jpg 2560w, https:\/\/christuskirche-elisabethfehn.de\/wp-content\/uploads\/2024\/09\/20240907_103255-2-300x225.jpg 300w, https:\/\/christuskirche-elisabethfehn.de\/wp-content\/uploads\/2024\/09\/20240907_103255-2-768x576.jpg 768w, https:\/\/christuskirche-elisabethfehn.de\/wp-content\/uploads\/2024\/09\/20240907_103255-2-1536x1152.jpg 1536w, https:\/\/christuskirche-elisabethfehn.de\/wp-content\/uploads\/2024\/09\/20240907_103255-2-2048x1536.jpg 2048w, https:\/\/christuskirche-elisabethfehn.de\/wp-content\/uploads\/2024\/09\/20240907_103255-2-750x563.jpg 750w\" sizes=\"auto, (max-width: 2560px) 100vw, 2560px\" \/><\/figure>\n<\/figure>\n\n\n\n<h2 class=\"wp-block-heading\">Nach den Sommerferien haben sich alle Gemeindegruppen wieder getroffen. Hier einige Eindr\u00fccke:<\/h2>\n\n\n\n<figure class=\"wp-block-gallery has-nested-images columns-default is-cropped wp-block-gallery-9 is-layout-flex wp-block-gallery-is-layout-flex\">\n<figure class=\"wp-block-image size-large\"><img loading=\"lazy\" decoding=\"async\" width=\"1024\" height=\"768\" data-id=\"2942\" src=\"https:\/\/christuskirche-elisabethfehn.de\/wp-content\/uploads\/2024\/08\/IMG-20240814-WA0000-1024x768.jpg\" alt=\"\" class=\"wp-image-2942\" srcset=\"https:\/\/christuskirche-elisabethfehn.de\/wp-content\/uploads\/2024\/08\/IMG-20240814-WA0000-1024x768.jpg 1024w, https:\/\/christuskirche-elisabethfehn.de\/wp-content\/uploads\/2024\/08\/IMG-20240814-WA0000-300x225.jpg 300w, https:\/\/christuskirche-elisabethfehn.de\/wp-content\/uploads\/2024\/08\/IMG-20240814-WA0000-768x576.jpg 768w, https:\/\/christuskirche-elisabethfehn.de\/wp-content\/uploads\/2024\/08\/IMG-20240814-WA0000-1536x1152.jpg 1536w, https:\/\/christuskirche-elisabethfehn.de\/wp-content\/uploads\/2024\/08\/IMG-20240814-WA0000-750x563.jpg 750w, https:\/\/christuskirche-elisabethfehn.de\/wp-content\/uploads\/2024\/08\/IMG-20240814-WA0000.jpg 1600w\" sizes=\"auto, (max-width: 1024px) 100vw, 1024px\" \/><\/figure>\n\n\n\n<figure class=\"wp-block-image size-large\"><img loading=\"lazy\" decoding=\"async\" width=\"768\" height=\"1024\" data-id=\"2941\" src=\"https:\/\/christuskirche-elisabethfehn.de\/wp-content\/uploads\/2024\/08\/IMG-20240814-WA0002-768x1024.jpg\" alt=\"\" class=\"wp-image-2941\" srcset=\"https:\/\/christuskirche-elisabethfehn.de\/wp-content\/uploads\/2024\/08\/IMG-20240814-WA0002-768x1024.jpg 768w, https:\/\/christuskirche-elisabethfehn.de\/wp-content\/uploads\/2024\/08\/IMG-20240814-WA0002-225x300.jpg 225w, https:\/\/christuskirche-elisabethfehn.de\/wp-content\/uploads\/2024\/08\/IMG-20240814-WA0002-1152x1536.jpg 1152w, https:\/\/christuskirche-elisabethfehn.de\/wp-content\/uploads\/2024\/08\/IMG-20240814-WA0002-750x1000.jpg 750w, https:\/\/christuskirche-elisabethfehn.de\/wp-content\/uploads\/2024\/08\/IMG-20240814-WA0002.jpg 1200w\" sizes=\"auto, (max-width: 768px) 100vw, 768px\" \/><\/figure>\n\n\n\n<figure class=\"wp-block-image size-large\"><img loading=\"lazy\" decoding=\"async\" width=\"768\" height=\"1024\" data-id=\"2945\" src=\"https:\/\/christuskirche-elisabethfehn.de\/wp-content\/uploads\/2024\/08\/IMG-20240815-WA0006-768x1024.jpg\" alt=\"\" class=\"wp-image-2945\" srcset=\"https:\/\/christuskirche-elisabethfehn.de\/wp-content\/uploads\/2024\/08\/IMG-20240815-WA0006-768x1024.jpg 768w, https:\/\/christuskirche-elisabethfehn.de\/wp-content\/uploads\/2024\/08\/IMG-20240815-WA0006-225x300.jpg 225w, https:\/\/christuskirche-elisabethfehn.de\/wp-content\/uploads\/2024\/08\/IMG-20240815-WA0006-1152x1536.jpg 1152w, https:\/\/christuskirche-elisabethfehn.de\/wp-content\/uploads\/2024\/08\/IMG-20240815-WA0006-750x1000.jpg 750w, https:\/\/christuskirche-elisabethfehn.de\/wp-content\/uploads\/2024\/08\/IMG-20240815-WA0006.jpg 1200w\" sizes=\"auto, (max-width: 768px) 100vw, 768px\" \/><\/figure>\n\n\n\n<figure class=\"wp-block-image size-large\"><img loading=\"lazy\" decoding=\"async\" width=\"1024\" height=\"680\" data-id=\"2944\" src=\"https:\/\/christuskirche-elisabethfehn.de\/wp-content\/uploads\/2024\/08\/IMG-20240815-WA0007-1024x680.jpg\" alt=\"\" class=\"wp-image-2944\" srcset=\"https:\/\/christuskirche-elisabethfehn.de\/wp-content\/uploads\/2024\/08\/IMG-20240815-WA0007-1024x680.jpg 1024w, https:\/\/christuskirche-elisabethfehn.de\/wp-content\/uploads\/2024\/08\/IMG-20240815-WA0007-300x199.jpg 300w, https:\/\/christuskirche-elisabethfehn.de\/wp-content\/uploads\/2024\/08\/IMG-20240815-WA0007-768x510.jpg 768w, https:\/\/christuskirche-elisabethfehn.de\/wp-content\/uploads\/2024\/08\/IMG-20240815-WA0007-1536x1020.jpg 1536w, https:\/\/christuskirche-elisabethfehn.de\/wp-content\/uploads\/2024\/08\/IMG-20240815-WA0007-750x498.jpg 750w, https:\/\/christuskirche-elisabethfehn.de\/wp-content\/uploads\/2024\/08\/IMG-20240815-WA0007.jpg 1600w\" sizes=\"auto, (max-width: 1024px) 100vw, 1024px\" \/><\/figure>\n\n\n\n<figure class=\"wp-block-image size-large\"><img loading=\"lazy\" decoding=\"async\" width=\"768\" height=\"1024\" data-id=\"2943\" src=\"https:\/\/christuskirche-elisabethfehn.de\/wp-content\/uploads\/2024\/08\/IMG-20240814-WA0010-768x1024.jpg\" alt=\"\" class=\"wp-image-2943\" srcset=\"https:\/\/christuskirche-elisabethfehn.de\/wp-content\/uploads\/2024\/08\/IMG-20240814-WA0010-768x1024.jpg 768w, https:\/\/christuskirche-elisabethfehn.de\/wp-content\/uploads\/2024\/08\/IMG-20240814-WA0010-225x300.jpg 225w, https:\/\/christuskirche-elisabethfehn.de\/wp-content\/uploads\/2024\/08\/IMG-20240814-WA0010-1152x1536.jpg 1152w, https:\/\/christuskirche-elisabethfehn.de\/wp-content\/uploads\/2024\/08\/IMG-20240814-WA0010-750x1000.jpg 750w, https:\/\/christuskirche-elisabethfehn.de\/wp-content\/uploads\/2024\/08\/IMG-20240814-WA0010.jpg 1200w\" sizes=\"auto, (max-width: 768px) 100vw, 768px\" \/><\/figure>\n<\/figure>\n\n\n\n<h2 class=\"wp-block-heading\">Am 16. Juli 2024 kamen alle gut wieder in Elisabethfehn an. Es war eine tolle Freizeit!<\/h2>\n\n\n\n<figure class=\"wp-block-gallery has-nested-images columns-default is-cropped wp-block-gallery-10 is-layout-flex wp-block-gallery-is-layout-flex\">\n<figure class=\"wp-block-image size-large\"><img loading=\"lazy\" decoding=\"async\" width=\"768\" height=\"1024\" data-id=\"2930\" src=\"https:\/\/christuskirche-elisabethfehn.de\/wp-content\/uploads\/2024\/07\/20240716_230331-768x1024.jpg\" alt=\"\" class=\"wp-image-2930\" srcset=\"https:\/\/christuskirche-elisabethfehn.de\/wp-content\/uploads\/2024\/07\/20240716_230331-768x1024.jpg 768w, https:\/\/christuskirche-elisabethfehn.de\/wp-content\/uploads\/2024\/07\/20240716_230331-225x300.jpg 225w, https:\/\/christuskirche-elisabethfehn.de\/wp-content\/uploads\/2024\/07\/20240716_230331-1152x1536.jpg 1152w, https:\/\/christuskirche-elisabethfehn.de\/wp-content\/uploads\/2024\/07\/20240716_230331-1536x2048.jpg 1536w, https:\/\/christuskirche-elisabethfehn.de\/wp-content\/uploads\/2024\/07\/20240716_230331-750x1000.jpg 750w, https:\/\/christuskirche-elisabethfehn.de\/wp-content\/uploads\/2024\/07\/20240716_230331-scaled.jpg 1920w\" sizes=\"auto, (max-width: 768px) 100vw, 768px\" \/><\/figure>\n\n\n\n<figure class=\"wp-block-image size-large\"><img loading=\"lazy\" decoding=\"async\" width=\"768\" height=\"1024\" data-id=\"2929\" src=\"https:\/\/christuskirche-elisabethfehn.de\/wp-content\/uploads\/2024\/07\/20240716_230631-768x1024.jpg\" alt=\"\" class=\"wp-image-2929\" srcset=\"https:\/\/christuskirche-elisabethfehn.de\/wp-content\/uploads\/2024\/07\/20240716_230631-768x1024.jpg 768w, https:\/\/christuskirche-elisabethfehn.de\/wp-content\/uploads\/2024\/07\/20240716_230631-225x300.jpg 225w, https:\/\/christuskirche-elisabethfehn.de\/wp-content\/uploads\/2024\/07\/20240716_230631-1152x1536.jpg 1152w, https:\/\/christuskirche-elisabethfehn.de\/wp-content\/uploads\/2024\/07\/20240716_230631-1536x2048.jpg 1536w, https:\/\/christuskirche-elisabethfehn.de\/wp-content\/uploads\/2024\/07\/20240716_230631-750x1000.jpg 750w, https:\/\/christuskirche-elisabethfehn.de\/wp-content\/uploads\/2024\/07\/20240716_230631-scaled.jpg 1920w\" sizes=\"auto, (max-width: 768px) 100vw, 768px\" \/><\/figure>\n\n\n\n<figure class=\"wp-block-image size-large\"><img loading=\"lazy\" decoding=\"async\" width=\"768\" height=\"1024\" data-id=\"2931\" src=\"https:\/\/christuskirche-elisabethfehn.de\/wp-content\/uploads\/2024\/07\/IMG-20240709-WA0011-3-768x1024.jpg\" alt=\"\" class=\"wp-image-2931\" srcset=\"https:\/\/christuskirche-elisabethfehn.de\/wp-content\/uploads\/2024\/07\/IMG-20240709-WA0011-3-768x1024.jpg 768w, https:\/\/christuskirche-elisabethfehn.de\/wp-content\/uploads\/2024\/07\/IMG-20240709-WA0011-3-225x300.jpg 225w, https:\/\/christuskirche-elisabethfehn.de\/wp-content\/uploads\/2024\/07\/IMG-20240709-WA0011-3-1152x1536.jpg 1152w, https:\/\/christuskirche-elisabethfehn.de\/wp-content\/uploads\/2024\/07\/IMG-20240709-WA0011-3-1536x2048.jpg 1536w, https:\/\/christuskirche-elisabethfehn.de\/wp-content\/uploads\/2024\/07\/IMG-20240709-WA0011-3-750x1000.jpg 750w, https:\/\/christuskirche-elisabethfehn.de\/wp-content\/uploads\/2024\/07\/IMG-20240709-WA0011-3-scaled.jpg 1920w\" sizes=\"auto, (max-width: 768px) 100vw, 768px\" \/><\/figure>\n<\/figure>\n\n\n\n<h2 class=\"wp-block-heading\">Jugendfreizeit in Schweden 2024<\/h2>\n\n\n\n<figure class=\"wp-block-gallery has-nested-images columns-default is-cropped wp-block-gallery-11 is-layout-flex wp-block-gallery-is-layout-flex\">\n<figure class=\"wp-block-image size-large\"><img loading=\"lazy\" decoding=\"async\" width=\"576\" height=\"1024\" data-id=\"2907\" src=\"https:\/\/christuskirche-elisabethfehn.de\/wp-content\/uploads\/2024\/07\/IMG-20240709-WA0000-3-576x1024.jpg\" alt=\"\" class=\"wp-image-2907\" srcset=\"https:\/\/christuskirche-elisabethfehn.de\/wp-content\/uploads\/2024\/07\/IMG-20240709-WA0000-3-576x1024.jpg 576w, https:\/\/christuskirche-elisabethfehn.de\/wp-content\/uploads\/2024\/07\/IMG-20240709-WA0000-3-169x300.jpg 169w, https:\/\/christuskirche-elisabethfehn.de\/wp-content\/uploads\/2024\/07\/IMG-20240709-WA0000-3-768x1365.jpg 768w, https:\/\/christuskirche-elisabethfehn.de\/wp-content\/uploads\/2024\/07\/IMG-20240709-WA0000-3-864x1536.jpg 864w, https:\/\/christuskirche-elisabethfehn.de\/wp-content\/uploads\/2024\/07\/IMG-20240709-WA0000-3-750x1333.jpg 750w, https:\/\/christuskirche-elisabethfehn.de\/wp-content\/uploads\/2024\/07\/IMG-20240709-WA0000-3.jpg 900w\" sizes=\"auto, (max-width: 576px) 100vw, 576px\" \/><\/figure>\n\n\n\n<figure class=\"wp-block-image size-large\"><img loading=\"lazy\" decoding=\"async\" width=\"576\" height=\"1024\" data-id=\"2910\" src=\"https:\/\/christuskirche-elisabethfehn.de\/wp-content\/uploads\/2024\/07\/IMG-20240709-WA0003-3-576x1024.jpg\" alt=\"\" class=\"wp-image-2910\" srcset=\"https:\/\/christuskirche-elisabethfehn.de\/wp-content\/uploads\/2024\/07\/IMG-20240709-WA0003-3-576x1024.jpg 576w, https:\/\/christuskirche-elisabethfehn.de\/wp-content\/uploads\/2024\/07\/IMG-20240709-WA0003-3-169x300.jpg 169w, https:\/\/christuskirche-elisabethfehn.de\/wp-content\/uploads\/2024\/07\/IMG-20240709-WA0003-3-768x1365.jpg 768w, https:\/\/christuskirche-elisabethfehn.de\/wp-content\/uploads\/2024\/07\/IMG-20240709-WA0003-3-864x1536.jpg 864w, https:\/\/christuskirche-elisabethfehn.de\/wp-content\/uploads\/2024\/07\/IMG-20240709-WA0003-3-750x1333.jpg 750w, https:\/\/christuskirche-elisabethfehn.de\/wp-content\/uploads\/2024\/07\/IMG-20240709-WA0003-3.jpg 1152w\" sizes=\"auto, (max-width: 576px) 100vw, 576px\" \/><\/figure>\n\n\n\n<figure class=\"wp-block-image size-large\"><img loading=\"lazy\" decoding=\"async\" width=\"461\" height=\"1024\" data-id=\"2912\" src=\"https:\/\/christuskirche-elisabethfehn.de\/wp-content\/uploads\/2024\/07\/IMG-20240709-WA0011-2-461x1024.jpg\" alt=\"\" class=\"wp-image-2912\" srcset=\"https:\/\/christuskirche-elisabethfehn.de\/wp-content\/uploads\/2024\/07\/IMG-20240709-WA0011-2-461x1024.jpg 461w, https:\/\/christuskirche-elisabethfehn.de\/wp-content\/uploads\/2024\/07\/IMG-20240709-WA0011-2-135x300.jpg 135w, https:\/\/christuskirche-elisabethfehn.de\/wp-content\/uploads\/2024\/07\/IMG-20240709-WA0011-2-691x1536.jpg 691w, https:\/\/christuskirche-elisabethfehn.de\/wp-content\/uploads\/2024\/07\/IMG-20240709-WA0011-2.jpg 720w\" sizes=\"auto, (max-width: 461px) 100vw, 461px\" \/><\/figure>\n\n\n\n<figure class=\"wp-block-image size-large\"><img loading=\"lazy\" decoding=\"async\" width=\"1024\" height=\"461\" data-id=\"2913\" src=\"https:\/\/christuskirche-elisabethfehn.de\/wp-content\/uploads\/2024\/07\/IMG-20240709-WA0012-2-1024x461.jpg\" alt=\"\" class=\"wp-image-2913\" srcset=\"https:\/\/christuskirche-elisabethfehn.de\/wp-content\/uploads\/2024\/07\/IMG-20240709-WA0012-2-1024x461.jpg 1024w, https:\/\/christuskirche-elisabethfehn.de\/wp-content\/uploads\/2024\/07\/IMG-20240709-WA0012-2-300x135.jpg 300w, https:\/\/christuskirche-elisabethfehn.de\/wp-content\/uploads\/2024\/07\/IMG-20240709-WA0012-2-768x346.jpg 768w, https:\/\/christuskirche-elisabethfehn.de\/wp-content\/uploads\/2024\/07\/IMG-20240709-WA0012-2-1536x691.jpg 1536w, https:\/\/christuskirche-elisabethfehn.de\/wp-content\/uploads\/2024\/07\/IMG-20240709-WA0012-2-750x338.jpg 750w, https:\/\/christuskirche-elisabethfehn.de\/wp-content\/uploads\/2024\/07\/IMG-20240709-WA0012-2.jpg 1600w\" sizes=\"auto, (max-width: 1024px) 100vw, 1024px\" \/><\/figure>\n\n\n\n<figure class=\"wp-block-image size-large\"><img loading=\"lazy\" decoding=\"async\" width=\"1024\" height=\"461\" data-id=\"2906\" src=\"https:\/\/christuskirche-elisabethfehn.de\/wp-content\/uploads\/2024\/07\/IMG-20240709-WA0013-2-1024x461.jpg\" alt=\"\" class=\"wp-image-2906\" srcset=\"https:\/\/christuskirche-elisabethfehn.de\/wp-content\/uploads\/2024\/07\/IMG-20240709-WA0013-2-1024x461.jpg 1024w, https:\/\/christuskirche-elisabethfehn.de\/wp-content\/uploads\/2024\/07\/IMG-20240709-WA0013-2-300x135.jpg 300w, https:\/\/christuskirche-elisabethfehn.de\/wp-content\/uploads\/2024\/07\/IMG-20240709-WA0013-2-768x346.jpg 768w, https:\/\/christuskirche-elisabethfehn.de\/wp-content\/uploads\/2024\/07\/IMG-20240709-WA0013-2-1536x691.jpg 1536w, https:\/\/christuskirche-elisabethfehn.de\/wp-content\/uploads\/2024\/07\/IMG-20240709-WA0013-2-750x338.jpg 750w, https:\/\/christuskirche-elisabethfehn.de\/wp-content\/uploads\/2024\/07\/IMG-20240709-WA0013-2.jpg 1600w\" sizes=\"auto, (max-width: 1024px) 100vw, 1024px\" \/><\/figure>\n\n\n\n<figure class=\"wp-block-image size-large\"><img loading=\"lazy\" decoding=\"async\" width=\"461\" height=\"1024\" data-id=\"2915\" src=\"https:\/\/christuskirche-elisabethfehn.de\/wp-content\/uploads\/2024\/07\/IMG-20240709-WA0014-2-461x1024.jpg\" alt=\"\" class=\"wp-image-2915\" srcset=\"https:\/\/christuskirche-elisabethfehn.de\/wp-content\/uploads\/2024\/07\/IMG-20240709-WA0014-2-461x1024.jpg 461w, https:\/\/christuskirche-elisabethfehn.de\/wp-content\/uploads\/2024\/07\/IMG-20240709-WA0014-2-135x300.jpg 135w, https:\/\/christuskirche-elisabethfehn.de\/wp-content\/uploads\/2024\/07\/IMG-20240709-WA0014-2-691x1536.jpg 691w, https:\/\/christuskirche-elisabethfehn.de\/wp-content\/uploads\/2024\/07\/IMG-20240709-WA0014-2.jpg 720w\" sizes=\"auto, (max-width: 461px) 100vw, 461px\" \/><\/figure>\n\n\n\n<figure class=\"wp-block-image size-large\"><img loading=\"lazy\" decoding=\"async\" width=\"461\" height=\"1024\" data-id=\"2919\" src=\"https:\/\/christuskirche-elisabethfehn.de\/wp-content\/uploads\/2024\/07\/IMG-20240709-WA0015-2-461x1024.jpg\" alt=\"\" class=\"wp-image-2919\" srcset=\"https:\/\/christuskirche-elisabethfehn.de\/wp-content\/uploads\/2024\/07\/IMG-20240709-WA0015-2-461x1024.jpg 461w, https:\/\/christuskirche-elisabethfehn.de\/wp-content\/uploads\/2024\/07\/IMG-20240709-WA0015-2-135x300.jpg 135w, https:\/\/christuskirche-elisabethfehn.de\/wp-content\/uploads\/2024\/07\/IMG-20240709-WA0015-2-691x1536.jpg 691w, https:\/\/christuskirche-elisabethfehn.de\/wp-content\/uploads\/2024\/07\/IMG-20240709-WA0015-2.jpg 720w\" sizes=\"auto, (max-width: 461px) 100vw, 461px\" \/><\/figure>\n\n\n\n<figure class=\"wp-block-image size-large\"><img loading=\"lazy\" decoding=\"async\" width=\"461\" height=\"1024\" data-id=\"2909\" src=\"https:\/\/christuskirche-elisabethfehn.de\/wp-content\/uploads\/2024\/07\/IMG-20240709-WA0016-2-461x1024.jpg\" alt=\"\" class=\"wp-image-2909\" srcset=\"https:\/\/christuskirche-elisabethfehn.de\/wp-content\/uploads\/2024\/07\/IMG-20240709-WA0016-2-461x1024.jpg 461w, https:\/\/christuskirche-elisabethfehn.de\/wp-content\/uploads\/2024\/07\/IMG-20240709-WA0016-2-135x300.jpg 135w, https:\/\/christuskirche-elisabethfehn.de\/wp-content\/uploads\/2024\/07\/IMG-20240709-WA0016-2-691x1536.jpg 691w, https:\/\/christuskirche-elisabethfehn.de\/wp-content\/uploads\/2024\/07\/IMG-20240709-WA0016-2.jpg 720w\" sizes=\"auto, (max-width: 461px) 100vw, 461px\" \/><\/figure>\n\n\n\n<figure class=\"wp-block-image size-large\"><img loading=\"lazy\" decoding=\"async\" width=\"768\" height=\"1024\" data-id=\"2916\" src=\"https:\/\/christuskirche-elisabethfehn.de\/wp-content\/uploads\/2024\/07\/IMG-20240710-WA0025-1-768x1024.jpg\" alt=\"\" class=\"wp-image-2916\" srcset=\"https:\/\/christuskirche-elisabethfehn.de\/wp-content\/uploads\/2024\/07\/IMG-20240710-WA0025-1-768x1024.jpg 768w, https:\/\/christuskirche-elisabethfehn.de\/wp-content\/uploads\/2024\/07\/IMG-20240710-WA0025-1-225x300.jpg 225w, https:\/\/christuskirche-elisabethfehn.de\/wp-content\/uploads\/2024\/07\/IMG-20240710-WA0025-1-1152x1536.jpg 1152w, https:\/\/christuskirche-elisabethfehn.de\/wp-content\/uploads\/2024\/07\/IMG-20240710-WA0025-1-750x1000.jpg 750w, https:\/\/christuskirche-elisabethfehn.de\/wp-content\/uploads\/2024\/07\/IMG-20240710-WA0025-1.jpg 1200w\" sizes=\"auto, (max-width: 768px) 100vw, 768px\" \/><\/figure>\n\n\n\n<figure class=\"wp-block-image size-large\"><img loading=\"lazy\" decoding=\"async\" width=\"576\" height=\"1024\" data-id=\"2908\" src=\"https:\/\/christuskirche-elisabethfehn.de\/wp-content\/uploads\/2024\/07\/IMG-20240710-WA0026-1-576x1024.jpg\" alt=\"\" class=\"wp-image-2908\" srcset=\"https:\/\/christuskirche-elisabethfehn.de\/wp-content\/uploads\/2024\/07\/IMG-20240710-WA0026-1-576x1024.jpg 576w, https:\/\/christuskirche-elisabethfehn.de\/wp-content\/uploads\/2024\/07\/IMG-20240710-WA0026-1-169x300.jpg 169w, https:\/\/christuskirche-elisabethfehn.de\/wp-content\/uploads\/2024\/07\/IMG-20240710-WA0026-1-768x1365.jpg 768w, https:\/\/christuskirche-elisabethfehn.de\/wp-content\/uploads\/2024\/07\/IMG-20240710-WA0026-1-864x1536.jpg 864w, https:\/\/christuskirche-elisabethfehn.de\/wp-content\/uploads\/2024\/07\/IMG-20240710-WA0026-1-750x1333.jpg 750w, https:\/\/christuskirche-elisabethfehn.de\/wp-content\/uploads\/2024\/07\/IMG-20240710-WA0026-1.jpg 900w\" sizes=\"auto, (max-width: 576px) 100vw, 576px\" \/><\/figure>\n\n\n\n<figure class=\"wp-block-image size-large\"><img loading=\"lazy\" decoding=\"async\" width=\"768\" height=\"1024\" data-id=\"2918\" src=\"https:\/\/christuskirche-elisabethfehn.de\/wp-content\/uploads\/2024\/07\/IMG-20240710-WA0027-1-768x1024.jpg\" alt=\"\" class=\"wp-image-2918\" srcset=\"https:\/\/christuskirche-elisabethfehn.de\/wp-content\/uploads\/2024\/07\/IMG-20240710-WA0027-1-768x1024.jpg 768w, https:\/\/christuskirche-elisabethfehn.de\/wp-content\/uploads\/2024\/07\/IMG-20240710-WA0027-1-225x300.jpg 225w, https:\/\/christuskirche-elisabethfehn.de\/wp-content\/uploads\/2024\/07\/IMG-20240710-WA0027-1-1152x1536.jpg 1152w, https:\/\/christuskirche-elisabethfehn.de\/wp-content\/uploads\/2024\/07\/IMG-20240710-WA0027-1-750x1000.jpg 750w, https:\/\/christuskirche-elisabethfehn.de\/wp-content\/uploads\/2024\/07\/IMG-20240710-WA0027-1.jpg 1200w\" sizes=\"auto, (max-width: 768px) 100vw, 768px\" \/><\/figure>\n\n\n\n<figure class=\"wp-block-image size-large\"><img loading=\"lazy\" decoding=\"async\" width=\"768\" height=\"1024\" data-id=\"2911\" src=\"https:\/\/christuskirche-elisabethfehn.de\/wp-content\/uploads\/2024\/07\/IMG-20240710-WA0028-1-768x1024.jpg\" alt=\"\" class=\"wp-image-2911\" srcset=\"https:\/\/christuskirche-elisabethfehn.de\/wp-content\/uploads\/2024\/07\/IMG-20240710-WA0028-1-768x1024.jpg 768w, https:\/\/christuskirche-elisabethfehn.de\/wp-content\/uploads\/2024\/07\/IMG-20240710-WA0028-1-225x300.jpg 225w, https:\/\/christuskirche-elisabethfehn.de\/wp-content\/uploads\/2024\/07\/IMG-20240710-WA0028-1-1152x1536.jpg 1152w, https:\/\/christuskirche-elisabethfehn.de\/wp-content\/uploads\/2024\/07\/IMG-20240710-WA0028-1-750x1000.jpg 750w, https:\/\/christuskirche-elisabethfehn.de\/wp-content\/uploads\/2024\/07\/IMG-20240710-WA0028-1.jpg 1200w\" sizes=\"auto, (max-width: 768px) 100vw, 768px\" \/><\/figure>\n\n\n\n<figure class=\"wp-block-image size-large\"><img loading=\"lazy\" decoding=\"async\" width=\"1024\" height=\"768\" data-id=\"2914\" src=\"https:\/\/christuskirche-elisabethfehn.de\/wp-content\/uploads\/2024\/07\/IMG-20240710-WA0029-1-1024x768.jpg\" alt=\"\" class=\"wp-image-2914\" srcset=\"https:\/\/christuskirche-elisabethfehn.de\/wp-content\/uploads\/2024\/07\/IMG-20240710-WA0029-1-1024x768.jpg 1024w, https:\/\/christuskirche-elisabethfehn.de\/wp-content\/uploads\/2024\/07\/IMG-20240710-WA0029-1-300x225.jpg 300w, https:\/\/christuskirche-elisabethfehn.de\/wp-content\/uploads\/2024\/07\/IMG-20240710-WA0029-1-768x576.jpg 768w, https:\/\/christuskirche-elisabethfehn.de\/wp-content\/uploads\/2024\/07\/IMG-20240710-WA0029-1-1536x1152.jpg 1536w, https:\/\/christuskirche-elisabethfehn.de\/wp-content\/uploads\/2024\/07\/IMG-20240710-WA0029-1-750x563.jpg 750w, https:\/\/christuskirche-elisabethfehn.de\/wp-content\/uploads\/2024\/07\/IMG-20240710-WA0029-1.jpg 1600w\" sizes=\"auto, (max-width: 1024px) 100vw, 1024px\" \/><\/figure>\n\n\n\n<figure class=\"wp-block-image size-large\"><img loading=\"lazy\" decoding=\"async\" width=\"461\" height=\"1024\" data-id=\"2917\" src=\"https:\/\/christuskirche-elisabethfehn.de\/wp-content\/uploads\/2024\/07\/IMG-20240714-WA0007-1-461x1024.jpg\" alt=\"\" class=\"wp-image-2917\" srcset=\"https:\/\/christuskirche-elisabethfehn.de\/wp-content\/uploads\/2024\/07\/IMG-20240714-WA0007-1-461x1024.jpg 461w, https:\/\/christuskirche-elisabethfehn.de\/wp-content\/uploads\/2024\/07\/IMG-20240714-WA0007-1-135x300.jpg 135w, https:\/\/christuskirche-elisabethfehn.de\/wp-content\/uploads\/2024\/07\/IMG-20240714-WA0007-1-768x1707.jpg 768w, https:\/\/christuskirche-elisabethfehn.de\/wp-content\/uploads\/2024\/07\/IMG-20240714-WA0007-1-691x1536.jpg 691w, https:\/\/christuskirche-elisabethfehn.de\/wp-content\/uploads\/2024\/07\/IMG-20240714-WA0007-1-750x1667.jpg 750w, https:\/\/christuskirche-elisabethfehn.de\/wp-content\/uploads\/2024\/07\/IMG-20240714-WA0007-1.jpg 900w\" sizes=\"auto, (max-width: 461px) 100vw, 461px\" \/><\/figure>\n\n\n\n<figure class=\"wp-block-image size-large\"><img loading=\"lazy\" decoding=\"async\" width=\"461\" height=\"1024\" data-id=\"2920\" src=\"https:\/\/christuskirche-elisabethfehn.de\/wp-content\/uploads\/2024\/07\/IMG-20240715-WA0010-1-461x1024.jpg\" alt=\"\" class=\"wp-image-2920\" srcset=\"https:\/\/christuskirche-elisabethfehn.de\/wp-content\/uploads\/2024\/07\/IMG-20240715-WA0010-1-461x1024.jpg 461w, https:\/\/christuskirche-elisabethfehn.de\/wp-content\/uploads\/2024\/07\/IMG-20240715-WA0010-1-135x300.jpg 135w, https:\/\/christuskirche-elisabethfehn.de\/wp-content\/uploads\/2024\/07\/IMG-20240715-WA0010-1-768x1707.jpg 768w, https:\/\/christuskirche-elisabethfehn.de\/wp-content\/uploads\/2024\/07\/IMG-20240715-WA0010-1-691x1536.jpg 691w, https:\/\/christuskirche-elisabethfehn.de\/wp-content\/uploads\/2024\/07\/IMG-20240715-WA0010-1-750x1667.jpg 750w, https:\/\/christuskirche-elisabethfehn.de\/wp-content\/uploads\/2024\/07\/IMG-20240715-WA0010-1.jpg 900w\" sizes=\"auto, (max-width: 461px) 100vw, 461px\" \/><\/figure>\n\n\n\n<figure class=\"wp-block-image size-large\"><img loading=\"lazy\" decoding=\"async\" width=\"461\" height=\"1024\" data-id=\"2921\" src=\"https:\/\/christuskirche-elisabethfehn.de\/wp-content\/uploads\/2024\/07\/IMG-20240715-WA0011-1-461x1024.jpg\" alt=\"\" class=\"wp-image-2921\" srcset=\"https:\/\/christuskirche-elisabethfehn.de\/wp-content\/uploads\/2024\/07\/IMG-20240715-WA0011-1-461x1024.jpg 461w, https:\/\/christuskirche-elisabethfehn.de\/wp-content\/uploads\/2024\/07\/IMG-20240715-WA0011-1-135x300.jpg 135w, https:\/\/christuskirche-elisabethfehn.de\/wp-content\/uploads\/2024\/07\/IMG-20240715-WA0011-1-768x1707.jpg 768w, https:\/\/christuskirche-elisabethfehn.de\/wp-content\/uploads\/2024\/07\/IMG-20240715-WA0011-1-691x1536.jpg 691w, https:\/\/christuskirche-elisabethfehn.de\/wp-content\/uploads\/2024\/07\/IMG-20240715-WA0011-1-750x1667.jpg 750w, https:\/\/christuskirche-elisabethfehn.de\/wp-content\/uploads\/2024\/07\/IMG-20240715-WA0011-1.jpg 900w\" sizes=\"auto, (max-width: 461px) 100vw, 461px\" \/><\/figure>\n\n\n\n<figure class=\"wp-block-image size-large\"><img loading=\"lazy\" decoding=\"async\" width=\"1024\" height=\"461\" data-id=\"2922\" src=\"https:\/\/christuskirche-elisabethfehn.de\/wp-content\/uploads\/2024\/07\/IMG-20240715-WA0012-1-1024x461.jpg\" alt=\"\" class=\"wp-image-2922\" srcset=\"https:\/\/christuskirche-elisabethfehn.de\/wp-content\/uploads\/2024\/07\/IMG-20240715-WA0012-1-1024x461.jpg 1024w, https:\/\/christuskirche-elisabethfehn.de\/wp-content\/uploads\/2024\/07\/IMG-20240715-WA0012-1-300x135.jpg 300w, https:\/\/christuskirche-elisabethfehn.de\/wp-content\/uploads\/2024\/07\/IMG-20240715-WA0012-1-768x346.jpg 768w, https:\/\/christuskirche-elisabethfehn.de\/wp-content\/uploads\/2024\/07\/IMG-20240715-WA0012-1-1536x691.jpg 1536w, https:\/\/christuskirche-elisabethfehn.de\/wp-content\/uploads\/2024\/07\/IMG-20240715-WA0012-1-750x338.jpg 750w, https:\/\/christuskirche-elisabethfehn.de\/wp-content\/uploads\/2024\/07\/IMG-20240715-WA0012-1.jpg 2000w\" sizes=\"auto, (max-width: 1024px) 100vw, 1024px\" \/><\/figure>\n\n\n\n<figure class=\"wp-block-image size-large\"><img loading=\"lazy\" decoding=\"async\" width=\"1024\" height=\"461\" data-id=\"2923\" src=\"https:\/\/christuskirche-elisabethfehn.de\/wp-content\/uploads\/2024\/07\/IMG-20240715-WA0013-1-1024x461.jpg\" alt=\"\" class=\"wp-image-2923\" srcset=\"https:\/\/christuskirche-elisabethfehn.de\/wp-content\/uploads\/2024\/07\/IMG-20240715-WA0013-1-1024x461.jpg 1024w, https:\/\/christuskirche-elisabethfehn.de\/wp-content\/uploads\/2024\/07\/IMG-20240715-WA0013-1-300x135.jpg 300w, https:\/\/christuskirche-elisabethfehn.de\/wp-content\/uploads\/2024\/07\/IMG-20240715-WA0013-1-768x346.jpg 768w, https:\/\/christuskirche-elisabethfehn.de\/wp-content\/uploads\/2024\/07\/IMG-20240715-WA0013-1-1536x691.jpg 1536w, https:\/\/christuskirche-elisabethfehn.de\/wp-content\/uploads\/2024\/07\/IMG-20240715-WA0013-1-750x338.jpg 750w, https:\/\/christuskirche-elisabethfehn.de\/wp-content\/uploads\/2024\/07\/IMG-20240715-WA0013-1.jpg 2000w\" sizes=\"auto, (max-width: 1024px) 100vw, 1024px\" \/><\/figure>\n\n\n\n<figure class=\"wp-block-image size-large\"><img loading=\"lazy\" decoding=\"async\" width=\"461\" height=\"1024\" data-id=\"2924\" src=\"https:\/\/christuskirche-elisabethfehn.de\/wp-content\/uploads\/2024\/07\/Screenshot_20240708-124607_WhatsApp-2-461x1024.jpg\" alt=\"\" class=\"wp-image-2924\" srcset=\"https:\/\/christuskirche-elisabethfehn.de\/wp-content\/uploads\/2024\/07\/Screenshot_20240708-124607_WhatsApp-2-461x1024.jpg 461w, https:\/\/christuskirche-elisabethfehn.de\/wp-content\/uploads\/2024\/07\/Screenshot_20240708-124607_WhatsApp-2-135x300.jpg 135w, https:\/\/christuskirche-elisabethfehn.de\/wp-content\/uploads\/2024\/07\/Screenshot_20240708-124607_WhatsApp-2-768x1707.jpg 768w, https:\/\/christuskirche-elisabethfehn.de\/wp-content\/uploads\/2024\/07\/Screenshot_20240708-124607_WhatsApp-2-691x1536.jpg 691w, https:\/\/christuskirche-elisabethfehn.de\/wp-content\/uploads\/2024\/07\/Screenshot_20240708-124607_WhatsApp-2-922x2048.jpg 922w, https:\/\/christuskirche-elisabethfehn.de\/wp-content\/uploads\/2024\/07\/Screenshot_20240708-124607_WhatsApp-2-750x1667.jpg 750w, https:\/\/christuskirche-elisabethfehn.de\/wp-content\/uploads\/2024\/07\/Screenshot_20240708-124607_WhatsApp-2.jpg 1080w\" sizes=\"auto, (max-width: 461px) 100vw, 461px\" \/><\/figure>\n\n\n\n<figure class=\"wp-block-image size-large\"><img loading=\"lazy\" decoding=\"async\" width=\"461\" height=\"1024\" data-id=\"2925\" src=\"https:\/\/christuskirche-elisabethfehn.de\/wp-content\/uploads\/2024\/07\/Screenshot_20240709-102454_WhatsApp-2-461x1024.jpg\" alt=\"\" class=\"wp-image-2925\" srcset=\"https:\/\/christuskirche-elisabethfehn.de\/wp-content\/uploads\/2024\/07\/Screenshot_20240709-102454_WhatsApp-2-461x1024.jpg 461w, https:\/\/christuskirche-elisabethfehn.de\/wp-content\/uploads\/2024\/07\/Screenshot_20240709-102454_WhatsApp-2-135x300.jpg 135w, https:\/\/christuskirche-elisabethfehn.de\/wp-content\/uploads\/2024\/07\/Screenshot_20240709-102454_WhatsApp-2-768x1707.jpg 768w, https:\/\/christuskirche-elisabethfehn.de\/wp-content\/uploads\/2024\/07\/Screenshot_20240709-102454_WhatsApp-2-691x1536.jpg 691w, https:\/\/christuskirche-elisabethfehn.de\/wp-content\/uploads\/2024\/07\/Screenshot_20240709-102454_WhatsApp-2-922x2048.jpg 922w, https:\/\/christuskirche-elisabethfehn.de\/wp-content\/uploads\/2024\/07\/Screenshot_20240709-102454_WhatsApp-2-750x1667.jpg 750w, https:\/\/christuskirche-elisabethfehn.de\/wp-content\/uploads\/2024\/07\/Screenshot_20240709-102454_WhatsApp-2.jpg 1080w\" sizes=\"auto, (max-width: 461px) 100vw, 461px\" \/><\/figure>\n\n\n\n<figure class=\"wp-block-image size-large\"><img loading=\"lazy\" decoding=\"async\" width=\"461\" height=\"1024\" data-id=\"2928\" src=\"https:\/\/christuskirche-elisabethfehn.de\/wp-content\/uploads\/2024\/07\/Screenshot_20240709-102504_WhatsApp-2-461x1024.jpg\" alt=\"\" class=\"wp-image-2928\" srcset=\"https:\/\/christuskirche-elisabethfehn.de\/wp-content\/uploads\/2024\/07\/Screenshot_20240709-102504_WhatsApp-2-461x1024.jpg 461w, https:\/\/christuskirche-elisabethfehn.de\/wp-content\/uploads\/2024\/07\/Screenshot_20240709-102504_WhatsApp-2-135x300.jpg 135w, https:\/\/christuskirche-elisabethfehn.de\/wp-content\/uploads\/2024\/07\/Screenshot_20240709-102504_WhatsApp-2-768x1707.jpg 768w, https:\/\/christuskirche-elisabethfehn.de\/wp-content\/uploads\/2024\/07\/Screenshot_20240709-102504_WhatsApp-2-691x1536.jpg 691w, https:\/\/christuskirche-elisabethfehn.de\/wp-content\/uploads\/2024\/07\/Screenshot_20240709-102504_WhatsApp-2-922x2048.jpg 922w, https:\/\/christuskirche-elisabethfehn.de\/wp-content\/uploads\/2024\/07\/Screenshot_20240709-102504_WhatsApp-2-750x1667.jpg 750w, https:\/\/christuskirche-elisabethfehn.de\/wp-content\/uploads\/2024\/07\/Screenshot_20240709-102504_WhatsApp-2.jpg 1080w\" sizes=\"auto, (max-width: 461px) 100vw, 461px\" \/><\/figure>\n\n\n\n<figure class=\"wp-block-image size-large\"><img loading=\"lazy\" decoding=\"async\" width=\"461\" height=\"1024\" data-id=\"2926\" src=\"https:\/\/christuskirche-elisabethfehn.de\/wp-content\/uploads\/2024\/07\/Screenshot_20240711-092029_WhatsApp-1-461x1024.jpg\" alt=\"\" class=\"wp-image-2926\" srcset=\"https:\/\/christuskirche-elisabethfehn.de\/wp-content\/uploads\/2024\/07\/Screenshot_20240711-092029_WhatsApp-1-461x1024.jpg 461w, https:\/\/christuskirche-elisabethfehn.de\/wp-content\/uploads\/2024\/07\/Screenshot_20240711-092029_WhatsApp-1-135x300.jpg 135w, https:\/\/christuskirche-elisabethfehn.de\/wp-content\/uploads\/2024\/07\/Screenshot_20240711-092029_WhatsApp-1-768x1707.jpg 768w, https:\/\/christuskirche-elisabethfehn.de\/wp-content\/uploads\/2024\/07\/Screenshot_20240711-092029_WhatsApp-1-691x1536.jpg 691w, https:\/\/christuskirche-elisabethfehn.de\/wp-content\/uploads\/2024\/07\/Screenshot_20240711-092029_WhatsApp-1-922x2048.jpg 922w, https:\/\/christuskirche-elisabethfehn.de\/wp-content\/uploads\/2024\/07\/Screenshot_20240711-092029_WhatsApp-1-750x1667.jpg 750w, https:\/\/christuskirche-elisabethfehn.de\/wp-content\/uploads\/2024\/07\/Screenshot_20240711-092029_WhatsApp-1.jpg 1080w\" sizes=\"auto, (max-width: 461px) 100vw, 461px\" \/><\/figure>\n\n\n\n<figure class=\"wp-block-image size-large\"><img loading=\"lazy\" decoding=\"async\" width=\"461\" height=\"1024\" data-id=\"2927\" src=\"https:\/\/christuskirche-elisabethfehn.de\/wp-content\/uploads\/2024\/07\/Screenshot_20240711-092036_WhatsApp-1-461x1024.jpg\" alt=\"\" class=\"wp-image-2927\" srcset=\"https:\/\/christuskirche-elisabethfehn.de\/wp-content\/uploads\/2024\/07\/Screenshot_20240711-092036_WhatsApp-1-461x1024.jpg 461w, https:\/\/christuskirche-elisabethfehn.de\/wp-content\/uploads\/2024\/07\/Screenshot_20240711-092036_WhatsApp-1-135x300.jpg 135w, https:\/\/christuskirche-elisabethfehn.de\/wp-content\/uploads\/2024\/07\/Screenshot_20240711-092036_WhatsApp-1-768x1707.jpg 768w, https:\/\/christuskirche-elisabethfehn.de\/wp-content\/uploads\/2024\/07\/Screenshot_20240711-092036_WhatsApp-1-691x1536.jpg 691w, https:\/\/christuskirche-elisabethfehn.de\/wp-content\/uploads\/2024\/07\/Screenshot_20240711-092036_WhatsApp-1-922x2048.jpg 922w, https:\/\/christuskirche-elisabethfehn.de\/wp-content\/uploads\/2024\/07\/Screenshot_20240711-092036_WhatsApp-1-750x1667.jpg 750w, https:\/\/christuskirche-elisabethfehn.de\/wp-content\/uploads\/2024\/07\/Screenshot_20240711-092036_WhatsApp-1.jpg 1080w\" sizes=\"auto, (max-width: 461px) 100vw, 461px\" \/><\/figure>\n<\/figure>\n\n\n\n<h2 class=\"wp-block-heading\">Abfahrt zur Jugendfreizeit nach Schweden am 06. Juli 2024 um 4.30 Uhr<\/h2>\n\n\n\n<figure class=\"wp-block-image size-large\"><img loading=\"lazy\" decoding=\"async\" width=\"1024\" height=\"768\" src=\"https:\/\/christuskirche-elisabethfehn.de\/wp-content\/uploads\/2024\/07\/Abfahrt-Schweden-2024-1024x768.jpg\" alt=\"\" class=\"wp-image-2856\" srcset=\"https:\/\/christuskirche-elisabethfehn.de\/wp-content\/uploads\/2024\/07\/Abfahrt-Schweden-2024-1024x768.jpg 1024w, https:\/\/christuskirche-elisabethfehn.de\/wp-content\/uploads\/2024\/07\/Abfahrt-Schweden-2024-300x225.jpg 300w, https:\/\/christuskirche-elisabethfehn.de\/wp-content\/uploads\/2024\/07\/Abfahrt-Schweden-2024-768x576.jpg 768w, https:\/\/christuskirche-elisabethfehn.de\/wp-content\/uploads\/2024\/07\/Abfahrt-Schweden-2024-1536x1152.jpg 1536w, https:\/\/christuskirche-elisabethfehn.de\/wp-content\/uploads\/2024\/07\/Abfahrt-Schweden-2024-2048x1536.jpg 2048w, https:\/\/christuskirche-elisabethfehn.de\/wp-content\/uploads\/2024\/07\/Abfahrt-Schweden-2024-750x563.jpg 750w\" sizes=\"auto, (max-width: 1024px) 100vw, 1024px\" \/><\/figure>\n\n\n\n<h2 class=\"wp-block-heading\">Kinderferientage 25.-27. Juni 2024<\/h2>\n\n\n\n<figure class=\"wp-block-gallery has-nested-images columns-default is-cropped wp-block-gallery-12 is-layout-flex wp-block-gallery-is-layout-flex\">\n<figure class=\"wp-block-image size-large\"><img loading=\"lazy\" decoding=\"async\" width=\"768\" height=\"1024\" data-id=\"2854\" src=\"https:\/\/christuskirche-elisabethfehn.de\/wp-content\/uploads\/2024\/07\/IMG-20240629-WA0003-768x1024.jpg\" alt=\"\" class=\"wp-image-2854\" srcset=\"https:\/\/christuskirche-elisabethfehn.de\/wp-content\/uploads\/2024\/07\/IMG-20240629-WA0003-768x1024.jpg 768w, https:\/\/christuskirche-elisabethfehn.de\/wp-content\/uploads\/2024\/07\/IMG-20240629-WA0003-225x300.jpg 225w, https:\/\/christuskirche-elisabethfehn.de\/wp-content\/uploads\/2024\/07\/IMG-20240629-WA0003-1152x1536.jpg 1152w, https:\/\/christuskirche-elisabethfehn.de\/wp-content\/uploads\/2024\/07\/IMG-20240629-WA0003-750x1000.jpg 750w, https:\/\/christuskirche-elisabethfehn.de\/wp-content\/uploads\/2024\/07\/IMG-20240629-WA0003.jpg 1200w\" sizes=\"auto, (max-width: 768px) 100vw, 768px\" \/><\/figure>\n\n\n\n<figure class=\"wp-block-image size-large\"><img loading=\"lazy\" decoding=\"async\" width=\"768\" height=\"1024\" data-id=\"2855\" src=\"https:\/\/christuskirche-elisabethfehn.de\/wp-content\/uploads\/2024\/07\/IMG-20240629-WA0004-768x1024.jpg\" alt=\"\" class=\"wp-image-2855\" srcset=\"https:\/\/christuskirche-elisabethfehn.de\/wp-content\/uploads\/2024\/07\/IMG-20240629-WA0004-768x1024.jpg 768w, https:\/\/christuskirche-elisabethfehn.de\/wp-content\/uploads\/2024\/07\/IMG-20240629-WA0004-225x300.jpg 225w, https:\/\/christuskirche-elisabethfehn.de\/wp-content\/uploads\/2024\/07\/IMG-20240629-WA0004-1152x1536.jpg 1152w, https:\/\/christuskirche-elisabethfehn.de\/wp-content\/uploads\/2024\/07\/IMG-20240629-WA0004-750x1000.jpg 750w, https:\/\/christuskirche-elisabethfehn.de\/wp-content\/uploads\/2024\/07\/IMG-20240629-WA0004.jpg 1200w\" sizes=\"auto, (max-width: 768px) 100vw, 768px\" \/><\/figure>\n\n\n\n<figure class=\"wp-block-image size-large\"><img loading=\"lazy\" decoding=\"async\" width=\"1024\" height=\"771\" data-id=\"2850\" src=\"https:\/\/christuskirche-elisabethfehn.de\/wp-content\/uploads\/2024\/07\/IMG-20240629-WA0005-1024x771.jpg\" alt=\"\" class=\"wp-image-2850\" srcset=\"https:\/\/christuskirche-elisabethfehn.de\/wp-content\/uploads\/2024\/07\/IMG-20240629-WA0005-1024x771.jpg 1024w, https:\/\/christuskirche-elisabethfehn.de\/wp-content\/uploads\/2024\/07\/IMG-20240629-WA0005-300x226.jpg 300w, https:\/\/christuskirche-elisabethfehn.de\/wp-content\/uploads\/2024\/07\/IMG-20240629-WA0005-768x578.jpg 768w, https:\/\/christuskirche-elisabethfehn.de\/wp-content\/uploads\/2024\/07\/IMG-20240629-WA0005-1536x1157.jpg 1536w, https:\/\/christuskirche-elisabethfehn.de\/wp-content\/uploads\/2024\/07\/IMG-20240629-WA0005-750x565.jpg 750w, https:\/\/christuskirche-elisabethfehn.de\/wp-content\/uploads\/2024\/07\/IMG-20240629-WA0005.jpg 2040w\" sizes=\"auto, (max-width: 1024px) 100vw, 1024px\" \/><\/figure>\n\n\n\n<figure class=\"wp-block-image size-large\"><img loading=\"lazy\" decoding=\"async\" width=\"768\" height=\"1024\" data-id=\"2851\" src=\"https:\/\/christuskirche-elisabethfehn.de\/wp-content\/uploads\/2024\/07\/IMG-20240629-WA0009-768x1024.jpg\" alt=\"\" class=\"wp-image-2851\" srcset=\"https:\/\/christuskirche-elisabethfehn.de\/wp-content\/uploads\/2024\/07\/IMG-20240629-WA0009-768x1024.jpg 768w, https:\/\/christuskirche-elisabethfehn.de\/wp-content\/uploads\/2024\/07\/IMG-20240629-WA0009-225x300.jpg 225w, https:\/\/christuskirche-elisabethfehn.de\/wp-content\/uploads\/2024\/07\/IMG-20240629-WA0009-1152x1536.jpg 1152w, https:\/\/christuskirche-elisabethfehn.de\/wp-content\/uploads\/2024\/07\/IMG-20240629-WA0009-750x1000.jpg 750w, https:\/\/christuskirche-elisabethfehn.de\/wp-content\/uploads\/2024\/07\/IMG-20240629-WA0009.jpg 1536w\" sizes=\"auto, (max-width: 768px) 100vw, 768px\" \/><\/figure>\n\n\n\n<figure class=\"wp-block-image size-large\"><img loading=\"lazy\" decoding=\"async\" width=\"1024\" height=\"771\" data-id=\"2853\" src=\"https:\/\/christuskirche-elisabethfehn.de\/wp-content\/uploads\/2024\/07\/IMG-20240629-WA0010-1024x771.jpg\" alt=\"\" class=\"wp-image-2853\" srcset=\"https:\/\/christuskirche-elisabethfehn.de\/wp-content\/uploads\/2024\/07\/IMG-20240629-WA0010-1024x771.jpg 1024w, https:\/\/christuskirche-elisabethfehn.de\/wp-content\/uploads\/2024\/07\/IMG-20240629-WA0010-300x226.jpg 300w, https:\/\/christuskirche-elisabethfehn.de\/wp-content\/uploads\/2024\/07\/IMG-20240629-WA0010-768x578.jpg 768w, https:\/\/christuskirche-elisabethfehn.de\/wp-content\/uploads\/2024\/07\/IMG-20240629-WA0010-1536x1157.jpg 1536w, https:\/\/christuskirche-elisabethfehn.de\/wp-content\/uploads\/2024\/07\/IMG-20240629-WA0010-750x565.jpg 750w, https:\/\/christuskirche-elisabethfehn.de\/wp-content\/uploads\/2024\/07\/IMG-20240629-WA0010.jpg 2040w\" sizes=\"auto, (max-width: 1024px) 100vw, 1024px\" \/><\/figure>\n\n\n\n<figure class=\"wp-block-image size-large\"><img loading=\"lazy\" decoding=\"async\" width=\"1024\" height=\"768\" data-id=\"2849\" src=\"https:\/\/christuskirche-elisabethfehn.de\/wp-content\/uploads\/2024\/07\/IMG-20240629-WA0011-1024x768.jpg\" alt=\"\" class=\"wp-image-2849\" srcset=\"https:\/\/christuskirche-elisabethfehn.de\/wp-content\/uploads\/2024\/07\/IMG-20240629-WA0011-1024x768.jpg 1024w, https:\/\/christuskirche-elisabethfehn.de\/wp-content\/uploads\/2024\/07\/IMG-20240629-WA0011-300x225.jpg 300w, https:\/\/christuskirche-elisabethfehn.de\/wp-content\/uploads\/2024\/07\/IMG-20240629-WA0011-768x576.jpg 768w, https:\/\/christuskirche-elisabethfehn.de\/wp-content\/uploads\/2024\/07\/IMG-20240629-WA0011-1536x1152.jpg 1536w, https:\/\/christuskirche-elisabethfehn.de\/wp-content\/uploads\/2024\/07\/IMG-20240629-WA0011-750x563.jpg 750w, https:\/\/christuskirche-elisabethfehn.de\/wp-content\/uploads\/2024\/07\/IMG-20240629-WA0011.jpg 2048w\" sizes=\"auto, (max-width: 1024px) 100vw, 1024px\" \/><\/figure>\n\n\n\n<figure class=\"wp-block-image size-large\"><img loading=\"lazy\" decoding=\"async\" width=\"1024\" height=\"768\" data-id=\"2852\" src=\"https:\/\/christuskirche-elisabethfehn.de\/wp-content\/uploads\/2024\/07\/IMG-20240629-WA0012-1024x768.jpg\" alt=\"\" class=\"wp-image-2852\" srcset=\"https:\/\/christuskirche-elisabethfehn.de\/wp-content\/uploads\/2024\/07\/IMG-20240629-WA0012-1024x768.jpg 1024w, https:\/\/christuskirche-elisabethfehn.de\/wp-content\/uploads\/2024\/07\/IMG-20240629-WA0012-300x225.jpg 300w, https:\/\/christuskirche-elisabethfehn.de\/wp-content\/uploads\/2024\/07\/IMG-20240629-WA0012-768x576.jpg 768w, https:\/\/christuskirche-elisabethfehn.de\/wp-content\/uploads\/2024\/07\/IMG-20240629-WA0012-1536x1152.jpg 1536w, https:\/\/christuskirche-elisabethfehn.de\/wp-content\/uploads\/2024\/07\/IMG-20240629-WA0012-750x563.jpg 750w, https:\/\/christuskirche-elisabethfehn.de\/wp-content\/uploads\/2024\/07\/IMG-20240629-WA0012.jpg 2048w\" sizes=\"auto, (max-width: 1024px) 100vw, 1024px\" \/><\/figure>\n<\/figure>\n\n\n\n<h2 class=\"wp-block-heading\">\u00d6kumenischer Gottesdienst am Hafen in Bar\u00dfel                              am 16. Juni 2024<\/h2>\n\n\n\n<figure class=\"wp-block-gallery has-nested-images columns-default is-cropped wp-block-gallery-13 is-layout-flex wp-block-gallery-is-layout-flex\">\n<figure class=\"wp-block-image size-large\"><img loading=\"lazy\" decoding=\"async\" width=\"768\" height=\"1024\" data-id=\"2835\" src=\"https:\/\/christuskirche-elisabethfehn.de\/wp-content\/uploads\/2024\/06\/20240616_100519-768x1024.jpg\" alt=\"\" class=\"wp-image-2835\" srcset=\"https:\/\/christuskirche-elisabethfehn.de\/wp-content\/uploads\/2024\/06\/20240616_100519-768x1024.jpg 768w, https:\/\/christuskirche-elisabethfehn.de\/wp-content\/uploads\/2024\/06\/20240616_100519-225x300.jpg 225w, https:\/\/christuskirche-elisabethfehn.de\/wp-content\/uploads\/2024\/06\/20240616_100519-1152x1536.jpg 1152w, https:\/\/christuskirche-elisabethfehn.de\/wp-content\/uploads\/2024\/06\/20240616_100519-1536x2048.jpg 1536w, https:\/\/christuskirche-elisabethfehn.de\/wp-content\/uploads\/2024\/06\/20240616_100519-750x1000.jpg 750w, https:\/\/christuskirche-elisabethfehn.de\/wp-content\/uploads\/2024\/06\/20240616_100519-scaled.jpg 1920w\" sizes=\"auto, (max-width: 768px) 100vw, 768px\" \/><\/figure>\n\n\n\n<figure class=\"wp-block-image size-large\"><img loading=\"lazy\" decoding=\"async\" width=\"768\" height=\"1024\" data-id=\"2838\" src=\"https:\/\/christuskirche-elisabethfehn.de\/wp-content\/uploads\/2024\/06\/20240616_100538-768x1024.jpg\" alt=\"\" class=\"wp-image-2838\" srcset=\"https:\/\/christuskirche-elisabethfehn.de\/wp-content\/uploads\/2024\/06\/20240616_100538-768x1024.jpg 768w, https:\/\/christuskirche-elisabethfehn.de\/wp-content\/uploads\/2024\/06\/20240616_100538-225x300.jpg 225w, https:\/\/christuskirche-elisabethfehn.de\/wp-content\/uploads\/2024\/06\/20240616_100538-1152x1536.jpg 1152w, https:\/\/christuskirche-elisabethfehn.de\/wp-content\/uploads\/2024\/06\/20240616_100538-1536x2048.jpg 1536w, https:\/\/christuskirche-elisabethfehn.de\/wp-content\/uploads\/2024\/06\/20240616_100538-750x1000.jpg 750w, https:\/\/christuskirche-elisabethfehn.de\/wp-content\/uploads\/2024\/06\/20240616_100538-scaled.jpg 1920w\" sizes=\"auto, (max-width: 768px) 100vw, 768px\" \/><\/figure>\n\n\n\n<figure class=\"wp-block-image size-large\"><img loading=\"lazy\" decoding=\"async\" width=\"768\" height=\"1024\" data-id=\"2837\" src=\"https:\/\/christuskirche-elisabethfehn.de\/wp-content\/uploads\/2024\/06\/20240616_100544-768x1024.jpg\" alt=\"\" class=\"wp-image-2837\" srcset=\"https:\/\/christuskirche-elisabethfehn.de\/wp-content\/uploads\/2024\/06\/20240616_100544-768x1024.jpg 768w, https:\/\/christuskirche-elisabethfehn.de\/wp-content\/uploads\/2024\/06\/20240616_100544-225x300.jpg 225w, https:\/\/christuskirche-elisabethfehn.de\/wp-content\/uploads\/2024\/06\/20240616_100544-1152x1536.jpg 1152w, https:\/\/christuskirche-elisabethfehn.de\/wp-content\/uploads\/2024\/06\/20240616_100544-1536x2048.jpg 1536w, https:\/\/christuskirche-elisabethfehn.de\/wp-content\/uploads\/2024\/06\/20240616_100544-750x1000.jpg 750w, https:\/\/christuskirche-elisabethfehn.de\/wp-content\/uploads\/2024\/06\/20240616_100544-scaled.jpg 1920w\" sizes=\"auto, (max-width: 768px) 100vw, 768px\" \/><\/figure>\n\n\n\n<figure class=\"wp-block-image size-large\"><img loading=\"lazy\" decoding=\"async\" width=\"1024\" height=\"768\" data-id=\"2836\" src=\"https:\/\/christuskirche-elisabethfehn.de\/wp-content\/uploads\/2024\/06\/20240616_100556-1-1024x768.jpg\" alt=\"\" class=\"wp-image-2836\" srcset=\"https:\/\/christuskirche-elisabethfehn.de\/wp-content\/uploads\/2024\/06\/20240616_100556-1-1024x768.jpg 1024w, https:\/\/christuskirche-elisabethfehn.de\/wp-content\/uploads\/2024\/06\/20240616_100556-1-300x225.jpg 300w, https:\/\/christuskirche-elisabethfehn.de\/wp-content\/uploads\/2024\/06\/20240616_100556-1-768x576.jpg 768w, https:\/\/christuskirche-elisabethfehn.de\/wp-content\/uploads\/2024\/06\/20240616_100556-1-1536x1152.jpg 1536w, https:\/\/christuskirche-elisabethfehn.de\/wp-content\/uploads\/2024\/06\/20240616_100556-1-2048x1536.jpg 2048w, https:\/\/christuskirche-elisabethfehn.de\/wp-content\/uploads\/2024\/06\/20240616_100556-1-750x563.jpg 750w\" sizes=\"auto, (max-width: 1024px) 100vw, 1024px\" \/><\/figure>\n<\/figure>\n\n\n\n<h2 class=\"wp-block-heading\">M\u00e4nnersache am 13. Juni 2024<\/h2>\n\n\n\n<figure class=\"wp-block-image size-large\"><img loading=\"lazy\" decoding=\"async\" width=\"1024\" height=\"768\" src=\"https:\/\/christuskirche-elisabethfehn.de\/wp-content\/uploads\/2024\/06\/Juni-2024-1024x768.jpg\" alt=\"\" class=\"wp-image-2834\" srcset=\"https:\/\/christuskirche-elisabethfehn.de\/wp-content\/uploads\/2024\/06\/Juni-2024-1024x768.jpg 1024w, https:\/\/christuskirche-elisabethfehn.de\/wp-content\/uploads\/2024\/06\/Juni-2024-300x225.jpg 300w, https:\/\/christuskirche-elisabethfehn.de\/wp-content\/uploads\/2024\/06\/Juni-2024-768x576.jpg 768w, https:\/\/christuskirche-elisabethfehn.de\/wp-content\/uploads\/2024\/06\/Juni-2024-1536x1152.jpg 1536w, https:\/\/christuskirche-elisabethfehn.de\/wp-content\/uploads\/2024\/06\/Juni-2024-2048x1536.jpg 2048w, https:\/\/christuskirche-elisabethfehn.de\/wp-content\/uploads\/2024\/06\/Juni-2024-750x563.jpg 750w\" sizes=\"auto, (max-width: 1024px) 100vw, 1024px\" \/><\/figure>\n\n\n\n<h2 class=\"wp-block-heading\">Jugendgruppe am 13. Juni 2024<\/h2>\n\n\n\n<figure class=\"wp-block-gallery has-nested-images columns-default is-cropped wp-block-gallery-14 is-layout-flex wp-block-gallery-is-layout-flex\">\n<figure class=\"wp-block-image size-large\"><img loading=\"lazy\" decoding=\"async\" width=\"895\" height=\"1024\" data-id=\"2823\" src=\"https:\/\/christuskirche-elisabethfehn.de\/wp-content\/uploads\/2024\/06\/IMG-20240613-WA0001-895x1024.jpg\" alt=\"\" class=\"wp-image-2823\" srcset=\"https:\/\/christuskirche-elisabethfehn.de\/wp-content\/uploads\/2024\/06\/IMG-20240613-WA0001-895x1024.jpg 895w, https:\/\/christuskirche-elisabethfehn.de\/wp-content\/uploads\/2024\/06\/IMG-20240613-WA0001-262x300.jpg 262w, https:\/\/christuskirche-elisabethfehn.de\/wp-content\/uploads\/2024\/06\/IMG-20240613-WA0001-768x879.jpg 768w, https:\/\/christuskirche-elisabethfehn.de\/wp-content\/uploads\/2024\/06\/IMG-20240613-WA0001-1342x1536.jpg 1342w, https:\/\/christuskirche-elisabethfehn.de\/wp-content\/uploads\/2024\/06\/IMG-20240613-WA0001-750x859.jpg 750w, https:\/\/christuskirche-elisabethfehn.de\/wp-content\/uploads\/2024\/06\/IMG-20240613-WA0001.jpg 1458w\" sizes=\"auto, (max-width: 895px) 100vw, 895px\" \/><\/figure>\n\n\n\n<figure class=\"wp-block-image size-large\"><img loading=\"lazy\" decoding=\"async\" width=\"1024\" height=\"768\" data-id=\"2824\" src=\"https:\/\/christuskirche-elisabethfehn.de\/wp-content\/uploads\/2024\/06\/IMG-20240613-WA0002-1024x768.jpg\" alt=\"\" class=\"wp-image-2824\" srcset=\"https:\/\/christuskirche-elisabethfehn.de\/wp-content\/uploads\/2024\/06\/IMG-20240613-WA0002-1024x768.jpg 1024w, https:\/\/christuskirche-elisabethfehn.de\/wp-content\/uploads\/2024\/06\/IMG-20240613-WA0002-300x225.jpg 300w, https:\/\/christuskirche-elisabethfehn.de\/wp-content\/uploads\/2024\/06\/IMG-20240613-WA0002-768x576.jpg 768w, https:\/\/christuskirche-elisabethfehn.de\/wp-content\/uploads\/2024\/06\/IMG-20240613-WA0002-1536x1152.jpg 1536w, https:\/\/christuskirche-elisabethfehn.de\/wp-content\/uploads\/2024\/06\/IMG-20240613-WA0002-750x563.jpg 750w, https:\/\/christuskirche-elisabethfehn.de\/wp-content\/uploads\/2024\/06\/IMG-20240613-WA0002.jpg 2048w\" sizes=\"auto, (max-width: 1024px) 100vw, 1024px\" \/><\/figure>\n\n\n\n<figure class=\"wp-block-image size-large\"><img loading=\"lazy\" decoding=\"async\" width=\"768\" height=\"1024\" data-id=\"2825\" src=\"https:\/\/christuskirche-elisabethfehn.de\/wp-content\/uploads\/2024\/06\/IMG-20240613-WA0003-768x1024.jpg\" alt=\"\" class=\"wp-image-2825\" srcset=\"https:\/\/christuskirche-elisabethfehn.de\/wp-content\/uploads\/2024\/06\/IMG-20240613-WA0003-768x1024.jpg 768w, https:\/\/christuskirche-elisabethfehn.de\/wp-content\/uploads\/2024\/06\/IMG-20240613-WA0003-225x300.jpg 225w, https:\/\/christuskirche-elisabethfehn.de\/wp-content\/uploads\/2024\/06\/IMG-20240613-WA0003-1152x1536.jpg 1152w, https:\/\/christuskirche-elisabethfehn.de\/wp-content\/uploads\/2024\/06\/IMG-20240613-WA0003-750x1000.jpg 750w, https:\/\/christuskirche-elisabethfehn.de\/wp-content\/uploads\/2024\/06\/IMG-20240613-WA0003.jpg 1536w\" sizes=\"auto, (max-width: 768px) 100vw, 768px\" \/><\/figure>\n<\/figure>\n\n\n\n<h2 class=\"wp-block-heading\">Tauferinnerungsgottesdienst am 09. Juni 2024<\/h2>\n\n\n\n<figure class=\"wp-block-gallery has-nested-images columns-default is-cropped wp-block-gallery-15 is-layout-flex wp-block-gallery-is-layout-flex\">\n<figure class=\"wp-block-image size-large\"><img loading=\"lazy\" decoding=\"async\" width=\"768\" height=\"1024\" data-id=\"2830\" src=\"https:\/\/christuskirche-elisabethfehn.de\/wp-content\/uploads\/2024\/06\/20240609_113855-768x1024.jpg\" alt=\"\" class=\"wp-image-2830\" srcset=\"https:\/\/christuskirche-elisabethfehn.de\/wp-content\/uploads\/2024\/06\/20240609_113855-768x1024.jpg 768w, https:\/\/christuskirche-elisabethfehn.de\/wp-content\/uploads\/2024\/06\/20240609_113855-225x300.jpg 225w, https:\/\/christuskirche-elisabethfehn.de\/wp-content\/uploads\/2024\/06\/20240609_113855-1152x1536.jpg 1152w, https:\/\/christuskirche-elisabethfehn.de\/wp-content\/uploads\/2024\/06\/20240609_113855-1536x2048.jpg 1536w, https:\/\/christuskirche-elisabethfehn.de\/wp-content\/uploads\/2024\/06\/20240609_113855-750x1000.jpg 750w, https:\/\/christuskirche-elisabethfehn.de\/wp-content\/uploads\/2024\/06\/20240609_113855-scaled.jpg 1920w\" sizes=\"auto, (max-width: 768px) 100vw, 768px\" \/><\/figure>\n\n\n\n<figure class=\"wp-block-image size-large\"><img loading=\"lazy\" decoding=\"async\" width=\"768\" height=\"1024\" data-id=\"2831\" src=\"https:\/\/christuskirche-elisabethfehn.de\/wp-content\/uploads\/2024\/06\/20240609_113901-768x1024.jpg\" alt=\"\" class=\"wp-image-2831\" srcset=\"https:\/\/christuskirche-elisabethfehn.de\/wp-content\/uploads\/2024\/06\/20240609_113901-768x1024.jpg 768w, https:\/\/christuskirche-elisabethfehn.de\/wp-content\/uploads\/2024\/06\/20240609_113901-225x300.jpg 225w, https:\/\/christuskirche-elisabethfehn.de\/wp-content\/uploads\/2024\/06\/20240609_113901-1152x1536.jpg 1152w, https:\/\/christuskirche-elisabethfehn.de\/wp-content\/uploads\/2024\/06\/20240609_113901-1536x2048.jpg 1536w, https:\/\/christuskirche-elisabethfehn.de\/wp-content\/uploads\/2024\/06\/20240609_113901-750x1000.jpg 750w, https:\/\/christuskirche-elisabethfehn.de\/wp-content\/uploads\/2024\/06\/20240609_113901-scaled.jpg 1920w\" sizes=\"auto, (max-width: 768px) 100vw, 768px\" \/><\/figure>\n\n\n\n<figure class=\"wp-block-image size-large\"><img loading=\"lazy\" decoding=\"async\" width=\"768\" height=\"1024\" data-id=\"2829\" src=\"https:\/\/christuskirche-elisabethfehn.de\/wp-content\/uploads\/2024\/06\/20240609_114304-768x1024.jpg\" alt=\"\" class=\"wp-image-2829\" srcset=\"https:\/\/christuskirche-elisabethfehn.de\/wp-content\/uploads\/2024\/06\/20240609_114304-768x1024.jpg 768w, https:\/\/christuskirche-elisabethfehn.de\/wp-content\/uploads\/2024\/06\/20240609_114304-225x300.jpg 225w, https:\/\/christuskirche-elisabethfehn.de\/wp-content\/uploads\/2024\/06\/20240609_114304-1152x1536.jpg 1152w, https:\/\/christuskirche-elisabethfehn.de\/wp-content\/uploads\/2024\/06\/20240609_114304-1536x2048.jpg 1536w, https:\/\/christuskirche-elisabethfehn.de\/wp-content\/uploads\/2024\/06\/20240609_114304-750x1000.jpg 750w, https:\/\/christuskirche-elisabethfehn.de\/wp-content\/uploads\/2024\/06\/20240609_114304-scaled.jpg 1920w\" sizes=\"auto, (max-width: 768px) 100vw, 768px\" \/><\/figure>\n\n\n\n<figure class=\"wp-block-image size-large\"><img loading=\"lazy\" decoding=\"async\" width=\"1024\" height=\"768\" data-id=\"2832\" src=\"https:\/\/christuskirche-elisabethfehn.de\/wp-content\/uploads\/2024\/06\/20240609_113006-1024x768.jpg\" alt=\"\" class=\"wp-image-2832\" srcset=\"https:\/\/christuskirche-elisabethfehn.de\/wp-content\/uploads\/2024\/06\/20240609_113006-1024x768.jpg 1024w, https:\/\/christuskirche-elisabethfehn.de\/wp-content\/uploads\/2024\/06\/20240609_113006-300x225.jpg 300w, https:\/\/christuskirche-elisabethfehn.de\/wp-content\/uploads\/2024\/06\/20240609_113006-768x576.jpg 768w, https:\/\/christuskirche-elisabethfehn.de\/wp-content\/uploads\/2024\/06\/20240609_113006-1536x1152.jpg 1536w, https:\/\/christuskirche-elisabethfehn.de\/wp-content\/uploads\/2024\/06\/20240609_113006-2048x1536.jpg 2048w, https:\/\/christuskirche-elisabethfehn.de\/wp-content\/uploads\/2024\/06\/20240609_113006-750x563.jpg 750w\" sizes=\"auto, (max-width: 1024px) 100vw, 1024px\" \/><\/figure>\n<\/figure>\n\n\n\n<p><\/p>\n\n\n\n<h2 class=\"wp-block-heading\">02. Juni 2024 &#8211; Verabschiedung des alten Gemeindekirchenrats und Einf\u00fchrung des neuen Gemeindekirchenrats<\/h2>\n\n\n\n<figure class=\"wp-block-gallery has-nested-images columns-default is-cropped wp-block-gallery-16 is-layout-flex wp-block-gallery-is-layout-flex\">\n<figure class=\"wp-block-image size-large\"><img loading=\"lazy\" decoding=\"async\" width=\"1024\" height=\"683\" data-id=\"2819\" src=\"https:\/\/christuskirche-elisabethfehn.de\/wp-content\/uploads\/2024\/06\/Gemeindekirchenrat-2-1024x683.jpg\" alt=\"\" class=\"wp-image-2819\" srcset=\"https:\/\/christuskirche-elisabethfehn.de\/wp-content\/uploads\/2024\/06\/Gemeindekirchenrat-2-1024x683.jpg 1024w, https:\/\/christuskirche-elisabethfehn.de\/wp-content\/uploads\/2024\/06\/Gemeindekirchenrat-2-300x200.jpg 300w, https:\/\/christuskirche-elisabethfehn.de\/wp-content\/uploads\/2024\/06\/Gemeindekirchenrat-2-768x512.jpg 768w, https:\/\/christuskirche-elisabethfehn.de\/wp-content\/uploads\/2024\/06\/Gemeindekirchenrat-2-1536x1024.jpg 1536w, https:\/\/christuskirche-elisabethfehn.de\/wp-content\/uploads\/2024\/06\/Gemeindekirchenrat-2-2048x1365.jpg 2048w, https:\/\/christuskirche-elisabethfehn.de\/wp-content\/uploads\/2024\/06\/Gemeindekirchenrat-2-750x500.jpg 750w\" sizes=\"auto, (max-width: 1024px) 100vw, 1024px\" \/><\/figure>\n\n\n\n<figure class=\"wp-block-image size-large\"><img loading=\"lazy\" decoding=\"async\" width=\"1024\" height=\"683\" data-id=\"2818\" src=\"https:\/\/christuskirche-elisabethfehn.de\/wp-content\/uploads\/2024\/06\/Gemeindekirchenrat-2024-06-1024x683.jpg\" alt=\"\" class=\"wp-image-2818\" srcset=\"https:\/\/christuskirche-elisabethfehn.de\/wp-content\/uploads\/2024\/06\/Gemeindekirchenrat-2024-06-1024x683.jpg 1024w, https:\/\/christuskirche-elisabethfehn.de\/wp-content\/uploads\/2024\/06\/Gemeindekirchenrat-2024-06-300x200.jpg 300w, https:\/\/christuskirche-elisabethfehn.de\/wp-content\/uploads\/2024\/06\/Gemeindekirchenrat-2024-06-768x512.jpg 768w, https:\/\/christuskirche-elisabethfehn.de\/wp-content\/uploads\/2024\/06\/Gemeindekirchenrat-2024-06-1536x1024.jpg 1536w, https:\/\/christuskirche-elisabethfehn.de\/wp-content\/uploads\/2024\/06\/Gemeindekirchenrat-2024-06-2048x1365.jpg 2048w, https:\/\/christuskirche-elisabethfehn.de\/wp-content\/uploads\/2024\/06\/Gemeindekirchenrat-2024-06-750x500.jpg 750w\" sizes=\"auto, (max-width: 1024px) 100vw, 1024px\" \/><\/figure>\n<\/figure>\n\n\n\n<h2 class=\"wp-block-heading\">Kinderfest 26.05.2024 am Bar\u00dfeler Hafen &#8211; wir waren von der Ev.-Luth. Kirchengemeinde auch dabei!<\/h2>\n\n\n\n<figure class=\"wp-block-gallery has-nested-images columns-default is-cropped wp-block-gallery-17 is-layout-flex wp-block-gallery-is-layout-flex\">\n<figure class=\"wp-block-image size-large\"><img loading=\"lazy\" decoding=\"async\" width=\"768\" height=\"1024\" data-id=\"2810\" src=\"https:\/\/christuskirche-elisabethfehn.de\/wp-content\/uploads\/2024\/05\/20240526_140732-768x1024.jpg\" alt=\"\" class=\"wp-image-2810\" srcset=\"https:\/\/christuskirche-elisabethfehn.de\/wp-content\/uploads\/2024\/05\/20240526_140732-768x1024.jpg 768w, https:\/\/christuskirche-elisabethfehn.de\/wp-content\/uploads\/2024\/05\/20240526_140732-225x300.jpg 225w, https:\/\/christuskirche-elisabethfehn.de\/wp-content\/uploads\/2024\/05\/20240526_140732-1152x1536.jpg 1152w, https:\/\/christuskirche-elisabethfehn.de\/wp-content\/uploads\/2024\/05\/20240526_140732-1536x2048.jpg 1536w, https:\/\/christuskirche-elisabethfehn.de\/wp-content\/uploads\/2024\/05\/20240526_140732-750x1000.jpg 750w, https:\/\/christuskirche-elisabethfehn.de\/wp-content\/uploads\/2024\/05\/20240526_140732-scaled.jpg 1920w\" sizes=\"auto, (max-width: 768px) 100vw, 768px\" \/><\/figure>\n\n\n\n<figure class=\"wp-block-image size-large\"><img loading=\"lazy\" decoding=\"async\" width=\"768\" height=\"1024\" data-id=\"2812\" src=\"https:\/\/christuskirche-elisabethfehn.de\/wp-content\/uploads\/2024\/05\/20240526_140755-768x1024.jpg\" alt=\"\" class=\"wp-image-2812\" srcset=\"https:\/\/christuskirche-elisabethfehn.de\/wp-content\/uploads\/2024\/05\/20240526_140755-768x1024.jpg 768w, https:\/\/christuskirche-elisabethfehn.de\/wp-content\/uploads\/2024\/05\/20240526_140755-225x300.jpg 225w, https:\/\/christuskirche-elisabethfehn.de\/wp-content\/uploads\/2024\/05\/20240526_140755-1152x1536.jpg 1152w, https:\/\/christuskirche-elisabethfehn.de\/wp-content\/uploads\/2024\/05\/20240526_140755-1536x2048.jpg 1536w, https:\/\/christuskirche-elisabethfehn.de\/wp-content\/uploads\/2024\/05\/20240526_140755-750x1000.jpg 750w, https:\/\/christuskirche-elisabethfehn.de\/wp-content\/uploads\/2024\/05\/20240526_140755-scaled.jpg 1920w\" sizes=\"auto, (max-width: 768px) 100vw, 768px\" \/><\/figure>\n\n\n\n<figure class=\"wp-block-image size-large\"><img loading=\"lazy\" decoding=\"async\" width=\"768\" height=\"1024\" data-id=\"2811\" src=\"https:\/\/christuskirche-elisabethfehn.de\/wp-content\/uploads\/2024\/05\/20240526_143309-768x1024.jpg\" alt=\"\" class=\"wp-image-2811\" srcset=\"https:\/\/christuskirche-elisabethfehn.de\/wp-content\/uploads\/2024\/05\/20240526_143309-768x1024.jpg 768w, https:\/\/christuskirche-elisabethfehn.de\/wp-content\/uploads\/2024\/05\/20240526_143309-225x300.jpg 225w, https:\/\/christuskirche-elisabethfehn.de\/wp-content\/uploads\/2024\/05\/20240526_143309-1152x1536.jpg 1152w, https:\/\/christuskirche-elisabethfehn.de\/wp-content\/uploads\/2024\/05\/20240526_143309-1536x2048.jpg 1536w, https:\/\/christuskirche-elisabethfehn.de\/wp-content\/uploads\/2024\/05\/20240526_143309-750x1000.jpg 750w, https:\/\/christuskirche-elisabethfehn.de\/wp-content\/uploads\/2024\/05\/20240526_143309-scaled.jpg 1920w\" sizes=\"auto, (max-width: 768px) 100vw, 768px\" \/><\/figure>\n<\/figure>\n\n\n\n<p><\/p>\n\n\n\n<h2 class=\"wp-block-heading\">\u00d6kumenischer Gottesdienst am Pfingstmontag an der Christuskirche <\/h2>\n\n\n\n<figure class=\"wp-block-gallery has-nested-images columns-default is-cropped wp-block-gallery-18 is-layout-flex wp-block-gallery-is-layout-flex\">\n<figure class=\"wp-block-image size-large\"><img loading=\"lazy\" decoding=\"async\" width=\"768\" height=\"1024\" data-id=\"2798\" src=\"https:\/\/christuskirche-elisabethfehn.de\/wp-content\/uploads\/2024\/05\/20240520_150109-768x1024.jpg\" alt=\"\" class=\"wp-image-2798\" srcset=\"https:\/\/christuskirche-elisabethfehn.de\/wp-content\/uploads\/2024\/05\/20240520_150109-768x1024.jpg 768w, https:\/\/christuskirche-elisabethfehn.de\/wp-content\/uploads\/2024\/05\/20240520_150109-225x300.jpg 225w, https:\/\/christuskirche-elisabethfehn.de\/wp-content\/uploads\/2024\/05\/20240520_150109-1152x1536.jpg 1152w, https:\/\/christuskirche-elisabethfehn.de\/wp-content\/uploads\/2024\/05\/20240520_150109-1536x2048.jpg 1536w, https:\/\/christuskirche-elisabethfehn.de\/wp-content\/uploads\/2024\/05\/20240520_150109-750x1000.jpg 750w, https:\/\/christuskirche-elisabethfehn.de\/wp-content\/uploads\/2024\/05\/20240520_150109-scaled.jpg 1920w\" sizes=\"auto, (max-width: 768px) 100vw, 768px\" \/><\/figure>\n\n\n\n<figure class=\"wp-block-image size-large\"><img loading=\"lazy\" decoding=\"async\" width=\"1024\" height=\"768\" data-id=\"2796\" src=\"https:\/\/christuskirche-elisabethfehn.de\/wp-content\/uploads\/2024\/05\/20240520_150443-1024x768.jpg\" alt=\"\" class=\"wp-image-2796\" srcset=\"https:\/\/christuskirche-elisabethfehn.de\/wp-content\/uploads\/2024\/05\/20240520_150443-1024x768.jpg 1024w, https:\/\/christuskirche-elisabethfehn.de\/wp-content\/uploads\/2024\/05\/20240520_150443-300x225.jpg 300w, https:\/\/christuskirche-elisabethfehn.de\/wp-content\/uploads\/2024\/05\/20240520_150443-768x576.jpg 768w, https:\/\/christuskirche-elisabethfehn.de\/wp-content\/uploads\/2024\/05\/20240520_150443-1536x1152.jpg 1536w, https:\/\/christuskirche-elisabethfehn.de\/wp-content\/uploads\/2024\/05\/20240520_150443-2048x1536.jpg 2048w, https:\/\/christuskirche-elisabethfehn.de\/wp-content\/uploads\/2024\/05\/20240520_150443-750x563.jpg 750w\" sizes=\"auto, (max-width: 1024px) 100vw, 1024px\" \/><\/figure>\n\n\n\n<figure class=\"wp-block-image size-large\"><img loading=\"lazy\" decoding=\"async\" width=\"1024\" height=\"768\" data-id=\"2799\" src=\"https:\/\/christuskirche-elisabethfehn.de\/wp-content\/uploads\/2024\/05\/20240520_150445-1024x768.jpg\" alt=\"\" class=\"wp-image-2799\" srcset=\"https:\/\/christuskirche-elisabethfehn.de\/wp-content\/uploads\/2024\/05\/20240520_150445-1024x768.jpg 1024w, https:\/\/christuskirche-elisabethfehn.de\/wp-content\/uploads\/2024\/05\/20240520_150445-300x225.jpg 300w, https:\/\/christuskirche-elisabethfehn.de\/wp-content\/uploads\/2024\/05\/20240520_150445-768x576.jpg 768w, https:\/\/christuskirche-elisabethfehn.de\/wp-content\/uploads\/2024\/05\/20240520_150445-1536x1152.jpg 1536w, https:\/\/christuskirche-elisabethfehn.de\/wp-content\/uploads\/2024\/05\/20240520_150445-2048x1536.jpg 2048w, https:\/\/christuskirche-elisabethfehn.de\/wp-content\/uploads\/2024\/05\/20240520_150445-750x563.jpg 750w\" sizes=\"auto, (max-width: 1024px) 100vw, 1024px\" \/><\/figure>\n\n\n\n<figure class=\"wp-block-image size-large\"><img loading=\"lazy\" decoding=\"async\" width=\"768\" height=\"1024\" data-id=\"2795\" src=\"https:\/\/christuskirche-elisabethfehn.de\/wp-content\/uploads\/2024\/05\/20240520_151553-768x1024.jpg\" alt=\"\" class=\"wp-image-2795\" srcset=\"https:\/\/christuskirche-elisabethfehn.de\/wp-content\/uploads\/2024\/05\/20240520_151553-768x1024.jpg 768w, https:\/\/christuskirche-elisabethfehn.de\/wp-content\/uploads\/2024\/05\/20240520_151553-225x300.jpg 225w, https:\/\/christuskirche-elisabethfehn.de\/wp-content\/uploads\/2024\/05\/20240520_151553-1152x1536.jpg 1152w, https:\/\/christuskirche-elisabethfehn.de\/wp-content\/uploads\/2024\/05\/20240520_151553-1536x2048.jpg 1536w, https:\/\/christuskirche-elisabethfehn.de\/wp-content\/uploads\/2024\/05\/20240520_151553-750x1000.jpg 750w, https:\/\/christuskirche-elisabethfehn.de\/wp-content\/uploads\/2024\/05\/20240520_151553-scaled.jpg 1920w\" sizes=\"auto, (max-width: 768px) 100vw, 768px\" \/><\/figure>\n\n\n\n<figure class=\"wp-block-image size-large\"><img loading=\"lazy\" decoding=\"async\" width=\"768\" height=\"1024\" data-id=\"2800\" src=\"https:\/\/christuskirche-elisabethfehn.de\/wp-content\/uploads\/2024\/05\/20240520_151657-768x1024.jpg\" alt=\"\" class=\"wp-image-2800\" srcset=\"https:\/\/christuskirche-elisabethfehn.de\/wp-content\/uploads\/2024\/05\/20240520_151657-768x1024.jpg 768w, https:\/\/christuskirche-elisabethfehn.de\/wp-content\/uploads\/2024\/05\/20240520_151657-225x300.jpg 225w, https:\/\/christuskirche-elisabethfehn.de\/wp-content\/uploads\/2024\/05\/20240520_151657-1152x1536.jpg 1152w, https:\/\/christuskirche-elisabethfehn.de\/wp-content\/uploads\/2024\/05\/20240520_151657-1536x2048.jpg 1536w, https:\/\/christuskirche-elisabethfehn.de\/wp-content\/uploads\/2024\/05\/20240520_151657-750x1000.jpg 750w, https:\/\/christuskirche-elisabethfehn.de\/wp-content\/uploads\/2024\/05\/20240520_151657-scaled.jpg 1920w\" sizes=\"auto, (max-width: 768px) 100vw, 768px\" \/><\/figure>\n<\/figure>\n\n\n\n<p class=\"has-vivid-red-color has-text-color has-larger-font-size\"><\/p>\n\n\n\n<h2 class=\"wp-block-heading\">Am 02. Mai 2024 haben die Jugendlichen Wikinger Schach, Tischtennis und Federball gespielt.<\/h2>\n\n\n\n<figure class=\"wp-block-gallery has-nested-images columns-default is-cropped wp-block-gallery-19 is-layout-flex wp-block-gallery-is-layout-flex\">\n<figure class=\"wp-block-image size-large\"><img loading=\"lazy\" decoding=\"async\" width=\"1024\" height=\"933\" data-id=\"2782\" src=\"https:\/\/christuskirche-elisabethfehn.de\/wp-content\/uploads\/2024\/05\/IMG-20240502-WA0017-1024x933.jpg\" alt=\"\" class=\"wp-image-2782\" srcset=\"https:\/\/christuskirche-elisabethfehn.de\/wp-content\/uploads\/2024\/05\/IMG-20240502-WA0017-1024x933.jpg 1024w, https:\/\/christuskirche-elisabethfehn.de\/wp-content\/uploads\/2024\/05\/IMG-20240502-WA0017-300x273.jpg 300w, https:\/\/christuskirche-elisabethfehn.de\/wp-content\/uploads\/2024\/05\/IMG-20240502-WA0017-768x700.jpg 768w, https:\/\/christuskirche-elisabethfehn.de\/wp-content\/uploads\/2024\/05\/IMG-20240502-WA0017-1536x1400.jpg 1536w, https:\/\/christuskirche-elisabethfehn.de\/wp-content\/uploads\/2024\/05\/IMG-20240502-WA0017-750x684.jpg 750w, https:\/\/christuskirche-elisabethfehn.de\/wp-content\/uploads\/2024\/05\/IMG-20240502-WA0017.jpg 1592w\" sizes=\"auto, (max-width: 1024px) 100vw, 1024px\" \/><\/figure>\n\n\n\n<figure class=\"wp-block-image size-large\"><img loading=\"lazy\" decoding=\"async\" width=\"1024\" height=\"724\" data-id=\"2784\" src=\"https:\/\/christuskirche-elisabethfehn.de\/wp-content\/uploads\/2024\/05\/IMG-20240502-WA0018-1024x724.jpg\" alt=\"\" class=\"wp-image-2784\" srcset=\"https:\/\/christuskirche-elisabethfehn.de\/wp-content\/uploads\/2024\/05\/IMG-20240502-WA0018-1024x724.jpg 1024w, https:\/\/christuskirche-elisabethfehn.de\/wp-content\/uploads\/2024\/05\/IMG-20240502-WA0018-300x212.jpg 300w, https:\/\/christuskirche-elisabethfehn.de\/wp-content\/uploads\/2024\/05\/IMG-20240502-WA0018-768x543.jpg 768w, https:\/\/christuskirche-elisabethfehn.de\/wp-content\/uploads\/2024\/05\/IMG-20240502-WA0018-1536x1086.jpg 1536w, https:\/\/christuskirche-elisabethfehn.de\/wp-content\/uploads\/2024\/05\/IMG-20240502-WA0018-750x530.jpg 750w, https:\/\/christuskirche-elisabethfehn.de\/wp-content\/uploads\/2024\/05\/IMG-20240502-WA0018.jpg 1600w\" sizes=\"auto, (max-width: 1024px) 100vw, 1024px\" \/><\/figure>\n\n\n\n<figure class=\"wp-block-image size-large\"><img loading=\"lazy\" decoding=\"async\" width=\"1024\" height=\"934\" data-id=\"2783\" src=\"https:\/\/christuskirche-elisabethfehn.de\/wp-content\/uploads\/2024\/05\/IMG-20240502-WA0019-1024x934.jpg\" alt=\"\" class=\"wp-image-2783\" srcset=\"https:\/\/christuskirche-elisabethfehn.de\/wp-content\/uploads\/2024\/05\/IMG-20240502-WA0019-1024x934.jpg 1024w, https:\/\/christuskirche-elisabethfehn.de\/wp-content\/uploads\/2024\/05\/IMG-20240502-WA0019-300x274.jpg 300w, https:\/\/christuskirche-elisabethfehn.de\/wp-content\/uploads\/2024\/05\/IMG-20240502-WA0019-768x701.jpg 768w, https:\/\/christuskirche-elisabethfehn.de\/wp-content\/uploads\/2024\/05\/IMG-20240502-WA0019-1536x1402.jpg 1536w, https:\/\/christuskirche-elisabethfehn.de\/wp-content\/uploads\/2024\/05\/IMG-20240502-WA0019-750x684.jpg 750w, https:\/\/christuskirche-elisabethfehn.de\/wp-content\/uploads\/2024\/05\/IMG-20240502-WA0019.jpg 1600w\" sizes=\"auto, (max-width: 1024px) 100vw, 1024px\" \/><\/figure>\n<\/figure>\n\n\n\n<h2 class=\"wp-block-heading\">In der Jungschar am 26.04.2024 wurden &#8222;fliegende Fische&#8220; gebastelt<\/h2>\n\n\n\n<figure class=\"wp-block-image size-large\"><img loading=\"lazy\" decoding=\"async\" width=\"768\" height=\"1024\" src=\"https:\/\/christuskirche-elisabethfehn.de\/wp-content\/uploads\/2024\/04\/26.04.2024-768x1024.jpg\" alt=\"\" class=\"wp-image-2775\" srcset=\"https:\/\/christuskirche-elisabethfehn.de\/wp-content\/uploads\/2024\/04\/26.04.2024-768x1024.jpg 768w, https:\/\/christuskirche-elisabethfehn.de\/wp-content\/uploads\/2024\/04\/26.04.2024-225x300.jpg 225w, https:\/\/christuskirche-elisabethfehn.de\/wp-content\/uploads\/2024\/04\/26.04.2024-1152x1536.jpg 1152w, https:\/\/christuskirche-elisabethfehn.de\/wp-content\/uploads\/2024\/04\/26.04.2024-750x1000.jpg 750w, https:\/\/christuskirche-elisabethfehn.de\/wp-content\/uploads\/2024\/04\/26.04.2024.jpg 1200w\" sizes=\"auto, (max-width: 768px) 100vw, 768px\" \/><\/figure>\n\n\n\n<h2 class=\"wp-block-heading\">Konfirmation am 21.04.2024 in der Christuskirche<\/h2>\n\n\n\n<figure class=\"wp-block-gallery has-nested-images columns-default is-cropped wp-block-gallery-20 is-layout-flex wp-block-gallery-is-layout-flex\">\n<figure class=\"wp-block-image size-large\"><img loading=\"lazy\" decoding=\"async\" width=\"768\" height=\"1024\" data-id=\"2770\" src=\"https:\/\/christuskirche-elisabethfehn.de\/wp-content\/uploads\/2024\/04\/20240421_100057-768x1024.jpg\" alt=\"\" class=\"wp-image-2770\" srcset=\"https:\/\/christuskirche-elisabethfehn.de\/wp-content\/uploads\/2024\/04\/20240421_100057-768x1024.jpg 768w, https:\/\/christuskirche-elisabethfehn.de\/wp-content\/uploads\/2024\/04\/20240421_100057-225x300.jpg 225w, https:\/\/christuskirche-elisabethfehn.de\/wp-content\/uploads\/2024\/04\/20240421_100057-1152x1536.jpg 1152w, https:\/\/christuskirche-elisabethfehn.de\/wp-content\/uploads\/2024\/04\/20240421_100057-1536x2048.jpg 1536w, https:\/\/christuskirche-elisabethfehn.de\/wp-content\/uploads\/2024\/04\/20240421_100057-750x1000.jpg 750w, https:\/\/christuskirche-elisabethfehn.de\/wp-content\/uploads\/2024\/04\/20240421_100057-scaled.jpg 1920w\" sizes=\"auto, (max-width: 768px) 100vw, 768px\" \/><\/figure>\n\n\n\n<figure class=\"wp-block-image size-large\"><img loading=\"lazy\" decoding=\"async\" width=\"768\" height=\"1024\" data-id=\"2766\" src=\"https:\/\/christuskirche-elisabethfehn.de\/wp-content\/uploads\/2024\/04\/20240421_102036-768x1024.jpg\" alt=\"\" class=\"wp-image-2766\" srcset=\"https:\/\/christuskirche-elisabethfehn.de\/wp-content\/uploads\/2024\/04\/20240421_102036-768x1024.jpg 768w, https:\/\/christuskirche-elisabethfehn.de\/wp-content\/uploads\/2024\/04\/20240421_102036-225x300.jpg 225w, https:\/\/christuskirche-elisabethfehn.de\/wp-content\/uploads\/2024\/04\/20240421_102036-1152x1536.jpg 1152w, https:\/\/christuskirche-elisabethfehn.de\/wp-content\/uploads\/2024\/04\/20240421_102036-1536x2048.jpg 1536w, https:\/\/christuskirche-elisabethfehn.de\/wp-content\/uploads\/2024\/04\/20240421_102036-750x1000.jpg 750w, https:\/\/christuskirche-elisabethfehn.de\/wp-content\/uploads\/2024\/04\/20240421_102036-scaled.jpg 1920w\" sizes=\"auto, (max-width: 768px) 100vw, 768px\" \/><\/figure>\n\n\n\n<figure class=\"wp-block-image size-large\"><img loading=\"lazy\" decoding=\"async\" width=\"768\" height=\"1024\" data-id=\"2769\" src=\"https:\/\/christuskirche-elisabethfehn.de\/wp-content\/uploads\/2024\/04\/20240421_104711-768x1024.jpg\" alt=\"\" class=\"wp-image-2769\" srcset=\"https:\/\/christuskirche-elisabethfehn.de\/wp-content\/uploads\/2024\/04\/20240421_104711-768x1024.jpg 768w, https:\/\/christuskirche-elisabethfehn.de\/wp-content\/uploads\/2024\/04\/20240421_104711-225x300.jpg 225w, https:\/\/christuskirche-elisabethfehn.de\/wp-content\/uploads\/2024\/04\/20240421_104711-1152x1536.jpg 1152w, https:\/\/christuskirche-elisabethfehn.de\/wp-content\/uploads\/2024\/04\/20240421_104711-1536x2048.jpg 1536w, https:\/\/christuskirche-elisabethfehn.de\/wp-content\/uploads\/2024\/04\/20240421_104711-750x1000.jpg 750w, https:\/\/christuskirche-elisabethfehn.de\/wp-content\/uploads\/2024\/04\/20240421_104711-scaled.jpg 1920w\" sizes=\"auto, (max-width: 768px) 100vw, 768px\" \/><\/figure>\n\n\n\n<figure class=\"wp-block-image size-large\"><img loading=\"lazy\" decoding=\"async\" width=\"1024\" height=\"768\" data-id=\"2767\" src=\"https:\/\/christuskirche-elisabethfehn.de\/wp-content\/uploads\/2024\/04\/20240421_100332-1024x768.jpg\" alt=\"\" class=\"wp-image-2767\" srcset=\"https:\/\/christuskirche-elisabethfehn.de\/wp-content\/uploads\/2024\/04\/20240421_100332-1024x768.jpg 1024w, https:\/\/christuskirche-elisabethfehn.de\/wp-content\/uploads\/2024\/04\/20240421_100332-300x225.jpg 300w, https:\/\/christuskirche-elisabethfehn.de\/wp-content\/uploads\/2024\/04\/20240421_100332-768x576.jpg 768w, https:\/\/christuskirche-elisabethfehn.de\/wp-content\/uploads\/2024\/04\/20240421_100332-1536x1152.jpg 1536w, https:\/\/christuskirche-elisabethfehn.de\/wp-content\/uploads\/2024\/04\/20240421_100332-2048x1536.jpg 2048w, https:\/\/christuskirche-elisabethfehn.de\/wp-content\/uploads\/2024\/04\/20240421_100332-750x563.jpg 750w\" sizes=\"auto, (max-width: 1024px) 100vw, 1024px\" \/><\/figure>\n\n\n\n<figure class=\"wp-block-image size-large\"><img loading=\"lazy\" decoding=\"async\" width=\"1024\" height=\"768\" data-id=\"2768\" src=\"https:\/\/christuskirche-elisabethfehn.de\/wp-content\/uploads\/2024\/04\/20240421_100312-1024x768.jpg\" alt=\"\" class=\"wp-image-2768\" srcset=\"https:\/\/christuskirche-elisabethfehn.de\/wp-content\/uploads\/2024\/04\/20240421_100312-1024x768.jpg 1024w, https:\/\/christuskirche-elisabethfehn.de\/wp-content\/uploads\/2024\/04\/20240421_100312-300x225.jpg 300w, https:\/\/christuskirche-elisabethfehn.de\/wp-content\/uploads\/2024\/04\/20240421_100312-768x576.jpg 768w, https:\/\/christuskirche-elisabethfehn.de\/wp-content\/uploads\/2024\/04\/20240421_100312-1536x1152.jpg 1536w, https:\/\/christuskirche-elisabethfehn.de\/wp-content\/uploads\/2024\/04\/20240421_100312-2048x1536.jpg 2048w, https:\/\/christuskirche-elisabethfehn.de\/wp-content\/uploads\/2024\/04\/20240421_100312-750x563.jpg 750w\" sizes=\"auto, (max-width: 1024px) 100vw, 1024px\" \/><\/figure>\n<\/figure>\n\n\n\n<h2 class=\"wp-block-heading\">Konfirmation am 14.04.2024 in der Christuskirche<\/h2>\n\n\n\n<figure class=\"wp-block-gallery has-nested-images columns-default is-cropped wp-block-gallery-21 is-layout-flex wp-block-gallery-is-layout-flex\">\n<figure class=\"wp-block-image size-large\"><img loading=\"lazy\" decoding=\"async\" width=\"768\" height=\"1024\" data-id=\"2742\" src=\"https:\/\/christuskirche-elisabethfehn.de\/wp-content\/uploads\/2024\/04\/20240414_100520-768x1024.jpg\" alt=\"\" class=\"wp-image-2742\" srcset=\"https:\/\/christuskirche-elisabethfehn.de\/wp-content\/uploads\/2024\/04\/20240414_100520-768x1024.jpg 768w, https:\/\/christuskirche-elisabethfehn.de\/wp-content\/uploads\/2024\/04\/20240414_100520-225x300.jpg 225w, https:\/\/christuskirche-elisabethfehn.de\/wp-content\/uploads\/2024\/04\/20240414_100520-1152x1536.jpg 1152w, https:\/\/christuskirche-elisabethfehn.de\/wp-content\/uploads\/2024\/04\/20240414_100520-1536x2048.jpg 1536w, https:\/\/christuskirche-elisabethfehn.de\/wp-content\/uploads\/2024\/04\/20240414_100520-750x1000.jpg 750w, https:\/\/christuskirche-elisabethfehn.de\/wp-content\/uploads\/2024\/04\/20240414_100520-scaled.jpg 1920w\" sizes=\"auto, (max-width: 768px) 100vw, 768px\" \/><\/figure>\n\n\n\n<figure class=\"wp-block-image size-large\"><img loading=\"lazy\" decoding=\"async\" width=\"768\" height=\"1024\" data-id=\"2745\" src=\"https:\/\/christuskirche-elisabethfehn.de\/wp-content\/uploads\/2024\/04\/20240414_101945-768x1024.jpg\" alt=\"\" class=\"wp-image-2745\" srcset=\"https:\/\/christuskirche-elisabethfehn.de\/wp-content\/uploads\/2024\/04\/20240414_101945-768x1024.jpg 768w, https:\/\/christuskirche-elisabethfehn.de\/wp-content\/uploads\/2024\/04\/20240414_101945-225x300.jpg 225w, https:\/\/christuskirche-elisabethfehn.de\/wp-content\/uploads\/2024\/04\/20240414_101945-1152x1536.jpg 1152w, https:\/\/christuskirche-elisabethfehn.de\/wp-content\/uploads\/2024\/04\/20240414_101945-1536x2048.jpg 1536w, https:\/\/christuskirche-elisabethfehn.de\/wp-content\/uploads\/2024\/04\/20240414_101945-750x1000.jpg 750w, https:\/\/christuskirche-elisabethfehn.de\/wp-content\/uploads\/2024\/04\/20240414_101945-scaled.jpg 1920w\" sizes=\"auto, (max-width: 768px) 100vw, 768px\" \/><\/figure>\n\n\n\n<figure class=\"wp-block-image size-large\"><img loading=\"lazy\" decoding=\"async\" width=\"768\" height=\"1024\" data-id=\"2743\" src=\"https:\/\/christuskirche-elisabethfehn.de\/wp-content\/uploads\/2024\/04\/20240414_102313-768x1024.jpg\" alt=\"\" class=\"wp-image-2743\" srcset=\"https:\/\/christuskirche-elisabethfehn.de\/wp-content\/uploads\/2024\/04\/20240414_102313-768x1024.jpg 768w, https:\/\/christuskirche-elisabethfehn.de\/wp-content\/uploads\/2024\/04\/20240414_102313-225x300.jpg 225w, https:\/\/christuskirche-elisabethfehn.de\/wp-content\/uploads\/2024\/04\/20240414_102313-1152x1536.jpg 1152w, https:\/\/christuskirche-elisabethfehn.de\/wp-content\/uploads\/2024\/04\/20240414_102313-1536x2048.jpg 1536w, https:\/\/christuskirche-elisabethfehn.de\/wp-content\/uploads\/2024\/04\/20240414_102313-750x1000.jpg 750w, https:\/\/christuskirche-elisabethfehn.de\/wp-content\/uploads\/2024\/04\/20240414_102313-scaled.jpg 1920w\" sizes=\"auto, (max-width: 768px) 100vw, 768px\" \/><\/figure>\n\n\n\n<figure class=\"wp-block-image size-large\"><img loading=\"lazy\" decoding=\"async\" width=\"768\" height=\"1024\" data-id=\"2746\" src=\"https:\/\/christuskirche-elisabethfehn.de\/wp-content\/uploads\/2024\/04\/20240414_110747-768x1024.jpg\" alt=\"\" class=\"wp-image-2746\" srcset=\"https:\/\/christuskirche-elisabethfehn.de\/wp-content\/uploads\/2024\/04\/20240414_110747-768x1024.jpg 768w, https:\/\/christuskirche-elisabethfehn.de\/wp-content\/uploads\/2024\/04\/20240414_110747-225x300.jpg 225w, https:\/\/christuskirche-elisabethfehn.de\/wp-content\/uploads\/2024\/04\/20240414_110747-1152x1536.jpg 1152w, https:\/\/christuskirche-elisabethfehn.de\/wp-content\/uploads\/2024\/04\/20240414_110747-1536x2048.jpg 1536w, https:\/\/christuskirche-elisabethfehn.de\/wp-content\/uploads\/2024\/04\/20240414_110747-750x1000.jpg 750w, https:\/\/christuskirche-elisabethfehn.de\/wp-content\/uploads\/2024\/04\/20240414_110747-scaled.jpg 1920w\" sizes=\"auto, (max-width: 768px) 100vw, 768px\" \/><\/figure>\n\n\n\n<figure class=\"wp-block-image size-large\"><img loading=\"lazy\" decoding=\"async\" width=\"768\" height=\"1024\" data-id=\"2744\" src=\"https:\/\/christuskirche-elisabethfehn.de\/wp-content\/uploads\/2024\/04\/20240414_111219-768x1024.jpg\" alt=\"\" class=\"wp-image-2744\" srcset=\"https:\/\/christuskirche-elisabethfehn.de\/wp-content\/uploads\/2024\/04\/20240414_111219-768x1024.jpg 768w, https:\/\/christuskirche-elisabethfehn.de\/wp-content\/uploads\/2024\/04\/20240414_111219-225x300.jpg 225w, https:\/\/christuskirche-elisabethfehn.de\/wp-content\/uploads\/2024\/04\/20240414_111219-1152x1536.jpg 1152w, https:\/\/christuskirche-elisabethfehn.de\/wp-content\/uploads\/2024\/04\/20240414_111219-1536x2048.jpg 1536w, https:\/\/christuskirche-elisabethfehn.de\/wp-content\/uploads\/2024\/04\/20240414_111219-750x1000.jpg 750w, https:\/\/christuskirche-elisabethfehn.de\/wp-content\/uploads\/2024\/04\/20240414_111219-scaled.jpg 1920w\" sizes=\"auto, (max-width: 768px) 100vw, 768px\" \/><\/figure>\n\n\n\n<figure class=\"wp-block-image size-large\"><img loading=\"lazy\" decoding=\"async\" width=\"768\" height=\"1024\" data-id=\"2747\" src=\"https:\/\/christuskirche-elisabethfehn.de\/wp-content\/uploads\/2024\/04\/20240414_111242-768x1024.jpg\" alt=\"\" class=\"wp-image-2747\" srcset=\"https:\/\/christuskirche-elisabethfehn.de\/wp-content\/uploads\/2024\/04\/20240414_111242-768x1024.jpg 768w, https:\/\/christuskirche-elisabethfehn.de\/wp-content\/uploads\/2024\/04\/20240414_111242-225x300.jpg 225w, https:\/\/christuskirche-elisabethfehn.de\/wp-content\/uploads\/2024\/04\/20240414_111242-1152x1536.jpg 1152w, https:\/\/christuskirche-elisabethfehn.de\/wp-content\/uploads\/2024\/04\/20240414_111242-1536x2048.jpg 1536w, https:\/\/christuskirche-elisabethfehn.de\/wp-content\/uploads\/2024\/04\/20240414_111242-750x1000.jpg 750w, https:\/\/christuskirche-elisabethfehn.de\/wp-content\/uploads\/2024\/04\/20240414_111242-scaled.jpg 1920w\" sizes=\"auto, (max-width: 768px) 100vw, 768px\" \/><\/figure>\n<\/figure>\n\n\n\n<h2 class=\"wp-block-heading\">Kindernachmittag am 13.04.2024<\/h2>\n\n\n\n<figure class=\"wp-block-gallery has-nested-images columns-default is-cropped wp-block-gallery-22 is-layout-flex wp-block-gallery-is-layout-flex\">\n<figure class=\"wp-block-image size-large\"><img loading=\"lazy\" decoding=\"async\" width=\"768\" height=\"1024\" data-id=\"2758\" src=\"https:\/\/christuskirche-elisabethfehn.de\/wp-content\/uploads\/2024\/04\/20240413_141317-1-768x1024.jpg\" alt=\"\" class=\"wp-image-2758\" srcset=\"https:\/\/christuskirche-elisabethfehn.de\/wp-content\/uploads\/2024\/04\/20240413_141317-1-768x1024.jpg 768w, https:\/\/christuskirche-elisabethfehn.de\/wp-content\/uploads\/2024\/04\/20240413_141317-1-225x300.jpg 225w, https:\/\/christuskirche-elisabethfehn.de\/wp-content\/uploads\/2024\/04\/20240413_141317-1-1152x1536.jpg 1152w, https:\/\/christuskirche-elisabethfehn.de\/wp-content\/uploads\/2024\/04\/20240413_141317-1-1536x2048.jpg 1536w, https:\/\/christuskirche-elisabethfehn.de\/wp-content\/uploads\/2024\/04\/20240413_141317-1-750x1000.jpg 750w, https:\/\/christuskirche-elisabethfehn.de\/wp-content\/uploads\/2024\/04\/20240413_141317-1-scaled.jpg 1920w\" sizes=\"auto, (max-width: 768px) 100vw, 768px\" \/><\/figure>\n\n\n\n<figure class=\"wp-block-image size-large\"><img loading=\"lazy\" decoding=\"async\" width=\"768\" height=\"1024\" data-id=\"2751\" src=\"https:\/\/christuskirche-elisabethfehn.de\/wp-content\/uploads\/2024\/04\/20240413_141322-1-768x1024.jpg\" alt=\"\" class=\"wp-image-2751\" srcset=\"https:\/\/christuskirche-elisabethfehn.de\/wp-content\/uploads\/2024\/04\/20240413_141322-1-768x1024.jpg 768w, https:\/\/christuskirche-elisabethfehn.de\/wp-content\/uploads\/2024\/04\/20240413_141322-1-225x300.jpg 225w, https:\/\/christuskirche-elisabethfehn.de\/wp-content\/uploads\/2024\/04\/20240413_141322-1-1152x1536.jpg 1152w, https:\/\/christuskirche-elisabethfehn.de\/wp-content\/uploads\/2024\/04\/20240413_141322-1-1536x2048.jpg 1536w, https:\/\/christuskirche-elisabethfehn.de\/wp-content\/uploads\/2024\/04\/20240413_141322-1-750x1000.jpg 750w, https:\/\/christuskirche-elisabethfehn.de\/wp-content\/uploads\/2024\/04\/20240413_141322-1-scaled.jpg 1920w\" sizes=\"auto, (max-width: 768px) 100vw, 768px\" \/><\/figure>\n\n\n\n<figure class=\"wp-block-image size-large\"><img loading=\"lazy\" decoding=\"async\" width=\"768\" height=\"1024\" data-id=\"2757\" src=\"https:\/\/christuskirche-elisabethfehn.de\/wp-content\/uploads\/2024\/04\/20240413_144831-1-768x1024.jpg\" alt=\"\" class=\"wp-image-2757\" srcset=\"https:\/\/christuskirche-elisabethfehn.de\/wp-content\/uploads\/2024\/04\/20240413_144831-1-768x1024.jpg 768w, https:\/\/christuskirche-elisabethfehn.de\/wp-content\/uploads\/2024\/04\/20240413_144831-1-225x300.jpg 225w, https:\/\/christuskirche-elisabethfehn.de\/wp-content\/uploads\/2024\/04\/20240413_144831-1-1152x1536.jpg 1152w, https:\/\/christuskirche-elisabethfehn.de\/wp-content\/uploads\/2024\/04\/20240413_144831-1-1536x2048.jpg 1536w, https:\/\/christuskirche-elisabethfehn.de\/wp-content\/uploads\/2024\/04\/20240413_144831-1-750x1000.jpg 750w, https:\/\/christuskirche-elisabethfehn.de\/wp-content\/uploads\/2024\/04\/20240413_144831-1-scaled.jpg 1920w\" sizes=\"auto, (max-width: 768px) 100vw, 768px\" \/><\/figure>\n\n\n\n<figure class=\"wp-block-image size-large\"><img loading=\"lazy\" decoding=\"async\" width=\"768\" height=\"1024\" data-id=\"2761\" src=\"https:\/\/christuskirche-elisabethfehn.de\/wp-content\/uploads\/2024\/04\/20240413_145256-1-768x1024.jpg\" alt=\"\" class=\"wp-image-2761\" srcset=\"https:\/\/christuskirche-elisabethfehn.de\/wp-content\/uploads\/2024\/04\/20240413_145256-1-768x1024.jpg 768w, https:\/\/christuskirche-elisabethfehn.de\/wp-content\/uploads\/2024\/04\/20240413_145256-1-225x300.jpg 225w, https:\/\/christuskirche-elisabethfehn.de\/wp-content\/uploads\/2024\/04\/20240413_145256-1-1152x1536.jpg 1152w, https:\/\/christuskirche-elisabethfehn.de\/wp-content\/uploads\/2024\/04\/20240413_145256-1-1536x2048.jpg 1536w, https:\/\/christuskirche-elisabethfehn.de\/wp-content\/uploads\/2024\/04\/20240413_145256-1-750x1000.jpg 750w, https:\/\/christuskirche-elisabethfehn.de\/wp-content\/uploads\/2024\/04\/20240413_145256-1-scaled.jpg 1920w\" sizes=\"auto, (max-width: 768px) 100vw, 768px\" \/><\/figure>\n\n\n\n<figure class=\"wp-block-image size-large\"><img loading=\"lazy\" decoding=\"async\" width=\"768\" height=\"1024\" data-id=\"2760\" src=\"https:\/\/christuskirche-elisabethfehn.de\/wp-content\/uploads\/2024\/04\/20240413_145305-1-768x1024.jpg\" alt=\"\" class=\"wp-image-2760\" srcset=\"https:\/\/christuskirche-elisabethfehn.de\/wp-content\/uploads\/2024\/04\/20240413_145305-1-768x1024.jpg 768w, https:\/\/christuskirche-elisabethfehn.de\/wp-content\/uploads\/2024\/04\/20240413_145305-1-225x300.jpg 225w, https:\/\/christuskirche-elisabethfehn.de\/wp-content\/uploads\/2024\/04\/20240413_145305-1-1152x1536.jpg 1152w, https:\/\/christuskirche-elisabethfehn.de\/wp-content\/uploads\/2024\/04\/20240413_145305-1-1536x2048.jpg 1536w, https:\/\/christuskirche-elisabethfehn.de\/wp-content\/uploads\/2024\/04\/20240413_145305-1-750x1000.jpg 750w, https:\/\/christuskirche-elisabethfehn.de\/wp-content\/uploads\/2024\/04\/20240413_145305-1-scaled.jpg 1920w\" sizes=\"auto, (max-width: 768px) 100vw, 768px\" \/><\/figure>\n\n\n\n<figure class=\"wp-block-image size-large\"><img loading=\"lazy\" decoding=\"async\" width=\"768\" height=\"1024\" data-id=\"2762\" src=\"https:\/\/christuskirche-elisabethfehn.de\/wp-content\/uploads\/2024\/04\/20240413_145908-1-768x1024.jpg\" alt=\"\" class=\"wp-image-2762\" srcset=\"https:\/\/christuskirche-elisabethfehn.de\/wp-content\/uploads\/2024\/04\/20240413_145908-1-768x1024.jpg 768w, https:\/\/christuskirche-elisabethfehn.de\/wp-content\/uploads\/2024\/04\/20240413_145908-1-225x300.jpg 225w, https:\/\/christuskirche-elisabethfehn.de\/wp-content\/uploads\/2024\/04\/20240413_145908-1-1152x1536.jpg 1152w, https:\/\/christuskirche-elisabethfehn.de\/wp-content\/uploads\/2024\/04\/20240413_145908-1-1536x2048.jpg 1536w, https:\/\/christuskirche-elisabethfehn.de\/wp-content\/uploads\/2024\/04\/20240413_145908-1-750x1000.jpg 750w, https:\/\/christuskirche-elisabethfehn.de\/wp-content\/uploads\/2024\/04\/20240413_145908-1-scaled.jpg 1920w\" sizes=\"auto, (max-width: 768px) 100vw, 768px\" \/><\/figure>\n\n\n\n<figure class=\"wp-block-image size-large\"><img loading=\"lazy\" decoding=\"async\" width=\"768\" height=\"1024\" data-id=\"2756\" src=\"https:\/\/christuskirche-elisabethfehn.de\/wp-content\/uploads\/2024\/04\/20240413_153449-1-768x1024.jpg\" alt=\"\" class=\"wp-image-2756\" srcset=\"https:\/\/christuskirche-elisabethfehn.de\/wp-content\/uploads\/2024\/04\/20240413_153449-1-768x1024.jpg 768w, https:\/\/christuskirche-elisabethfehn.de\/wp-content\/uploads\/2024\/04\/20240413_153449-1-225x300.jpg 225w, https:\/\/christuskirche-elisabethfehn.de\/wp-content\/uploads\/2024\/04\/20240413_153449-1-1152x1536.jpg 1152w, https:\/\/christuskirche-elisabethfehn.de\/wp-content\/uploads\/2024\/04\/20240413_153449-1-1536x2048.jpg 1536w, https:\/\/christuskirche-elisabethfehn.de\/wp-content\/uploads\/2024\/04\/20240413_153449-1-750x1000.jpg 750w, https:\/\/christuskirche-elisabethfehn.de\/wp-content\/uploads\/2024\/04\/20240413_153449-1-scaled.jpg 1920w\" sizes=\"auto, (max-width: 768px) 100vw, 768px\" \/><\/figure>\n\n\n\n<figure class=\"wp-block-image size-large\"><img loading=\"lazy\" decoding=\"async\" width=\"768\" height=\"1024\" data-id=\"2750\" src=\"https:\/\/christuskirche-elisabethfehn.de\/wp-content\/uploads\/2024\/04\/20240413_153502-1-768x1024.jpg\" alt=\"\" class=\"wp-image-2750\" srcset=\"https:\/\/christuskirche-elisabethfehn.de\/wp-content\/uploads\/2024\/04\/20240413_153502-1-768x1024.jpg 768w, https:\/\/christuskirche-elisabethfehn.de\/wp-content\/uploads\/2024\/04\/20240413_153502-1-225x300.jpg 225w, https:\/\/christuskirche-elisabethfehn.de\/wp-content\/uploads\/2024\/04\/20240413_153502-1-1152x1536.jpg 1152w, https:\/\/christuskirche-elisabethfehn.de\/wp-content\/uploads\/2024\/04\/20240413_153502-1-1536x2048.jpg 1536w, https:\/\/christuskirche-elisabethfehn.de\/wp-content\/uploads\/2024\/04\/20240413_153502-1-750x1000.jpg 750w, https:\/\/christuskirche-elisabethfehn.de\/wp-content\/uploads\/2024\/04\/20240413_153502-1-scaled.jpg 1920w\" sizes=\"auto, (max-width: 768px) 100vw, 768px\" \/><\/figure>\n\n\n\n<figure class=\"wp-block-image size-large\"><img loading=\"lazy\" decoding=\"async\" width=\"768\" height=\"1024\" data-id=\"2759\" src=\"https:\/\/christuskirche-elisabethfehn.de\/wp-content\/uploads\/2024\/04\/20240413_154226-1-768x1024.jpg\" alt=\"\" class=\"wp-image-2759\" srcset=\"https:\/\/christuskirche-elisabethfehn.de\/wp-content\/uploads\/2024\/04\/20240413_154226-1-768x1024.jpg 768w, https:\/\/christuskirche-elisabethfehn.de\/wp-content\/uploads\/2024\/04\/20240413_154226-1-225x300.jpg 225w, https:\/\/christuskirche-elisabethfehn.de\/wp-content\/uploads\/2024\/04\/20240413_154226-1-1152x1536.jpg 1152w, https:\/\/christuskirche-elisabethfehn.de\/wp-content\/uploads\/2024\/04\/20240413_154226-1-1536x2048.jpg 1536w, https:\/\/christuskirche-elisabethfehn.de\/wp-content\/uploads\/2024\/04\/20240413_154226-1-750x1000.jpg 750w, https:\/\/christuskirche-elisabethfehn.de\/wp-content\/uploads\/2024\/04\/20240413_154226-1-scaled.jpg 1920w\" sizes=\"auto, (max-width: 768px) 100vw, 768px\" \/><\/figure>\n\n\n\n<figure class=\"wp-block-image size-large\"><img loading=\"lazy\" decoding=\"async\" width=\"768\" height=\"1024\" data-id=\"2754\" src=\"https:\/\/christuskirche-elisabethfehn.de\/wp-content\/uploads\/2024\/04\/20240413_154936-1-768x1024.jpg\" alt=\"\" class=\"wp-image-2754\" srcset=\"https:\/\/christuskirche-elisabethfehn.de\/wp-content\/uploads\/2024\/04\/20240413_154936-1-768x1024.jpg 768w, https:\/\/christuskirche-elisabethfehn.de\/wp-content\/uploads\/2024\/04\/20240413_154936-1-225x300.jpg 225w, https:\/\/christuskirche-elisabethfehn.de\/wp-content\/uploads\/2024\/04\/20240413_154936-1-1152x1536.jpg 1152w, https:\/\/christuskirche-elisabethfehn.de\/wp-content\/uploads\/2024\/04\/20240413_154936-1-1536x2048.jpg 1536w, https:\/\/christuskirche-elisabethfehn.de\/wp-content\/uploads\/2024\/04\/20240413_154936-1-750x1000.jpg 750w, https:\/\/christuskirche-elisabethfehn.de\/wp-content\/uploads\/2024\/04\/20240413_154936-1-scaled.jpg 1920w\" sizes=\"auto, (max-width: 768px) 100vw, 768px\" \/><\/figure>\n\n\n\n<figure class=\"wp-block-image size-large\"><img loading=\"lazy\" decoding=\"async\" width=\"768\" height=\"1024\" data-id=\"2752\" src=\"https:\/\/christuskirche-elisabethfehn.de\/wp-content\/uploads\/2024\/04\/20240413_162604-768x1024.jpg\" alt=\"\" class=\"wp-image-2752\" srcset=\"https:\/\/christuskirche-elisabethfehn.de\/wp-content\/uploads\/2024\/04\/20240413_162604-768x1024.jpg 768w, https:\/\/christuskirche-elisabethfehn.de\/wp-content\/uploads\/2024\/04\/20240413_162604-225x300.jpg 225w, https:\/\/christuskirche-elisabethfehn.de\/wp-content\/uploads\/2024\/04\/20240413_162604-1152x1536.jpg 1152w, https:\/\/christuskirche-elisabethfehn.de\/wp-content\/uploads\/2024\/04\/20240413_162604-1536x2048.jpg 1536w, https:\/\/christuskirche-elisabethfehn.de\/wp-content\/uploads\/2024\/04\/20240413_162604-750x1000.jpg 750w, https:\/\/christuskirche-elisabethfehn.de\/wp-content\/uploads\/2024\/04\/20240413_162604-scaled.jpg 1920w\" sizes=\"auto, (max-width: 768px) 100vw, 768px\" \/><\/figure>\n\n\n\n<figure class=\"wp-block-image size-large\"><img loading=\"lazy\" decoding=\"async\" width=\"768\" height=\"1024\" data-id=\"2755\" src=\"https:\/\/christuskirche-elisabethfehn.de\/wp-content\/uploads\/2024\/04\/20240413_171805-1-768x1024.jpg\" alt=\"\" class=\"wp-image-2755\" srcset=\"https:\/\/christuskirche-elisabethfehn.de\/wp-content\/uploads\/2024\/04\/20240413_171805-1-768x1024.jpg 768w, https:\/\/christuskirche-elisabethfehn.de\/wp-content\/uploads\/2024\/04\/20240413_171805-1-225x300.jpg 225w, https:\/\/christuskirche-elisabethfehn.de\/wp-content\/uploads\/2024\/04\/20240413_171805-1-1152x1536.jpg 1152w, https:\/\/christuskirche-elisabethfehn.de\/wp-content\/uploads\/2024\/04\/20240413_171805-1-1536x2048.jpg 1536w, https:\/\/christuskirche-elisabethfehn.de\/wp-content\/uploads\/2024\/04\/20240413_171805-1-750x1000.jpg 750w, https:\/\/christuskirche-elisabethfehn.de\/wp-content\/uploads\/2024\/04\/20240413_171805-1-scaled.jpg 1920w\" sizes=\"auto, (max-width: 768px) 100vw, 768px\" \/><\/figure>\n\n\n\n<figure class=\"wp-block-image size-large\"><img loading=\"lazy\" decoding=\"async\" width=\"768\" height=\"1024\" data-id=\"2753\" src=\"https:\/\/christuskirche-elisabethfehn.de\/wp-content\/uploads\/2024\/04\/20240413_175010-1-768x1024.jpg\" alt=\"\" class=\"wp-image-2753\" srcset=\"https:\/\/christuskirche-elisabethfehn.de\/wp-content\/uploads\/2024\/04\/20240413_175010-1-768x1024.jpg 768w, https:\/\/christuskirche-elisabethfehn.de\/wp-content\/uploads\/2024\/04\/20240413_175010-1-225x300.jpg 225w, https:\/\/christuskirche-elisabethfehn.de\/wp-content\/uploads\/2024\/04\/20240413_175010-1-1152x1536.jpg 1152w, https:\/\/christuskirche-elisabethfehn.de\/wp-content\/uploads\/2024\/04\/20240413_175010-1-1536x2048.jpg 1536w, https:\/\/christuskirche-elisabethfehn.de\/wp-content\/uploads\/2024\/04\/20240413_175010-1-750x1000.jpg 750w, https:\/\/christuskirche-elisabethfehn.de\/wp-content\/uploads\/2024\/04\/20240413_175010-1-scaled.jpg 1920w\" sizes=\"auto, (max-width: 768px) 100vw, 768px\" \/><\/figure>\n\n\n\n<figure class=\"wp-block-image size-large\"><img loading=\"lazy\" decoding=\"async\" width=\"768\" height=\"1024\" data-id=\"2763\" src=\"https:\/\/christuskirche-elisabethfehn.de\/wp-content\/uploads\/2024\/04\/20240413_175030-1-768x1024.jpg\" alt=\"\" class=\"wp-image-2763\" srcset=\"https:\/\/christuskirche-elisabethfehn.de\/wp-content\/uploads\/2024\/04\/20240413_175030-1-768x1024.jpg 768w, https:\/\/christuskirche-elisabethfehn.de\/wp-content\/uploads\/2024\/04\/20240413_175030-1-225x300.jpg 225w, https:\/\/christuskirche-elisabethfehn.de\/wp-content\/uploads\/2024\/04\/20240413_175030-1-1152x1536.jpg 1152w, https:\/\/christuskirche-elisabethfehn.de\/wp-content\/uploads\/2024\/04\/20240413_175030-1-1536x2048.jpg 1536w, https:\/\/christuskirche-elisabethfehn.de\/wp-content\/uploads\/2024\/04\/20240413_175030-1-750x1000.jpg 750w, https:\/\/christuskirche-elisabethfehn.de\/wp-content\/uploads\/2024\/04\/20240413_175030-1-scaled.jpg 1920w\" sizes=\"auto, (max-width: 768px) 100vw, 768px\" \/><\/figure>\n<\/figure>\n\n\n\n<p><\/p>\n\n\n\n<h2 class=\"wp-block-heading\">Ostern 2024<\/h2>\n\n\n\n<figure class=\"wp-block-image size-large\"><img loading=\"lazy\" decoding=\"async\" width=\"768\" height=\"1024\" src=\"https:\/\/christuskirche-elisabethfehn.de\/wp-content\/uploads\/2024\/04\/Ostern-2024-768x1024.jpg\" alt=\"\" class=\"wp-image-2714\" srcset=\"https:\/\/christuskirche-elisabethfehn.de\/wp-content\/uploads\/2024\/04\/Ostern-2024-768x1024.jpg 768w, https:\/\/christuskirche-elisabethfehn.de\/wp-content\/uploads\/2024\/04\/Ostern-2024-225x300.jpg 225w, https:\/\/christuskirche-elisabethfehn.de\/wp-content\/uploads\/2024\/04\/Ostern-2024-1152x1536.jpg 1152w, https:\/\/christuskirche-elisabethfehn.de\/wp-content\/uploads\/2024\/04\/Ostern-2024-1536x2048.jpg 1536w, https:\/\/christuskirche-elisabethfehn.de\/wp-content\/uploads\/2024\/04\/Ostern-2024-750x1000.jpg 750w, https:\/\/christuskirche-elisabethfehn.de\/wp-content\/uploads\/2024\/04\/Ostern-2024-scaled.jpg 1920w\" sizes=\"auto, (max-width: 768px) 100vw, 768px\" \/><\/figure>\n\n\n\n<h2 class=\"wp-block-heading\">Kinderkirche am 10.03.2024<\/h2>\n\n\n\n<figure class=\"wp-block-gallery has-nested-images columns-default is-cropped wp-block-gallery-23 is-layout-flex wp-block-gallery-is-layout-flex\">\n<figure class=\"wp-block-image size-large\"><img loading=\"lazy\" decoding=\"async\" width=\"768\" height=\"1024\" data-id=\"2702\" src=\"https:\/\/christuskirche-elisabethfehn.de\/wp-content\/uploads\/2024\/03\/20240310_103349-768x1024.jpg\" alt=\"\" class=\"wp-image-2702\" srcset=\"https:\/\/christuskirche-elisabethfehn.de\/wp-content\/uploads\/2024\/03\/20240310_103349-768x1024.jpg 768w, https:\/\/christuskirche-elisabethfehn.de\/wp-content\/uploads\/2024\/03\/20240310_103349-225x300.jpg 225w, https:\/\/christuskirche-elisabethfehn.de\/wp-content\/uploads\/2024\/03\/20240310_103349-1152x1536.jpg 1152w, https:\/\/christuskirche-elisabethfehn.de\/wp-content\/uploads\/2024\/03\/20240310_103349-1536x2048.jpg 1536w, https:\/\/christuskirche-elisabethfehn.de\/wp-content\/uploads\/2024\/03\/20240310_103349-750x1000.jpg 750w, https:\/\/christuskirche-elisabethfehn.de\/wp-content\/uploads\/2024\/03\/20240310_103349-scaled.jpg 1920w\" sizes=\"auto, (max-width: 768px) 100vw, 768px\" \/><\/figure>\n\n\n\n<figure class=\"wp-block-image size-large\"><img loading=\"lazy\" decoding=\"async\" width=\"768\" height=\"1024\" data-id=\"2700\" src=\"https:\/\/christuskirche-elisabethfehn.de\/wp-content\/uploads\/2024\/03\/20240310_103354-768x1024.jpg\" alt=\"\" class=\"wp-image-2700\" srcset=\"https:\/\/christuskirche-elisabethfehn.de\/wp-content\/uploads\/2024\/03\/20240310_103354-768x1024.jpg 768w, https:\/\/christuskirche-elisabethfehn.de\/wp-content\/uploads\/2024\/03\/20240310_103354-225x300.jpg 225w, https:\/\/christuskirche-elisabethfehn.de\/wp-content\/uploads\/2024\/03\/20240310_103354-1152x1536.jpg 1152w, https:\/\/christuskirche-elisabethfehn.de\/wp-content\/uploads\/2024\/03\/20240310_103354-1536x2048.jpg 1536w, https:\/\/christuskirche-elisabethfehn.de\/wp-content\/uploads\/2024\/03\/20240310_103354-750x1000.jpg 750w, https:\/\/christuskirche-elisabethfehn.de\/wp-content\/uploads\/2024\/03\/20240310_103354-scaled.jpg 1920w\" sizes=\"auto, (max-width: 768px) 100vw, 768px\" \/><\/figure>\n\n\n\n<figure class=\"wp-block-image size-large\"><img loading=\"lazy\" decoding=\"async\" width=\"768\" height=\"1024\" data-id=\"2704\" src=\"https:\/\/christuskirche-elisabethfehn.de\/wp-content\/uploads\/2024\/03\/20240310_103409-768x1024.jpg\" alt=\"\" class=\"wp-image-2704\" srcset=\"https:\/\/christuskirche-elisabethfehn.de\/wp-content\/uploads\/2024\/03\/20240310_103409-768x1024.jpg 768w, https:\/\/christuskirche-elisabethfehn.de\/wp-content\/uploads\/2024\/03\/20240310_103409-225x300.jpg 225w, https:\/\/christuskirche-elisabethfehn.de\/wp-content\/uploads\/2024\/03\/20240310_103409-1152x1536.jpg 1152w, https:\/\/christuskirche-elisabethfehn.de\/wp-content\/uploads\/2024\/03\/20240310_103409-1536x2048.jpg 1536w, https:\/\/christuskirche-elisabethfehn.de\/wp-content\/uploads\/2024\/03\/20240310_103409-750x1000.jpg 750w, https:\/\/christuskirche-elisabethfehn.de\/wp-content\/uploads\/2024\/03\/20240310_103409-scaled.jpg 1920w\" sizes=\"auto, (max-width: 768px) 100vw, 768px\" \/><\/figure>\n\n\n\n<figure class=\"wp-block-image size-large\"><img loading=\"lazy\" decoding=\"async\" width=\"768\" height=\"1024\" data-id=\"2699\" src=\"https:\/\/christuskirche-elisabethfehn.de\/wp-content\/uploads\/2024\/03\/20240310_103908-768x1024.jpg\" alt=\"\" class=\"wp-image-2699\" srcset=\"https:\/\/christuskirche-elisabethfehn.de\/wp-content\/uploads\/2024\/03\/20240310_103908-768x1024.jpg 768w, https:\/\/christuskirche-elisabethfehn.de\/wp-content\/uploads\/2024\/03\/20240310_103908-225x300.jpg 225w, https:\/\/christuskirche-elisabethfehn.de\/wp-content\/uploads\/2024\/03\/20240310_103908-1152x1536.jpg 1152w, https:\/\/christuskirche-elisabethfehn.de\/wp-content\/uploads\/2024\/03\/20240310_103908-1536x2048.jpg 1536w, https:\/\/christuskirche-elisabethfehn.de\/wp-content\/uploads\/2024\/03\/20240310_103908-750x1000.jpg 750w, https:\/\/christuskirche-elisabethfehn.de\/wp-content\/uploads\/2024\/03\/20240310_103908-scaled.jpg 1920w\" sizes=\"auto, (max-width: 768px) 100vw, 768px\" \/><\/figure>\n\n\n\n<figure class=\"wp-block-image size-large\"><img loading=\"lazy\" decoding=\"async\" width=\"768\" height=\"1024\" data-id=\"2703\" src=\"https:\/\/christuskirche-elisabethfehn.de\/wp-content\/uploads\/2024\/03\/20240310_104755-768x1024.jpg\" alt=\"\" class=\"wp-image-2703\" srcset=\"https:\/\/christuskirche-elisabethfehn.de\/wp-content\/uploads\/2024\/03\/20240310_104755-768x1024.jpg 768w, https:\/\/christuskirche-elisabethfehn.de\/wp-content\/uploads\/2024\/03\/20240310_104755-225x300.jpg 225w, https:\/\/christuskirche-elisabethfehn.de\/wp-content\/uploads\/2024\/03\/20240310_104755-1152x1536.jpg 1152w, https:\/\/christuskirche-elisabethfehn.de\/wp-content\/uploads\/2024\/03\/20240310_104755-1536x2048.jpg 1536w, https:\/\/christuskirche-elisabethfehn.de\/wp-content\/uploads\/2024\/03\/20240310_104755-750x1000.jpg 750w, https:\/\/christuskirche-elisabethfehn.de\/wp-content\/uploads\/2024\/03\/20240310_104755-scaled.jpg 1920w\" sizes=\"auto, (max-width: 768px) 100vw, 768px\" \/><\/figure>\n\n\n\n<figure class=\"wp-block-image size-large\"><img loading=\"lazy\" decoding=\"async\" width=\"768\" height=\"1024\" data-id=\"2701\" src=\"https:\/\/christuskirche-elisabethfehn.de\/wp-content\/uploads\/2024\/03\/20240310_104759-768x1024.jpg\" alt=\"\" class=\"wp-image-2701\" srcset=\"https:\/\/christuskirche-elisabethfehn.de\/wp-content\/uploads\/2024\/03\/20240310_104759-768x1024.jpg 768w, https:\/\/christuskirche-elisabethfehn.de\/wp-content\/uploads\/2024\/03\/20240310_104759-225x300.jpg 225w, https:\/\/christuskirche-elisabethfehn.de\/wp-content\/uploads\/2024\/03\/20240310_104759-1152x1536.jpg 1152w, https:\/\/christuskirche-elisabethfehn.de\/wp-content\/uploads\/2024\/03\/20240310_104759-1536x2048.jpg 1536w, https:\/\/christuskirche-elisabethfehn.de\/wp-content\/uploads\/2024\/03\/20240310_104759-750x1000.jpg 750w, https:\/\/christuskirche-elisabethfehn.de\/wp-content\/uploads\/2024\/03\/20240310_104759-scaled.jpg 1920w\" sizes=\"auto, (max-width: 768px) 100vw, 768px\" \/><\/figure>\n<\/figure>\n\n\n\n<p class=\"has-larger-font-size\"><strong>Gemeindekirchenratswahl<\/strong><\/p>\n\n\n\n<p>Am Sonntag wurde der Gemeindekirchenrat f\u00fcr die n\u00e4chsten 6 Jahre gew\u00e4hlt. Die Einf\u00fchrung wird im Juni 2024 in einem Festgottesdienst stattfinden.<\/p>\n\n\n\n<p>Hier das Wahlergebnis:<\/p>\n\n\n<div class=\"wp-block-image\">\n<figure class=\"aligncenter size-large is-resized\"><img loading=\"lazy\" decoding=\"async\" width=\"651\" height=\"1024\" src=\"https:\/\/christuskirche-elisabethfehn.de\/wp-content\/uploads\/2024\/03\/Wahl24-651x1024.png\" alt=\"\" class=\"wp-image-2690\" style=\"width:457px;height:719px\" srcset=\"https:\/\/christuskirche-elisabethfehn.de\/wp-content\/uploads\/2024\/03\/Wahl24-651x1024.png 651w, https:\/\/christuskirche-elisabethfehn.de\/wp-content\/uploads\/2024\/03\/Wahl24-191x300.png 191w, https:\/\/christuskirche-elisabethfehn.de\/wp-content\/uploads\/2024\/03\/Wahl24-768x1208.png 768w, https:\/\/christuskirche-elisabethfehn.de\/wp-content\/uploads\/2024\/03\/Wahl24-750x1180.png 750w, https:\/\/christuskirche-elisabethfehn.de\/wp-content\/uploads\/2024\/03\/Wahl24.png 790w\" sizes=\"auto, (max-width: 651px) 100vw, 651px\" \/><\/figure><\/div>\n\n\n<p class=\"has-larger-font-size\"><strong>Wir freuen uns \u00fcber die Einf\u00fchrung <\/strong><\/p>\n\n\n\n<p class=\"has-larger-font-size\"><strong>des katholischen Pfarrers Christian W\u00f6lke in Bar\u00dfel <\/strong><\/p>\n\n\n\n<p class=\"has-larger-font-size\"><strong>und gratulieren herzlich!<\/strong><\/p>\n\n\n\n<figure class=\"wp-block-image size-large\"><img loading=\"lazy\" decoding=\"async\" width=\"1024\" height=\"681\" src=\"https:\/\/christuskirche-elisabethfehn.de\/wp-content\/uploads\/2024\/03\/IMG_5745-1024x681.jpg\" alt=\"\" class=\"wp-image-2694\" srcset=\"https:\/\/christuskirche-elisabethfehn.de\/wp-content\/uploads\/2024\/03\/IMG_5745-1024x681.jpg 1024w, https:\/\/christuskirche-elisabethfehn.de\/wp-content\/uploads\/2024\/03\/IMG_5745-300x200.jpg 300w, https:\/\/christuskirche-elisabethfehn.de\/wp-content\/uploads\/2024\/03\/IMG_5745-768x511.jpg 768w, https:\/\/christuskirche-elisabethfehn.de\/wp-content\/uploads\/2024\/03\/IMG_5745-1536x1022.jpg 1536w, https:\/\/christuskirche-elisabethfehn.de\/wp-content\/uploads\/2024\/03\/IMG_5745-2048x1363.jpg 2048w, https:\/\/christuskirche-elisabethfehn.de\/wp-content\/uploads\/2024\/03\/IMG_5745-750x499.jpg 750w\" sizes=\"auto, (max-width: 1024px) 100vw, 1024px\" \/><\/figure>\n\n\n\n<p>Foto: Passmann<\/p>\n\n\n\n<h2 class=\"wp-block-heading\">Die Jugendgruppe war am 29. Februar 2024 bowlen<\/h2>\n\n\n\n<figure class=\"wp-block-gallery has-nested-images columns-default is-cropped wp-block-gallery-24 is-layout-flex wp-block-gallery-is-layout-flex\">\n<figure class=\"wp-block-image size-large\"><img loading=\"lazy\" decoding=\"async\" width=\"768\" height=\"1024\" data-id=\"2686\" src=\"https:\/\/christuskirche-elisabethfehn.de\/wp-content\/uploads\/2024\/03\/IMG-20240229-WA0003-768x1024.jpg\" alt=\"\" class=\"wp-image-2686\" srcset=\"https:\/\/christuskirche-elisabethfehn.de\/wp-content\/uploads\/2024\/03\/IMG-20240229-WA0003-768x1024.jpg 768w, https:\/\/christuskirche-elisabethfehn.de\/wp-content\/uploads\/2024\/03\/IMG-20240229-WA0003-225x300.jpg 225w, https:\/\/christuskirche-elisabethfehn.de\/wp-content\/uploads\/2024\/03\/IMG-20240229-WA0003-1152x1536.jpg 1152w, https:\/\/christuskirche-elisabethfehn.de\/wp-content\/uploads\/2024\/03\/IMG-20240229-WA0003-750x1000.jpg 750w, https:\/\/christuskirche-elisabethfehn.de\/wp-content\/uploads\/2024\/03\/IMG-20240229-WA0003.jpg 1200w\" sizes=\"auto, (max-width: 768px) 100vw, 768px\" \/><\/figure>\n\n\n\n<figure class=\"wp-block-image size-large\"><img loading=\"lazy\" decoding=\"async\" width=\"768\" height=\"1024\" data-id=\"2684\" src=\"https:\/\/christuskirche-elisabethfehn.de\/wp-content\/uploads\/2024\/03\/IMG-20240229-WA0004-768x1024.jpg\" alt=\"\" class=\"wp-image-2684\" srcset=\"https:\/\/christuskirche-elisabethfehn.de\/wp-content\/uploads\/2024\/03\/IMG-20240229-WA0004-768x1024.jpg 768w, https:\/\/christuskirche-elisabethfehn.de\/wp-content\/uploads\/2024\/03\/IMG-20240229-WA0004-225x300.jpg 225w, https:\/\/christuskirche-elisabethfehn.de\/wp-content\/uploads\/2024\/03\/IMG-20240229-WA0004-1152x1536.jpg 1152w, https:\/\/christuskirche-elisabethfehn.de\/wp-content\/uploads\/2024\/03\/IMG-20240229-WA0004-750x1000.jpg 750w, https:\/\/christuskirche-elisabethfehn.de\/wp-content\/uploads\/2024\/03\/IMG-20240229-WA0004.jpg 1200w\" sizes=\"auto, (max-width: 768px) 100vw, 768px\" \/><\/figure>\n\n\n\n<figure class=\"wp-block-image size-large\"><img loading=\"lazy\" decoding=\"async\" width=\"768\" height=\"1024\" data-id=\"2685\" src=\"https:\/\/christuskirche-elisabethfehn.de\/wp-content\/uploads\/2024\/03\/IMG-20240229-WA0005-1-768x1024.jpg\" alt=\"\" class=\"wp-image-2685\" srcset=\"https:\/\/christuskirche-elisabethfehn.de\/wp-content\/uploads\/2024\/03\/IMG-20240229-WA0005-1-768x1024.jpg 768w, https:\/\/christuskirche-elisabethfehn.de\/wp-content\/uploads\/2024\/03\/IMG-20240229-WA0005-1-225x300.jpg 225w, https:\/\/christuskirche-elisabethfehn.de\/wp-content\/uploads\/2024\/03\/IMG-20240229-WA0005-1-1152x1536.jpg 1152w, https:\/\/christuskirche-elisabethfehn.de\/wp-content\/uploads\/2024\/03\/IMG-20240229-WA0005-1-750x1000.jpg 750w, https:\/\/christuskirche-elisabethfehn.de\/wp-content\/uploads\/2024\/03\/IMG-20240229-WA0005-1.jpg 1200w\" sizes=\"auto, (max-width: 768px) 100vw, 768px\" \/><\/figure>\n<\/figure>\n\n\n\n<h2 class=\"wp-block-heading\">Konfer am 27. Februar 2024<\/h2>\n\n\n\n<figure class=\"wp-block-image size-large\"><img loading=\"lazy\" decoding=\"async\" width=\"1024\" height=\"768\" src=\"https:\/\/christuskirche-elisabethfehn.de\/wp-content\/uploads\/2024\/02\/27.02.2024-1024x768.jpg\" alt=\"\" class=\"wp-image-2678\" srcset=\"https:\/\/christuskirche-elisabethfehn.de\/wp-content\/uploads\/2024\/02\/27.02.2024-1024x768.jpg 1024w, https:\/\/christuskirche-elisabethfehn.de\/wp-content\/uploads\/2024\/02\/27.02.2024-300x225.jpg 300w, https:\/\/christuskirche-elisabethfehn.de\/wp-content\/uploads\/2024\/02\/27.02.2024-768x576.jpg 768w, https:\/\/christuskirche-elisabethfehn.de\/wp-content\/uploads\/2024\/02\/27.02.2024-1536x1152.jpg 1536w, https:\/\/christuskirche-elisabethfehn.de\/wp-content\/uploads\/2024\/02\/27.02.2024-750x563.jpg 750w, https:\/\/christuskirche-elisabethfehn.de\/wp-content\/uploads\/2024\/02\/27.02.2024.jpg 2048w\" sizes=\"auto, (max-width: 1024px) 100vw, 1024px\" \/><\/figure>\n\n\n\n<p><\/p>\n\n\n\n<h2 class=\"wp-block-heading\">Die Auftaktveranstaltung der Aktion &#8222;Bar\u00dfel zeigt Flagge gegen Rechtsextremismus&#8220;: Tolle Redebeitr\u00e4ge und gute Beteiligung!<\/h2>\n\n\n\n<figure class=\"wp-block-image size-large\"><img loading=\"lazy\" decoding=\"async\" width=\"1024\" height=\"473\" src=\"https:\/\/christuskirche-elisabethfehn.de\/wp-content\/uploads\/2024\/02\/WhatsApp-Image-2024-02-24-at-14.16.36-2-1024x473.jpeg\" alt=\"\" class=\"wp-image-2671\" srcset=\"https:\/\/christuskirche-elisabethfehn.de\/wp-content\/uploads\/2024\/02\/WhatsApp-Image-2024-02-24-at-14.16.36-2-1024x473.jpeg 1024w, https:\/\/christuskirche-elisabethfehn.de\/wp-content\/uploads\/2024\/02\/WhatsApp-Image-2024-02-24-at-14.16.36-2-300x139.jpeg 300w, https:\/\/christuskirche-elisabethfehn.de\/wp-content\/uploads\/2024\/02\/WhatsApp-Image-2024-02-24-at-14.16.36-2-768x355.jpeg 768w, https:\/\/christuskirche-elisabethfehn.de\/wp-content\/uploads\/2024\/02\/WhatsApp-Image-2024-02-24-at-14.16.36-2-1536x710.jpeg 1536w, https:\/\/christuskirche-elisabethfehn.de\/wp-content\/uploads\/2024\/02\/WhatsApp-Image-2024-02-24-at-14.16.36-2-750x346.jpeg 750w, https:\/\/christuskirche-elisabethfehn.de\/wp-content\/uploads\/2024\/02\/WhatsApp-Image-2024-02-24-at-14.16.36-2.jpeg 2048w\" sizes=\"auto, (max-width: 1024px) 100vw, 1024px\" \/><\/figure>\n\n\n<div class=\"wp-block-image\">\n<figure class=\"aligncenter size-large\"><img loading=\"lazy\" decoding=\"async\" width=\"724\" height=\"1024\" src=\"https:\/\/christuskirche-elisabethfehn.de\/wp-content\/uploads\/2024\/02\/WhatsApp-Image-2024-02-12-at-21.49.14-3-1-724x1024.jpeg\" alt=\"\" class=\"wp-image-2669\" srcset=\"https:\/\/christuskirche-elisabethfehn.de\/wp-content\/uploads\/2024\/02\/WhatsApp-Image-2024-02-12-at-21.49.14-3-1-724x1024.jpeg 724w, https:\/\/christuskirche-elisabethfehn.de\/wp-content\/uploads\/2024\/02\/WhatsApp-Image-2024-02-12-at-21.49.14-3-1-212x300.jpeg 212w, https:\/\/christuskirche-elisabethfehn.de\/wp-content\/uploads\/2024\/02\/WhatsApp-Image-2024-02-12-at-21.49.14-3-1-768x1086.jpeg 768w, https:\/\/christuskirche-elisabethfehn.de\/wp-content\/uploads\/2024\/02\/WhatsApp-Image-2024-02-12-at-21.49.14-3-1-1086x1536.jpeg 1086w, https:\/\/christuskirche-elisabethfehn.de\/wp-content\/uploads\/2024\/02\/WhatsApp-Image-2024-02-12-at-21.49.14-3-1-750x1061.jpeg 750w, https:\/\/christuskirche-elisabethfehn.de\/wp-content\/uploads\/2024\/02\/WhatsApp-Image-2024-02-12-at-21.49.14-3-1.jpeg 1131w\" sizes=\"auto, (max-width: 724px) 100vw, 724px\" \/><\/figure><\/div>\n\n\n<h2 class=\"wp-block-heading\">Gemeindekirchenratswahlen am 10. M\u00e4rz 2024<\/h2>\n\n\n\n<p>Am 10. M\u00e4rz 2024 wird ein neuer Gemeindekirchenrat gew\u00e4hlt. Wir freuen uns, wenn viele Menschen w\u00e4hlen!<\/p>\n\n\n\n<p>Wenn sie Fragen haben, wenden Sie sich gerne pers\u00f6nlich, telefonisch oder per Mail an uns!<\/p>\n\n\n\n<p><\/p>\n\n\n\n<div data-wp-interactive=\"core\/file\" class=\"wp-block-file\"><object data-wp-bind--hidden=\"!state.hasPdfPreview\" hidden class=\"wp-block-file__embed\" data=\"https:\/\/christuskirche-elisabethfehn.de\/wp-content\/uploads\/2024\/02\/Kandidatenflyer_121_23-12-06-115853.pdf\" type=\"application\/pdf\" style=\"width:100%;height:600px\" aria-label=\"Einbettung von Kandidatenflyer_121_23-12-06-115853.\"><\/object><a id=\"wp-block-file--media-029a31a2-0740-45fa-ba8f-00ee7e4ae042\" href=\"https:\/\/christuskirche-elisabethfehn.de\/wp-content\/uploads\/2024\/02\/Kandidatenflyer_121_23-12-06-115853.pdf\">Kandidatenflyer_121_23-12-06-115853<\/a><a href=\"https:\/\/christuskirche-elisabethfehn.de\/wp-content\/uploads\/2024\/02\/Kandidatenflyer_121_23-12-06-115853.pdf\" class=\"wp-block-file__button wp-element-button\" download aria-describedby=\"wp-block-file--media-029a31a2-0740-45fa-ba8f-00ee7e4ae042\">Herunterladen<\/a><\/div>\n\n\n\n<h2 class=\"wp-block-heading\">Kinderkirche am 11.02.2024<\/h2>\n\n\n\n<figure class=\"wp-block-gallery has-nested-images columns-default is-cropped wp-block-gallery-25 is-layout-flex wp-block-gallery-is-layout-flex\">\n<figure class=\"wp-block-image size-large\"><img loading=\"lazy\" decoding=\"async\" width=\"769\" height=\"1024\" data-id=\"2651\" src=\"https:\/\/christuskirche-elisabethfehn.de\/wp-content\/uploads\/2024\/02\/IMG-20240211-WA0007-769x1024.jpg\" alt=\"\" class=\"wp-image-2651\" srcset=\"https:\/\/christuskirche-elisabethfehn.de\/wp-content\/uploads\/2024\/02\/IMG-20240211-WA0007-769x1024.jpg 769w, https:\/\/christuskirche-elisabethfehn.de\/wp-content\/uploads\/2024\/02\/IMG-20240211-WA0007-225x300.jpg 225w, https:\/\/christuskirche-elisabethfehn.de\/wp-content\/uploads\/2024\/02\/IMG-20240211-WA0007-768x1023.jpg 768w, https:\/\/christuskirche-elisabethfehn.de\/wp-content\/uploads\/2024\/02\/IMG-20240211-WA0007-1153x1536.jpg 1153w, https:\/\/christuskirche-elisabethfehn.de\/wp-content\/uploads\/2024\/02\/IMG-20240211-WA0007-750x999.jpg 750w, https:\/\/christuskirche-elisabethfehn.de\/wp-content\/uploads\/2024\/02\/IMG-20240211-WA0007.jpg 1537w\" sizes=\"auto, (max-width: 769px) 100vw, 769px\" \/><\/figure>\n\n\n\n<figure class=\"wp-block-image size-large\"><img loading=\"lazy\" decoding=\"async\" width=\"769\" height=\"1024\" data-id=\"2650\" src=\"https:\/\/christuskirche-elisabethfehn.de\/wp-content\/uploads\/2024\/02\/IMG-20240211-WA0008-769x1024.jpg\" alt=\"\" class=\"wp-image-2650\" srcset=\"https:\/\/christuskirche-elisabethfehn.de\/wp-content\/uploads\/2024\/02\/IMG-20240211-WA0008-769x1024.jpg 769w, https:\/\/christuskirche-elisabethfehn.de\/wp-content\/uploads\/2024\/02\/IMG-20240211-WA0008-225x300.jpg 225w, https:\/\/christuskirche-elisabethfehn.de\/wp-content\/uploads\/2024\/02\/IMG-20240211-WA0008-768x1023.jpg 768w, https:\/\/christuskirche-elisabethfehn.de\/wp-content\/uploads\/2024\/02\/IMG-20240211-WA0008-1153x1536.jpg 1153w, https:\/\/christuskirche-elisabethfehn.de\/wp-content\/uploads\/2024\/02\/IMG-20240211-WA0008-750x999.jpg 750w, https:\/\/christuskirche-elisabethfehn.de\/wp-content\/uploads\/2024\/02\/IMG-20240211-WA0008.jpg 1537w\" sizes=\"auto, (max-width: 769px) 100vw, 769px\" \/><\/figure>\n\n\n\n<figure class=\"wp-block-image size-large\"><img loading=\"lazy\" decoding=\"async\" width=\"769\" height=\"1024\" data-id=\"2652\" src=\"https:\/\/christuskirche-elisabethfehn.de\/wp-content\/uploads\/2024\/02\/IMG-20240211-WA0009-769x1024.jpg\" alt=\"\" class=\"wp-image-2652\" srcset=\"https:\/\/christuskirche-elisabethfehn.de\/wp-content\/uploads\/2024\/02\/IMG-20240211-WA0009-769x1024.jpg 769w, https:\/\/christuskirche-elisabethfehn.de\/wp-content\/uploads\/2024\/02\/IMG-20240211-WA0009-225x300.jpg 225w, https:\/\/christuskirche-elisabethfehn.de\/wp-content\/uploads\/2024\/02\/IMG-20240211-WA0009-768x1023.jpg 768w, https:\/\/christuskirche-elisabethfehn.de\/wp-content\/uploads\/2024\/02\/IMG-20240211-WA0009-1153x1536.jpg 1153w, https:\/\/christuskirche-elisabethfehn.de\/wp-content\/uploads\/2024\/02\/IMG-20240211-WA0009-750x999.jpg 750w, https:\/\/christuskirche-elisabethfehn.de\/wp-content\/uploads\/2024\/02\/IMG-20240211-WA0009.jpg 1537w\" sizes=\"auto, (max-width: 769px) 100vw, 769px\" \/><\/figure>\n<\/figure>\n\n\n\n<h2 class=\"wp-block-heading\">Jungschar am 09.01.2024<\/h2>\n\n\n\n<figure class=\"wp-block-image size-large\"><img loading=\"lazy\" decoding=\"async\" width=\"768\" height=\"1024\" src=\"https:\/\/christuskirche-elisabethfehn.de\/wp-content\/uploads\/2024\/02\/09.02.2024-768x1024.jpg\" alt=\"\" class=\"wp-image-2648\" srcset=\"https:\/\/christuskirche-elisabethfehn.de\/wp-content\/uploads\/2024\/02\/09.02.2024-768x1024.jpg 768w, https:\/\/christuskirche-elisabethfehn.de\/wp-content\/uploads\/2024\/02\/09.02.2024-225x300.jpg 225w, https:\/\/christuskirche-elisabethfehn.de\/wp-content\/uploads\/2024\/02\/09.02.2024-1152x1536.jpg 1152w, https:\/\/christuskirche-elisabethfehn.de\/wp-content\/uploads\/2024\/02\/09.02.2024-1536x2048.jpg 1536w, https:\/\/christuskirche-elisabethfehn.de\/wp-content\/uploads\/2024\/02\/09.02.2024-750x1000.jpg 750w, https:\/\/christuskirche-elisabethfehn.de\/wp-content\/uploads\/2024\/02\/09.02.2024-scaled.jpg 1920w\" sizes=\"auto, (max-width: 768px) 100vw, 768px\" \/><\/figure>\n\n\n\n<h2 class=\"wp-block-heading\">In der Jungschar wurden am 19.01.2024 Tiermasken gebastelt<\/h2>\n\n\n\n<figure class=\"wp-block-gallery has-nested-images columns-default is-cropped wp-block-gallery-26 is-layout-flex wp-block-gallery-is-layout-flex\">\n<figure class=\"wp-block-image size-large\"><img loading=\"lazy\" decoding=\"async\" width=\"1024\" height=\"768\" data-id=\"2641\" src=\"https:\/\/christuskirche-elisabethfehn.de\/wp-content\/uploads\/2024\/01\/IMG-20240119-WA0001-1024x768.jpg\" alt=\"\" class=\"wp-image-2641\" srcset=\"https:\/\/christuskirche-elisabethfehn.de\/wp-content\/uploads\/2024\/01\/IMG-20240119-WA0001-1024x768.jpg 1024w, https:\/\/christuskirche-elisabethfehn.de\/wp-content\/uploads\/2024\/01\/IMG-20240119-WA0001-300x225.jpg 300w, https:\/\/christuskirche-elisabethfehn.de\/wp-content\/uploads\/2024\/01\/IMG-20240119-WA0001-768x576.jpg 768w, https:\/\/christuskirche-elisabethfehn.de\/wp-content\/uploads\/2024\/01\/IMG-20240119-WA0001-1536x1152.jpg 1536w, https:\/\/christuskirche-elisabethfehn.de\/wp-content\/uploads\/2024\/01\/IMG-20240119-WA0001-750x563.jpg 750w, https:\/\/christuskirche-elisabethfehn.de\/wp-content\/uploads\/2024\/01\/IMG-20240119-WA0001.jpg 1600w\" sizes=\"auto, (max-width: 1024px) 100vw, 1024px\" \/><\/figure>\n\n\n\n<figure class=\"wp-block-image size-large\"><img loading=\"lazy\" decoding=\"async\" width=\"1024\" height=\"768\" data-id=\"2640\" src=\"https:\/\/christuskirche-elisabethfehn.de\/wp-content\/uploads\/2024\/01\/IMG-20240119-WA0005-1024x768.jpg\" alt=\"\" class=\"wp-image-2640\" srcset=\"https:\/\/christuskirche-elisabethfehn.de\/wp-content\/uploads\/2024\/01\/IMG-20240119-WA0005-1024x768.jpg 1024w, https:\/\/christuskirche-elisabethfehn.de\/wp-content\/uploads\/2024\/01\/IMG-20240119-WA0005-300x225.jpg 300w, https:\/\/christuskirche-elisabethfehn.de\/wp-content\/uploads\/2024\/01\/IMG-20240119-WA0005-768x576.jpg 768w, https:\/\/christuskirche-elisabethfehn.de\/wp-content\/uploads\/2024\/01\/IMG-20240119-WA0005-1536x1152.jpg 1536w, https:\/\/christuskirche-elisabethfehn.de\/wp-content\/uploads\/2024\/01\/IMG-20240119-WA0005-750x563.jpg 750w, https:\/\/christuskirche-elisabethfehn.de\/wp-content\/uploads\/2024\/01\/IMG-20240119-WA0005.jpg 1600w\" sizes=\"auto, (max-width: 1024px) 100vw, 1024px\" \/><\/figure>\n<\/figure>\n\n\n\n<p><\/p>\n\n\n\n<h2 class=\"wp-block-heading\">Mitarbeiter Neujahrsempfang am 19.01.2024<\/h2>\n\n\n\n<figure class=\"wp-block-image size-large\"><img loading=\"lazy\" decoding=\"async\" width=\"1024\" height=\"683\" src=\"https:\/\/christuskirche-elisabethfehn.de\/wp-content\/uploads\/2024\/02\/MA-Feier-2024-1024x683.jpg\" alt=\"\" class=\"wp-image-2649\" srcset=\"https:\/\/christuskirche-elisabethfehn.de\/wp-content\/uploads\/2024\/02\/MA-Feier-2024-1024x683.jpg 1024w, https:\/\/christuskirche-elisabethfehn.de\/wp-content\/uploads\/2024\/02\/MA-Feier-2024-300x200.jpg 300w, https:\/\/christuskirche-elisabethfehn.de\/wp-content\/uploads\/2024\/02\/MA-Feier-2024-768x512.jpg 768w, https:\/\/christuskirche-elisabethfehn.de\/wp-content\/uploads\/2024\/02\/MA-Feier-2024-1536x1024.jpg 1536w, https:\/\/christuskirche-elisabethfehn.de\/wp-content\/uploads\/2024\/02\/MA-Feier-2024-2048x1365.jpg 2048w, https:\/\/christuskirche-elisabethfehn.de\/wp-content\/uploads\/2024\/02\/MA-Feier-2024-750x500.jpg 750w\" sizes=\"auto, (max-width: 1024px) 100vw, 1024px\" \/><\/figure>\n\n\n\n<h2 class=\"wp-block-heading\">Neujahrskonzert &#8222;DreyBartLang&#8220; am 14. Januar 2024 <\/h2>\n\n\n\n<figure class=\"wp-block-image size-large\"><img loading=\"lazy\" decoding=\"async\" width=\"1024\" height=\"683\" src=\"https:\/\/christuskirche-elisabethfehn.de\/wp-content\/uploads\/2024\/01\/DreyBartLang-14.01.2024-1024x683.jpg\" alt=\"\" class=\"wp-image-2631\" srcset=\"https:\/\/christuskirche-elisabethfehn.de\/wp-content\/uploads\/2024\/01\/DreyBartLang-14.01.2024-1024x683.jpg 1024w, https:\/\/christuskirche-elisabethfehn.de\/wp-content\/uploads\/2024\/01\/DreyBartLang-14.01.2024-300x200.jpg 300w, https:\/\/christuskirche-elisabethfehn.de\/wp-content\/uploads\/2024\/01\/DreyBartLang-14.01.2024-768x512.jpg 768w, https:\/\/christuskirche-elisabethfehn.de\/wp-content\/uploads\/2024\/01\/DreyBartLang-14.01.2024-750x500.jpg 750w, https:\/\/christuskirche-elisabethfehn.de\/wp-content\/uploads\/2024\/01\/DreyBartLang-14.01.2024.jpg 1500w\" sizes=\"auto, (max-width: 1024px) 100vw, 1024px\" \/><\/figure>\n","protected":false},"excerpt":{"rendered":"<p>Weihnachten 2024 M\u00e4nnerbasteln am 18.12.2024 Weihnachtsmarkt Efehn 2024 Familiengottesdienst 1. Advent Konzert am 1. Advent in der Christuskirche Laternenumzug zum Martinsfest am 09.November 2024 Am 27. Oktober fanden die Jubelkonfirmationen statt! M\u00e4nnersache am 12.09.2024 Gemeindefr\u00fchst\u00fcck am 11.09.2024 Konfi-Tag in Vechta 07.09.2024 Nach den Sommerferien haben sich alle Gemeindegruppen wieder getroffen. Hier einige Eindr\u00fccke: Am 16. &hellip; <\/p>\n<p><a class=\"more-link btn\" href=\"https:\/\/christuskirche-elisabethfehn.de\/willkommen\/fotos-2024\/\">Weiterlesen<\/a><\/p>\n","protected":false},"author":1,"featured_media":0,"parent":0,"menu_order":0,"comment_status":"closed","ping_status":"closed","template":"","meta":{"footnotes":""},"class_list":["post-2707","page","type-page","status-publish","hentry","nodate","item-wrap"],"_links":{"self":[{"href":"https:\/\/christuskirche-elisabethfehn.de\/willkommen\/wp-json\/wp\/v2\/pages\/2707","targetHints":{"allow":["GET"]}}],"collection":[{"href":"https:\/\/christuskirche-elisabethfehn.de\/willkommen\/wp-json\/wp\/v2\/pages"}],"about":[{"href":"https:\/\/christuskirche-elisabethfehn.de\/willkommen\/wp-json\/wp\/v2\/types\/page"}],"author":[{"embeddable":true,"href":"https:\/\/christuskirche-elisabethfehn.de\/willkommen\/wp-json\/wp\/v2\/users\/1"}],"replies":[{"embeddable":true,"href":"https:\/\/christuskirche-elisabethfehn.de\/willkommen\/wp-json\/wp\/v2\/comments?post=2707"}],"version-history":[{"count":8,"href":"https:\/\/christuskirche-elisabethfehn.de\/willkommen\/wp-json\/wp\/v2\/pages\/2707\/revisions"}],"predecessor-version":[{"id":3288,"href":"https:\/\/christuskirche-elisabethfehn.de\/willkommen\/wp-json\/wp\/v2\/pages\/2707\/revisions\/3288"}],"wp:attachment":[{"href":"https:\/\/christuskirche-elisabethfehn.de\/willkommen\/wp-json\/wp\/v2\/media?parent=2707"}],"curies":[{"name":"wp","href":"https:\/\/api.w.org\/{rel}","templated":true}]}}