{"id":3582,"date":"2026-09-02T12:35:12","date_gmt":"2026-09-02T12:35:12","guid":{"rendered":"https:\/\/christuskirche-elisabethfehn.de\/willkommen\/?page_id=3582"},"modified":"2026-09-02T12:40:10","modified_gmt":"2026-09-02T12:40:10","slug":"fotos-2025","status":"publish","type":"page","link":"https:\/\/christuskirche-elisabethfehn.de\/willkommen\/fotos-2025\/","title":{"rendered":"Fotos 2025"},"content":{"rendered":"\n<h2 class=\"wp-block-heading\">Der Weihnachtsbaum steht in der Christuskirche &#8211; vielen Dank an alle Helfer und den Spender! <\/h2>\n\n\n\n<figure class=\"wp-block-image size-large\"><img loading=\"lazy\" decoding=\"async\" width=\"1024\" height=\"768\" src=\"https:\/\/christuskirche-elisabethfehn.de\/wp-content\/uploads\/2025\/12\/Weihnachtsbaum-2025-1024x768.jpg\" alt=\"\" class=\"wp-image-3424\" srcset=\"https:\/\/christuskirche-elisabethfehn.de\/wp-content\/uploads\/2025\/12\/Weihnachtsbaum-2025-1024x768.jpg 1024w, https:\/\/christuskirche-elisabethfehn.de\/wp-content\/uploads\/2025\/12\/Weihnachtsbaum-2025-300x225.jpg 300w, https:\/\/christuskirche-elisabethfehn.de\/wp-content\/uploads\/2025\/12\/Weihnachtsbaum-2025-768x576.jpg 768w, https:\/\/christuskirche-elisabethfehn.de\/wp-content\/uploads\/2025\/12\/Weihnachtsbaum-2025-1536x1152.jpg 1536w, https:\/\/christuskirche-elisabethfehn.de\/wp-content\/uploads\/2025\/12\/Weihnachtsbaum-2025-2048x1536.jpg 2048w, https:\/\/christuskirche-elisabethfehn.de\/wp-content\/uploads\/2025\/12\/Weihnachtsbaum-2025-750x563.jpg 750w\" sizes=\"auto, (max-width: 1024px) 100vw, 1024px\" \/><\/figure>\n\n\n\n<h2 class=\"wp-block-heading\">Der erste Spatenstich der neuen Friedhofskapelle<\/h2>\n\n\n\n<figure class=\"wp-block-image size-large\"><img loading=\"lazy\" decoding=\"async\" width=\"1024\" height=\"681\" src=\"https:\/\/christuskirche-elisabethfehn.de\/wp-content\/uploads\/2025\/12\/1.-Spatenstich-1024x681.jpg\" alt=\"\" class=\"wp-image-3423\" srcset=\"https:\/\/christuskirche-elisabethfehn.de\/wp-content\/uploads\/2025\/12\/1.-Spatenstich-1024x681.jpg 1024w, https:\/\/christuskirche-elisabethfehn.de\/wp-content\/uploads\/2025\/12\/1.-Spatenstich-300x200.jpg 300w, https:\/\/christuskirche-elisabethfehn.de\/wp-content\/uploads\/2025\/12\/1.-Spatenstich-768x511.jpg 768w, https:\/\/christuskirche-elisabethfehn.de\/wp-content\/uploads\/2025\/12\/1.-Spatenstich-1536x1022.jpg 1536w, https:\/\/christuskirche-elisabethfehn.de\/wp-content\/uploads\/2025\/12\/1.-Spatenstich-2048x1363.jpg 2048w, https:\/\/christuskirche-elisabethfehn.de\/wp-content\/uploads\/2025\/12\/1.-Spatenstich-750x499.jpg 750w\" sizes=\"auto, (max-width: 1024px) 100vw, 1024px\" \/><\/figure>\n\n\n\n<h2 class=\"wp-block-heading\">Die &#8222;M\u00e4nnesache&#8220; hat wieder gebastelt. Wir haben ges\u00e4gt, gefr\u00e4st, gebohrt, geschliffen&#8230;..am Ende haben wir wundersch\u00f6ne, handschmeichelnde Flaschen\u00f6ffner hergestellt.<\/h2>\n\n\n\n<figure class=\"wp-block-gallery has-nested-images columns-default is-cropped wp-block-gallery-1 is-layout-flex wp-block-gallery-is-layout-flex\">\n<figure class=\"wp-block-image size-large\"><img loading=\"lazy\" decoding=\"async\" width=\"1024\" height=\"768\" data-id=\"3412\" src=\"https:\/\/christuskirche-elisabethfehn.de\/wp-content\/uploads\/2025\/11\/PHOTO-2025-11-14-09-06-09-1024x768.jpg\" alt=\"\" class=\"wp-image-3412\" srcset=\"https:\/\/christuskirche-elisabethfehn.de\/wp-content\/uploads\/2025\/11\/PHOTO-2025-11-14-09-06-09-1024x768.jpg 1024w, https:\/\/christuskirche-elisabethfehn.de\/wp-content\/uploads\/2025\/11\/PHOTO-2025-11-14-09-06-09-300x225.jpg 300w, https:\/\/christuskirche-elisabethfehn.de\/wp-content\/uploads\/2025\/11\/PHOTO-2025-11-14-09-06-09-768x576.jpg 768w, https:\/\/christuskirche-elisabethfehn.de\/wp-content\/uploads\/2025\/11\/PHOTO-2025-11-14-09-06-09-1536x1152.jpg 1536w, https:\/\/christuskirche-elisabethfehn.de\/wp-content\/uploads\/2025\/11\/PHOTO-2025-11-14-09-06-09-750x563.jpg 750w, https:\/\/christuskirche-elisabethfehn.de\/wp-content\/uploads\/2025\/11\/PHOTO-2025-11-14-09-06-09.jpg 1600w\" sizes=\"auto, (max-width: 1024px) 100vw, 1024px\" \/><\/figure>\n\n\n\n<figure class=\"wp-block-image size-large\"><img loading=\"lazy\" decoding=\"async\" width=\"1024\" height=\"768\" data-id=\"3411\" src=\"https:\/\/christuskirche-elisabethfehn.de\/wp-content\/uploads\/2025\/11\/PHOTO-2025-11-14-09-06-09-FDA36BD4-265D-46ED-BF03-54BE9641072E-1-1024x768.jpg\" alt=\"\" class=\"wp-image-3411\" srcset=\"https:\/\/christuskirche-elisabethfehn.de\/wp-content\/uploads\/2025\/11\/PHOTO-2025-11-14-09-06-09-FDA36BD4-265D-46ED-BF03-54BE9641072E-1-1024x768.jpg 1024w, https:\/\/christuskirche-elisabethfehn.de\/wp-content\/uploads\/2025\/11\/PHOTO-2025-11-14-09-06-09-FDA36BD4-265D-46ED-BF03-54BE9641072E-1-300x225.jpg 300w, https:\/\/christuskirche-elisabethfehn.de\/wp-content\/uploads\/2025\/11\/PHOTO-2025-11-14-09-06-09-FDA36BD4-265D-46ED-BF03-54BE9641072E-1-768x576.jpg 768w, https:\/\/christuskirche-elisabethfehn.de\/wp-content\/uploads\/2025\/11\/PHOTO-2025-11-14-09-06-09-FDA36BD4-265D-46ED-BF03-54BE9641072E-1-1536x1152.jpg 1536w, https:\/\/christuskirche-elisabethfehn.de\/wp-content\/uploads\/2025\/11\/PHOTO-2025-11-14-09-06-09-FDA36BD4-265D-46ED-BF03-54BE9641072E-1-750x563.jpg 750w, https:\/\/christuskirche-elisabethfehn.de\/wp-content\/uploads\/2025\/11\/PHOTO-2025-11-14-09-06-09-FDA36BD4-265D-46ED-BF03-54BE9641072E-1.jpg 1600w\" sizes=\"auto, (max-width: 1024px) 100vw, 1024px\" \/><\/figure>\n<\/figure>\n\n\n\n<h2 class=\"wp-block-heading\">Weihnachtsp\u00e4ckchenaktion des CHW &#8211; vielen Dank an alle, die P\u00e4ckchen gepackt oder gespendet haben!<\/h2>\n\n\n\n<figure class=\"wp-block-image size-large\"><img loading=\"lazy\" decoding=\"async\" width=\"768\" height=\"1024\" src=\"https:\/\/christuskirche-elisabethfehn.de\/wp-content\/uploads\/2025\/10\/CHW-2025-768x1024.jpg\" alt=\"\" class=\"wp-image-3401\" srcset=\"https:\/\/christuskirche-elisabethfehn.de\/wp-content\/uploads\/2025\/10\/CHW-2025-768x1024.jpg 768w, https:\/\/christuskirche-elisabethfehn.de\/wp-content\/uploads\/2025\/10\/CHW-2025-225x300.jpg 225w, https:\/\/christuskirche-elisabethfehn.de\/wp-content\/uploads\/2025\/10\/CHW-2025-1152x1536.jpg 1152w, https:\/\/christuskirche-elisabethfehn.de\/wp-content\/uploads\/2025\/10\/CHW-2025-1536x2048.jpg 1536w, https:\/\/christuskirche-elisabethfehn.de\/wp-content\/uploads\/2025\/10\/CHW-2025-750x1000.jpg 750w, https:\/\/christuskirche-elisabethfehn.de\/wp-content\/uploads\/2025\/10\/CHW-2025-scaled.jpg 1920w\" sizes=\"auto, (max-width: 768px) 100vw, 768px\" \/><\/figure>\n\n\n\n<h2 class=\"wp-block-heading\">Jubil\u00e4um 125 Jahre Christuskirche<\/h2>\n\n\n\n<figure class=\"wp-block-gallery has-nested-images columns-default is-cropped wp-block-gallery-2 is-layout-flex wp-block-gallery-is-layout-flex\">\n<figure class=\"wp-block-image size-large\"><img loading=\"lazy\" decoding=\"async\" width=\"576\" height=\"1024\" data-id=\"3382\" src=\"https:\/\/christuskirche-elisabethfehn.de\/wp-content\/uploads\/2025\/10\/138B4025-08A2-4837-9A15-9F8A643A411F-576x1024.jpg\" alt=\"\" class=\"wp-image-3382\" srcset=\"https:\/\/christuskirche-elisabethfehn.de\/wp-content\/uploads\/2025\/10\/138B4025-08A2-4837-9A15-9F8A643A411F-576x1024.jpg 576w, https:\/\/christuskirche-elisabethfehn.de\/wp-content\/uploads\/2025\/10\/138B4025-08A2-4837-9A15-9F8A643A411F-169x300.jpg 169w, https:\/\/christuskirche-elisabethfehn.de\/wp-content\/uploads\/2025\/10\/138B4025-08A2-4837-9A15-9F8A643A411F-768x1365.jpg 768w, https:\/\/christuskirche-elisabethfehn.de\/wp-content\/uploads\/2025\/10\/138B4025-08A2-4837-9A15-9F8A643A411F-864x1536.jpg 864w, https:\/\/christuskirche-elisabethfehn.de\/wp-content\/uploads\/2025\/10\/138B4025-08A2-4837-9A15-9F8A643A411F-1152x2048.jpg 1152w, https:\/\/christuskirche-elisabethfehn.de\/wp-content\/uploads\/2025\/10\/138B4025-08A2-4837-9A15-9F8A643A411F-750x1333.jpg 750w, https:\/\/christuskirche-elisabethfehn.de\/wp-content\/uploads\/2025\/10\/138B4025-08A2-4837-9A15-9F8A643A411F-scaled.jpg 1440w\" sizes=\"auto, (max-width: 576px) 100vw, 576px\" \/><\/figure>\n\n\n\n<figure class=\"wp-block-image size-large\"><img loading=\"lazy\" decoding=\"async\" width=\"768\" height=\"1024\" data-id=\"3387\" src=\"https:\/\/christuskirche-elisabethfehn.de\/wp-content\/uploads\/2025\/10\/IMG_4312-768x1024.jpg\" alt=\"\" class=\"wp-image-3387\" srcset=\"https:\/\/christuskirche-elisabethfehn.de\/wp-content\/uploads\/2025\/10\/IMG_4312-768x1024.jpg 768w, https:\/\/christuskirche-elisabethfehn.de\/wp-content\/uploads\/2025\/10\/IMG_4312-225x300.jpg 225w, https:\/\/christuskirche-elisabethfehn.de\/wp-content\/uploads\/2025\/10\/IMG_4312-1536x2048.jpg 1536w, https:\/\/christuskirche-elisabethfehn.de\/wp-content\/uploads\/2025\/10\/IMG_4312-750x1000.jpg 750w, https:\/\/christuskirche-elisabethfehn.de\/wp-content\/uploads\/2025\/10\/IMG_4312-scaled.jpg 1920w\" sizes=\"auto, (max-width: 768px) 100vw, 768px\" \/><\/figure>\n\n\n\n<figure class=\"wp-block-image size-large\"><img loading=\"lazy\" decoding=\"async\" width=\"768\" height=\"1024\" data-id=\"3390\" src=\"https:\/\/christuskirche-elisabethfehn.de\/wp-content\/uploads\/2025\/10\/IMG_4325-768x1024.jpg\" alt=\"\" class=\"wp-image-3390\" srcset=\"https:\/\/christuskirche-elisabethfehn.de\/wp-content\/uploads\/2025\/10\/IMG_4325-768x1024.jpg 768w, https:\/\/christuskirche-elisabethfehn.de\/wp-content\/uploads\/2025\/10\/IMG_4325-225x300.jpg 225w, https:\/\/christuskirche-elisabethfehn.de\/wp-content\/uploads\/2025\/10\/IMG_4325-1536x2048.jpg 1536w, https:\/\/christuskirche-elisabethfehn.de\/wp-content\/uploads\/2025\/10\/IMG_4325-750x1000.jpg 750w, https:\/\/christuskirche-elisabethfehn.de\/wp-content\/uploads\/2025\/10\/IMG_4325-scaled.jpg 1920w\" sizes=\"auto, (max-width: 768px) 100vw, 768px\" \/><\/figure>\n\n\n\n<figure class=\"wp-block-image size-large\"><img loading=\"lazy\" decoding=\"async\" width=\"768\" height=\"1024\" data-id=\"3386\" src=\"https:\/\/christuskirche-elisabethfehn.de\/wp-content\/uploads\/2025\/10\/IMG_4330-768x1024.jpg\" alt=\"\" class=\"wp-image-3386\" srcset=\"https:\/\/christuskirche-elisabethfehn.de\/wp-content\/uploads\/2025\/10\/IMG_4330-768x1024.jpg 768w, https:\/\/christuskirche-elisabethfehn.de\/wp-content\/uploads\/2025\/10\/IMG_4330-225x300.jpg 225w, https:\/\/christuskirche-elisabethfehn.de\/wp-content\/uploads\/2025\/10\/IMG_4330-1152x1536.jpg 1152w, https:\/\/christuskirche-elisabethfehn.de\/wp-content\/uploads\/2025\/10\/IMG_4330-1536x2048.jpg 1536w, https:\/\/christuskirche-elisabethfehn.de\/wp-content\/uploads\/2025\/10\/IMG_4330-750x1000.jpg 750w, https:\/\/christuskirche-elisabethfehn.de\/wp-content\/uploads\/2025\/10\/IMG_4330-scaled.jpg 1920w\" sizes=\"auto, (max-width: 768px) 100vw, 768px\" \/><\/figure>\n\n\n\n<figure class=\"wp-block-image size-large\"><img loading=\"lazy\" decoding=\"async\" width=\"768\" height=\"1024\" data-id=\"3381\" src=\"https:\/\/christuskirche-elisabethfehn.de\/wp-content\/uploads\/2025\/10\/IMG_4368-768x1024.jpg\" alt=\"\" class=\"wp-image-3381\" srcset=\"https:\/\/christuskirche-elisabethfehn.de\/wp-content\/uploads\/2025\/10\/IMG_4368-768x1024.jpg 768w, https:\/\/christuskirche-elisabethfehn.de\/wp-content\/uploads\/2025\/10\/IMG_4368-225x300.jpg 225w, https:\/\/christuskirche-elisabethfehn.de\/wp-content\/uploads\/2025\/10\/IMG_4368-1152x1536.jpg 1152w, https:\/\/christuskirche-elisabethfehn.de\/wp-content\/uploads\/2025\/10\/IMG_4368-1536x2048.jpg 1536w, https:\/\/christuskirche-elisabethfehn.de\/wp-content\/uploads\/2025\/10\/IMG_4368-750x1000.jpg 750w, https:\/\/christuskirche-elisabethfehn.de\/wp-content\/uploads\/2025\/10\/IMG_4368-scaled.jpg 1920w\" sizes=\"auto, (max-width: 768px) 100vw, 768px\" \/><\/figure>\n\n\n\n<figure class=\"wp-block-image size-large\"><img loading=\"lazy\" decoding=\"async\" width=\"768\" height=\"1024\" data-id=\"3388\" src=\"https:\/\/christuskirche-elisabethfehn.de\/wp-content\/uploads\/2025\/10\/IMG_4376-768x1024.jpg\" alt=\"\" class=\"wp-image-3388\" srcset=\"https:\/\/christuskirche-elisabethfehn.de\/wp-content\/uploads\/2025\/10\/IMG_4376-768x1024.jpg 768w, https:\/\/christuskirche-elisabethfehn.de\/wp-content\/uploads\/2025\/10\/IMG_4376-225x300.jpg 225w, https:\/\/christuskirche-elisabethfehn.de\/wp-content\/uploads\/2025\/10\/IMG_4376-1152x1536.jpg 1152w, https:\/\/christuskirche-elisabethfehn.de\/wp-content\/uploads\/2025\/10\/IMG_4376-1536x2048.jpg 1536w, https:\/\/christuskirche-elisabethfehn.de\/wp-content\/uploads\/2025\/10\/IMG_4376-750x1000.jpg 750w, https:\/\/christuskirche-elisabethfehn.de\/wp-content\/uploads\/2025\/10\/IMG_4376-scaled.jpg 1920w\" sizes=\"auto, (max-width: 768px) 100vw, 768px\" \/><\/figure>\n\n\n\n<figure class=\"wp-block-image size-large\"><img loading=\"lazy\" decoding=\"async\" width=\"768\" height=\"1024\" data-id=\"3383\" src=\"https:\/\/christuskirche-elisabethfehn.de\/wp-content\/uploads\/2025\/10\/IMG_4388-768x1024.jpg\" alt=\"\" class=\"wp-image-3383\" srcset=\"https:\/\/christuskirche-elisabethfehn.de\/wp-content\/uploads\/2025\/10\/IMG_4388-768x1024.jpg 768w, https:\/\/christuskirche-elisabethfehn.de\/wp-content\/uploads\/2025\/10\/IMG_4388-225x300.jpg 225w, https:\/\/christuskirche-elisabethfehn.de\/wp-content\/uploads\/2025\/10\/IMG_4388-1152x1536.jpg 1152w, https:\/\/christuskirche-elisabethfehn.de\/wp-content\/uploads\/2025\/10\/IMG_4388-1536x2048.jpg 1536w, https:\/\/christuskirche-elisabethfehn.de\/wp-content\/uploads\/2025\/10\/IMG_4388-750x1000.jpg 750w, https:\/\/christuskirche-elisabethfehn.de\/wp-content\/uploads\/2025\/10\/IMG_4388-scaled.jpg 1920w\" sizes=\"auto, (max-width: 768px) 100vw, 768px\" \/><\/figure>\n\n\n\n<figure class=\"wp-block-image size-large\"><img loading=\"lazy\" decoding=\"async\" width=\"768\" height=\"1024\" data-id=\"3385\" src=\"https:\/\/christuskirche-elisabethfehn.de\/wp-content\/uploads\/2025\/10\/IMG_4391-768x1024.jpg\" alt=\"\" class=\"wp-image-3385\" srcset=\"https:\/\/christuskirche-elisabethfehn.de\/wp-content\/uploads\/2025\/10\/IMG_4391-768x1024.jpg 768w, https:\/\/christuskirche-elisabethfehn.de\/wp-content\/uploads\/2025\/10\/IMG_4391-225x300.jpg 225w, https:\/\/christuskirche-elisabethfehn.de\/wp-content\/uploads\/2025\/10\/IMG_4391-1152x1536.jpg 1152w, https:\/\/christuskirche-elisabethfehn.de\/wp-content\/uploads\/2025\/10\/IMG_4391-1536x2048.jpg 1536w, https:\/\/christuskirche-elisabethfehn.de\/wp-content\/uploads\/2025\/10\/IMG_4391-750x1000.jpg 750w, https:\/\/christuskirche-elisabethfehn.de\/wp-content\/uploads\/2025\/10\/IMG_4391-scaled.jpg 1920w\" sizes=\"auto, (max-width: 768px) 100vw, 768px\" \/><\/figure>\n\n\n\n<figure class=\"wp-block-image size-large\"><img loading=\"lazy\" decoding=\"async\" width=\"768\" height=\"1024\" data-id=\"3384\" src=\"https:\/\/christuskirche-elisabethfehn.de\/wp-content\/uploads\/2025\/10\/IMG_4397-768x1024.jpg\" alt=\"\" class=\"wp-image-3384\" srcset=\"https:\/\/christuskirche-elisabethfehn.de\/wp-content\/uploads\/2025\/10\/IMG_4397-768x1024.jpg 768w, https:\/\/christuskirche-elisabethfehn.de\/wp-content\/uploads\/2025\/10\/IMG_4397-225x300.jpg 225w, https:\/\/christuskirche-elisabethfehn.de\/wp-content\/uploads\/2025\/10\/IMG_4397-1152x1536.jpg 1152w, https:\/\/christuskirche-elisabethfehn.de\/wp-content\/uploads\/2025\/10\/IMG_4397-1536x2048.jpg 1536w, https:\/\/christuskirche-elisabethfehn.de\/wp-content\/uploads\/2025\/10\/IMG_4397-750x1000.jpg 750w, https:\/\/christuskirche-elisabethfehn.de\/wp-content\/uploads\/2025\/10\/IMG_4397-scaled.jpg 1920w\" sizes=\"auto, (max-width: 768px) 100vw, 768px\" \/><\/figure>\n\n\n\n<figure class=\"wp-block-image size-large\"><img loading=\"lazy\" decoding=\"async\" width=\"768\" height=\"1024\" data-id=\"3389\" src=\"https:\/\/christuskirche-elisabethfehn.de\/wp-content\/uploads\/2025\/10\/IMG_4399-768x1024.jpg\" alt=\"\" class=\"wp-image-3389\" srcset=\"https:\/\/christuskirche-elisabethfehn.de\/wp-content\/uploads\/2025\/10\/IMG_4399-768x1024.jpg 768w, https:\/\/christuskirche-elisabethfehn.de\/wp-content\/uploads\/2025\/10\/IMG_4399-225x300.jpg 225w, https:\/\/christuskirche-elisabethfehn.de\/wp-content\/uploads\/2025\/10\/IMG_4399-1152x1536.jpg 1152w, https:\/\/christuskirche-elisabethfehn.de\/wp-content\/uploads\/2025\/10\/IMG_4399-1536x2048.jpg 1536w, https:\/\/christuskirche-elisabethfehn.de\/wp-content\/uploads\/2025\/10\/IMG_4399-750x1000.jpg 750w, https:\/\/christuskirche-elisabethfehn.de\/wp-content\/uploads\/2025\/10\/IMG_4399-scaled.jpg 1920w\" sizes=\"auto, (max-width: 768px) 100vw, 768px\" \/><\/figure>\n\n\n\n<figure class=\"wp-block-image size-large\"><img loading=\"lazy\" decoding=\"async\" width=\"768\" height=\"1024\" data-id=\"3391\" src=\"https:\/\/christuskirche-elisabethfehn.de\/wp-content\/uploads\/2025\/10\/IMG_4408-768x1024.jpg\" alt=\"\" class=\"wp-image-3391\" srcset=\"https:\/\/christuskirche-elisabethfehn.de\/wp-content\/uploads\/2025\/10\/IMG_4408-768x1024.jpg 768w, https:\/\/christuskirche-elisabethfehn.de\/wp-content\/uploads\/2025\/10\/IMG_4408-225x300.jpg 225w, https:\/\/christuskirche-elisabethfehn.de\/wp-content\/uploads\/2025\/10\/IMG_4408-1152x1536.jpg 1152w, https:\/\/christuskirche-elisabethfehn.de\/wp-content\/uploads\/2025\/10\/IMG_4408-1536x2048.jpg 1536w, https:\/\/christuskirche-elisabethfehn.de\/wp-content\/uploads\/2025\/10\/IMG_4408-750x1000.jpg 750w, https:\/\/christuskirche-elisabethfehn.de\/wp-content\/uploads\/2025\/10\/IMG_4408-scaled.jpg 1920w\" sizes=\"auto, (max-width: 768px) 100vw, 768px\" \/><\/figure>\n\n\n\n<figure class=\"wp-block-image size-large\"><img loading=\"lazy\" decoding=\"async\" width=\"768\" height=\"1024\" data-id=\"3392\" src=\"https:\/\/christuskirche-elisabethfehn.de\/wp-content\/uploads\/2025\/10\/IMG_4421-768x1024.jpg\" alt=\"\" class=\"wp-image-3392\" srcset=\"https:\/\/christuskirche-elisabethfehn.de\/wp-content\/uploads\/2025\/10\/IMG_4421-768x1024.jpg 768w, https:\/\/christuskirche-elisabethfehn.de\/wp-content\/uploads\/2025\/10\/IMG_4421-225x300.jpg 225w, https:\/\/christuskirche-elisabethfehn.de\/wp-content\/uploads\/2025\/10\/IMG_4421-1152x1536.jpg 1152w, https:\/\/christuskirche-elisabethfehn.de\/wp-content\/uploads\/2025\/10\/IMG_4421-1536x2048.jpg 1536w, https:\/\/christuskirche-elisabethfehn.de\/wp-content\/uploads\/2025\/10\/IMG_4421-750x1000.jpg 750w, https:\/\/christuskirche-elisabethfehn.de\/wp-content\/uploads\/2025\/10\/IMG_4421-scaled.jpg 1920w\" sizes=\"auto, (max-width: 768px) 100vw, 768px\" \/><\/figure>\n\n\n\n<figure class=\"wp-block-image size-large\"><img loading=\"lazy\" decoding=\"async\" width=\"768\" height=\"1024\" data-id=\"3395\" src=\"https:\/\/christuskirche-elisabethfehn.de\/wp-content\/uploads\/2025\/10\/IMG_4423-768x1024.jpg\" alt=\"\" class=\"wp-image-3395\" srcset=\"https:\/\/christuskirche-elisabethfehn.de\/wp-content\/uploads\/2025\/10\/IMG_4423-768x1024.jpg 768w, https:\/\/christuskirche-elisabethfehn.de\/wp-content\/uploads\/2025\/10\/IMG_4423-225x300.jpg 225w, https:\/\/christuskirche-elisabethfehn.de\/wp-content\/uploads\/2025\/10\/IMG_4423-1152x1536.jpg 1152w, https:\/\/christuskirche-elisabethfehn.de\/wp-content\/uploads\/2025\/10\/IMG_4423-1536x2048.jpg 1536w, https:\/\/christuskirche-elisabethfehn.de\/wp-content\/uploads\/2025\/10\/IMG_4423-750x1000.jpg 750w, https:\/\/christuskirche-elisabethfehn.de\/wp-content\/uploads\/2025\/10\/IMG_4423-scaled.jpg 1920w\" sizes=\"auto, (max-width: 768px) 100vw, 768px\" \/><\/figure>\n\n\n\n<figure class=\"wp-block-image size-large\"><img loading=\"lazy\" decoding=\"async\" width=\"768\" height=\"1024\" data-id=\"3397\" src=\"https:\/\/christuskirche-elisabethfehn.de\/wp-content\/uploads\/2025\/10\/IMG_4427-768x1024.jpg\" alt=\"\" class=\"wp-image-3397\" srcset=\"https:\/\/christuskirche-elisabethfehn.de\/wp-content\/uploads\/2025\/10\/IMG_4427-768x1024.jpg 768w, https:\/\/christuskirche-elisabethfehn.de\/wp-content\/uploads\/2025\/10\/IMG_4427-225x300.jpg 225w, https:\/\/christuskirche-elisabethfehn.de\/wp-content\/uploads\/2025\/10\/IMG_4427-1152x1536.jpg 1152w, https:\/\/christuskirche-elisabethfehn.de\/wp-content\/uploads\/2025\/10\/IMG_4427-1536x2048.jpg 1536w, https:\/\/christuskirche-elisabethfehn.de\/wp-content\/uploads\/2025\/10\/IMG_4427-750x1000.jpg 750w, https:\/\/christuskirche-elisabethfehn.de\/wp-content\/uploads\/2025\/10\/IMG_4427-scaled.jpg 1920w\" sizes=\"auto, (max-width: 768px) 100vw, 768px\" \/><\/figure>\n\n\n\n<figure class=\"wp-block-image size-large\"><img loading=\"lazy\" decoding=\"async\" width=\"768\" height=\"1024\" data-id=\"3396\" src=\"https:\/\/christuskirche-elisabethfehn.de\/wp-content\/uploads\/2025\/10\/IMG_4441-768x1024.jpg\" alt=\"\" class=\"wp-image-3396\" srcset=\"https:\/\/christuskirche-elisabethfehn.de\/wp-content\/uploads\/2025\/10\/IMG_4441-768x1024.jpg 768w, https:\/\/christuskirche-elisabethfehn.de\/wp-content\/uploads\/2025\/10\/IMG_4441-225x300.jpg 225w, https:\/\/christuskirche-elisabethfehn.de\/wp-content\/uploads\/2025\/10\/IMG_4441-1152x1536.jpg 1152w, https:\/\/christuskirche-elisabethfehn.de\/wp-content\/uploads\/2025\/10\/IMG_4441-1536x2048.jpg 1536w, https:\/\/christuskirche-elisabethfehn.de\/wp-content\/uploads\/2025\/10\/IMG_4441-750x1000.jpg 750w, https:\/\/christuskirche-elisabethfehn.de\/wp-content\/uploads\/2025\/10\/IMG_4441-scaled.jpg 1920w\" sizes=\"auto, (max-width: 768px) 100vw, 768px\" \/><\/figure>\n\n\n\n<figure class=\"wp-block-image size-large\"><img loading=\"lazy\" decoding=\"async\" width=\"768\" height=\"1024\" data-id=\"3393\" src=\"https:\/\/christuskirche-elisabethfehn.de\/wp-content\/uploads\/2025\/10\/IMG_4434-768x1024.jpg\" alt=\"\" class=\"wp-image-3393\" srcset=\"https:\/\/christuskirche-elisabethfehn.de\/wp-content\/uploads\/2025\/10\/IMG_4434-768x1024.jpg 768w, https:\/\/christuskirche-elisabethfehn.de\/wp-content\/uploads\/2025\/10\/IMG_4434-225x300.jpg 225w, https:\/\/christuskirche-elisabethfehn.de\/wp-content\/uploads\/2025\/10\/IMG_4434-1152x1536.jpg 1152w, https:\/\/christuskirche-elisabethfehn.de\/wp-content\/uploads\/2025\/10\/IMG_4434-1536x2048.jpg 1536w, https:\/\/christuskirche-elisabethfehn.de\/wp-content\/uploads\/2025\/10\/IMG_4434-750x1000.jpg 750w, https:\/\/christuskirche-elisabethfehn.de\/wp-content\/uploads\/2025\/10\/IMG_4434-scaled.jpg 1920w\" sizes=\"auto, (max-width: 768px) 100vw, 768px\" \/><\/figure>\n\n\n\n<figure class=\"wp-block-image size-large\"><img loading=\"lazy\" decoding=\"async\" width=\"768\" height=\"1024\" data-id=\"3394\" src=\"https:\/\/christuskirche-elisabethfehn.de\/wp-content\/uploads\/2025\/10\/IMG_4442-768x1024.jpg\" alt=\"\" class=\"wp-image-3394\" srcset=\"https:\/\/christuskirche-elisabethfehn.de\/wp-content\/uploads\/2025\/10\/IMG_4442-768x1024.jpg 768w, https:\/\/christuskirche-elisabethfehn.de\/wp-content\/uploads\/2025\/10\/IMG_4442-225x300.jpg 225w, https:\/\/christuskirche-elisabethfehn.de\/wp-content\/uploads\/2025\/10\/IMG_4442-1152x1536.jpg 1152w, https:\/\/christuskirche-elisabethfehn.de\/wp-content\/uploads\/2025\/10\/IMG_4442-1536x2048.jpg 1536w, https:\/\/christuskirche-elisabethfehn.de\/wp-content\/uploads\/2025\/10\/IMG_4442-750x1000.jpg 750w, https:\/\/christuskirche-elisabethfehn.de\/wp-content\/uploads\/2025\/10\/IMG_4442-scaled.jpg 1920w\" sizes=\"auto, (max-width: 768px) 100vw, 768px\" \/><\/figure>\n<\/figure>\n\n\n\n<h2 class=\"wp-block-heading\">In der Jungschar wurde gebastelt!<\/h2>\n\n\n\n<h2 class=\"wp-block-heading\"><\/h2>\n\n\n\n<h2 class=\"wp-block-heading\">Einladung 125 Jahre Christuskirche<\/h2>\n\n\n\n<div data-wp-interactive=\"core\/file\" class=\"wp-block-file\"><object data-wp-bind--hidden=\"!state.hasPdfPreview\" hidden class=\"wp-block-file__embed\" data=\"https:\/\/christuskirche-elisabethfehn.de\/wp-content\/uploads\/2025\/09\/Einladung-125-Jahre-Christuskirche-1.pdf\" type=\"application\/pdf\" style=\"width:100%;height:600px\" aria-label=\"Einbettung von Einladung 125 Jahre Christuskirche (1).\"><\/object><a id=\"wp-block-file--media-bf2016b5-63aa-4d56-9143-ea9d13f6ccff\" href=\"https:\/\/christuskirche-elisabethfehn.de\/wp-content\/uploads\/2025\/09\/Einladung-125-Jahre-Christuskirche-1.pdf\">Einladung 125 Jahre Christuskirche (1)<\/a><a href=\"https:\/\/christuskirche-elisabethfehn.de\/wp-content\/uploads\/2025\/09\/Einladung-125-Jahre-Christuskirche-1.pdf\" class=\"wp-block-file__button wp-element-button\" download aria-describedby=\"wp-block-file--media-bf2016b5-63aa-4d56-9143-ea9d13f6ccff\">Herunterladen<\/a><\/div>\n\n\n\n<h2 class=\"wp-block-heading\">Jugendgruppe am 02.09.2025<\/h2>\n\n\n\n<figure class=\"wp-block-image size-large\"><img loading=\"lazy\" decoding=\"async\" width=\"1024\" height=\"768\" src=\"https:\/\/christuskirche-elisabethfehn.de\/wp-content\/uploads\/2025\/09\/PHOTO-2025-09-03-16-04-58-1024x768.jpg\" alt=\"\" class=\"wp-image-3355\" srcset=\"https:\/\/christuskirche-elisabethfehn.de\/wp-content\/uploads\/2025\/09\/PHOTO-2025-09-03-16-04-58-1024x768.jpg 1024w, https:\/\/christuskirche-elisabethfehn.de\/wp-content\/uploads\/2025\/09\/PHOTO-2025-09-03-16-04-58-300x225.jpg 300w, https:\/\/christuskirche-elisabethfehn.de\/wp-content\/uploads\/2025\/09\/PHOTO-2025-09-03-16-04-58-768x576.jpg 768w, https:\/\/christuskirche-elisabethfehn.de\/wp-content\/uploads\/2025\/09\/PHOTO-2025-09-03-16-04-58-1536x1152.jpg 1536w, https:\/\/christuskirche-elisabethfehn.de\/wp-content\/uploads\/2025\/09\/PHOTO-2025-09-03-16-04-58-750x563.jpg 750w, https:\/\/christuskirche-elisabethfehn.de\/wp-content\/uploads\/2025\/09\/PHOTO-2025-09-03-16-04-58.jpg 1600w\" sizes=\"auto, (max-width: 1024px) 100vw, 1024px\" \/><\/figure>\n\n\n\n<h2 class=\"wp-block-heading\">Gemeindeausflug zum Skulpturengarten Funnix im August<\/h2>\n\n\n\n<figure class=\"wp-block-gallery has-nested-images columns-default is-cropped wp-block-gallery-3 is-layout-flex wp-block-gallery-is-layout-flex\">\n<figure class=\"wp-block-image size-large\"><img loading=\"lazy\" decoding=\"async\" width=\"1024\" height=\"768\" data-id=\"3347\" src=\"https:\/\/christuskirche-elisabethfehn.de\/wp-content\/uploads\/2025\/08\/20250805_151224-1024x768.jpg\" alt=\"\" class=\"wp-image-3347\" srcset=\"https:\/\/christuskirche-elisabethfehn.de\/wp-content\/uploads\/2025\/08\/20250805_151224-1024x768.jpg 1024w, https:\/\/christuskirche-elisabethfehn.de\/wp-content\/uploads\/2025\/08\/20250805_151224-300x225.jpg 300w, https:\/\/christuskirche-elisabethfehn.de\/wp-content\/uploads\/2025\/08\/20250805_151224-768x576.jpg 768w, https:\/\/christuskirche-elisabethfehn.de\/wp-content\/uploads\/2025\/08\/20250805_151224-1536x1152.jpg 1536w, https:\/\/christuskirche-elisabethfehn.de\/wp-content\/uploads\/2025\/08\/20250805_151224-2048x1536.jpg 2048w, https:\/\/christuskirche-elisabethfehn.de\/wp-content\/uploads\/2025\/08\/20250805_151224-750x563.jpg 750w\" sizes=\"auto, (max-width: 1024px) 100vw, 1024px\" \/><\/figure>\n\n\n\n<figure class=\"wp-block-image size-large\"><img loading=\"lazy\" decoding=\"async\" width=\"1024\" height=\"768\" data-id=\"3348\" src=\"https:\/\/christuskirche-elisabethfehn.de\/wp-content\/uploads\/2025\/08\/20250805_152626-1024x768.jpg\" alt=\"\" class=\"wp-image-3348\" srcset=\"https:\/\/christuskirche-elisabethfehn.de\/wp-content\/uploads\/2025\/08\/20250805_152626-1024x768.jpg 1024w, https:\/\/christuskirche-elisabethfehn.de\/wp-content\/uploads\/2025\/08\/20250805_152626-300x225.jpg 300w, https:\/\/christuskirche-elisabethfehn.de\/wp-content\/uploads\/2025\/08\/20250805_152626-768x576.jpg 768w, https:\/\/christuskirche-elisabethfehn.de\/wp-content\/uploads\/2025\/08\/20250805_152626-1536x1152.jpg 1536w, https:\/\/christuskirche-elisabethfehn.de\/wp-content\/uploads\/2025\/08\/20250805_152626-2048x1536.jpg 2048w, https:\/\/christuskirche-elisabethfehn.de\/wp-content\/uploads\/2025\/08\/20250805_152626-750x563.jpg 750w\" sizes=\"auto, (max-width: 1024px) 100vw, 1024px\" \/><\/figure>\n\n\n\n<figure class=\"wp-block-image size-large\"><img loading=\"lazy\" decoding=\"async\" width=\"1024\" height=\"768\" data-id=\"3345\" src=\"https:\/\/christuskirche-elisabethfehn.de\/wp-content\/uploads\/2025\/08\/20250805_154058-1024x768.jpg\" alt=\"\" class=\"wp-image-3345\" srcset=\"https:\/\/christuskirche-elisabethfehn.de\/wp-content\/uploads\/2025\/08\/20250805_154058-1024x768.jpg 1024w, https:\/\/christuskirche-elisabethfehn.de\/wp-content\/uploads\/2025\/08\/20250805_154058-300x225.jpg 300w, https:\/\/christuskirche-elisabethfehn.de\/wp-content\/uploads\/2025\/08\/20250805_154058-768x576.jpg 768w, https:\/\/christuskirche-elisabethfehn.de\/wp-content\/uploads\/2025\/08\/20250805_154058-1536x1152.jpg 1536w, https:\/\/christuskirche-elisabethfehn.de\/wp-content\/uploads\/2025\/08\/20250805_154058-2048x1536.jpg 2048w, https:\/\/christuskirche-elisabethfehn.de\/wp-content\/uploads\/2025\/08\/20250805_154058-750x563.jpg 750w\" sizes=\"auto, (max-width: 1024px) 100vw, 1024px\" \/><\/figure>\n\n\n\n<figure class=\"wp-block-image size-large\"><img loading=\"lazy\" decoding=\"async\" width=\"1024\" height=\"768\" data-id=\"3344\" src=\"https:\/\/christuskirche-elisabethfehn.de\/wp-content\/uploads\/2025\/08\/20250805_154108-1024x768.jpg\" alt=\"\" class=\"wp-image-3344\" srcset=\"https:\/\/christuskirche-elisabethfehn.de\/wp-content\/uploads\/2025\/08\/20250805_154108-1024x768.jpg 1024w, https:\/\/christuskirche-elisabethfehn.de\/wp-content\/uploads\/2025\/08\/20250805_154108-300x225.jpg 300w, https:\/\/christuskirche-elisabethfehn.de\/wp-content\/uploads\/2025\/08\/20250805_154108-768x576.jpg 768w, https:\/\/christuskirche-elisabethfehn.de\/wp-content\/uploads\/2025\/08\/20250805_154108-1536x1152.jpg 1536w, https:\/\/christuskirche-elisabethfehn.de\/wp-content\/uploads\/2025\/08\/20250805_154108-2048x1536.jpg 2048w, https:\/\/christuskirche-elisabethfehn.de\/wp-content\/uploads\/2025\/08\/20250805_154108-750x563.jpg 750w\" sizes=\"auto, (max-width: 1024px) 100vw, 1024px\" \/><\/figure>\n\n\n\n<figure class=\"wp-block-image size-large\"><img loading=\"lazy\" decoding=\"async\" width=\"1024\" height=\"768\" data-id=\"3346\" src=\"https:\/\/christuskirche-elisabethfehn.de\/wp-content\/uploads\/2025\/08\/20250805_162715-1024x768.jpg\" alt=\"\" class=\"wp-image-3346\" srcset=\"https:\/\/christuskirche-elisabethfehn.de\/wp-content\/uploads\/2025\/08\/20250805_162715-1024x768.jpg 1024w, https:\/\/christuskirche-elisabethfehn.de\/wp-content\/uploads\/2025\/08\/20250805_162715-300x225.jpg 300w, https:\/\/christuskirche-elisabethfehn.de\/wp-content\/uploads\/2025\/08\/20250805_162715-768x576.jpg 768w, https:\/\/christuskirche-elisabethfehn.de\/wp-content\/uploads\/2025\/08\/20250805_162715-1536x1152.jpg 1536w, https:\/\/christuskirche-elisabethfehn.de\/wp-content\/uploads\/2025\/08\/20250805_162715-2048x1536.jpg 2048w, https:\/\/christuskirche-elisabethfehn.de\/wp-content\/uploads\/2025\/08\/20250805_162715-750x563.jpg 750w\" sizes=\"auto, (max-width: 1024px) 100vw, 1024px\" \/><\/figure>\n<\/figure>\n\n\n\n<h2 class=\"wp-block-heading\">Jugendfreizeit vom 08. bis 19. Juli in D\u00e4nemark<\/h2>\n\n\n\n<figure class=\"wp-block-gallery has-nested-images columns-default is-cropped wp-block-gallery-4 is-layout-flex wp-block-gallery-is-layout-flex\">\n<figure class=\"wp-block-image size-large\"><img loading=\"lazy\" decoding=\"async\" width=\"1024\" height=\"768\" data-id=\"3337\" src=\"https:\/\/christuskirche-elisabethfehn.de\/wp-content\/uploads\/2025\/08\/20250708_162031-1024x768.jpg\" alt=\"\" class=\"wp-image-3337\" srcset=\"https:\/\/christuskirche-elisabethfehn.de\/wp-content\/uploads\/2025\/08\/20250708_162031-1024x768.jpg 1024w, https:\/\/christuskirche-elisabethfehn.de\/wp-content\/uploads\/2025\/08\/20250708_162031-300x225.jpg 300w, https:\/\/christuskirche-elisabethfehn.de\/wp-content\/uploads\/2025\/08\/20250708_162031-768x576.jpg 768w, https:\/\/christuskirche-elisabethfehn.de\/wp-content\/uploads\/2025\/08\/20250708_162031-1536x1152.jpg 1536w, https:\/\/christuskirche-elisabethfehn.de\/wp-content\/uploads\/2025\/08\/20250708_162031-2048x1536.jpg 2048w, https:\/\/christuskirche-elisabethfehn.de\/wp-content\/uploads\/2025\/08\/20250708_162031-750x563.jpg 750w\" sizes=\"auto, (max-width: 1024px) 100vw, 1024px\" \/><\/figure>\n\n\n\n<figure class=\"wp-block-image size-large\"><img loading=\"lazy\" decoding=\"async\" width=\"1024\" height=\"768\" data-id=\"3335\" src=\"https:\/\/christuskirche-elisabethfehn.de\/wp-content\/uploads\/2025\/08\/20250708_201800-1024x768.jpg\" alt=\"\" class=\"wp-image-3335\" srcset=\"https:\/\/christuskirche-elisabethfehn.de\/wp-content\/uploads\/2025\/08\/20250708_201800-1024x768.jpg 1024w, https:\/\/christuskirche-elisabethfehn.de\/wp-content\/uploads\/2025\/08\/20250708_201800-300x225.jpg 300w, https:\/\/christuskirche-elisabethfehn.de\/wp-content\/uploads\/2025\/08\/20250708_201800-768x576.jpg 768w, https:\/\/christuskirche-elisabethfehn.de\/wp-content\/uploads\/2025\/08\/20250708_201800-1536x1152.jpg 1536w, https:\/\/christuskirche-elisabethfehn.de\/wp-content\/uploads\/2025\/08\/20250708_201800-2048x1536.jpg 2048w, https:\/\/christuskirche-elisabethfehn.de\/wp-content\/uploads\/2025\/08\/20250708_201800-750x563.jpg 750w\" sizes=\"auto, (max-width: 1024px) 100vw, 1024px\" \/><\/figure>\n\n\n\n<figure class=\"wp-block-image size-large\"><img loading=\"lazy\" decoding=\"async\" width=\"1024\" height=\"768\" data-id=\"3333\" src=\"https:\/\/christuskirche-elisabethfehn.de\/wp-content\/uploads\/2025\/08\/20250708_202609-1024x768.jpg\" alt=\"\" class=\"wp-image-3333\" srcset=\"https:\/\/christuskirche-elisabethfehn.de\/wp-content\/uploads\/2025\/08\/20250708_202609-1024x768.jpg 1024w, https:\/\/christuskirche-elisabethfehn.de\/wp-content\/uploads\/2025\/08\/20250708_202609-300x225.jpg 300w, https:\/\/christuskirche-elisabethfehn.de\/wp-content\/uploads\/2025\/08\/20250708_202609-768x576.jpg 768w, https:\/\/christuskirche-elisabethfehn.de\/wp-content\/uploads\/2025\/08\/20250708_202609-1536x1152.jpg 1536w, https:\/\/christuskirche-elisabethfehn.de\/wp-content\/uploads\/2025\/08\/20250708_202609-2048x1536.jpg 2048w, https:\/\/christuskirche-elisabethfehn.de\/wp-content\/uploads\/2025\/08\/20250708_202609-750x563.jpg 750w\" sizes=\"auto, (max-width: 1024px) 100vw, 1024px\" \/><\/figure>\n\n\n\n<figure class=\"wp-block-image size-large\"><img loading=\"lazy\" decoding=\"async\" width=\"1024\" height=\"768\" data-id=\"3334\" src=\"https:\/\/christuskirche-elisabethfehn.de\/wp-content\/uploads\/2025\/08\/20250711_145335-1024x768.jpg\" alt=\"\" class=\"wp-image-3334\" srcset=\"https:\/\/christuskirche-elisabethfehn.de\/wp-content\/uploads\/2025\/08\/20250711_145335-1024x768.jpg 1024w, https:\/\/christuskirche-elisabethfehn.de\/wp-content\/uploads\/2025\/08\/20250711_145335-300x225.jpg 300w, https:\/\/christuskirche-elisabethfehn.de\/wp-content\/uploads\/2025\/08\/20250711_145335-768x576.jpg 768w, https:\/\/christuskirche-elisabethfehn.de\/wp-content\/uploads\/2025\/08\/20250711_145335-1536x1152.jpg 1536w, https:\/\/christuskirche-elisabethfehn.de\/wp-content\/uploads\/2025\/08\/20250711_145335-2048x1536.jpg 2048w, https:\/\/christuskirche-elisabethfehn.de\/wp-content\/uploads\/2025\/08\/20250711_145335-750x563.jpg 750w\" sizes=\"auto, (max-width: 1024px) 100vw, 1024px\" \/><\/figure>\n\n\n\n<figure class=\"wp-block-image size-large\"><img loading=\"lazy\" decoding=\"async\" width=\"1024\" height=\"768\" data-id=\"3336\" src=\"https:\/\/christuskirche-elisabethfehn.de\/wp-content\/uploads\/2025\/08\/20250713_214923-1024x768.jpg\" alt=\"\" class=\"wp-image-3336\" srcset=\"https:\/\/christuskirche-elisabethfehn.de\/wp-content\/uploads\/2025\/08\/20250713_214923-1024x768.jpg 1024w, https:\/\/christuskirche-elisabethfehn.de\/wp-content\/uploads\/2025\/08\/20250713_214923-300x225.jpg 300w, https:\/\/christuskirche-elisabethfehn.de\/wp-content\/uploads\/2025\/08\/20250713_214923-768x576.jpg 768w, https:\/\/christuskirche-elisabethfehn.de\/wp-content\/uploads\/2025\/08\/20250713_214923-1536x1152.jpg 1536w, https:\/\/christuskirche-elisabethfehn.de\/wp-content\/uploads\/2025\/08\/20250713_214923-2048x1536.jpg 2048w, https:\/\/christuskirche-elisabethfehn.de\/wp-content\/uploads\/2025\/08\/20250713_214923-750x563.jpg 750w\" sizes=\"auto, (max-width: 1024px) 100vw, 1024px\" \/><\/figure>\n\n\n\n<figure class=\"wp-block-image size-large\"><img loading=\"lazy\" decoding=\"async\" width=\"1024\" height=\"768\" data-id=\"3338\" src=\"https:\/\/christuskirche-elisabethfehn.de\/wp-content\/uploads\/2025\/08\/20250714_133554-1024x768.jpg\" alt=\"\" class=\"wp-image-3338\" srcset=\"https:\/\/christuskirche-elisabethfehn.de\/wp-content\/uploads\/2025\/08\/20250714_133554-1024x768.jpg 1024w, https:\/\/christuskirche-elisabethfehn.de\/wp-content\/uploads\/2025\/08\/20250714_133554-300x225.jpg 300w, https:\/\/christuskirche-elisabethfehn.de\/wp-content\/uploads\/2025\/08\/20250714_133554-768x576.jpg 768w, https:\/\/christuskirche-elisabethfehn.de\/wp-content\/uploads\/2025\/08\/20250714_133554-1536x1152.jpg 1536w, https:\/\/christuskirche-elisabethfehn.de\/wp-content\/uploads\/2025\/08\/20250714_133554-2048x1536.jpg 2048w, https:\/\/christuskirche-elisabethfehn.de\/wp-content\/uploads\/2025\/08\/20250714_133554-750x563.jpg 750w\" sizes=\"auto, (max-width: 1024px) 100vw, 1024px\" \/><\/figure>\n\n\n\n<figure class=\"wp-block-image size-large\"><img loading=\"lazy\" decoding=\"async\" width=\"1024\" height=\"768\" data-id=\"3339\" src=\"https:\/\/christuskirche-elisabethfehn.de\/wp-content\/uploads\/2025\/08\/20250714_135716-1024x768.jpg\" alt=\"\" class=\"wp-image-3339\" srcset=\"https:\/\/christuskirche-elisabethfehn.de\/wp-content\/uploads\/2025\/08\/20250714_135716-1024x768.jpg 1024w, https:\/\/christuskirche-elisabethfehn.de\/wp-content\/uploads\/2025\/08\/20250714_135716-300x225.jpg 300w, https:\/\/christuskirche-elisabethfehn.de\/wp-content\/uploads\/2025\/08\/20250714_135716-768x576.jpg 768w, https:\/\/christuskirche-elisabethfehn.de\/wp-content\/uploads\/2025\/08\/20250714_135716-1536x1152.jpg 1536w, https:\/\/christuskirche-elisabethfehn.de\/wp-content\/uploads\/2025\/08\/20250714_135716-2048x1536.jpg 2048w, https:\/\/christuskirche-elisabethfehn.de\/wp-content\/uploads\/2025\/08\/20250714_135716-750x563.jpg 750w\" sizes=\"auto, (max-width: 1024px) 100vw, 1024px\" \/><\/figure>\n\n\n\n<figure class=\"wp-block-image size-large\"><img loading=\"lazy\" decoding=\"async\" width=\"1024\" height=\"768\" data-id=\"3340\" src=\"https:\/\/christuskirche-elisabethfehn.de\/wp-content\/uploads\/2025\/08\/20250714_173829-1024x768.jpg\" alt=\"\" class=\"wp-image-3340\" srcset=\"https:\/\/christuskirche-elisabethfehn.de\/wp-content\/uploads\/2025\/08\/20250714_173829-1024x768.jpg 1024w, https:\/\/christuskirche-elisabethfehn.de\/wp-content\/uploads\/2025\/08\/20250714_173829-300x225.jpg 300w, https:\/\/christuskirche-elisabethfehn.de\/wp-content\/uploads\/2025\/08\/20250714_173829-768x576.jpg 768w, https:\/\/christuskirche-elisabethfehn.de\/wp-content\/uploads\/2025\/08\/20250714_173829-1536x1152.jpg 1536w, https:\/\/christuskirche-elisabethfehn.de\/wp-content\/uploads\/2025\/08\/20250714_173829-2048x1536.jpg 2048w, https:\/\/christuskirche-elisabethfehn.de\/wp-content\/uploads\/2025\/08\/20250714_173829-750x563.jpg 750w\" sizes=\"auto, (max-width: 1024px) 100vw, 1024px\" \/><\/figure>\n<\/figure>\n\n\n\n<h2 class=\"wp-block-heading\">Die Frauen haben im Juli zwei sch\u00f6ne Tage in Ahlhorn verbracht<\/h2>\n\n\n\n<figure class=\"wp-block-gallery has-nested-images columns-default is-cropped wp-block-gallery-5 is-layout-flex wp-block-gallery-is-layout-flex\">\n<figure class=\"wp-block-image size-large\"><img loading=\"lazy\" decoding=\"async\" width=\"768\" height=\"1024\" data-id=\"3332\" src=\"https:\/\/christuskirche-elisabethfehn.de\/wp-content\/uploads\/2025\/08\/PHOTO-2025-07-11-17-48-20-768x1024.jpg\" alt=\"\" class=\"wp-image-3332\" srcset=\"https:\/\/christuskirche-elisabethfehn.de\/wp-content\/uploads\/2025\/08\/PHOTO-2025-07-11-17-48-20-768x1024.jpg 768w, https:\/\/christuskirche-elisabethfehn.de\/wp-content\/uploads\/2025\/08\/PHOTO-2025-07-11-17-48-20-225x300.jpg 225w, https:\/\/christuskirche-elisabethfehn.de\/wp-content\/uploads\/2025\/08\/PHOTO-2025-07-11-17-48-20-1152x1536.jpg 1152w, https:\/\/christuskirche-elisabethfehn.de\/wp-content\/uploads\/2025\/08\/PHOTO-2025-07-11-17-48-20-750x1000.jpg 750w, https:\/\/christuskirche-elisabethfehn.de\/wp-content\/uploads\/2025\/08\/PHOTO-2025-07-11-17-48-20.jpg 1200w\" sizes=\"auto, (max-width: 768px) 100vw, 768px\" \/><\/figure>\n\n\n\n<figure class=\"wp-block-image size-large\"><img loading=\"lazy\" decoding=\"async\" width=\"1024\" height=\"768\" data-id=\"3330\" src=\"https:\/\/christuskirche-elisabethfehn.de\/wp-content\/uploads\/2025\/08\/PHOTO-2025-07-12-01-07-16-1024x768.jpg\" alt=\"\" class=\"wp-image-3330\" srcset=\"https:\/\/christuskirche-elisabethfehn.de\/wp-content\/uploads\/2025\/08\/PHOTO-2025-07-12-01-07-16-1024x768.jpg 1024w, https:\/\/christuskirche-elisabethfehn.de\/wp-content\/uploads\/2025\/08\/PHOTO-2025-07-12-01-07-16-300x225.jpg 300w, https:\/\/christuskirche-elisabethfehn.de\/wp-content\/uploads\/2025\/08\/PHOTO-2025-07-12-01-07-16-768x576.jpg 768w, https:\/\/christuskirche-elisabethfehn.de\/wp-content\/uploads\/2025\/08\/PHOTO-2025-07-12-01-07-16-1536x1152.jpg 1536w, https:\/\/christuskirche-elisabethfehn.de\/wp-content\/uploads\/2025\/08\/PHOTO-2025-07-12-01-07-16-750x563.jpg 750w, https:\/\/christuskirche-elisabethfehn.de\/wp-content\/uploads\/2025\/08\/PHOTO-2025-07-12-01-07-16.jpg 1600w\" sizes=\"auto, (max-width: 1024px) 100vw, 1024px\" \/><\/figure>\n\n\n\n<figure class=\"wp-block-image size-large\"><img loading=\"lazy\" decoding=\"async\" width=\"1024\" height=\"569\" data-id=\"3328\" src=\"https:\/\/christuskirche-elisabethfehn.de\/wp-content\/uploads\/2025\/08\/PHOTO-2025-07-12-11-55-03-1024x569.jpg\" alt=\"\" class=\"wp-image-3328\" srcset=\"https:\/\/christuskirche-elisabethfehn.de\/wp-content\/uploads\/2025\/08\/PHOTO-2025-07-12-11-55-03-1024x569.jpg 1024w, https:\/\/christuskirche-elisabethfehn.de\/wp-content\/uploads\/2025\/08\/PHOTO-2025-07-12-11-55-03-300x167.jpg 300w, https:\/\/christuskirche-elisabethfehn.de\/wp-content\/uploads\/2025\/08\/PHOTO-2025-07-12-11-55-03-768x427.jpg 768w, https:\/\/christuskirche-elisabethfehn.de\/wp-content\/uploads\/2025\/08\/PHOTO-2025-07-12-11-55-03-1536x853.jpg 1536w, https:\/\/christuskirche-elisabethfehn.de\/wp-content\/uploads\/2025\/08\/PHOTO-2025-07-12-11-55-03-750x417.jpg 750w, https:\/\/christuskirche-elisabethfehn.de\/wp-content\/uploads\/2025\/08\/PHOTO-2025-07-12-11-55-03.jpg 1600w\" sizes=\"auto, (max-width: 1024px) 100vw, 1024px\" \/><\/figure>\n\n\n\n<figure class=\"wp-block-image size-large\"><img loading=\"lazy\" decoding=\"async\" width=\"1024\" height=\"768\" data-id=\"3329\" src=\"https:\/\/christuskirche-elisabethfehn.de\/wp-content\/uploads\/2025\/08\/PHOTO-2025-07-12-11-47-59-1024x768.jpg\" alt=\"\" class=\"wp-image-3329\" srcset=\"https:\/\/christuskirche-elisabethfehn.de\/wp-content\/uploads\/2025\/08\/PHOTO-2025-07-12-11-47-59-1024x768.jpg 1024w, https:\/\/christuskirche-elisabethfehn.de\/wp-content\/uploads\/2025\/08\/PHOTO-2025-07-12-11-47-59-300x225.jpg 300w, https:\/\/christuskirche-elisabethfehn.de\/wp-content\/uploads\/2025\/08\/PHOTO-2025-07-12-11-47-59-768x576.jpg 768w, https:\/\/christuskirche-elisabethfehn.de\/wp-content\/uploads\/2025\/08\/PHOTO-2025-07-12-11-47-59-1536x1152.jpg 1536w, https:\/\/christuskirche-elisabethfehn.de\/wp-content\/uploads\/2025\/08\/PHOTO-2025-07-12-11-47-59-750x563.jpg 750w, https:\/\/christuskirche-elisabethfehn.de\/wp-content\/uploads\/2025\/08\/PHOTO-2025-07-12-11-47-59.jpg 1600w\" sizes=\"auto, (max-width: 1024px) 100vw, 1024px\" \/><\/figure>\n\n\n\n<figure class=\"wp-block-image size-large\"><img loading=\"lazy\" decoding=\"async\" width=\"1024\" height=\"768\" data-id=\"3331\" src=\"https:\/\/christuskirche-elisabethfehn.de\/wp-content\/uploads\/2025\/08\/PHOTO-2025-07-12-07-18-10-1024x768.jpg\" alt=\"\" class=\"wp-image-3331\" srcset=\"https:\/\/christuskirche-elisabethfehn.de\/wp-content\/uploads\/2025\/08\/PHOTO-2025-07-12-07-18-10-1024x768.jpg 1024w, https:\/\/christuskirche-elisabethfehn.de\/wp-content\/uploads\/2025\/08\/PHOTO-2025-07-12-07-18-10-300x225.jpg 300w, https:\/\/christuskirche-elisabethfehn.de\/wp-content\/uploads\/2025\/08\/PHOTO-2025-07-12-07-18-10-768x576.jpg 768w, https:\/\/christuskirche-elisabethfehn.de\/wp-content\/uploads\/2025\/08\/PHOTO-2025-07-12-07-18-10-1536x1152.jpg 1536w, https:\/\/christuskirche-elisabethfehn.de\/wp-content\/uploads\/2025\/08\/PHOTO-2025-07-12-07-18-10-750x563.jpg 750w, https:\/\/christuskirche-elisabethfehn.de\/wp-content\/uploads\/2025\/08\/PHOTO-2025-07-12-07-18-10.jpg 2048w\" sizes=\"auto, (max-width: 1024px) 100vw, 1024px\" \/><\/figure>\n<\/figure>\n\n\n\n<h2 class=\"wp-block-heading\">Tauferinnerungsgottesdienst mit Taufen am 22.Juni in der Christuskirche<\/h2>\n\n\n\n<figure class=\"wp-block-gallery has-nested-images columns-default is-cropped wp-block-gallery-6 is-layout-flex wp-block-gallery-is-layout-flex\">\n<figure class=\"wp-block-image size-large\"><img loading=\"lazy\" decoding=\"async\" width=\"768\" height=\"1024\" data-id=\"3317\" src=\"https:\/\/christuskirche-elisabethfehn.de\/wp-content\/uploads\/2025\/06\/IMG_3510-768x1024.jpg\" alt=\"\" class=\"wp-image-3317\" srcset=\"https:\/\/christuskirche-elisabethfehn.de\/wp-content\/uploads\/2025\/06\/IMG_3510-768x1024.jpg 768w, https:\/\/christuskirche-elisabethfehn.de\/wp-content\/uploads\/2025\/06\/IMG_3510-225x300.jpg 225w, https:\/\/christuskirche-elisabethfehn.de\/wp-content\/uploads\/2025\/06\/IMG_3510-1152x1536.jpg 1152w, https:\/\/christuskirche-elisabethfehn.de\/wp-content\/uploads\/2025\/06\/IMG_3510-1536x2048.jpg 1536w, https:\/\/christuskirche-elisabethfehn.de\/wp-content\/uploads\/2025\/06\/IMG_3510-750x1000.jpg 750w, https:\/\/christuskirche-elisabethfehn.de\/wp-content\/uploads\/2025\/06\/IMG_3510-scaled.jpg 1920w\" sizes=\"auto, (max-width: 768px) 100vw, 768px\" \/><\/figure>\n\n\n\n<figure class=\"wp-block-image size-large\"><img loading=\"lazy\" decoding=\"async\" width=\"768\" height=\"1024\" data-id=\"3318\" src=\"https:\/\/christuskirche-elisabethfehn.de\/wp-content\/uploads\/2025\/06\/IMG_3511-768x1024.jpg\" alt=\"\" class=\"wp-image-3318\" srcset=\"https:\/\/christuskirche-elisabethfehn.de\/wp-content\/uploads\/2025\/06\/IMG_3511-768x1024.jpg 768w, https:\/\/christuskirche-elisabethfehn.de\/wp-content\/uploads\/2025\/06\/IMG_3511-225x300.jpg 225w, https:\/\/christuskirche-elisabethfehn.de\/wp-content\/uploads\/2025\/06\/IMG_3511-1152x1536.jpg 1152w, https:\/\/christuskirche-elisabethfehn.de\/wp-content\/uploads\/2025\/06\/IMG_3511-1536x2048.jpg 1536w, https:\/\/christuskirche-elisabethfehn.de\/wp-content\/uploads\/2025\/06\/IMG_3511-750x1000.jpg 750w, https:\/\/christuskirche-elisabethfehn.de\/wp-content\/uploads\/2025\/06\/IMG_3511-scaled.jpg 1920w\" sizes=\"auto, (max-width: 768px) 100vw, 768px\" \/><\/figure>\n\n\n\n<figure class=\"wp-block-image size-large\"><img loading=\"lazy\" decoding=\"async\" width=\"768\" height=\"1024\" data-id=\"3319\" src=\"https:\/\/christuskirche-elisabethfehn.de\/wp-content\/uploads\/2025\/06\/IMG_3514-768x1024.jpg\" alt=\"\" class=\"wp-image-3319\" srcset=\"https:\/\/christuskirche-elisabethfehn.de\/wp-content\/uploads\/2025\/06\/IMG_3514-768x1024.jpg 768w, https:\/\/christuskirche-elisabethfehn.de\/wp-content\/uploads\/2025\/06\/IMG_3514-225x300.jpg 225w, https:\/\/christuskirche-elisabethfehn.de\/wp-content\/uploads\/2025\/06\/IMG_3514-1152x1536.jpg 1152w, https:\/\/christuskirche-elisabethfehn.de\/wp-content\/uploads\/2025\/06\/IMG_3514-1536x2048.jpg 1536w, https:\/\/christuskirche-elisabethfehn.de\/wp-content\/uploads\/2025\/06\/IMG_3514-750x1000.jpg 750w, https:\/\/christuskirche-elisabethfehn.de\/wp-content\/uploads\/2025\/06\/IMG_3514-scaled.jpg 1920w\" sizes=\"auto, (max-width: 768px) 100vw, 768px\" \/><\/figure>\n\n\n\n<figure class=\"wp-block-image size-large\"><img loading=\"lazy\" decoding=\"async\" width=\"768\" height=\"1024\" data-id=\"3320\" src=\"https:\/\/christuskirche-elisabethfehn.de\/wp-content\/uploads\/2025\/06\/IMG_3516-768x1024.jpg\" alt=\"\" class=\"wp-image-3320\" srcset=\"https:\/\/christuskirche-elisabethfehn.de\/wp-content\/uploads\/2025\/06\/IMG_3516-768x1024.jpg 768w, https:\/\/christuskirche-elisabethfehn.de\/wp-content\/uploads\/2025\/06\/IMG_3516-225x300.jpg 225w, https:\/\/christuskirche-elisabethfehn.de\/wp-content\/uploads\/2025\/06\/IMG_3516-1152x1536.jpg 1152w, https:\/\/christuskirche-elisabethfehn.de\/wp-content\/uploads\/2025\/06\/IMG_3516-1536x2048.jpg 1536w, https:\/\/christuskirche-elisabethfehn.de\/wp-content\/uploads\/2025\/06\/IMG_3516-750x1000.jpg 750w, https:\/\/christuskirche-elisabethfehn.de\/wp-content\/uploads\/2025\/06\/IMG_3516-scaled.jpg 1920w\" sizes=\"auto, (max-width: 768px) 100vw, 768px\" \/><\/figure>\n<\/figure>\n\n\n\n<h2 class=\"wp-block-heading\">Die Frauen haben im Juni gewerkelt!<\/h2>\n\n\n\n<figure class=\"wp-block-gallery has-nested-images columns-default is-cropped wp-block-gallery-7 is-layout-flex wp-block-gallery-is-layout-flex\">\n<figure class=\"wp-block-image size-large\"><img loading=\"lazy\" decoding=\"async\" width=\"768\" height=\"1024\" data-id=\"3312\" src=\"https:\/\/christuskirche-elisabethfehn.de\/wp-content\/uploads\/2025\/06\/IMG-20230624-WA0023-768x1024.jpg\" alt=\"\" class=\"wp-image-3312\" srcset=\"https:\/\/christuskirche-elisabethfehn.de\/wp-content\/uploads\/2025\/06\/IMG-20230624-WA0023-768x1024.jpg 768w, https:\/\/christuskirche-elisabethfehn.de\/wp-content\/uploads\/2025\/06\/IMG-20230624-WA0023-225x300.jpg 225w, https:\/\/christuskirche-elisabethfehn.de\/wp-content\/uploads\/2025\/06\/IMG-20230624-WA0023-1152x1536.jpg 1152w, https:\/\/christuskirche-elisabethfehn.de\/wp-content\/uploads\/2025\/06\/IMG-20230624-WA0023-750x1000.jpg 750w, https:\/\/christuskirche-elisabethfehn.de\/wp-content\/uploads\/2025\/06\/IMG-20230624-WA0023.jpg 1500w\" sizes=\"auto, (max-width: 768px) 100vw, 768px\" \/><\/figure>\n\n\n\n<figure class=\"wp-block-image size-large\"><img loading=\"lazy\" decoding=\"async\" width=\"768\" height=\"1024\" data-id=\"3311\" src=\"https:\/\/christuskirche-elisabethfehn.de\/wp-content\/uploads\/2025\/06\/PHOTO-2025-06-03-22-19-18-768x1024.jpg\" alt=\"\" class=\"wp-image-3311\" srcset=\"https:\/\/christuskirche-elisabethfehn.de\/wp-content\/uploads\/2025\/06\/PHOTO-2025-06-03-22-19-18-768x1024.jpg 768w, https:\/\/christuskirche-elisabethfehn.de\/wp-content\/uploads\/2025\/06\/PHOTO-2025-06-03-22-19-18-225x300.jpg 225w, https:\/\/christuskirche-elisabethfehn.de\/wp-content\/uploads\/2025\/06\/PHOTO-2025-06-03-22-19-18-1152x1536.jpg 1152w, https:\/\/christuskirche-elisabethfehn.de\/wp-content\/uploads\/2025\/06\/PHOTO-2025-06-03-22-19-18-750x1000.jpg 750w, https:\/\/christuskirche-elisabethfehn.de\/wp-content\/uploads\/2025\/06\/PHOTO-2025-06-03-22-19-18.jpg 1500w\" sizes=\"auto, (max-width: 768px) 100vw, 768px\" \/><\/figure>\n\n\n\n<figure class=\"wp-block-image size-large\"><img loading=\"lazy\" decoding=\"async\" width=\"768\" height=\"1024\" data-id=\"3310\" src=\"https:\/\/christuskirche-elisabethfehn.de\/wp-content\/uploads\/2025\/06\/PHOTO-2025-06-03-22-27-09-768x1024.jpg\" alt=\"\" class=\"wp-image-3310\" srcset=\"https:\/\/christuskirche-elisabethfehn.de\/wp-content\/uploads\/2025\/06\/PHOTO-2025-06-03-22-27-09-768x1024.jpg 768w, https:\/\/christuskirche-elisabethfehn.de\/wp-content\/uploads\/2025\/06\/PHOTO-2025-06-03-22-27-09-225x300.jpg 225w, https:\/\/christuskirche-elisabethfehn.de\/wp-content\/uploads\/2025\/06\/PHOTO-2025-06-03-22-27-09-1152x1536.jpg 1152w, https:\/\/christuskirche-elisabethfehn.de\/wp-content\/uploads\/2025\/06\/PHOTO-2025-06-03-22-27-09-750x1000.jpg 750w, https:\/\/christuskirche-elisabethfehn.de\/wp-content\/uploads\/2025\/06\/PHOTO-2025-06-03-22-27-09.jpg 1536w\" sizes=\"auto, (max-width: 768px) 100vw, 768px\" \/><\/figure>\n\n\n\n<figure class=\"wp-block-image size-large\"><img loading=\"lazy\" decoding=\"async\" width=\"768\" height=\"1024\" data-id=\"3313\" src=\"https:\/\/christuskirche-elisabethfehn.de\/wp-content\/uploads\/2025\/06\/PHOTO-2025-06-03-22-27-14-768x1024.jpg\" alt=\"\" class=\"wp-image-3313\" srcset=\"https:\/\/christuskirche-elisabethfehn.de\/wp-content\/uploads\/2025\/06\/PHOTO-2025-06-03-22-27-14-768x1024.jpg 768w, https:\/\/christuskirche-elisabethfehn.de\/wp-content\/uploads\/2025\/06\/PHOTO-2025-06-03-22-27-14-225x300.jpg 225w, https:\/\/christuskirche-elisabethfehn.de\/wp-content\/uploads\/2025\/06\/PHOTO-2025-06-03-22-27-14-1152x1536.jpg 1152w, https:\/\/christuskirche-elisabethfehn.de\/wp-content\/uploads\/2025\/06\/PHOTO-2025-06-03-22-27-14-750x1000.jpg 750w, https:\/\/christuskirche-elisabethfehn.de\/wp-content\/uploads\/2025\/06\/PHOTO-2025-06-03-22-27-14.jpg 1536w\" sizes=\"auto, (max-width: 768px) 100vw, 768px\" \/><\/figure>\n\n\n\n<figure class=\"wp-block-image size-large\"><img loading=\"lazy\" decoding=\"async\" width=\"768\" height=\"1024\" data-id=\"3309\" src=\"https:\/\/christuskirche-elisabethfehn.de\/wp-content\/uploads\/2025\/06\/PHOTO-2025-06-03-22-48-56-768x1024.jpg\" alt=\"\" class=\"wp-image-3309\" srcset=\"https:\/\/christuskirche-elisabethfehn.de\/wp-content\/uploads\/2025\/06\/PHOTO-2025-06-03-22-48-56-768x1024.jpg 768w, https:\/\/christuskirche-elisabethfehn.de\/wp-content\/uploads\/2025\/06\/PHOTO-2025-06-03-22-48-56-225x300.jpg 225w, https:\/\/christuskirche-elisabethfehn.de\/wp-content\/uploads\/2025\/06\/PHOTO-2025-06-03-22-48-56-1152x1536.jpg 1152w, https:\/\/christuskirche-elisabethfehn.de\/wp-content\/uploads\/2025\/06\/PHOTO-2025-06-03-22-48-56-750x1000.jpg 750w, https:\/\/christuskirche-elisabethfehn.de\/wp-content\/uploads\/2025\/06\/PHOTO-2025-06-03-22-48-56.jpg 1200w\" sizes=\"auto, (max-width: 768px) 100vw, 768px\" \/><\/figure>\n<\/figure>\n\n\n\n<h2 class=\"wp-block-heading\">Trainee Kurs<\/h2>\n\n\n\n<p>Am 20. Mai beginnt der neue trainee Kurs f\u00fcr die frisch Konfirmierten und alle, die Lust haben sich zur JULEICA ausbilden zu lassen.<\/p>\n\n\n\n<p>Das erste Treffen ist am 20. Mai um 18 Uhr, wer noch einsteigen m\u00f6chte, melde sich gern telefonisch oder per Mail.<\/p>\n\n\n\n<div data-wp-interactive=\"core\/file\" class=\"wp-block-file\"><object data-wp-bind--hidden=\"!state.hasPdfPreview\" hidden class=\"wp-block-file__embed\" data=\"https:\/\/christuskirche-elisabethfehn.de\/wp-content\/uploads\/2025\/05\/Anmeldung-TRAINEE-2025-2026.pdf\" type=\"application\/pdf\" style=\"width:100%;height:600px\" aria-label=\"Einbettung von Anmeldung TRAINEE 2025-2026.\"><\/object><a id=\"wp-block-file--media-2afc8847-044c-412f-af58-208e2b02570a\" href=\"https:\/\/christuskirche-elisabethfehn.de\/wp-content\/uploads\/2025\/05\/Anmeldung-TRAINEE-2025-2026.pdf\">Anmeldung TRAINEE 2025-2026<\/a><a href=\"https:\/\/christuskirche-elisabethfehn.de\/wp-content\/uploads\/2025\/05\/Anmeldung-TRAINEE-2025-2026.pdf\" class=\"wp-block-file__button wp-element-button\" download aria-describedby=\"wp-block-file--media-2afc8847-044c-412f-af58-208e2b02570a\">Herunterladen<\/a><\/div>\n\n\n\n<h2 class=\"wp-block-heading\">Kinderkirchentag am 22. Februar &#8211; Wir haben eine Party gefeiert!<\/h2>\n\n\n\n<figure class=\"wp-block-gallery has-nested-images columns-default is-cropped wp-block-gallery-8 is-layout-flex wp-block-gallery-is-layout-flex\">\n<figure class=\"wp-block-image size-large\"><img loading=\"lazy\" decoding=\"async\" width=\"768\" height=\"1024\" data-id=\"3245\" src=\"https:\/\/christuskirche-elisabethfehn.de\/wp-content\/uploads\/2025\/02\/IMG_2577-768x1024.jpg\" alt=\"\" class=\"wp-image-3245\" srcset=\"https:\/\/christuskirche-elisabethfehn.de\/wp-content\/uploads\/2025\/02\/IMG_2577-768x1024.jpg 768w, https:\/\/christuskirche-elisabethfehn.de\/wp-content\/uploads\/2025\/02\/IMG_2577-225x300.jpg 225w, https:\/\/christuskirche-elisabethfehn.de\/wp-content\/uploads\/2025\/02\/IMG_2577-1152x1536.jpg 1152w, https:\/\/christuskirche-elisabethfehn.de\/wp-content\/uploads\/2025\/02\/IMG_2577-1536x2048.jpg 1536w, https:\/\/christuskirche-elisabethfehn.de\/wp-content\/uploads\/2025\/02\/IMG_2577-750x1000.jpg 750w, https:\/\/christuskirche-elisabethfehn.de\/wp-content\/uploads\/2025\/02\/IMG_2577-scaled.jpg 1920w\" sizes=\"auto, (max-width: 768px) 100vw, 768px\" \/><\/figure>\n\n\n\n<figure class=\"wp-block-image size-large\"><img loading=\"lazy\" decoding=\"async\" width=\"768\" height=\"1024\" data-id=\"3250\" src=\"https:\/\/christuskirche-elisabethfehn.de\/wp-content\/uploads\/2025\/02\/IMG_2596-768x1024.jpg\" alt=\"\" class=\"wp-image-3250\" srcset=\"https:\/\/christuskirche-elisabethfehn.de\/wp-content\/uploads\/2025\/02\/IMG_2596-768x1024.jpg 768w, https:\/\/christuskirche-elisabethfehn.de\/wp-content\/uploads\/2025\/02\/IMG_2596-225x300.jpg 225w, https:\/\/christuskirche-elisabethfehn.de\/wp-content\/uploads\/2025\/02\/IMG_2596-1152x1536.jpg 1152w, https:\/\/christuskirche-elisabethfehn.de\/wp-content\/uploads\/2025\/02\/IMG_2596-1536x2048.jpg 1536w, https:\/\/christuskirche-elisabethfehn.de\/wp-content\/uploads\/2025\/02\/IMG_2596-750x1000.jpg 750w, https:\/\/christuskirche-elisabethfehn.de\/wp-content\/uploads\/2025\/02\/IMG_2596-scaled.jpg 1920w\" sizes=\"auto, (max-width: 768px) 100vw, 768px\" \/><\/figure>\n\n\n\n<figure class=\"wp-block-image size-large\"><img loading=\"lazy\" decoding=\"async\" width=\"768\" height=\"1024\" data-id=\"3246\" src=\"https:\/\/christuskirche-elisabethfehn.de\/wp-content\/uploads\/2025\/02\/IMG_2614-768x1024.jpg\" alt=\"\" class=\"wp-image-3246\" srcset=\"https:\/\/christuskirche-elisabethfehn.de\/wp-content\/uploads\/2025\/02\/IMG_2614-768x1024.jpg 768w, https:\/\/christuskirche-elisabethfehn.de\/wp-content\/uploads\/2025\/02\/IMG_2614-225x300.jpg 225w, https:\/\/christuskirche-elisabethfehn.de\/wp-content\/uploads\/2025\/02\/IMG_2614-1152x1536.jpg 1152w, https:\/\/christuskirche-elisabethfehn.de\/wp-content\/uploads\/2025\/02\/IMG_2614-1536x2048.jpg 1536w, https:\/\/christuskirche-elisabethfehn.de\/wp-content\/uploads\/2025\/02\/IMG_2614-750x1000.jpg 750w, https:\/\/christuskirche-elisabethfehn.de\/wp-content\/uploads\/2025\/02\/IMG_2614-scaled.jpg 1920w\" sizes=\"auto, (max-width: 768px) 100vw, 768px\" \/><\/figure>\n\n\n\n<figure class=\"wp-block-image size-large\"><img loading=\"lazy\" decoding=\"async\" width=\"768\" height=\"1024\" data-id=\"3248\" src=\"https:\/\/christuskirche-elisabethfehn.de\/wp-content\/uploads\/2025\/02\/IMG_2619-768x1024.jpg\" alt=\"\" class=\"wp-image-3248\" srcset=\"https:\/\/christuskirche-elisabethfehn.de\/wp-content\/uploads\/2025\/02\/IMG_2619-768x1024.jpg 768w, https:\/\/christuskirche-elisabethfehn.de\/wp-content\/uploads\/2025\/02\/IMG_2619-225x300.jpg 225w, https:\/\/christuskirche-elisabethfehn.de\/wp-content\/uploads\/2025\/02\/IMG_2619-1152x1536.jpg 1152w, https:\/\/christuskirche-elisabethfehn.de\/wp-content\/uploads\/2025\/02\/IMG_2619-1536x2048.jpg 1536w, https:\/\/christuskirche-elisabethfehn.de\/wp-content\/uploads\/2025\/02\/IMG_2619-750x1000.jpg 750w, https:\/\/christuskirche-elisabethfehn.de\/wp-content\/uploads\/2025\/02\/IMG_2619-scaled.jpg 1920w\" sizes=\"auto, (max-width: 768px) 100vw, 768px\" \/><\/figure>\n\n\n\n<figure class=\"wp-block-image size-large\"><img loading=\"lazy\" decoding=\"async\" width=\"768\" height=\"1024\" data-id=\"3247\" src=\"https:\/\/christuskirche-elisabethfehn.de\/wp-content\/uploads\/2025\/02\/IMG_2620-768x1024.jpg\" alt=\"\" class=\"wp-image-3247\" srcset=\"https:\/\/christuskirche-elisabethfehn.de\/wp-content\/uploads\/2025\/02\/IMG_2620-768x1024.jpg 768w, https:\/\/christuskirche-elisabethfehn.de\/wp-content\/uploads\/2025\/02\/IMG_2620-225x300.jpg 225w, https:\/\/christuskirche-elisabethfehn.de\/wp-content\/uploads\/2025\/02\/IMG_2620-1152x1536.jpg 1152w, https:\/\/christuskirche-elisabethfehn.de\/wp-content\/uploads\/2025\/02\/IMG_2620-1536x2048.jpg 1536w, https:\/\/christuskirche-elisabethfehn.de\/wp-content\/uploads\/2025\/02\/IMG_2620-750x1000.jpg 750w, https:\/\/christuskirche-elisabethfehn.de\/wp-content\/uploads\/2025\/02\/IMG_2620-scaled.jpg 1920w\" sizes=\"auto, (max-width: 768px) 100vw, 768px\" \/><\/figure>\n\n\n\n<figure class=\"wp-block-image size-large\"><img loading=\"lazy\" decoding=\"async\" width=\"768\" height=\"1024\" data-id=\"3249\" src=\"https:\/\/christuskirche-elisabethfehn.de\/wp-content\/uploads\/2025\/02\/IMG_2621-768x1024.jpg\" alt=\"\" class=\"wp-image-3249\" srcset=\"https:\/\/christuskirche-elisabethfehn.de\/wp-content\/uploads\/2025\/02\/IMG_2621-768x1024.jpg 768w, https:\/\/christuskirche-elisabethfehn.de\/wp-content\/uploads\/2025\/02\/IMG_2621-225x300.jpg 225w, https:\/\/christuskirche-elisabethfehn.de\/wp-content\/uploads\/2025\/02\/IMG_2621-1152x1536.jpg 1152w, https:\/\/christuskirche-elisabethfehn.de\/wp-content\/uploads\/2025\/02\/IMG_2621-1536x2048.jpg 1536w, https:\/\/christuskirche-elisabethfehn.de\/wp-content\/uploads\/2025\/02\/IMG_2621-750x1000.jpg 750w, https:\/\/christuskirche-elisabethfehn.de\/wp-content\/uploads\/2025\/02\/IMG_2621-scaled.jpg 1920w\" sizes=\"auto, (max-width: 768px) 100vw, 768px\" \/><\/figure>\n\n\n\n<figure class=\"wp-block-image size-large\"><img loading=\"lazy\" decoding=\"async\" width=\"768\" height=\"1024\" data-id=\"3251\" src=\"https:\/\/christuskirche-elisabethfehn.de\/wp-content\/uploads\/2025\/02\/IMG_2626-768x1024.jpg\" alt=\"\" class=\"wp-image-3251\" srcset=\"https:\/\/christuskirche-elisabethfehn.de\/wp-content\/uploads\/2025\/02\/IMG_2626-768x1024.jpg 768w, https:\/\/christuskirche-elisabethfehn.de\/wp-content\/uploads\/2025\/02\/IMG_2626-225x300.jpg 225w, https:\/\/christuskirche-elisabethfehn.de\/wp-content\/uploads\/2025\/02\/IMG_2626-1152x1536.jpg 1152w, https:\/\/christuskirche-elisabethfehn.de\/wp-content\/uploads\/2025\/02\/IMG_2626-1536x2048.jpg 1536w, https:\/\/christuskirche-elisabethfehn.de\/wp-content\/uploads\/2025\/02\/IMG_2626-750x1000.jpg 750w, https:\/\/christuskirche-elisabethfehn.de\/wp-content\/uploads\/2025\/02\/IMG_2626-scaled.jpg 1920w\" sizes=\"auto, (max-width: 768px) 100vw, 768px\" \/><\/figure>\n\n\n\n<figure class=\"wp-block-image size-large\"><img loading=\"lazy\" decoding=\"async\" width=\"768\" height=\"1024\" data-id=\"3254\" src=\"https:\/\/christuskirche-elisabethfehn.de\/wp-content\/uploads\/2025\/02\/IMG_2627-768x1024.jpg\" alt=\"\" class=\"wp-image-3254\" srcset=\"https:\/\/christuskirche-elisabethfehn.de\/wp-content\/uploads\/2025\/02\/IMG_2627-768x1024.jpg 768w, https:\/\/christuskirche-elisabethfehn.de\/wp-content\/uploads\/2025\/02\/IMG_2627-225x300.jpg 225w, https:\/\/christuskirche-elisabethfehn.de\/wp-content\/uploads\/2025\/02\/IMG_2627-1152x1536.jpg 1152w, https:\/\/christuskirche-elisabethfehn.de\/wp-content\/uploads\/2025\/02\/IMG_2627-1536x2048.jpg 1536w, https:\/\/christuskirche-elisabethfehn.de\/wp-content\/uploads\/2025\/02\/IMG_2627-750x1000.jpg 750w, https:\/\/christuskirche-elisabethfehn.de\/wp-content\/uploads\/2025\/02\/IMG_2627-scaled.jpg 1920w\" sizes=\"auto, (max-width: 768px) 100vw, 768px\" \/><\/figure>\n\n\n\n<figure class=\"wp-block-image size-large\"><img loading=\"lazy\" decoding=\"async\" width=\"768\" height=\"1024\" data-id=\"3253\" src=\"https:\/\/christuskirche-elisabethfehn.de\/wp-content\/uploads\/2025\/02\/IMG_2629-768x1024.jpg\" alt=\"\" class=\"wp-image-3253\" srcset=\"https:\/\/christuskirche-elisabethfehn.de\/wp-content\/uploads\/2025\/02\/IMG_2629-768x1024.jpg 768w, https:\/\/christuskirche-elisabethfehn.de\/wp-content\/uploads\/2025\/02\/IMG_2629-225x300.jpg 225w, https:\/\/christuskirche-elisabethfehn.de\/wp-content\/uploads\/2025\/02\/IMG_2629-1152x1536.jpg 1152w, https:\/\/christuskirche-elisabethfehn.de\/wp-content\/uploads\/2025\/02\/IMG_2629-1536x2048.jpg 1536w, https:\/\/christuskirche-elisabethfehn.de\/wp-content\/uploads\/2025\/02\/IMG_2629-750x1000.jpg 750w, https:\/\/christuskirche-elisabethfehn.de\/wp-content\/uploads\/2025\/02\/IMG_2629-scaled.jpg 1920w\" sizes=\"auto, (max-width: 768px) 100vw, 768px\" \/><\/figure>\n\n\n\n<figure class=\"wp-block-image size-large\"><img loading=\"lazy\" decoding=\"async\" width=\"768\" height=\"1024\" data-id=\"3252\" src=\"https:\/\/christuskirche-elisabethfehn.de\/wp-content\/uploads\/2025\/02\/IMG_2645-768x1024.jpg\" alt=\"\" class=\"wp-image-3252\" srcset=\"https:\/\/christuskirche-elisabethfehn.de\/wp-content\/uploads\/2025\/02\/IMG_2645-768x1024.jpg 768w, https:\/\/christuskirche-elisabethfehn.de\/wp-content\/uploads\/2025\/02\/IMG_2645-225x300.jpg 225w, https:\/\/christuskirche-elisabethfehn.de\/wp-content\/uploads\/2025\/02\/IMG_2645-1152x1536.jpg 1152w, https:\/\/christuskirche-elisabethfehn.de\/wp-content\/uploads\/2025\/02\/IMG_2645-1536x2048.jpg 1536w, https:\/\/christuskirche-elisabethfehn.de\/wp-content\/uploads\/2025\/02\/IMG_2645-750x1000.jpg 750w, https:\/\/christuskirche-elisabethfehn.de\/wp-content\/uploads\/2025\/02\/IMG_2645-scaled.jpg 1920w\" sizes=\"auto, (max-width: 768px) 100vw, 768px\" \/><\/figure>\n<\/figure>\n\n\n\n<h2 class=\"wp-block-heading\">Im Eltern-Kind-Kreis wurde am 15. Januar gebastelt<\/h2>\n\n\n\n<figure class=\"wp-block-image size-large\"><img loading=\"lazy\" decoding=\"async\" width=\"1024\" height=\"791\" src=\"https:\/\/christuskirche-elisabethfehn.de\/wp-content\/uploads\/2025\/01\/15.01.2025-1024x791.jpg\" alt=\"\" class=\"wp-image-3219\" srcset=\"https:\/\/christuskirche-elisabethfehn.de\/wp-content\/uploads\/2025\/01\/15.01.2025-1024x791.jpg 1024w, https:\/\/christuskirche-elisabethfehn.de\/wp-content\/uploads\/2025\/01\/15.01.2025-300x232.jpg 300w, https:\/\/christuskirche-elisabethfehn.de\/wp-content\/uploads\/2025\/01\/15.01.2025-768x593.jpg 768w, https:\/\/christuskirche-elisabethfehn.de\/wp-content\/uploads\/2025\/01\/15.01.2025-750x579.jpg 750w, https:\/\/christuskirche-elisabethfehn.de\/wp-content\/uploads\/2025\/01\/15.01.2025.jpg 1419w\" sizes=\"auto, (max-width: 1024px) 100vw, 1024px\" \/><\/figure>\n\n\n\n<h2 class=\"wp-block-heading\">Grillen bei jedem Wetter &#8211; M\u00e4nnersache am 09. Januar<\/h2>\n\n\n\n<figure class=\"wp-block-image size-large\"><img loading=\"lazy\" decoding=\"async\" width=\"768\" height=\"1024\" src=\"https:\/\/christuskirche-elisabethfehn.de\/wp-content\/uploads\/2025\/01\/Maennersache-01_2025-768x1024.jpg\" alt=\"\" class=\"wp-image-3214\" srcset=\"https:\/\/christuskirche-elisabethfehn.de\/wp-content\/uploads\/2025\/01\/Maennersache-01_2025-768x1024.jpg 768w, https:\/\/christuskirche-elisabethfehn.de\/wp-content\/uploads\/2025\/01\/Maennersache-01_2025-225x300.jpg 225w, https:\/\/christuskirche-elisabethfehn.de\/wp-content\/uploads\/2025\/01\/Maennersache-01_2025-1152x1536.jpg 1152w, https:\/\/christuskirche-elisabethfehn.de\/wp-content\/uploads\/2025\/01\/Maennersache-01_2025-750x1000.jpg 750w, https:\/\/christuskirche-elisabethfehn.de\/wp-content\/uploads\/2025\/01\/Maennersache-01_2025.jpg 1536w\" sizes=\"auto, (max-width: 768px) 100vw, 768px\" \/><\/figure>\n\n\n\n<p><\/p>\n\n\n\n<p><\/p>\n\n\n\n<p class=\"has-larger-font-size\"><\/p>\n\n\n\n<h2 class=\"wp-block-heading\">Planung Friedhofskapelle<\/h2>\n\n\n\n<p>Die Kirchengemeinde plant aktiv den Bau einer neuen Friedhofskapelle. Die alte Friedhofskapelle weist einen erheblichen Investitionsbedarf auf. Dank Spenden und den kommunalen Zusch\u00fcssen sind wir in der Lage, eine neue Friedhofskapelle zu planen und hoffen auf Fertigstellung im kommenden Jahr.<\/p>\n\n\n\n<p>Hier die Vorentw\u00fcrfe der Friedhofskapelle, die f\u00fcr den Bereich geplant ist, auf dem heute das Carport steht:   <\/p>\n\n\n\n<figure class=\"wp-block-gallery has-nested-images columns-default is-cropped wp-block-gallery-9 is-layout-flex wp-block-gallery-is-layout-flex\">\n<figure class=\"wp-block-image size-large\"><img loading=\"lazy\" decoding=\"async\" width=\"1024\" height=\"771\" data-id=\"3166\" src=\"https:\/\/christuskirche-elisabethfehn.de\/wp-content\/uploads\/2024\/12\/FH-Kapelle-1024x771.png\" alt=\"\" class=\"wp-image-3166\" srcset=\"https:\/\/christuskirche-elisabethfehn.de\/wp-content\/uploads\/2024\/12\/FH-Kapelle-1024x771.png 1024w, https:\/\/christuskirche-elisabethfehn.de\/wp-content\/uploads\/2024\/12\/FH-Kapelle-300x226.png 300w, https:\/\/christuskirche-elisabethfehn.de\/wp-content\/uploads\/2024\/12\/FH-Kapelle-768x578.png 768w, https:\/\/christuskirche-elisabethfehn.de\/wp-content\/uploads\/2024\/12\/FH-Kapelle-1536x1156.png 1536w, https:\/\/christuskirche-elisabethfehn.de\/wp-content\/uploads\/2024\/12\/FH-Kapelle-2048x1542.png 2048w, https:\/\/christuskirche-elisabethfehn.de\/wp-content\/uploads\/2024\/12\/FH-Kapelle-750x565.png 750w\" sizes=\"auto, (max-width: 1024px) 100vw, 1024px\" \/><\/figure>\n\n\n\n<figure class=\"wp-block-image size-large\"><img loading=\"lazy\" decoding=\"async\" width=\"1024\" height=\"764\" data-id=\"3165\" src=\"https:\/\/christuskirche-elisabethfehn.de\/wp-content\/uploads\/2024\/12\/FH-Kapelle2-1024x764.png\" alt=\"\" class=\"wp-image-3165\" srcset=\"https:\/\/christuskirche-elisabethfehn.de\/wp-content\/uploads\/2024\/12\/FH-Kapelle2-1024x764.png 1024w, https:\/\/christuskirche-elisabethfehn.de\/wp-content\/uploads\/2024\/12\/FH-Kapelle2-300x224.png 300w, https:\/\/christuskirche-elisabethfehn.de\/wp-content\/uploads\/2024\/12\/FH-Kapelle2-768x573.png 768w, https:\/\/christuskirche-elisabethfehn.de\/wp-content\/uploads\/2024\/12\/FH-Kapelle2-1536x1146.png 1536w, https:\/\/christuskirche-elisabethfehn.de\/wp-content\/uploads\/2024\/12\/FH-Kapelle2-2048x1528.png 2048w, https:\/\/christuskirche-elisabethfehn.de\/wp-content\/uploads\/2024\/12\/FH-Kapelle2-750x560.png 750w\" sizes=\"auto, (max-width: 1024px) 100vw, 1024px\" \/><\/figure>\n<\/figure>\n","protected":false},"excerpt":{"rendered":"<p>Der Weihnachtsbaum steht in der Christuskirche &#8211; vielen Dank an alle Helfer und den Spender! Der erste Spatenstich der neuen Friedhofskapelle Die &#8222;M\u00e4nnesache&#8220; hat wieder gebastelt. Wir haben ges\u00e4gt, gefr\u00e4st, gebohrt, geschliffen&#8230;..am Ende haben wir wundersch\u00f6ne, handschmeichelnde Flaschen\u00f6ffner hergestellt. Weihnachtsp\u00e4ckchenaktion des CHW &#8211; vielen Dank an alle, die P\u00e4ckchen gepackt oder gespendet haben! Jubil\u00e4um 125 &hellip; <\/p>\n<p><a class=\"more-link btn\" href=\"https:\/\/christuskirche-elisabethfehn.de\/willkommen\/fotos-2025\/\">Weiterlesen<\/a><\/p>\n","protected":false},"author":1,"featured_media":0,"parent":0,"menu_order":0,"comment_status":"closed","ping_status":"closed","template":"","meta":{"footnotes":""},"class_list":["post-3582","page","type-page","status-publish","hentry","nodate","item-wrap"],"_links":{"self":[{"href":"https:\/\/christuskirche-elisabethfehn.de\/willkommen\/wp-json\/wp\/v2\/pages\/3582","targetHints":{"allow":["GET"]}}],"collection":[{"href":"https:\/\/christuskirche-elisabethfehn.de\/willkommen\/wp-json\/wp\/v2\/pages"}],"about":[{"href":"https:\/\/christuskirche-elisabethfehn.de\/willkommen\/wp-json\/wp\/v2\/types\/page"}],"author":[{"embeddable":true,"href":"https:\/\/christuskirche-elisabethfehn.de\/willkommen\/wp-json\/wp\/v2\/users\/1"}],"replies":[{"embeddable":true,"href":"https:\/\/christuskirche-elisabethfehn.de\/willkommen\/wp-json\/wp\/v2\/comments?post=3582"}],"version-history":[{"count":2,"href":"https:\/\/christuskirche-elisabethfehn.de\/willkommen\/wp-json\/wp\/v2\/pages\/3582\/revisions"}],"predecessor-version":[{"id":3585,"href":"https:\/\/christuskirche-elisabethfehn.de\/willkommen\/wp-json\/wp\/v2\/pages\/3582\/revisions\/3585"}],"wp:attachment":[{"href":"https:\/\/christuskirche-elisabethfehn.de\/willkommen\/wp-json\/wp\/v2\/media?parent=3582"}],"curies":[{"name":"wp","href":"https:\/\/api.w.org\/{rel}","templated":true}]}}