{"id":45,"date":"2021-01-27T21:00:48","date_gmt":"2021-01-27T21:00:48","guid":{"rendered":"http:\/\/christuskirche-elisabethfehn.de\/?page_id=45"},"modified":"2026-04-21T10:28:22","modified_gmt":"2026-04-21T10:28:22","slug":"termine","status":"publish","type":"page","link":"https:\/\/christuskirche-elisabethfehn.de\/willkommen\/termine\/","title":{"rendered":"Termine"},"content":{"rendered":"\n<div class=\"wp-block-group\"><div class=\"wp-block-group__inner-container is-layout-flow wp-block-group-is-layout-flow\">\n<div class=\"wp-block-columns is-layout-flex wp-container-core-columns-is-layout-1 wp-block-columns-is-layout-flex\">\n<div class=\"wp-block-column is-layout-flow wp-block-column-is-layout-flow\"><div class=\"wp-block-image\">\n<figure class=\"aligncenter size-large is-resized\"><img loading=\"lazy\" decoding=\"async\" width=\"712\" height=\"712\" src=\"http:\/\/christuskirche-elisabethfehn.de\/wp-content\/uploads\/2021\/01\/unnamed.jpg\" alt=\"\" class=\"wp-image-104\" style=\"width:418px;height:auto\" srcset=\"https:\/\/christuskirche-elisabethfehn.de\/wp-content\/uploads\/2021\/01\/unnamed.jpg 712w, https:\/\/christuskirche-elisabethfehn.de\/wp-content\/uploads\/2021\/01\/unnamed-300x300.jpg 300w, https:\/\/christuskirche-elisabethfehn.de\/wp-content\/uploads\/2021\/01\/unnamed-150x150.jpg 150w\" sizes=\"auto, (max-width: 712px) 100vw, 712px\" \/><\/figure><\/div>\n\n\n<p class=\"has-text-align-center has-medium-font-size\"><strong>Gottesdienste<\/strong><\/p>\n\n\n\n<p><strong>Sonntag&nbsp; 26.04.&nbsp; 9.30 und 11.30 Uhr<\/strong><br>Konfirmationsgottesdienste<\/p>\n\n\n\n<p><strong>Sonntag&nbsp; 03.05.&nbsp; 10.00 Uhr<\/strong><br>Gottesdienst mit Abendmahl<\/p>\n\n\n\n<p><strong>Sonntag&nbsp; 10.05.&nbsp; 10.00 Uhr<\/strong><br>Gottesdienst<br><\/p>\n\n\n\n<p><\/p>\n\n\n<div class=\"wp-block-image\">\n<figure class=\"aligncenter size-large is-resized\"><img loading=\"lazy\" decoding=\"async\" width=\"712\" height=\"712\" src=\"http:\/\/christuskirche-elisabethfehn.de\/wp-content\/uploads\/2021\/01\/gruppen-symbol-leute-arme-oben-der-kreis-ring-kette-5888650-1.jpg\" alt=\"\" class=\"wp-image-103\" style=\"width:383px;height:auto\" srcset=\"https:\/\/christuskirche-elisabethfehn.de\/wp-content\/uploads\/2021\/01\/gruppen-symbol-leute-arme-oben-der-kreis-ring-kette-5888650-1.jpg 712w, https:\/\/christuskirche-elisabethfehn.de\/wp-content\/uploads\/2021\/01\/gruppen-symbol-leute-arme-oben-der-kreis-ring-kette-5888650-1-300x300.jpg 300w, https:\/\/christuskirche-elisabethfehn.de\/wp-content\/uploads\/2021\/01\/gruppen-symbol-leute-arme-oben-der-kreis-ring-kette-5888650-1-150x150.jpg 150w\" sizes=\"auto, (max-width: 712px) 100vw, 712px\" \/><\/figure><\/div>\n\n\n<p class=\"has-text-align-center\" style=\"font-size:18px\"><strong>Gemeindegruppen<\/strong><\/p>\n\n\n\n<p class=\"has-black-color has-text-color\"><strong>FRAUEN<\/strong><br><strong>Die.Frauen, 1. Dienstag im Monat, <\/strong><br><strong>20:00 Uhr, Pastorin Perzul<\/strong><\/p>\n\n\n\n<p class=\"has-black-color has-text-color\"><strong>M\u00c4NNER<\/strong><br><strong>M\u00e4nnersache, 2. Donnerstag im Monat, <\/strong><br><strong>20.00 Uhr, Pastor Perzul<\/strong><\/p>\n\n\n\n<p class=\"has-black-color has-text-color\" style=\"line-height:0\"><strong>GEMEINDE<\/strong><\/p>\n\n\n\n<p class=\"has-black-color has-text-color\" style=\"line-height:0\"><strong>Gemeindefr\u00fchst\u00fcck, 11.03.2026,<\/strong><\/p>\n\n\n\n<p class=\"has-black-color has-text-color\" style=\"line-height:0\"><strong>9.30 Uhr, Fr\u00fchst\u00fccksteam<\/strong><\/p>\n\n\n\n<div class=\"wp-block-group\"><div class=\"wp-block-group__inner-container is-layout-flow wp-block-group-is-layout-flow\">\n<p><\/p>\n\n\n\n<p><strong>Glaubensfragen, nach Absprache, <\/strong><br><strong>20 Uhr, Pastorin Perzul<\/strong><\/p>\n\n\n\n<p class=\"has-black-color has-text-color\" style=\"line-height:0\"><br><br><br><br><\/p>\n\n\n\n<p class=\"has-black-color has-text-color\" style=\"line-height:0\"><strong>JUGENDLICHE<\/strong><\/p>\n\n\n\n<p><strong>Jugendgruppe ab 15 Jahre <\/strong><br><strong>am Dienstag ab 18.30 Uhr<\/strong><\/p>\n\n\n\n<p class=\"has-black-color has-text-color\" style=\"line-height:0\"><strong>Jugendgruppe ab 12 Jahre <\/strong><\/p>\n\n\n\n<p class=\"has-black-color has-text-color\" style=\"line-height:0\"><strong>am Donnerstag ab 18 Uhr <\/strong><\/p>\n\n\n\n<p style=\"line-height:0\"><\/p>\n<\/div><\/div>\n\n\n\n<p class=\"has-black-color has-text-color\"><strong>KINDER<\/strong><\/p>\n\n\n\n<p class=\"has-black-color has-text-color\"><strong>Eltern-Kind-Kreis<\/strong><br><strong>jeden Mittwoch 9.30 Uhr <\/strong><br><strong>Frau Schaal<\/strong><\/p>\n\n\n\n<p class=\"has-black-color has-text-color\"><strong>Jungschar freitags 15:00 &#8211; 16:30 Uhr, Pastorin Perzul<\/strong><\/p>\n\n\n\n<p class=\"has-black-color has-text-color\" style=\"line-height:0.2\"><strong>SONSTIGE GRUPPEN:<\/strong><\/p>\n\n\n\n<p class=\"has-black-color has-text-color\" style=\"letter-spacing:0px;line-height:0\"><strong>Skat, 1. + 3. Mittwoch im <span style=\"color:#000000\" class=\"tadv-color\">Monat, 19.00 Uhr,<\/span><\/strong><\/p>\n\n\n\n<p class=\"has-black-color has-text-color\" style=\"letter-spacing:0px;line-height:0\"><strong><span style=\"color:#000000\" class=\"tadv-color\">Herr Stratm<\/span>ann<\/strong><\/p>\n\n\n\n<p class=\"has-cyan-bluish-gray-color has-text-color\" style=\"line-height:0\"><\/p>\n\n\n\n<p class=\"has-black-color has-text-color\"><strong>B\u00fccherei, sonntags 11-12 Uhr, Frau Horstjann<\/strong><\/p>\n<\/div>\n<\/div>\n<\/div><\/div>\n\n\n\n<p><\/p>\n\n\n\n<p><\/p>\n","protected":false},"excerpt":{"rendered":"<p>Gottesdienste Sonntag&nbsp; 26.04.&nbsp; 9.30 und 11.30 UhrKonfirmationsgottesdienste Sonntag&nbsp; 03.05.&nbsp; 10.00 UhrGottesdienst mit Abendmahl Sonntag&nbsp; 10.05.&nbsp; 10.00 UhrGottesdienst Gemeindegruppen FRAUENDie.Frauen, 1. Dienstag im Monat, 20:00 Uhr, Pastorin Perzul M\u00c4NNERM\u00e4nnersache, 2. Donnerstag im Monat, 20.00 Uhr, Pastor Perzul GEMEINDE Gemeindefr\u00fchst\u00fcck, 11.03.2026, 9.30 Uhr, Fr\u00fchst\u00fccksteam Glaubensfragen, nach Absprache, 20 Uhr, Pastorin Perzul JUGENDLICHE Jugendgruppe ab 15 Jahre am &hellip; <\/p>\n<p><a class=\"more-link btn\" href=\"https:\/\/christuskirche-elisabethfehn.de\/willkommen\/termine\/\">Weiterlesen<\/a><\/p>\n","protected":false},"author":1,"featured_media":0,"parent":0,"menu_order":0,"comment_status":"closed","ping_status":"closed","template":"template-onecolumn.php","meta":{"footnotes":""},"class_list":["post-45","page","type-page","status-publish","hentry","nodate","item-wrap"],"_links":{"self":[{"href":"https:\/\/christuskirche-elisabethfehn.de\/willkommen\/wp-json\/wp\/v2\/pages\/45","targetHints":{"allow":["GET"]}}],"collection":[{"href":"https:\/\/christuskirche-elisabethfehn.de\/willkommen\/wp-json\/wp\/v2\/pages"}],"about":[{"href":"https:\/\/christuskirche-elisabethfehn.de\/willkommen\/wp-json\/wp\/v2\/types\/page"}],"author":[{"embeddable":true,"href":"https:\/\/christuskirche-elisabethfehn.de\/willkommen\/wp-json\/wp\/v2\/users\/1"}],"replies":[{"embeddable":true,"href":"https:\/\/christuskirche-elisabethfehn.de\/willkommen\/wp-json\/wp\/v2\/comments?post=45"}],"version-history":[{"count":271,"href":"https:\/\/christuskirche-elisabethfehn.de\/willkommen\/wp-json\/wp\/v2\/pages\/45\/revisions"}],"predecessor-version":[{"id":3483,"href":"https:\/\/christuskirche-elisabethfehn.de\/willkommen\/wp-json\/wp\/v2\/pages\/45\/revisions\/3483"}],"wp:attachment":[{"href":"https:\/\/christuskirche-elisabethfehn.de\/willkommen\/wp-json\/wp\/v2\/media?parent=45"}],"curies":[{"name":"wp","href":"https:\/\/api.w.org\/{rel}","templated":true}]}}